{"id":20457,"date":"2022-09-29T13:58:42","date_gmt":"2022-09-29T11:58:42","guid":{"rendered":"https:\/\/www.maisonschwind.lu\/shop\/sonderangebote\/"},"modified":"2022-10-21T07:28:59","modified_gmt":"2022-10-21T05:28:59","slug":"offres-speciales","status":"publish","type":"page","link":"https:\/\/www.maisonschwind.lu\/fr\/offres-speciales\/","title":{"rendered":"Offres sp\u00e9ciales"},"content":{"rendered":"\t\t<div data-elementor-type=\"wp-page\" data-elementor-id=\"20457\" class=\"elementor elementor-20457 elementor-20428\">\n\t\t\t\t\t\t\t\t\t<section class=\"elementor-section elementor-top-section elementor-element elementor-element-39b1b6a elementor-section-stretched elementor-section-boxed elementor-section-height-default elementor-section-height-default\" data-id=\"39b1b6a\" data-element_type=\"section\" data-settings=\"{&quot;stretch_section&quot;:&quot;section-stretched&quot;}\">\n\t\t\t\t\t\t<div class=\"elementor-container elementor-column-gap-extended\">\n\t\t\t\t\t<div class=\"elementor-column elementor-col-100 elementor-top-column elementor-element elementor-element-718e256\" data-id=\"718e256\" data-element_type=\"column\">\n\t\t\t<div class=\"elementor-widget-wrap elementor-element-populated\">\n\t\t\t\t\t\t\t\t<div class=\"elementor-element elementor-element-d48ce5f elementor-widget elementor-widget-apus_element_woo_products\" data-id=\"d48ce5f\" data-element_type=\"widget\" data-settings=\"{&quot;columns&quot;:&quot;4&quot;}\" data-widget_type=\"apus_element_woo_products.default\">\n\t\t\t\t<div class=\"elementor-widget-container\">\n\t\t\t        <div class=\"woocommerce widget-products inner-v4 \">\n                        <div class=\"widget-content grid\">\n                \n                <div class=\"products products-grid\">\n\t<div class=\"row row-products\">\n\t\t\n\t\t\t\t\t<div class=\"col-md-3 col-sm-4 col-xs-6 md-clearfix lg-clearfix  sm-clearfix  xs-clearfix  product type-product post-68027 status-publish first onbackorder product_cat-neuheiten product_cat-bernina product_cat-naehfuesse has-post-thumbnail sale taxable shipping-taxable purchasable product-type-simple\">\n\t\t\t \t<div class=\"product-block grid-v4\" data-product-id=\"68027\">\n    <div class=\"grid-inner\">\n        <div class=\"block-inner\">\n            <figure class=\"image\">\n                        <a title=\"Pied \u00e9lastique #C14 BERNINA L890 1036107000\" href=\"https:\/\/www.maisonschwind.lu\/fr\/produkt\/pied-elastique-c14-bernina-l890-1036107000\/\" class=\"product-image\">\n            <img loading=\"lazy\" width=\"300\" height=\"300\" src=\"data:image\/svg+xml;charset=utf-8,%3Csvg%20xmlns%3D&#039;http%3A%2F%2Fwww.w3.org%2F2000%2Fsvg&#039;%20viewBox%3D&#039;0%200%20300%20300&#039;%2F%3E\" class=\"attachment-woocommerce_thumbnail size-woocommerce_thumbnail image-no-effect unveil-image\" alt=\"\" data-src=\"https:\/\/www.maisonschwind.lu\/shop\/wp-content\/uploads\/2026\/04\/pied-pose-elastique-c14-bernina-l890-_1-300x300.jpg\" data-srcset=\"https:\/\/www.maisonschwind.lu\/shop\/wp-content\/uploads\/2026\/04\/pied-pose-elastique-c14-bernina-l890-_1-300x300.jpg 300w, https:\/\/www.maisonschwind.lu\/shop\/wp-content\/uploads\/2026\/04\/pied-pose-elastique-c14-bernina-l890-_1-150x150.jpg 150w, https:\/\/www.maisonschwind.lu\/shop\/wp-content\/uploads\/2026\/04\/pied-pose-elastique-c14-bernina-l890-_1-160x160.jpg 160w, https:\/\/www.maisonschwind.lu\/shop\/wp-content\/uploads\/2026\/04\/pied-pose-elastique-c14-bernina-l890-_1.jpg 400w\" data-sizes=\"(max-width: 300px) 100vw, 300px\" \/>        <\/a>\n        <div class='sale-perc'>-10%<\/div>            <\/figure>\n            <div class=\"groups-button flex-middle justify-content-center\">\n                \n                                    <div class=\"view\">\n                        <a href=\"javascript:void(0);\" class=\"quickview\" data-product_id=\"68027\">\n                            <i class=\"ti-eye\"><\/i>\n                        <\/a>\n                    <\/div>\n                \n                \n            <\/div> \n        <\/div>\n        <div class=\"metas clearfix\">\n            <div class=\"flex\">\n                <div class=\"clearfix\">\n                            <div class=\"product-cat\">\n        <a href=\"https:\/\/www.maisonschwind.lu\/fr\/produkt-kategorie\/neuheiten\/\">***NEUHEITEN***<\/a>        <\/div>\n    \n                    <h3 class=\"name\"><a href=\"https:\/\/www.maisonschwind.lu\/fr\/produkt\/pied-elastique-c14-bernina-l890-1036107000\/\">Pied \u00e9lastique #C14 BERNINA L890 1036107000<\/a><\/h3>\n                                    <\/div>\n                <div class=\"ali-right\">\n                        \n                <\/div>\n            <\/div>\n        <\/div>\n    <\/div>\n<\/div>\t\t\t<\/div>\n\t\t\t\t\t<div class=\"col-md-3 col-sm-4 col-xs-6 product type-product post-68023 status-publish onbackorder product_cat-neuheiten product_cat-bernina product_cat-naehfuesse has-post-thumbnail sale taxable shipping-taxable purchasable product-type-simple\">\n\t\t\t \t<div class=\"product-block grid-v4\" data-product-id=\"68023\">\n    <div class=\"grid-inner\">\n        <div class=\"block-inner\">\n            <figure class=\"image\">\n                        <a title=\"Pied \u00e9lastique #L14 BERNINA L850-L860 1034147000\" href=\"https:\/\/www.maisonschwind.lu\/fr\/produkt\/pied-elastique-l14-bernina-l850-l860-1034147000\/\" class=\"product-image\">\n            <img loading=\"lazy\" width=\"300\" height=\"300\" src=\"data:image\/svg+xml;charset=utf-8,%3Csvg%20xmlns%3D&#039;http%3A%2F%2Fwww.w3.org%2F2000%2Fsvg&#039;%20viewBox%3D&#039;0%200%20300%20300&#039;%2F%3E\" class=\"attachment-woocommerce_thumbnail size-woocommerce_thumbnail image-no-effect unveil-image\" alt=\"\" data-src=\"https:\/\/www.maisonschwind.lu\/shop\/wp-content\/uploads\/2026\/04\/illustration-pied-elastique-l14-bernina-300x300.jpg\" data-srcset=\"https:\/\/www.maisonschwind.lu\/shop\/wp-content\/uploads\/2026\/04\/illustration-pied-elastique-l14-bernina-300x300.jpg 300w, https:\/\/www.maisonschwind.lu\/shop\/wp-content\/uploads\/2026\/04\/illustration-pied-elastique-l14-bernina-150x150.jpg 150w, https:\/\/www.maisonschwind.lu\/shop\/wp-content\/uploads\/2026\/04\/illustration-pied-elastique-l14-bernina-160x160.jpg 160w, https:\/\/www.maisonschwind.lu\/shop\/wp-content\/uploads\/2026\/04\/illustration-pied-elastique-l14-bernina.jpg 400w\" data-sizes=\"(max-width: 300px) 100vw, 300px\" \/>        <\/a>\n        <div class='sale-perc'>-10%<\/div>            <\/figure>\n            <div class=\"groups-button flex-middle justify-content-center\">\n                \n                                    <div class=\"view\">\n                        <a href=\"javascript:void(0);\" class=\"quickview\" data-product_id=\"68023\">\n                            <i class=\"ti-eye\"><\/i>\n                        <\/a>\n                    <\/div>\n                \n                \n            <\/div> \n        <\/div>\n        <div class=\"metas clearfix\">\n            <div class=\"flex\">\n                <div class=\"clearfix\">\n                            <div class=\"product-cat\">\n        <a href=\"https:\/\/www.maisonschwind.lu\/fr\/produkt-kategorie\/neuheiten\/\">***NEUHEITEN***<\/a>        <\/div>\n    \n                    <h3 class=\"name\"><a href=\"https:\/\/www.maisonschwind.lu\/fr\/produkt\/pied-elastique-l14-bernina-l850-l860-1034147000\/\">Pied \u00e9lastique #L14 BERNINA L850-L860 1034147000<\/a><\/h3>\n                                    <\/div>\n                <div class=\"ali-right\">\n                        \n                <\/div>\n            <\/div>\n        <\/div>\n    <\/div>\n<\/div>\t\t\t<\/div>\n\t\t\t\t\t<div class=\"col-md-3 col-sm-4 col-xs-6 xs-clearfix  product type-product post-68019 status-publish onbackorder product_cat-neuheiten product_cat-bernina product_cat-naehfuesse has-post-thumbnail sale taxable shipping-taxable purchasable product-type-simple\">\n\t\t\t \t<div class=\"product-block grid-v4\" data-product-id=\"68019\">\n    <div class=\"grid-inner\">\n        <div class=\"block-inner\">\n            <figure class=\"image\">\n                        <a title=\"Pied pose \u00e9lastique BERNINA L450-L460 5020700350\" href=\"https:\/\/www.maisonschwind.lu\/fr\/produkt\/pied-pose-elastique-bernina-l450-l460-5020700350\/\" class=\"product-image\">\n            <img loading=\"lazy\" width=\"300\" height=\"300\" src=\"data:image\/svg+xml;charset=utf-8,%3Csvg%20xmlns%3D&#039;http%3A%2F%2Fwww.w3.org%2F2000%2Fsvg&#039;%20viewBox%3D&#039;0%200%20300%20300&#039;%2F%3E\" class=\"attachment-woocommerce_thumbnail size-woocommerce_thumbnail image-no-effect unveil-image\" alt=\"\" data-src=\"https:\/\/www.maisonschwind.lu\/shop\/wp-content\/uploads\/2026\/04\/pied-pour-la-couture-d-elastique-l-450-460-300x300.jpg\" data-srcset=\"https:\/\/www.maisonschwind.lu\/shop\/wp-content\/uploads\/2026\/04\/pied-pour-la-couture-d-elastique-l-450-460-300x300.jpg 300w, https:\/\/www.maisonschwind.lu\/shop\/wp-content\/uploads\/2026\/04\/pied-pour-la-couture-d-elastique-l-450-460-150x150.jpg 150w, https:\/\/www.maisonschwind.lu\/shop\/wp-content\/uploads\/2026\/04\/pied-pour-la-couture-d-elastique-l-450-460-160x160.jpg 160w, https:\/\/www.maisonschwind.lu\/shop\/wp-content\/uploads\/2026\/04\/pied-pour-la-couture-d-elastique-l-450-460.jpg 400w\" data-sizes=\"(max-width: 300px) 100vw, 300px\" \/>        <\/a>\n        <div class='sale-perc'>-10%<\/div>            <\/figure>\n            <div class=\"groups-button flex-middle justify-content-center\">\n                \n                                    <div class=\"view\">\n                        <a href=\"javascript:void(0);\" class=\"quickview\" data-product_id=\"68019\">\n                            <i class=\"ti-eye\"><\/i>\n                        <\/a>\n                    <\/div>\n                \n                \n            <\/div> \n        <\/div>\n        <div class=\"metas clearfix\">\n            <div class=\"flex\">\n                <div class=\"clearfix\">\n                            <div class=\"product-cat\">\n        <a href=\"https:\/\/www.maisonschwind.lu\/fr\/produkt-kategorie\/neuheiten\/\">***NEUHEITEN***<\/a>        <\/div>\n    \n                    <h3 class=\"name\"><a href=\"https:\/\/www.maisonschwind.lu\/fr\/produkt\/pied-pose-elastique-bernina-l450-l460-5020700350\/\">Pied pose \u00e9lastique BERNINA L450-L460 5020700350<\/a><\/h3>\n                                    <\/div>\n                <div class=\"ali-right\">\n                        \n                <\/div>\n            <\/div>\n        <\/div>\n    <\/div>\n<\/div>\t\t\t<\/div>\n\t\t\t\t\t<div class=\"col-md-3 col-sm-4 col-xs-6 sm-clearfix  product type-product post-68015 status-publish last onbackorder product_cat-neuheiten product_cat-bernina product_cat-naehfuesse has-post-thumbnail sale taxable shipping-taxable purchasable product-type-simple\">\n\t\t\t \t<div class=\"product-block grid-v4\" data-product-id=\"68015\">\n    <div class=\"grid-inner\">\n        <div class=\"block-inner\">\n            <figure class=\"image\">\n                        <a title=\"Pied \u00e9lastique pour surjeteuse BERNINA 5020106459\" href=\"https:\/\/www.maisonschwind.lu\/fr\/produkt\/pied-elastique-pour-surjeteuse-bernina-5020106459\/\" class=\"product-image\">\n            <img loading=\"lazy\" width=\"300\" height=\"300\" src=\"data:image\/svg+xml;charset=utf-8,%3Csvg%20xmlns%3D&#039;http%3A%2F%2Fwww.w3.org%2F2000%2Fsvg&#039;%20viewBox%3D&#039;0%200%20300%20300&#039;%2F%3E\" class=\"attachment-woocommerce_thumbnail size-woocommerce_thumbnail image-no-effect unveil-image\" alt=\"\" data-src=\"https:\/\/www.maisonschwind.lu\/shop\/wp-content\/uploads\/2026\/04\/5020106459_1920x1920-300x300.jpg\" data-srcset=\"https:\/\/www.maisonschwind.lu\/shop\/wp-content\/uploads\/2026\/04\/5020106459_1920x1920-300x300.jpg 300w, https:\/\/www.maisonschwind.lu\/shop\/wp-content\/uploads\/2026\/04\/5020106459_1920x1920-150x150.jpg 150w, https:\/\/www.maisonschwind.lu\/shop\/wp-content\/uploads\/2026\/04\/5020106459_1920x1920-160x160.jpg 160w, https:\/\/www.maisonschwind.lu\/shop\/wp-content\/uploads\/2026\/04\/5020106459_1920x1920.jpg 400w\" data-sizes=\"(max-width: 300px) 100vw, 300px\" \/>        <\/a>\n        <div class='sale-perc'>-10%<\/div>            <\/figure>\n            <div class=\"groups-button flex-middle justify-content-center\">\n                \n                                    <div class=\"view\">\n                        <a href=\"javascript:void(0);\" class=\"quickview\" data-product_id=\"68015\">\n                            <i class=\"ti-eye\"><\/i>\n                        <\/a>\n                    <\/div>\n                \n                \n            <\/div> \n        <\/div>\n        <div class=\"metas clearfix\">\n            <div class=\"flex\">\n                <div class=\"clearfix\">\n                            <div class=\"product-cat\">\n        <a href=\"https:\/\/www.maisonschwind.lu\/fr\/produkt-kategorie\/neuheiten\/\">***NEUHEITEN***<\/a>        <\/div>\n    \n                    <h3 class=\"name\"><a href=\"https:\/\/www.maisonschwind.lu\/fr\/produkt\/pied-elastique-pour-surjeteuse-bernina-5020106459\/\">Pied \u00e9lastique pour surjeteuse BERNINA 5020106459<\/a><\/h3>\n                                    <\/div>\n                <div class=\"ali-right\">\n                        \n                <\/div>\n            <\/div>\n        <\/div>\n    <\/div>\n<\/div>\t\t\t<\/div>\n\t\t\t\t\t<div class=\"col-md-3 col-sm-4 col-xs-6 md-clearfix lg-clearfix  xs-clearfix  product type-product post-68010 status-publish first onbackorder product_cat-neuheiten product_cat-bernina product_cat-naehfuesse has-post-thumbnail sale taxable shipping-taxable purchasable product-type-simple\">\n\t\t\t \t<div class=\"product-block grid-v4\" data-product-id=\"68010\">\n    <div class=\"grid-inner\">\n        <div class=\"block-inner\">\n            <figure class=\"image\">\n                        <a title=\"Pied pour points enveloppant #C12 BERNINA 1036097000\" href=\"https:\/\/www.maisonschwind.lu\/fr\/produkt\/pied-pour-points-enveloppant-c12-bernina-1036097000\/\" class=\"product-image\">\n            <img loading=\"lazy\" width=\"300\" height=\"300\" src=\"data:image\/svg+xml;charset=utf-8,%3Csvg%20xmlns%3D&#039;http%3A%2F%2Fwww.w3.org%2F2000%2Fsvg&#039;%20viewBox%3D&#039;0%200%20300%20300&#039;%2F%3E\" class=\"attachment-woocommerce_thumbnail size-woocommerce_thumbnail image-no-effect unveil-image\" alt=\"\" data-src=\"https:\/\/www.maisonschwind.lu\/shop\/wp-content\/uploads\/2026\/04\/Capture-4-300x300.png\" data-srcset=\"https:\/\/www.maisonschwind.lu\/shop\/wp-content\/uploads\/2026\/04\/Capture-4-300x300.png 300w, https:\/\/www.maisonschwind.lu\/shop\/wp-content\/uploads\/2026\/04\/Capture-4-150x150.png 150w, https:\/\/www.maisonschwind.lu\/shop\/wp-content\/uploads\/2026\/04\/Capture-4-160x160.png 160w, https:\/\/www.maisonschwind.lu\/shop\/wp-content\/uploads\/2026\/04\/Capture-4.png 400w\" data-sizes=\"(max-width: 300px) 100vw, 300px\" \/>        <\/a>\n        <div class='sale-perc'>-10%<\/div>            <\/figure>\n            <div class=\"groups-button flex-middle justify-content-center\">\n                \n                                    <div class=\"view\">\n                        <a href=\"javascript:void(0);\" class=\"quickview\" data-product_id=\"68010\">\n                            <i class=\"ti-eye\"><\/i>\n                        <\/a>\n                    <\/div>\n                \n                \n            <\/div> \n        <\/div>\n        <div class=\"metas clearfix\">\n            <div class=\"flex\">\n                <div class=\"clearfix\">\n                            <div class=\"product-cat\">\n        <a href=\"https:\/\/www.maisonschwind.lu\/fr\/produkt-kategorie\/neuheiten\/\">***NEUHEITEN***<\/a>        <\/div>\n    \n                    <h3 class=\"name\"><a href=\"https:\/\/www.maisonschwind.lu\/fr\/produkt\/pied-pour-points-enveloppant-c12-bernina-1036097000\/\">Pied pour points enveloppant #C12 BERNINA 1036097000<\/a><\/h3>\n                                    <\/div>\n                <div class=\"ali-right\">\n                        \n                <\/div>\n            <\/div>\n        <\/div>\n    <\/div>\n<\/div>\t\t\t<\/div>\n\t\t\t\t\t<div class=\"col-md-3 col-sm-4 col-xs-6 product type-product post-68226 status-publish onbackorder product_cat-nouveautes product_cat-bernina-fr product_cat-pieds-de-biche has-post-thumbnail sale taxable shipping-taxable purchasable product-type-simple\">\n\t\t\t \t<div class=\"product-block grid-v4\" data-product-id=\"68226\">\n    <div class=\"grid-inner\">\n        <div class=\"block-inner\">\n            <figure class=\"image\">\n                        <a title=\"Pied pour points enveloppant BERNINA 5020107038\" href=\"https:\/\/www.maisonschwind.lu\/fr\/produit\/pied-pour-points-enveloppant-bernina-5020107038\/\" class=\"product-image\">\n            <img loading=\"lazy\" width=\"300\" height=\"300\" src=\"data:image\/svg+xml;charset=utf-8,%3Csvg%20xmlns%3D&#039;http%3A%2F%2Fwww.w3.org%2F2000%2Fsvg&#039;%20viewBox%3D&#039;0%200%20300%20300&#039;%2F%3E\" class=\"attachment-woocommerce_thumbnail size-woocommerce_thumbnail image-no-effect unveil-image\" alt=\"\" data-src=\"https:\/\/www.maisonschwind.lu\/shop\/wp-content\/uploads\/2026\/04\/Capture-3-300x300.png\" data-srcset=\"https:\/\/www.maisonschwind.lu\/shop\/wp-content\/uploads\/2026\/04\/Capture-3-300x300.png 300w, https:\/\/www.maisonschwind.lu\/shop\/wp-content\/uploads\/2026\/04\/Capture-3-150x150.png 150w, https:\/\/www.maisonschwind.lu\/shop\/wp-content\/uploads\/2026\/04\/Capture-3-160x160.png 160w, https:\/\/www.maisonschwind.lu\/shop\/wp-content\/uploads\/2026\/04\/Capture-3.png 400w\" data-sizes=\"(max-width: 300px) 100vw, 300px\" \/>        <\/a>\n        <div class='sale-perc'>-10%<\/div>            <\/figure>\n            <div class=\"groups-button flex-middle justify-content-center\">\n                \n                                    <div class=\"view\">\n                        <a href=\"javascript:void(0);\" class=\"quickview\" data-product_id=\"68226\">\n                            <i class=\"ti-eye\"><\/i>\n                        <\/a>\n                    <\/div>\n                \n                \n            <\/div> \n        <\/div>\n        <div class=\"metas clearfix\">\n            <div class=\"flex\">\n                <div class=\"clearfix\">\n                            <div class=\"product-cat\">\n        <a href=\"https:\/\/www.maisonschwind.lu\/fr\/categorie-produit\/nouveautes\/\">***NOUVEAUT\u00c9S***<\/a>        <\/div>\n    \n                    <h3 class=\"name\"><a href=\"https:\/\/www.maisonschwind.lu\/fr\/produit\/pied-pour-points-enveloppant-bernina-5020107038\/\">Pied pour points enveloppant BERNINA 5020107038<\/a><\/h3>\n                                    <\/div>\n                <div class=\"ali-right\">\n                        \n                <\/div>\n            <\/div>\n        <\/div>\n    <\/div>\n<\/div>\t\t\t<\/div>\n\t\t\t\t\t<div class=\"col-md-3 col-sm-4 col-xs-6 sm-clearfix  xs-clearfix  product type-product post-68046 status-publish onbackorder product_cat-nouveautes product_cat-bernina-fr product_cat-pieds-de-biche has-post-thumbnail sale taxable shipping-taxable purchasable product-type-simple\">\n\t\t\t \t<div class=\"product-block grid-v4\" data-product-id=\"68046\">\n    <div class=\"grid-inner\">\n        <div class=\"block-inner\">\n            <figure class=\"image\">\n                        <a title=\"Pied pour courbe #L23 BERNINA 1067537000\" href=\"https:\/\/www.maisonschwind.lu\/fr\/produit\/pied-pour-courbe-l23-bernina-1067537000\/\" class=\"product-image\">\n            <img loading=\"lazy\" width=\"300\" height=\"300\" src=\"data:image\/svg+xml;charset=utf-8,%3Csvg%20xmlns%3D&#039;http%3A%2F%2Fwww.w3.org%2F2000%2Fsvg&#039;%20viewBox%3D&#039;0%200%20300%20300&#039;%2F%3E\" class=\"attachment-woocommerce_thumbnail size-woocommerce_thumbnail image-no-effect unveil-image\" alt=\"\" data-src=\"https:\/\/www.maisonschwind.lu\/shop\/wp-content\/uploads\/2026\/04\/pied-pour-courbe-l23-bernina-_1-300x300.jpeg\" data-srcset=\"https:\/\/www.maisonschwind.lu\/shop\/wp-content\/uploads\/2026\/04\/pied-pour-courbe-l23-bernina-_1-300x300.jpeg 300w, https:\/\/www.maisonschwind.lu\/shop\/wp-content\/uploads\/2026\/04\/pied-pour-courbe-l23-bernina-_1-150x150.jpeg 150w, https:\/\/www.maisonschwind.lu\/shop\/wp-content\/uploads\/2026\/04\/pied-pour-courbe-l23-bernina-_1-160x160.jpeg 160w, https:\/\/www.maisonschwind.lu\/shop\/wp-content\/uploads\/2026\/04\/pied-pour-courbe-l23-bernina-_1.jpeg 400w\" data-sizes=\"(max-width: 300px) 100vw, 300px\" \/>        <\/a>\n        <div class='sale-perc'>-12%<\/div>            <\/figure>\n            <div class=\"groups-button flex-middle justify-content-center\">\n                \n                                    <div class=\"view\">\n                        <a href=\"javascript:void(0);\" class=\"quickview\" data-product_id=\"68046\">\n                            <i class=\"ti-eye\"><\/i>\n                        <\/a>\n                    <\/div>\n                \n                \n            <\/div> \n        <\/div>\n        <div class=\"metas clearfix\">\n            <div class=\"flex\">\n                <div class=\"clearfix\">\n                            <div class=\"product-cat\">\n        <a href=\"https:\/\/www.maisonschwind.lu\/fr\/categorie-produit\/nouveautes\/\">***NOUVEAUT\u00c9S***<\/a>        <\/div>\n    \n                    <h3 class=\"name\"><a href=\"https:\/\/www.maisonschwind.lu\/fr\/produit\/pied-pour-courbe-l23-bernina-1067537000\/\">Pied pour courbe #L23 BERNINA 1067537000<\/a><\/h3>\n                                    <\/div>\n                <div class=\"ali-right\">\n                        \n                <\/div>\n            <\/div>\n        <\/div>\n    <\/div>\n<\/div>\t\t\t<\/div>\n\t\t\t\t\t<div class=\"col-md-3 col-sm-4 col-xs-6 product type-product post-68042 status-publish last onbackorder product_cat-nouveautes product_cat-bernina-fr product_cat-pieds-de-biche has-post-thumbnail sale taxable shipping-taxable purchasable product-type-simple\">\n\t\t\t \t<div class=\"product-block grid-v4\" data-product-id=\"68042\">\n    <div class=\"grid-inner\">\n        <div class=\"block-inner\">\n            <figure class=\"image\">\n                        <a title=\"Pied pour courbe #C23 BERNINA 1067557000\" href=\"https:\/\/www.maisonschwind.lu\/fr\/produit\/pied-pour-courbe-c23-bernina-1067557000\/\" class=\"product-image\">\n            <img loading=\"lazy\" width=\"300\" height=\"300\" src=\"data:image\/svg+xml;charset=utf-8,%3Csvg%20xmlns%3D&#039;http%3A%2F%2Fwww.w3.org%2F2000%2Fsvg&#039;%20viewBox%3D&#039;0%200%20300%20300&#039;%2F%3E\" class=\"attachment-woocommerce_thumbnail size-woocommerce_thumbnail image-no-effect unveil-image\" alt=\"\" data-src=\"https:\/\/www.maisonschwind.lu\/shop\/wp-content\/uploads\/2026\/04\/pied-pour-courbe-transparent-c23-bernina-_1-300x300.jpeg\" data-srcset=\"https:\/\/www.maisonschwind.lu\/shop\/wp-content\/uploads\/2026\/04\/pied-pour-courbe-transparent-c23-bernina-_1-300x300.jpeg 300w, https:\/\/www.maisonschwind.lu\/shop\/wp-content\/uploads\/2026\/04\/pied-pour-courbe-transparent-c23-bernina-_1-150x150.jpeg 150w, https:\/\/www.maisonschwind.lu\/shop\/wp-content\/uploads\/2026\/04\/pied-pour-courbe-transparent-c23-bernina-_1-160x160.jpeg 160w, https:\/\/www.maisonschwind.lu\/shop\/wp-content\/uploads\/2026\/04\/pied-pour-courbe-transparent-c23-bernina-_1.jpeg 400w\" data-sizes=\"(max-width: 300px) 100vw, 300px\" \/>        <\/a>\n        <div class='sale-perc'>-13%<\/div>            <\/figure>\n            <div class=\"groups-button flex-middle justify-content-center\">\n                \n                                    <div class=\"view\">\n                        <a href=\"javascript:void(0);\" class=\"quickview\" data-product_id=\"68042\">\n                            <i class=\"ti-eye\"><\/i>\n                        <\/a>\n                    <\/div>\n                \n                \n            <\/div> \n        <\/div>\n        <div class=\"metas clearfix\">\n            <div class=\"flex\">\n                <div class=\"clearfix\">\n                            <div class=\"product-cat\">\n        <a href=\"https:\/\/www.maisonschwind.lu\/fr\/categorie-produit\/nouveautes\/\">***NOUVEAUT\u00c9S***<\/a>        <\/div>\n    \n                    <h3 class=\"name\"><a href=\"https:\/\/www.maisonschwind.lu\/fr\/produit\/pied-pour-courbe-c23-bernina-1067557000\/\">Pied pour courbe #C23 BERNINA 1067557000<\/a><\/h3>\n                                    <\/div>\n                <div class=\"ali-right\">\n                        \n                <\/div>\n            <\/div>\n        <\/div>\n    <\/div>\n<\/div>\t\t\t<\/div>\n\t\t\t\t\t<div class=\"col-md-3 col-sm-4 col-xs-6 md-clearfix lg-clearfix  xs-clearfix  product type-product post-68034 status-publish first onbackorder product_cat-nouveautes product_cat-bernina-fr product_cat-pieds-de-biche has-post-thumbnail sale taxable shipping-taxable purchasable product-type-simple\">\n\t\t\t \t<div class=\"product-block grid-v4\" data-product-id=\"68034\">\n    <div class=\"grid-inner\">\n        <div class=\"block-inner\">\n            <figure class=\"image\">\n                        <a title=\"Pied pour points de cha\u00eenette #C13 BERNINA 1034177000\" href=\"https:\/\/www.maisonschwind.lu\/fr\/produit\/pied-pour-points-de-chainette-c13-bernina-1034177000\/\" class=\"product-image\">\n            <img loading=\"lazy\" width=\"300\" height=\"300\" src=\"data:image\/svg+xml;charset=utf-8,%3Csvg%20xmlns%3D&#039;http%3A%2F%2Fwww.w3.org%2F2000%2Fsvg&#039;%20viewBox%3D&#039;0%200%20300%20300&#039;%2F%3E\" class=\"attachment-woocommerce_thumbnail size-woocommerce_thumbnail image-no-effect unveil-image\" alt=\"\" data-src=\"https:\/\/www.maisonschwind.lu\/shop\/wp-content\/uploads\/2026\/04\/pied-pour-points-de-chainette-c13-bernina-_1-300x300.jpeg\" data-srcset=\"https:\/\/www.maisonschwind.lu\/shop\/wp-content\/uploads\/2026\/04\/pied-pour-points-de-chainette-c13-bernina-_1-300x300.jpeg 300w, https:\/\/www.maisonschwind.lu\/shop\/wp-content\/uploads\/2026\/04\/pied-pour-points-de-chainette-c13-bernina-_1-150x150.jpeg 150w, https:\/\/www.maisonschwind.lu\/shop\/wp-content\/uploads\/2026\/04\/pied-pour-points-de-chainette-c13-bernina-_1-160x160.jpeg 160w, https:\/\/www.maisonschwind.lu\/shop\/wp-content\/uploads\/2026\/04\/pied-pour-points-de-chainette-c13-bernina-_1.jpeg 400w\" data-sizes=\"(max-width: 300px) 100vw, 300px\" \/>        <\/a>\n        <div class='sale-perc'>-10%<\/div>            <\/figure>\n            <div class=\"groups-button flex-middle justify-content-center\">\n                \n                                    <div class=\"view\">\n                        <a href=\"javascript:void(0);\" class=\"quickview\" data-product_id=\"68034\">\n                            <i class=\"ti-eye\"><\/i>\n                        <\/a>\n                    <\/div>\n                \n                \n            <\/div> \n        <\/div>\n        <div class=\"metas clearfix\">\n            <div class=\"flex\">\n                <div class=\"clearfix\">\n                            <div class=\"product-cat\">\n        <a href=\"https:\/\/www.maisonschwind.lu\/fr\/categorie-produit\/nouveautes\/\">***NOUVEAUT\u00c9S***<\/a>        <\/div>\n    \n                    <h3 class=\"name\"><a href=\"https:\/\/www.maisonschwind.lu\/fr\/produit\/pied-pour-points-de-chainette-c13-bernina-1034177000\/\">Pied pour points de cha\u00eenette #C13 BERNINA 1034177000<\/a><\/h3>\n                                    <\/div>\n                <div class=\"ali-right\">\n                        \n                <\/div>\n            <\/div>\n        <\/div>\n    <\/div>\n<\/div>\t\t\t<\/div>\n\t\t\t\t\t<div class=\"col-md-3 col-sm-4 col-xs-6 sm-clearfix  product type-product post-68031 status-publish onbackorder product_cat-nouveautes product_cat-bernina-fr product_cat-pieds-de-biche has-post-thumbnail sale taxable shipping-taxable purchasable product-type-simple\">\n\t\t\t \t<div class=\"product-block grid-v4\" data-product-id=\"68031\">\n    <div class=\"grid-inner\">\n        <div class=\"block-inner\">\n            <figure class=\"image\">\n                        <a title=\"Pied pour points de cha\u00eenette BERNINA 5020105241\" href=\"https:\/\/www.maisonschwind.lu\/fr\/produit\/pied-pour-points-de-chainette-bernina-5020105241\/\" class=\"product-image\">\n            <img loading=\"lazy\" width=\"300\" height=\"300\" src=\"data:image\/svg+xml;charset=utf-8,%3Csvg%20xmlns%3D&#039;http%3A%2F%2Fwww.w3.org%2F2000%2Fsvg&#039;%20viewBox%3D&#039;0%200%20300%20300&#039;%2F%3E\" class=\"attachment-woocommerce_thumbnail size-woocommerce_thumbnail image-no-effect unveil-image\" alt=\"\" data-src=\"https:\/\/www.maisonschwind.lu\/shop\/wp-content\/uploads\/2026\/04\/pied-chainette-metal-_1-300x300.jpg\" data-srcset=\"https:\/\/www.maisonschwind.lu\/shop\/wp-content\/uploads\/2026\/04\/pied-chainette-metal-_1-300x300.jpg 300w, https:\/\/www.maisonschwind.lu\/shop\/wp-content\/uploads\/2026\/04\/pied-chainette-metal-_1-150x150.jpg 150w, https:\/\/www.maisonschwind.lu\/shop\/wp-content\/uploads\/2026\/04\/pied-chainette-metal-_1-160x160.jpg 160w, https:\/\/www.maisonschwind.lu\/shop\/wp-content\/uploads\/2026\/04\/pied-chainette-metal-_1.jpg 400w\" data-sizes=\"(max-width: 300px) 100vw, 300px\" \/>        <\/a>\n        <div class='sale-perc'>-10%<\/div>            <\/figure>\n            <div class=\"groups-button flex-middle justify-content-center\">\n                \n                                    <div class=\"view\">\n                        <a href=\"javascript:void(0);\" class=\"quickview\" data-product_id=\"68031\">\n                            <i class=\"ti-eye\"><\/i>\n                        <\/a>\n                    <\/div>\n                \n                \n            <\/div> \n        <\/div>\n        <div class=\"metas clearfix\">\n            <div class=\"flex\">\n                <div class=\"clearfix\">\n                            <div class=\"product-cat\">\n        <a href=\"https:\/\/www.maisonschwind.lu\/fr\/categorie-produit\/nouveautes\/\">***NOUVEAUT\u00c9S***<\/a>        <\/div>\n    \n                    <h3 class=\"name\"><a href=\"https:\/\/www.maisonschwind.lu\/fr\/produit\/pied-pour-points-de-chainette-bernina-5020105241\/\">Pied pour points de cha\u00eenette BERNINA 5020105241<\/a><\/h3>\n                                    <\/div>\n                <div class=\"ali-right\">\n                        \n                <\/div>\n            <\/div>\n        <\/div>\n    <\/div>\n<\/div>\t\t\t<\/div>\n\t\t\t\t\t<div class=\"col-md-3 col-sm-4 col-xs-6 xs-clearfix  product type-product post-67838 status-publish onbackorder product_cat-nouveautes product_cat-bernina-fr product_cat-pieds-de-biche has-post-thumbnail sale taxable shipping-taxable purchasable product-type-simple\">\n\t\t\t \t<div class=\"product-block grid-v4\" data-product-id=\"67838\">\n    <div class=\"grid-inner\">\n        <div class=\"block-inner\">\n            <figure class=\"image\">\n                        <a title=\"Outil CutWork BERNINA 0342767200\" href=\"https:\/\/www.maisonschwind.lu\/fr\/produit\/outil-cutwork-bernina-0342767200\/\" class=\"product-image\">\n            <img loading=\"lazy\" width=\"300\" height=\"300\" src=\"data:image\/svg+xml;charset=utf-8,%3Csvg%20xmlns%3D&#039;http%3A%2F%2Fwww.w3.org%2F2000%2Fsvg&#039;%20viewBox%3D&#039;0%200%20300%20300&#039;%2F%3E\" class=\"attachment-woocommerce_thumbnail size-woocommerce_thumbnail image-no-effect unveil-image\" alt=\"\" data-src=\"https:\/\/www.maisonschwind.lu\/shop\/wp-content\/uploads\/2026\/04\/Capture-1-300x300.png\" data-srcset=\"https:\/\/www.maisonschwind.lu\/shop\/wp-content\/uploads\/2026\/04\/Capture-1-300x300.png 300w, https:\/\/www.maisonschwind.lu\/shop\/wp-content\/uploads\/2026\/04\/Capture-1-150x150.png 150w, https:\/\/www.maisonschwind.lu\/shop\/wp-content\/uploads\/2026\/04\/Capture-1-160x160.png 160w, https:\/\/www.maisonschwind.lu\/shop\/wp-content\/uploads\/2026\/04\/Capture-1.png 400w\" data-sizes=\"(max-width: 300px) 100vw, 300px\" \/>        <\/a>\n        <div class='sale-perc'>-10%<\/div>            <\/figure>\n            <div class=\"groups-button flex-middle justify-content-center\">\n                \n                                    <div class=\"view\">\n                        <a href=\"javascript:void(0);\" class=\"quickview\" data-product_id=\"67838\">\n                            <i class=\"ti-eye\"><\/i>\n                        <\/a>\n                    <\/div>\n                \n                \n            <\/div> \n        <\/div>\n        <div class=\"metas clearfix\">\n            <div class=\"flex\">\n                <div class=\"clearfix\">\n                            <div class=\"product-cat\">\n        <a href=\"https:\/\/www.maisonschwind.lu\/fr\/categorie-produit\/nouveautes\/\">***NOUVEAUT\u00c9S***<\/a>        <\/div>\n    \n                    <h3 class=\"name\"><a href=\"https:\/\/www.maisonschwind.lu\/fr\/produit\/outil-cutwork-bernina-0342767200\/\">Outil CutWork BERNINA 0342767200<\/a><\/h3>\n                                    <\/div>\n                <div class=\"ali-right\">\n                        \n                <\/div>\n            <\/div>\n        <\/div>\n    <\/div>\n<\/div>\t\t\t<\/div>\n\t\t\t\t\t<div class=\"col-md-3 col-sm-4 col-xs-6 product type-product post-67831 status-publish last onbackorder product_cat-nouveautes product_cat-bernina-fr product_cat-pieds-de-biche has-post-thumbnail sale taxable shipping-taxable purchasable product-type-simple\">\n\t\t\t \t<div class=\"product-block grid-v4\" data-product-id=\"67831\">\n    <div class=\"grid-inner\">\n        <div class=\"block-inner\">\n            <figure class=\"image\">\n                        <a title=\"Insert de cadre de broderie \u00ab Hoop, N\u2019 Buddyz \u00bb BERNINA 0311847000\" href=\"https:\/\/www.maisonschwind.lu\/fr\/produit\/insert-de-cadre-de-broderie-hoop-n-buddyz-bernina-0311847000\/\" class=\"product-image\">\n            <img loading=\"lazy\" width=\"300\" height=\"300\" src=\"data:image\/svg+xml;charset=utf-8,%3Csvg%20xmlns%3D&#039;http%3A%2F%2Fwww.w3.org%2F2000%2Fsvg&#039;%20viewBox%3D&#039;0%200%20300%20300&#039;%2F%3E\" class=\"attachment-woocommerce_thumbnail size-woocommerce_thumbnail image-no-effect unveil-image\" alt=\"\" data-src=\"https:\/\/www.maisonschwind.lu\/shop\/wp-content\/uploads\/2026\/04\/cadre-a-broder-hoop-n-buddyz-casquette-_1-300x300.jpeg\" data-srcset=\"https:\/\/www.maisonschwind.lu\/shop\/wp-content\/uploads\/2026\/04\/cadre-a-broder-hoop-n-buddyz-casquette-_1-300x300.jpeg 300w, https:\/\/www.maisonschwind.lu\/shop\/wp-content\/uploads\/2026\/04\/cadre-a-broder-hoop-n-buddyz-casquette-_1-150x150.jpeg 150w, https:\/\/www.maisonschwind.lu\/shop\/wp-content\/uploads\/2026\/04\/cadre-a-broder-hoop-n-buddyz-casquette-_1-160x160.jpeg 160w, https:\/\/www.maisonschwind.lu\/shop\/wp-content\/uploads\/2026\/04\/cadre-a-broder-hoop-n-buddyz-casquette-_1.jpeg 400w\" data-sizes=\"(max-width: 300px) 100vw, 300px\" \/>        <\/a>\n        <div class='sale-perc'>-10%<\/div>            <\/figure>\n            <div class=\"groups-button flex-middle justify-content-center\">\n                \n                                    <div class=\"view\">\n                        <a href=\"javascript:void(0);\" class=\"quickview\" data-product_id=\"67831\">\n                            <i class=\"ti-eye\"><\/i>\n                        <\/a>\n                    <\/div>\n                \n                \n            <\/div> \n        <\/div>\n        <div class=\"metas clearfix\">\n            <div class=\"flex\">\n                <div class=\"clearfix\">\n                            <div class=\"product-cat\">\n        <a href=\"https:\/\/www.maisonschwind.lu\/fr\/categorie-produit\/nouveautes\/\">***NOUVEAUT\u00c9S***<\/a>        <\/div>\n    \n                    <h3 class=\"name\"><a href=\"https:\/\/www.maisonschwind.lu\/fr\/produit\/insert-de-cadre-de-broderie-hoop-n-buddyz-bernina-0311847000\/\">Insert de cadre de broderie \u00ab Hoop, N\u2019 Buddyz \u00bb BERNINA 0311847000<\/a><\/h3>\n                                    <\/div>\n                <div class=\"ali-right\">\n                        \n                <\/div>\n            <\/div>\n        <\/div>\n    <\/div>\n<\/div>\t\t\t<\/div>\n\t\t\t\t\t<div class=\"col-md-3 col-sm-4 col-xs-6 md-clearfix lg-clearfix  sm-clearfix  xs-clearfix  product type-product post-67821 status-publish first onbackorder product_cat-nouveautes product_cat-bernina-fr product_cat-pieds-de-biche has-post-thumbnail sale taxable shipping-taxable purchasable product-type-simple\">\n\t\t\t \t<div class=\"product-block grid-v4\" data-product-id=\"67821\">\n    <div class=\"grid-inner\">\n        <div class=\"block-inner\">\n            <figure class=\"image\">\n                        <a title=\"Grand cadre de broderie bras libre BERNINA 1066817000\" href=\"https:\/\/www.maisonschwind.lu\/fr\/produit\/grand-cadre-de-broderie-bras-libre-bernina-1066817000\/\" class=\"product-image\">\n            <img loading=\"lazy\" width=\"300\" height=\"300\" src=\"data:image\/svg+xml;charset=utf-8,%3Csvg%20xmlns%3D&#039;http%3A%2F%2Fwww.w3.org%2F2000%2Fsvg&#039;%20viewBox%3D&#039;0%200%20300%20300&#039;%2F%3E\" class=\"attachment-woocommerce_thumbnail size-woocommerce_thumbnail image-no-effect unveil-image\" alt=\"\" data-src=\"https:\/\/www.maisonschwind.lu\/shop\/wp-content\/uploads\/2026\/04\/cadre-a-broder-145x255mm-bras-libre-bernina-_1-300x300.jpeg\" data-srcset=\"https:\/\/www.maisonschwind.lu\/shop\/wp-content\/uploads\/2026\/04\/cadre-a-broder-145x255mm-bras-libre-bernina-_1-300x300.jpeg 300w, https:\/\/www.maisonschwind.lu\/shop\/wp-content\/uploads\/2026\/04\/cadre-a-broder-145x255mm-bras-libre-bernina-_1-150x150.jpeg 150w, https:\/\/www.maisonschwind.lu\/shop\/wp-content\/uploads\/2026\/04\/cadre-a-broder-145x255mm-bras-libre-bernina-_1-160x160.jpeg 160w, https:\/\/www.maisonschwind.lu\/shop\/wp-content\/uploads\/2026\/04\/cadre-a-broder-145x255mm-bras-libre-bernina-_1.jpeg 400w\" data-sizes=\"(max-width: 300px) 100vw, 300px\" \/>        <\/a>\n        <div class='sale-perc'>-10%<\/div>            <\/figure>\n            <div class=\"groups-button flex-middle justify-content-center\">\n                \n                                    <div class=\"view\">\n                        <a href=\"javascript:void(0);\" class=\"quickview\" data-product_id=\"67821\">\n                            <i class=\"ti-eye\"><\/i>\n                        <\/a>\n                    <\/div>\n                \n                \n            <\/div> \n        <\/div>\n        <div class=\"metas clearfix\">\n            <div class=\"flex\">\n                <div class=\"clearfix\">\n                            <div class=\"product-cat\">\n        <a href=\"https:\/\/www.maisonschwind.lu\/fr\/categorie-produit\/nouveautes\/\">***NOUVEAUT\u00c9S***<\/a>        <\/div>\n    \n                    <h3 class=\"name\"><a href=\"https:\/\/www.maisonschwind.lu\/fr\/produit\/grand-cadre-de-broderie-bras-libre-bernina-1066817000\/\">Grand cadre de broderie bras libre BERNINA 1066817000<\/a><\/h3>\n                                    <\/div>\n                <div class=\"ali-right\">\n                        \n                <\/div>\n            <\/div>\n        <\/div>\n    <\/div>\n<\/div>\t\t\t<\/div>\n\t\t\t\t\t<div class=\"col-md-3 col-sm-4 col-xs-6 product type-product post-67815 status-publish onbackorder product_cat-nouveautes product_cat-bernina-fr product_cat-pieds-de-biche has-post-thumbnail sale taxable shipping-taxable purchasable product-type-simple\">\n\t\t\t \t<div class=\"product-block grid-v4\" data-product-id=\"67815\">\n    <div class=\"grid-inner\">\n        <div class=\"block-inner\">\n            <figure class=\"image\">\n                        <a title=\"Cadre de broderie Jumbo BERNINA 0328427300\" href=\"https:\/\/www.maisonschwind.lu\/fr\/produit\/cadre-de-broderie-jumbo-bernina-0328427300\/\" class=\"product-image\">\n            <img loading=\"lazy\" width=\"300\" height=\"300\" src=\"data:image\/svg+xml;charset=utf-8,%3Csvg%20xmlns%3D&#039;http%3A%2F%2Fwww.w3.org%2F2000%2Fsvg&#039;%20viewBox%3D&#039;0%200%20300%20300&#039;%2F%3E\" class=\"attachment-woocommerce_thumbnail size-woocommerce_thumbnail image-no-effect unveil-image\" alt=\"\" data-src=\"https:\/\/www.maisonschwind.lu\/shop\/wp-content\/uploads\/2026\/04\/cadre-a-broder-260x400mm-jumbo-_1-300x300.jpeg\" data-srcset=\"https:\/\/www.maisonschwind.lu\/shop\/wp-content\/uploads\/2026\/04\/cadre-a-broder-260x400mm-jumbo-_1-300x300.jpeg 300w, https:\/\/www.maisonschwind.lu\/shop\/wp-content\/uploads\/2026\/04\/cadre-a-broder-260x400mm-jumbo-_1-150x150.jpeg 150w, https:\/\/www.maisonschwind.lu\/shop\/wp-content\/uploads\/2026\/04\/cadre-a-broder-260x400mm-jumbo-_1-160x160.jpeg 160w, https:\/\/www.maisonschwind.lu\/shop\/wp-content\/uploads\/2026\/04\/cadre-a-broder-260x400mm-jumbo-_1.jpeg 400w\" data-sizes=\"(max-width: 300px) 100vw, 300px\" \/>        <\/a>\n        <div class='sale-perc'>-10%<\/div>            <\/figure>\n            <div class=\"groups-button flex-middle justify-content-center\">\n                \n                                    <div class=\"view\">\n                        <a href=\"javascript:void(0);\" class=\"quickview\" data-product_id=\"67815\">\n                            <i class=\"ti-eye\"><\/i>\n                        <\/a>\n                    <\/div>\n                \n                \n            <\/div> \n        <\/div>\n        <div class=\"metas clearfix\">\n            <div class=\"flex\">\n                <div class=\"clearfix\">\n                            <div class=\"product-cat\">\n        <a href=\"https:\/\/www.maisonschwind.lu\/fr\/categorie-produit\/nouveautes\/\">***NOUVEAUT\u00c9S***<\/a>        <\/div>\n    \n                    <h3 class=\"name\"><a href=\"https:\/\/www.maisonschwind.lu\/fr\/produit\/cadre-de-broderie-jumbo-bernina-0328427300\/\">Cadre de broderie Jumbo BERNINA 0328427300<\/a><\/h3>\n                                    <\/div>\n                <div class=\"ali-right\">\n                        \n                <\/div>\n            <\/div>\n        <\/div>\n    <\/div>\n<\/div>\t\t\t<\/div>\n\t\t\t\t\t<div class=\"col-md-3 col-sm-4 col-xs-6 xs-clearfix  product type-product post-67810 status-publish onbackorder product_cat-nouveautes product_cat-bernina-fr product_cat-pieds-de-biche has-post-thumbnail sale taxable shipping-taxable purchasable product-type-simple\">\n\t\t\t \t<div class=\"product-block grid-v4\" data-product-id=\"67810\">\n    <div class=\"grid-inner\">\n        <div class=\"block-inner\">\n            <figure class=\"image\">\n                        <a title=\"M\u00e9ga-cadre de broderie BERNINA 0305807500\" href=\"https:\/\/www.maisonschwind.lu\/fr\/produit\/mega-cadre-de-broderie-bernina-0305807500\/\" class=\"product-image\">\n            <img loading=\"lazy\" width=\"300\" height=\"300\" src=\"data:image\/svg+xml;charset=utf-8,%3Csvg%20xmlns%3D&#039;http%3A%2F%2Fwww.w3.org%2F2000%2Fsvg&#039;%20viewBox%3D&#039;0%200%20300%20300&#039;%2F%3E\" class=\"attachment-woocommerce_thumbnail size-woocommerce_thumbnail image-no-effect unveil-image\" alt=\"\" data-src=\"https:\/\/www.maisonschwind.lu\/shop\/wp-content\/uploads\/2026\/04\/cadre-a-broder-150x400mm-mega-hoop-bernina-_1-300x300.jpeg\" data-srcset=\"https:\/\/www.maisonschwind.lu\/shop\/wp-content\/uploads\/2026\/04\/cadre-a-broder-150x400mm-mega-hoop-bernina-_1-300x300.jpeg 300w, https:\/\/www.maisonschwind.lu\/shop\/wp-content\/uploads\/2026\/04\/cadre-a-broder-150x400mm-mega-hoop-bernina-_1-150x150.jpeg 150w, https:\/\/www.maisonschwind.lu\/shop\/wp-content\/uploads\/2026\/04\/cadre-a-broder-150x400mm-mega-hoop-bernina-_1-160x160.jpeg 160w, https:\/\/www.maisonschwind.lu\/shop\/wp-content\/uploads\/2026\/04\/cadre-a-broder-150x400mm-mega-hoop-bernina-_1.jpeg 400w\" data-sizes=\"(max-width: 300px) 100vw, 300px\" \/>        <\/a>\n        <div class='sale-perc'>-10%<\/div>            <\/figure>\n            <div class=\"groups-button flex-middle justify-content-center\">\n                \n                                    <div class=\"view\">\n                        <a href=\"javascript:void(0);\" class=\"quickview\" data-product_id=\"67810\">\n                            <i class=\"ti-eye\"><\/i>\n                        <\/a>\n                    <\/div>\n                \n                \n            <\/div> \n        <\/div>\n        <div class=\"metas clearfix\">\n            <div class=\"flex\">\n                <div class=\"clearfix\">\n                            <div class=\"product-cat\">\n        <a href=\"https:\/\/www.maisonschwind.lu\/fr\/categorie-produit\/nouveautes\/\">***NOUVEAUT\u00c9S***<\/a>        <\/div>\n    \n                    <h3 class=\"name\"><a href=\"https:\/\/www.maisonschwind.lu\/fr\/produit\/mega-cadre-de-broderie-bernina-0305807500\/\">M\u00e9ga-cadre de broderie BERNINA 0305807500<\/a><\/h3>\n                                    <\/div>\n                <div class=\"ali-right\">\n                        \n                <\/div>\n            <\/div>\n        <\/div>\n    <\/div>\n<\/div>\t\t\t<\/div>\n\t\t\t\t\t<div class=\"col-md-3 col-sm-4 col-xs-6 sm-clearfix  product type-product post-67777 status-publish last onbackorder product_cat-nouveautes product_cat-bernina-fr product_cat-pieds-de-biche has-post-thumbnail sale taxable shipping-taxable purchasable product-type-simple\">\n\t\t\t \t<div class=\"product-block grid-v4\" data-product-id=\"67777\">\n    <div class=\"grid-inner\">\n        <div class=\"block-inner\">\n            <figure class=\"image\">\n                        <a title=\"Cadre de broderie Maxi BERNINA 0349257000\" href=\"https:\/\/www.maisonschwind.lu\/fr\/produit\/cadre-de-broderie-maxi-bernina-0349257000\/\" class=\"product-image\">\n            <img loading=\"lazy\" width=\"300\" height=\"300\" src=\"data:image\/svg+xml;charset=utf-8,%3Csvg%20xmlns%3D&#039;http%3A%2F%2Fwww.w3.org%2F2000%2Fsvg&#039;%20viewBox%3D&#039;0%200%20300%20300&#039;%2F%3E\" class=\"attachment-woocommerce_thumbnail size-woocommerce_thumbnail image-no-effect unveil-image\" alt=\"\" data-src=\"https:\/\/www.maisonschwind.lu\/shop\/wp-content\/uploads\/2026\/04\/Capture-300x300.png\" data-srcset=\"https:\/\/www.maisonschwind.lu\/shop\/wp-content\/uploads\/2026\/04\/Capture-300x300.png 300w, https:\/\/www.maisonschwind.lu\/shop\/wp-content\/uploads\/2026\/04\/Capture-150x150.png 150w, https:\/\/www.maisonschwind.lu\/shop\/wp-content\/uploads\/2026\/04\/Capture-160x160.png 160w, https:\/\/www.maisonschwind.lu\/shop\/wp-content\/uploads\/2026\/04\/Capture.png 400w\" data-sizes=\"(max-width: 300px) 100vw, 300px\" \/>        <\/a>\n        <div class='sale-perc'>-10%<\/div>            <\/figure>\n            <div class=\"groups-button flex-middle justify-content-center\">\n                \n                                    <div class=\"view\">\n                        <a href=\"javascript:void(0);\" class=\"quickview\" data-product_id=\"67777\">\n                            <i class=\"ti-eye\"><\/i>\n                        <\/a>\n                    <\/div>\n                \n                \n            <\/div> \n        <\/div>\n        <div class=\"metas clearfix\">\n            <div class=\"flex\">\n                <div class=\"clearfix\">\n                            <div class=\"product-cat\">\n        <a href=\"https:\/\/www.maisonschwind.lu\/fr\/categorie-produit\/nouveautes\/\">***NOUVEAUT\u00c9S***<\/a>        <\/div>\n    \n                    <h3 class=\"name\"><a href=\"https:\/\/www.maisonschwind.lu\/fr\/produit\/cadre-de-broderie-maxi-bernina-0349257000\/\">Cadre de broderie Maxi BERNINA 0349257000<\/a><\/h3>\n                                    <\/div>\n                <div class=\"ali-right\">\n                        \n                <\/div>\n            <\/div>\n        <\/div>\n    <\/div>\n<\/div>\t\t\t<\/div>\n\t\t\t\t\t<div class=\"col-md-3 col-sm-4 col-xs-6 md-clearfix lg-clearfix  xs-clearfix  product type-product post-67773 status-publish first onbackorder product_cat-nouveautes product_cat-bernina-fr product_cat-pieds-de-biche has-post-thumbnail sale taxable shipping-taxable purchasable product-type-simple\">\n\t\t\t \t<div class=\"product-block grid-v4\" data-product-id=\"67773\">\n    <div class=\"grid-inner\">\n        <div class=\"block-inner\">\n            <figure class=\"image\">\n                        <a title=\"Cadre de broderie Midi BERNINA 1023747000\" href=\"https:\/\/www.maisonschwind.lu\/fr\/produit\/cadre-de-broderie-midi-bernina-1023747000\/\" class=\"product-image\">\n            <img loading=\"lazy\" width=\"300\" height=\"300\" src=\"data:image\/svg+xml;charset=utf-8,%3Csvg%20xmlns%3D&#039;http%3A%2F%2Fwww.w3.org%2F2000%2Fsvg&#039;%20viewBox%3D&#039;0%200%20300%20300&#039;%2F%3E\" class=\"attachment-woocommerce_thumbnail size-woocommerce_thumbnail image-no-effect unveil-image\" alt=\"\" data-src=\"https:\/\/www.maisonschwind.lu\/shop\/wp-content\/uploads\/2026\/04\/cadre-a-broder-midi-165x265mm-bernina-_1-300x300.jpg\" data-srcset=\"https:\/\/www.maisonschwind.lu\/shop\/wp-content\/uploads\/2026\/04\/cadre-a-broder-midi-165x265mm-bernina-_1-300x300.jpg 300w, https:\/\/www.maisonschwind.lu\/shop\/wp-content\/uploads\/2026\/04\/cadre-a-broder-midi-165x265mm-bernina-_1-150x150.jpg 150w, https:\/\/www.maisonschwind.lu\/shop\/wp-content\/uploads\/2026\/04\/cadre-a-broder-midi-165x265mm-bernina-_1-160x160.jpg 160w, https:\/\/www.maisonschwind.lu\/shop\/wp-content\/uploads\/2026\/04\/cadre-a-broder-midi-165x265mm-bernina-_1.jpg 400w\" data-sizes=\"(max-width: 300px) 100vw, 300px\" \/>        <\/a>\n        <div class='sale-perc'>-10%<\/div>            <\/figure>\n            <div class=\"groups-button flex-middle justify-content-center\">\n                \n                                    <div class=\"view\">\n                        <a href=\"javascript:void(0);\" class=\"quickview\" data-product_id=\"67773\">\n                            <i class=\"ti-eye\"><\/i>\n                        <\/a>\n                    <\/div>\n                \n                \n            <\/div> \n        <\/div>\n        <div class=\"metas clearfix\">\n            <div class=\"flex\">\n                <div class=\"clearfix\">\n                            <div class=\"product-cat\">\n        <a href=\"https:\/\/www.maisonschwind.lu\/fr\/categorie-produit\/nouveautes\/\">***NOUVEAUT\u00c9S***<\/a>        <\/div>\n    \n                    <h3 class=\"name\"><a href=\"https:\/\/www.maisonschwind.lu\/fr\/produit\/cadre-de-broderie-midi-bernina-1023747000\/\">Cadre de broderie Midi BERNINA 1023747000<\/a><\/h3>\n                                    <\/div>\n                <div class=\"ali-right\">\n                        \n                <\/div>\n            <\/div>\n        <\/div>\n    <\/div>\n<\/div>\t\t\t<\/div>\n\t\t\t\t\t<div class=\"col-md-3 col-sm-4 col-xs-6 product type-product post-67770 status-publish onbackorder product_cat-nouveautes product_cat-bernina-fr product_cat-pieds-de-biche has-post-thumbnail sale taxable shipping-taxable purchasable product-type-simple\">\n\t\t\t \t<div class=\"product-block grid-v4\" data-product-id=\"67770\">\n    <div class=\"grid-inner\">\n        <div class=\"block-inner\">\n            <figure class=\"image\">\n                        <a title=\"Grand cadre de broderie ovale BERNINA 0308707400\" href=\"https:\/\/www.maisonschwind.lu\/fr\/produit\/grand-cadre-de-broderie-ovale-bernina-0308707400\/\" class=\"product-image\">\n            <img loading=\"lazy\" width=\"300\" height=\"300\" src=\"data:image\/svg+xml;charset=utf-8,%3Csvg%20xmlns%3D&#039;http%3A%2F%2Fwww.w3.org%2F2000%2Fsvg&#039;%20viewBox%3D&#039;0%200%20300%20300&#039;%2F%3E\" class=\"attachment-woocommerce_thumbnail size-woocommerce_thumbnail image-no-effect unveil-image\" alt=\"\" data-src=\"https:\/\/www.maisonschwind.lu\/shop\/wp-content\/uploads\/2026\/04\/cadre-a-broder-145x255mm-ovale-_1-300x300.jpg\" data-srcset=\"https:\/\/www.maisonschwind.lu\/shop\/wp-content\/uploads\/2026\/04\/cadre-a-broder-145x255mm-ovale-_1-300x300.jpg 300w, https:\/\/www.maisonschwind.lu\/shop\/wp-content\/uploads\/2026\/04\/cadre-a-broder-145x255mm-ovale-_1-150x150.jpg 150w, https:\/\/www.maisonschwind.lu\/shop\/wp-content\/uploads\/2026\/04\/cadre-a-broder-145x255mm-ovale-_1-160x160.jpg 160w, https:\/\/www.maisonschwind.lu\/shop\/wp-content\/uploads\/2026\/04\/cadre-a-broder-145x255mm-ovale-_1.jpg 400w\" data-sizes=\"(max-width: 300px) 100vw, 300px\" \/>        <\/a>\n        <div class='sale-perc'>-10%<\/div>            <\/figure>\n            <div class=\"groups-button flex-middle justify-content-center\">\n                \n                                    <div class=\"view\">\n                        <a href=\"javascript:void(0);\" class=\"quickview\" data-product_id=\"67770\">\n                            <i class=\"ti-eye\"><\/i>\n                        <\/a>\n                    <\/div>\n                \n                \n            <\/div> \n        <\/div>\n        <div class=\"metas clearfix\">\n            <div class=\"flex\">\n                <div class=\"clearfix\">\n                            <div class=\"product-cat\">\n        <a href=\"https:\/\/www.maisonschwind.lu\/fr\/categorie-produit\/nouveautes\/\">***NOUVEAUT\u00c9S***<\/a>        <\/div>\n    \n                    <h3 class=\"name\"><a href=\"https:\/\/www.maisonschwind.lu\/fr\/produit\/grand-cadre-de-broderie-ovale-bernina-0308707400\/\">Grand cadre de broderie ovale BERNINA 0308707400<\/a><\/h3>\n                                    <\/div>\n                <div class=\"ali-right\">\n                        \n                <\/div>\n            <\/div>\n        <\/div>\n    <\/div>\n<\/div>\t\t\t<\/div>\n\t\t\t\t\t<div class=\"col-md-3 col-sm-4 col-xs-6 sm-clearfix  xs-clearfix  product type-product post-67767 status-publish onbackorder product_cat-nouveautes product_cat-bernina-fr product_cat-pieds-de-biche has-post-thumbnail sale taxable shipping-taxable purchasable product-type-simple\">\n\t\t\t \t<div class=\"product-block grid-v4\" data-product-id=\"67767\">\n    <div class=\"grid-inner\">\n        <div class=\"block-inner\">\n            <figure class=\"image\">\n                        <a title=\"Grand cadre de broderie BERNINA 0089147300\" href=\"https:\/\/www.maisonschwind.lu\/fr\/produit\/grand-cadre-de-broderie-bernina-0089147300\/\" class=\"product-image\">\n            <img loading=\"lazy\" width=\"300\" height=\"300\" src=\"data:image\/svg+xml;charset=utf-8,%3Csvg%20xmlns%3D&#039;http%3A%2F%2Fwww.w3.org%2F2000%2Fsvg&#039;%20viewBox%3D&#039;0%200%20300%20300&#039;%2F%3E\" class=\"attachment-woocommerce_thumbnail size-woocommerce_thumbnail image-no-effect unveil-image\" alt=\"\" data-src=\"https:\/\/www.maisonschwind.lu\/shop\/wp-content\/uploads\/2026\/04\/cadre-a-broder-155x200mm-grand-_1-300x300.jpg\" data-srcset=\"https:\/\/www.maisonschwind.lu\/shop\/wp-content\/uploads\/2026\/04\/cadre-a-broder-155x200mm-grand-_1-300x300.jpg 300w, https:\/\/www.maisonschwind.lu\/shop\/wp-content\/uploads\/2026\/04\/cadre-a-broder-155x200mm-grand-_1-150x150.jpg 150w, https:\/\/www.maisonschwind.lu\/shop\/wp-content\/uploads\/2026\/04\/cadre-a-broder-155x200mm-grand-_1-160x160.jpg 160w, https:\/\/www.maisonschwind.lu\/shop\/wp-content\/uploads\/2026\/04\/cadre-a-broder-155x200mm-grand-_1.jpg 400w\" data-sizes=\"(max-width: 300px) 100vw, 300px\" \/>        <\/a>\n        <div class='sale-perc'>-10%<\/div>            <\/figure>\n            <div class=\"groups-button flex-middle justify-content-center\">\n                \n                                    <div class=\"view\">\n                        <a href=\"javascript:void(0);\" class=\"quickview\" data-product_id=\"67767\">\n                            <i class=\"ti-eye\"><\/i>\n                        <\/a>\n                    <\/div>\n                \n                \n            <\/div> \n        <\/div>\n        <div class=\"metas clearfix\">\n            <div class=\"flex\">\n                <div class=\"clearfix\">\n                            <div class=\"product-cat\">\n        <a href=\"https:\/\/www.maisonschwind.lu\/fr\/categorie-produit\/nouveautes\/\">***NOUVEAUT\u00c9S***<\/a>        <\/div>\n    \n                    <h3 class=\"name\"><a href=\"https:\/\/www.maisonschwind.lu\/fr\/produit\/grand-cadre-de-broderie-bernina-0089147300\/\">Grand cadre de broderie BERNINA 0089147300<\/a><\/h3>\n                                    <\/div>\n                <div class=\"ali-right\">\n                        \n                <\/div>\n            <\/div>\n        <\/div>\n    <\/div>\n<\/div>\t\t\t<\/div>\n\t\t\t\t\t<div class=\"col-md-3 col-sm-4 col-xs-6 product type-product post-67763 status-publish last onbackorder product_cat-nouveautes product_cat-bernina-fr product_cat-pieds-de-biche has-post-thumbnail sale taxable shipping-taxable purchasable product-type-simple\">\n\t\t\t \t<div class=\"product-block grid-v4\" data-product-id=\"67763\">\n    <div class=\"grid-inner\">\n        <div class=\"block-inner\">\n            <figure class=\"image\">\n                        <a title=\"Cadre de broderie moyen BERNINA 0308717200\" href=\"https:\/\/www.maisonschwind.lu\/fr\/produit\/cadre-de-broderie-moyen-bernina-0308717200\/\" class=\"product-image\">\n            <img loading=\"lazy\" width=\"300\" height=\"300\" src=\"data:image\/svg+xml;charset=utf-8,%3Csvg%20xmlns%3D&#039;http%3A%2F%2Fwww.w3.org%2F2000%2Fsvg&#039;%20viewBox%3D&#039;0%200%20300%20300&#039;%2F%3E\" class=\"attachment-woocommerce_thumbnail size-woocommerce_thumbnail image-no-effect unveil-image\" alt=\"\" data-src=\"https:\/\/www.maisonschwind.lu\/shop\/wp-content\/uploads\/2026\/04\/cadre-a-broder-100x130mm-moyen-bernina-_1-300x300.jpeg\" data-srcset=\"https:\/\/www.maisonschwind.lu\/shop\/wp-content\/uploads\/2026\/04\/cadre-a-broder-100x130mm-moyen-bernina-_1-300x300.jpeg 300w, https:\/\/www.maisonschwind.lu\/shop\/wp-content\/uploads\/2026\/04\/cadre-a-broder-100x130mm-moyen-bernina-_1-150x150.jpeg 150w, https:\/\/www.maisonschwind.lu\/shop\/wp-content\/uploads\/2026\/04\/cadre-a-broder-100x130mm-moyen-bernina-_1-160x160.jpeg 160w, https:\/\/www.maisonschwind.lu\/shop\/wp-content\/uploads\/2026\/04\/cadre-a-broder-100x130mm-moyen-bernina-_1.jpeg 400w\" data-sizes=\"(max-width: 300px) 100vw, 300px\" \/>        <\/a>\n        <div class='sale-perc'>-10%<\/div>            <\/figure>\n            <div class=\"groups-button flex-middle justify-content-center\">\n                \n                                    <div class=\"view\">\n                        <a href=\"javascript:void(0);\" class=\"quickview\" data-product_id=\"67763\">\n                            <i class=\"ti-eye\"><\/i>\n                        <\/a>\n                    <\/div>\n                \n                \n            <\/div> \n        <\/div>\n        <div class=\"metas clearfix\">\n            <div class=\"flex\">\n                <div class=\"clearfix\">\n                            <div class=\"product-cat\">\n        <a href=\"https:\/\/www.maisonschwind.lu\/fr\/categorie-produit\/nouveautes\/\">***NOUVEAUT\u00c9S***<\/a>        <\/div>\n    \n                    <h3 class=\"name\"><a href=\"https:\/\/www.maisonschwind.lu\/fr\/produit\/cadre-de-broderie-moyen-bernina-0308717200\/\">Cadre de broderie moyen BERNINA 0308717200<\/a><\/h3>\n                                    <\/div>\n                <div class=\"ali-right\">\n                        \n                <\/div>\n            <\/div>\n        <\/div>\n    <\/div>\n<\/div>\t\t\t<\/div>\n\t\t\t\t\t<div class=\"col-md-3 col-sm-4 col-xs-6 md-clearfix lg-clearfix  xs-clearfix  product type-product post-67759 status-publish first onbackorder product_cat-nouveautes product_cat-bernina-fr product_cat-pieds-de-biche has-post-thumbnail sale taxable shipping-taxable purchasable product-type-simple\">\n\t\t\t \t<div class=\"product-block grid-v4\" data-product-id=\"67759\">\n    <div class=\"grid-inner\">\n        <div class=\"block-inner\">\n            <figure class=\"image\">\n                        <a title=\"Petit cadre de broderie BERNINA 0089167000\" href=\"https:\/\/www.maisonschwind.lu\/fr\/produit\/petit-cadre-de-broderie-bernina-0089167000\/\" class=\"product-image\">\n            <img loading=\"lazy\" width=\"300\" height=\"300\" src=\"data:image\/svg+xml;charset=utf-8,%3Csvg%20xmlns%3D&#039;http%3A%2F%2Fwww.w3.org%2F2000%2Fsvg&#039;%20viewBox%3D&#039;0%200%20300%20300&#039;%2F%3E\" class=\"attachment-woocommerce_thumbnail size-woocommerce_thumbnail image-no-effect unveil-image\" alt=\"\" data-src=\"https:\/\/www.maisonschwind.lu\/shop\/wp-content\/uploads\/2026\/04\/cadre-a-broder-50x72mm-petit-bernina-_1-300x300.jpeg\" data-srcset=\"https:\/\/www.maisonschwind.lu\/shop\/wp-content\/uploads\/2026\/04\/cadre-a-broder-50x72mm-petit-bernina-_1-300x300.jpeg 300w, https:\/\/www.maisonschwind.lu\/shop\/wp-content\/uploads\/2026\/04\/cadre-a-broder-50x72mm-petit-bernina-_1-150x150.jpeg 150w, https:\/\/www.maisonschwind.lu\/shop\/wp-content\/uploads\/2026\/04\/cadre-a-broder-50x72mm-petit-bernina-_1-160x160.jpeg 160w, https:\/\/www.maisonschwind.lu\/shop\/wp-content\/uploads\/2026\/04\/cadre-a-broder-50x72mm-petit-bernina-_1.jpeg 400w\" data-sizes=\"(max-width: 300px) 100vw, 300px\" \/>        <\/a>\n        <div class='sale-perc'>-10%<\/div>            <\/figure>\n            <div class=\"groups-button flex-middle justify-content-center\">\n                \n                                    <div class=\"view\">\n                        <a href=\"javascript:void(0);\" class=\"quickview\" data-product_id=\"67759\">\n                            <i class=\"ti-eye\"><\/i>\n                        <\/a>\n                    <\/div>\n                \n                \n            <\/div> \n        <\/div>\n        <div class=\"metas clearfix\">\n            <div class=\"flex\">\n                <div class=\"clearfix\">\n                            <div class=\"product-cat\">\n        <a href=\"https:\/\/www.maisonschwind.lu\/fr\/categorie-produit\/nouveautes\/\">***NOUVEAUT\u00c9S***<\/a>        <\/div>\n    \n                    <h3 class=\"name\"><a href=\"https:\/\/www.maisonschwind.lu\/fr\/produit\/petit-cadre-de-broderie-bernina-0089167000\/\">Petit cadre de broderie BERNINA 0089167000<\/a><\/h3>\n                                    <\/div>\n                <div class=\"ali-right\">\n                        \n                <\/div>\n            <\/div>\n        <\/div>\n    <\/div>\n<\/div>\t\t\t<\/div>\n\t\t\t\t\t<div class=\"col-md-3 col-sm-4 col-xs-6 sm-clearfix  product type-product post-67755 status-publish onbackorder product_cat-nouveautes product_cat-bernina-fr product_cat-pieds-de-biche has-post-thumbnail sale taxable shipping-taxable purchasable product-type-simple\">\n\t\t\t \t<div class=\"product-block grid-v4\" data-product-id=\"67755\">\n    <div class=\"grid-inner\">\n        <div class=\"block-inner\">\n            <figure class=\"image\">\n                        <a title=\"Petit cadre de broderie BERNINA 0308697200\" href=\"https:\/\/www.maisonschwind.lu\/fr\/produit\/petit-cadre-de-broderie-bernina-0308697200\/\" class=\"product-image\">\n            <img loading=\"lazy\" width=\"300\" height=\"300\" src=\"data:image\/svg+xml;charset=utf-8,%3Csvg%20xmlns%3D&#039;http%3A%2F%2Fwww.w3.org%2F2000%2Fsvg&#039;%20viewBox%3D&#039;0%200%20300%20300&#039;%2F%3E\" class=\"attachment-woocommerce_thumbnail size-woocommerce_thumbnail image-no-effect unveil-image\" alt=\"\" data-src=\"https:\/\/www.maisonschwind.lu\/shop\/wp-content\/uploads\/2026\/04\/cadre-a-broder-50x72mm-petit-bernina-_1-300x300.jpeg\" data-srcset=\"https:\/\/www.maisonschwind.lu\/shop\/wp-content\/uploads\/2026\/04\/cadre-a-broder-50x72mm-petit-bernina-_1-300x300.jpeg 300w, https:\/\/www.maisonschwind.lu\/shop\/wp-content\/uploads\/2026\/04\/cadre-a-broder-50x72mm-petit-bernina-_1-150x150.jpeg 150w, https:\/\/www.maisonschwind.lu\/shop\/wp-content\/uploads\/2026\/04\/cadre-a-broder-50x72mm-petit-bernina-_1-160x160.jpeg 160w, https:\/\/www.maisonschwind.lu\/shop\/wp-content\/uploads\/2026\/04\/cadre-a-broder-50x72mm-petit-bernina-_1.jpeg 400w\" data-sizes=\"(max-width: 300px) 100vw, 300px\" \/>        <\/a>\n        <div class='sale-perc'>-10%<\/div>            <\/figure>\n            <div class=\"groups-button flex-middle justify-content-center\">\n                \n                                    <div class=\"view\">\n                        <a href=\"javascript:void(0);\" class=\"quickview\" data-product_id=\"67755\">\n                            <i class=\"ti-eye\"><\/i>\n                        <\/a>\n                    <\/div>\n                \n                \n            <\/div> \n        <\/div>\n        <div class=\"metas clearfix\">\n            <div class=\"flex\">\n                <div class=\"clearfix\">\n                            <div class=\"product-cat\">\n        <a href=\"https:\/\/www.maisonschwind.lu\/fr\/categorie-produit\/nouveautes\/\">***NOUVEAUT\u00c9S***<\/a>        <\/div>\n    \n                    <h3 class=\"name\"><a href=\"https:\/\/www.maisonschwind.lu\/fr\/produit\/petit-cadre-de-broderie-bernina-0308697200\/\">Petit cadre de broderie BERNINA 0308697200<\/a><\/h3>\n                                    <\/div>\n                <div class=\"ali-right\">\n                        \n                <\/div>\n            <\/div>\n        <\/div>\n    <\/div>\n<\/div>\t\t\t<\/div>\n\t\t\t\t\t<div class=\"col-md-3 col-sm-4 col-xs-6 xs-clearfix  product type-product post-67752 status-publish onbackorder product_cat-nouveautes product_cat-bernina-fr product_cat-pieds-de-biche has-post-thumbnail sale taxable shipping-taxable purchasable product-type-simple\">\n\t\t\t \t<div class=\"product-block grid-v4\" data-product-id=\"67752\">\n    <div class=\"grid-inner\">\n        <div class=\"block-inner\">\n            <figure class=\"image\">\n                        <a title=\"Adaptateur pour la broderie \u00e0 bras libre BERNINA 0336487000\" href=\"https:\/\/www.maisonschwind.lu\/fr\/produit\/adaptateur-pour-la-broderie-a-bras-libre-bernina-0336487000\/\" class=\"product-image\">\n            <img loading=\"lazy\" width=\"300\" height=\"300\" src=\"data:image\/svg+xml;charset=utf-8,%3Csvg%20xmlns%3D&#039;http%3A%2F%2Fwww.w3.org%2F2000%2Fsvg&#039;%20viewBox%3D&#039;0%200%20300%20300&#039;%2F%3E\" class=\"attachment-woocommerce_thumbnail size-woocommerce_thumbnail image-no-effect unveil-image\" alt=\"\" data-src=\"https:\/\/www.maisonschwind.lu\/shop\/wp-content\/uploads\/2026\/04\/adaptateur-pour-la-broderie-a-bras-libre-bernina-_1-300x300.jpeg\" data-srcset=\"https:\/\/www.maisonschwind.lu\/shop\/wp-content\/uploads\/2026\/04\/adaptateur-pour-la-broderie-a-bras-libre-bernina-_1-300x300.jpeg 300w, https:\/\/www.maisonschwind.lu\/shop\/wp-content\/uploads\/2026\/04\/adaptateur-pour-la-broderie-a-bras-libre-bernina-_1-150x150.jpeg 150w, https:\/\/www.maisonschwind.lu\/shop\/wp-content\/uploads\/2026\/04\/adaptateur-pour-la-broderie-a-bras-libre-bernina-_1-160x160.jpeg 160w, https:\/\/www.maisonschwind.lu\/shop\/wp-content\/uploads\/2026\/04\/adaptateur-pour-la-broderie-a-bras-libre-bernina-_1.jpeg 400w\" data-sizes=\"(max-width: 300px) 100vw, 300px\" \/>        <\/a>\n        <div class='sale-perc'>-10%<\/div>            <\/figure>\n            <div class=\"groups-button flex-middle justify-content-center\">\n                \n                                    <div class=\"view\">\n                        <a href=\"javascript:void(0);\" class=\"quickview\" data-product_id=\"67752\">\n                            <i class=\"ti-eye\"><\/i>\n                        <\/a>\n                    <\/div>\n                \n                \n            <\/div> \n        <\/div>\n        <div class=\"metas clearfix\">\n            <div class=\"flex\">\n                <div class=\"clearfix\">\n                            <div class=\"product-cat\">\n        <a href=\"https:\/\/www.maisonschwind.lu\/fr\/categorie-produit\/nouveautes\/\">***NOUVEAUT\u00c9S***<\/a>        <\/div>\n    \n                    <h3 class=\"name\"><a href=\"https:\/\/www.maisonschwind.lu\/fr\/produit\/adaptateur-pour-la-broderie-a-bras-libre-bernina-0336487000\/\">Adaptateur pour la broderie \u00e0 bras libre BERNINA 0336487000<\/a><\/h3>\n                                    <\/div>\n                <div class=\"ali-right\">\n                        \n                <\/div>\n            <\/div>\n        <\/div>\n    <\/div>\n<\/div>\t\t\t<\/div>\n\t\t\t\t\t<div class=\"col-md-3 col-sm-4 col-xs-6 product type-product post-67748 status-publish last onbackorder product_cat-nouveautes product_cat-bernina-fr product_cat-pieds-de-biche has-post-thumbnail sale taxable shipping-taxable purchasable product-type-simple\">\n\t\t\t \t<div class=\"product-block grid-v4\" data-product-id=\"67748\">\n    <div class=\"grid-inner\">\n        <div class=\"block-inner\">\n            <figure class=\"image\">\n                        <a title=\"Table de rallonge du module de broderie BERNINA 0301297103\" href=\"https:\/\/www.maisonschwind.lu\/fr\/produit\/table-de-rallonge-du-module-de-broderie-bernina-0301297103\/\" class=\"product-image\">\n            <img loading=\"lazy\" width=\"300\" height=\"300\" src=\"data:image\/svg+xml;charset=utf-8,%3Csvg%20xmlns%3D&#039;http%3A%2F%2Fwww.w3.org%2F2000%2Fsvg&#039;%20viewBox%3D&#039;0%200%20300%20300&#039;%2F%3E\" class=\"attachment-woocommerce_thumbnail size-woocommerce_thumbnail image-no-effect unveil-image\" alt=\"\" data-src=\"https:\/\/www.maisonschwind.lu\/shop\/wp-content\/uploads\/2026\/04\/table-rallonge-transparente-pour-module-bernina-_1-300x300.jpeg\" data-srcset=\"https:\/\/www.maisonschwind.lu\/shop\/wp-content\/uploads\/2026\/04\/table-rallonge-transparente-pour-module-bernina-_1-300x300.jpeg 300w, https:\/\/www.maisonschwind.lu\/shop\/wp-content\/uploads\/2026\/04\/table-rallonge-transparente-pour-module-bernina-_1-150x150.jpeg 150w, https:\/\/www.maisonschwind.lu\/shop\/wp-content\/uploads\/2026\/04\/table-rallonge-transparente-pour-module-bernina-_1-160x160.jpeg 160w, https:\/\/www.maisonschwind.lu\/shop\/wp-content\/uploads\/2026\/04\/table-rallonge-transparente-pour-module-bernina-_1.jpeg 400w\" data-sizes=\"(max-width: 300px) 100vw, 300px\" \/>        <\/a>\n        <div class='sale-perc'>-10%<\/div>            <\/figure>\n            <div class=\"groups-button flex-middle justify-content-center\">\n                \n                                    <div class=\"view\">\n                        <a href=\"javascript:void(0);\" class=\"quickview\" data-product_id=\"67748\">\n                            <i class=\"ti-eye\"><\/i>\n                        <\/a>\n                    <\/div>\n                \n                \n            <\/div> \n        <\/div>\n        <div class=\"metas clearfix\">\n            <div class=\"flex\">\n                <div class=\"clearfix\">\n                            <div class=\"product-cat\">\n        <a href=\"https:\/\/www.maisonschwind.lu\/fr\/categorie-produit\/nouveautes\/\">***NOUVEAUT\u00c9S***<\/a>        <\/div>\n    \n                    <h3 class=\"name\"><a href=\"https:\/\/www.maisonschwind.lu\/fr\/produit\/table-de-rallonge-du-module-de-broderie-bernina-0301297103\/\">Table de rallonge du module de broderie BERNINA 0301297103<\/a><\/h3>\n                                    <\/div>\n                <div class=\"ali-right\">\n                        \n                <\/div>\n            <\/div>\n        <\/div>\n    <\/div>\n<\/div>\t\t\t<\/div>\n\t\t\t\t\t<div class=\"col-md-3 col-sm-4 col-xs-6 md-clearfix lg-clearfix  sm-clearfix  xs-clearfix  product type-product post-67744 status-publish first onbackorder product_cat-nouveautes product_cat-bernina-fr product_cat-pieds-de-biche has-post-thumbnail sale taxable shipping-taxable purchasable product-type-simple\">\n\t\t\t \t<div class=\"product-block grid-v4\" data-product-id=\"67744\">\n    <div class=\"grid-inner\">\n        <div class=\"block-inner\">\n            <figure class=\"image\">\n                        <a title=\"Table de rallonge du module de broderie BERNINA 0301297105\" href=\"https:\/\/www.maisonschwind.lu\/fr\/produit\/table-de-rallonge-du-module-de-broderie-bernina-0301297105\/\" class=\"product-image\">\n            <img loading=\"lazy\" width=\"300\" height=\"300\" src=\"data:image\/svg+xml;charset=utf-8,%3Csvg%20xmlns%3D&#039;http%3A%2F%2Fwww.w3.org%2F2000%2Fsvg&#039;%20viewBox%3D&#039;0%200%20300%20300&#039;%2F%3E\" class=\"attachment-woocommerce_thumbnail size-woocommerce_thumbnail image-no-effect unveil-image\" alt=\"\" data-src=\"https:\/\/www.maisonschwind.lu\/shop\/wp-content\/uploads\/2026\/04\/table-rallonge-transparente-pour-module-bernina-_1-300x300.jpeg\" data-srcset=\"https:\/\/www.maisonschwind.lu\/shop\/wp-content\/uploads\/2026\/04\/table-rallonge-transparente-pour-module-bernina-_1-300x300.jpeg 300w, https:\/\/www.maisonschwind.lu\/shop\/wp-content\/uploads\/2026\/04\/table-rallonge-transparente-pour-module-bernina-_1-150x150.jpeg 150w, https:\/\/www.maisonschwind.lu\/shop\/wp-content\/uploads\/2026\/04\/table-rallonge-transparente-pour-module-bernina-_1-160x160.jpeg 160w, https:\/\/www.maisonschwind.lu\/shop\/wp-content\/uploads\/2026\/04\/table-rallonge-transparente-pour-module-bernina-_1.jpeg 400w\" data-sizes=\"(max-width: 300px) 100vw, 300px\" \/>        <\/a>\n        <div class='sale-perc'>-10%<\/div>            <\/figure>\n            <div class=\"groups-button flex-middle justify-content-center\">\n                \n                                    <div class=\"view\">\n                        <a href=\"javascript:void(0);\" class=\"quickview\" data-product_id=\"67744\">\n                            <i class=\"ti-eye\"><\/i>\n                        <\/a>\n                    <\/div>\n                \n                \n            <\/div> \n        <\/div>\n        <div class=\"metas clearfix\">\n            <div class=\"flex\">\n                <div class=\"clearfix\">\n                            <div class=\"product-cat\">\n        <a href=\"https:\/\/www.maisonschwind.lu\/fr\/categorie-produit\/nouveautes\/\">***NOUVEAUT\u00c9S***<\/a>        <\/div>\n    \n                    <h3 class=\"name\"><a href=\"https:\/\/www.maisonschwind.lu\/fr\/produit\/table-de-rallonge-du-module-de-broderie-bernina-0301297105\/\">Table de rallonge du module de broderie BERNINA 0301297105<\/a><\/h3>\n                                    <\/div>\n                <div class=\"ali-right\">\n                        \n                <\/div>\n            <\/div>\n        <\/div>\n    <\/div>\n<\/div>\t\t\t<\/div>\n\t\t\t\t\t<div class=\"col-md-3 col-sm-4 col-xs-6 product type-product post-67712 status-publish onbackorder product_cat-nouveautes product_cat-machine-a-coudre-fr has-post-thumbnail sale taxable shipping-taxable purchasable product-type-simple\">\n\t\t\t \t<div class=\"product-block grid-v4\" data-product-id=\"67712\">\n    <div class=\"grid-inner\">\n        <div class=\"block-inner\">\n            <figure class=\"image\">\n                        <a title=\"Sac pour le module de broderie XXL BERNINA 1066217000\" href=\"https:\/\/www.maisonschwind.lu\/fr\/produit\/sac-pour-le-module-de-broderie-xxl-bernina-1066217000\/\" class=\"product-image\">\n            <img loading=\"lazy\" width=\"300\" height=\"300\" src=\"data:image\/svg+xml;charset=utf-8,%3Csvg%20xmlns%3D&#039;http%3A%2F%2Fwww.w3.org%2F2000%2Fsvg&#039;%20viewBox%3D&#039;0%200%20300%20300&#039;%2F%3E\" class=\"attachment-woocommerce_thumbnail size-woocommerce_thumbnail image-no-effect unveil-image\" alt=\"\" data-src=\"https:\/\/www.maisonschwind.lu\/shop\/wp-content\/uploads\/2026\/04\/valise-de-transport-module-a-broder-xxl-serie-9-_1-300x300.jpg\" data-srcset=\"https:\/\/www.maisonschwind.lu\/shop\/wp-content\/uploads\/2026\/04\/valise-de-transport-module-a-broder-xxl-serie-9-_1-300x300.jpg 300w, https:\/\/www.maisonschwind.lu\/shop\/wp-content\/uploads\/2026\/04\/valise-de-transport-module-a-broder-xxl-serie-9-_1-150x150.jpg 150w, https:\/\/www.maisonschwind.lu\/shop\/wp-content\/uploads\/2026\/04\/valise-de-transport-module-a-broder-xxl-serie-9-_1-160x160.jpg 160w, https:\/\/www.maisonschwind.lu\/shop\/wp-content\/uploads\/2026\/04\/valise-de-transport-module-a-broder-xxl-serie-9-_1.jpg 400w\" data-sizes=\"(max-width: 300px) 100vw, 300px\" \/>        <\/a>\n        <div class='sale-perc'>-10%<\/div>            <\/figure>\n            <div class=\"groups-button flex-middle justify-content-center\">\n                \n                                    <div class=\"view\">\n                        <a href=\"javascript:void(0);\" class=\"quickview\" data-product_id=\"67712\">\n                            <i class=\"ti-eye\"><\/i>\n                        <\/a>\n                    <\/div>\n                \n                \n            <\/div> \n        <\/div>\n        <div class=\"metas clearfix\">\n            <div class=\"flex\">\n                <div class=\"clearfix\">\n                            <div class=\"product-cat\">\n        <a href=\"https:\/\/www.maisonschwind.lu\/fr\/categorie-produit\/nouveautes\/\">***NOUVEAUT\u00c9S***<\/a>        <\/div>\n    \n                    <h3 class=\"name\"><a href=\"https:\/\/www.maisonschwind.lu\/fr\/produit\/sac-pour-le-module-de-broderie-xxl-bernina-1066217000\/\">Sac pour le module de broderie XXL BERNINA 1066217000<\/a><\/h3>\n                                    <\/div>\n                <div class=\"ali-right\">\n                        \n                <\/div>\n            <\/div>\n        <\/div>\n    <\/div>\n<\/div>\t\t\t<\/div>\n\t\t\t\t\t<div class=\"col-md-3 col-sm-4 col-xs-6 xs-clearfix  product type-product post-67700 status-publish onbackorder product_cat-nouveautes product_cat-machine-a-coudre-fr has-post-thumbnail sale taxable shipping-taxable purchasable product-type-simple\">\n\t\t\t \t<div class=\"product-block grid-v4\" data-product-id=\"67700\">\n    <div class=\"grid-inner\">\n        <div class=\"block-inner\">\n            <figure class=\"image\">\n                        <a title=\"Trolley XL pour machine \u00e0 coudre BERNINA 0361807000\" href=\"https:\/\/www.maisonschwind.lu\/fr\/produit\/trolley-xl-pour-machine-a-coudre-bernina-0361807000\/\" class=\"product-image\">\n            <img loading=\"lazy\" width=\"300\" height=\"300\" src=\"data:image\/svg+xml;charset=utf-8,%3Csvg%20xmlns%3D&#039;http%3A%2F%2Fwww.w3.org%2F2000%2Fsvg&#039;%20viewBox%3D&#039;0%200%20300%20300&#039;%2F%3E\" class=\"attachment-woocommerce_thumbnail size-woocommerce_thumbnail image-no-effect unveil-image\" alt=\"\" data-src=\"https:\/\/www.maisonschwind.lu\/shop\/wp-content\/uploads\/2026\/04\/BERNINA-Naehmaschinen-Trolley-XL_600x600-300x300.jpg\" data-srcset=\"https:\/\/www.maisonschwind.lu\/shop\/wp-content\/uploads\/2026\/04\/BERNINA-Naehmaschinen-Trolley-XL_600x600-300x300.jpg 300w, https:\/\/www.maisonschwind.lu\/shop\/wp-content\/uploads\/2026\/04\/BERNINA-Naehmaschinen-Trolley-XL_600x600-150x150.jpg 150w, https:\/\/www.maisonschwind.lu\/shop\/wp-content\/uploads\/2026\/04\/BERNINA-Naehmaschinen-Trolley-XL_600x600-160x160.jpg 160w, https:\/\/www.maisonschwind.lu\/shop\/wp-content\/uploads\/2026\/04\/BERNINA-Naehmaschinen-Trolley-XL_600x600.jpg 400w\" data-sizes=\"(max-width: 300px) 100vw, 300px\" \/>        <\/a>\n        <div class='sale-perc'>-10%<\/div>            <\/figure>\n            <div class=\"groups-button flex-middle justify-content-center\">\n                \n                                    <div class=\"view\">\n                        <a href=\"javascript:void(0);\" class=\"quickview\" data-product_id=\"67700\">\n                            <i class=\"ti-eye\"><\/i>\n                        <\/a>\n                    <\/div>\n                \n                \n            <\/div> \n        <\/div>\n        <div class=\"metas clearfix\">\n            <div class=\"flex\">\n                <div class=\"clearfix\">\n                            <div class=\"product-cat\">\n        <a href=\"https:\/\/www.maisonschwind.lu\/fr\/categorie-produit\/nouveautes\/\">***NOUVEAUT\u00c9S***<\/a>        <\/div>\n    \n                    <h3 class=\"name\"><a href=\"https:\/\/www.maisonschwind.lu\/fr\/produit\/trolley-xl-pour-machine-a-coudre-bernina-0361807000\/\">Trolley XL pour machine \u00e0 coudre BERNINA 0361807000<\/a><\/h3>\n                                    <\/div>\n                <div class=\"ali-right\">\n                        \n                <\/div>\n            <\/div>\n        <\/div>\n    <\/div>\n<\/div>\t\t\t<\/div>\n\t\t\t\t\t<div class=\"col-md-3 col-sm-4 col-xs-6 sm-clearfix  product type-product post-67085 status-publish last instock product_cat-nouveautes product_cat-collection-ete product_cat-modal-fr product_cat-viscose has-post-thumbnail sale taxable shipping-taxable purchasable product-type-simple\">\n\t\t\t \t<div class=\"product-block grid-v4\" data-product-id=\"67085\">\n    <div class=\"grid-inner\">\n        <div class=\"block-inner\">\n            <figure class=\"image\">\n                        <a title=\"Viscose Rosella stretch animal 07563.003\" href=\"https:\/\/www.maisonschwind.lu\/fr\/produit\/viscose-rosella-stretch-animal-07563-003\/\" class=\"product-image\">\n            <img loading=\"lazy\" width=\"300\" height=\"300\" src=\"data:image\/svg+xml;charset=utf-8,%3Csvg%20xmlns%3D&#039;http%3A%2F%2Fwww.w3.org%2F2000%2Fsvg&#039;%20viewBox%3D&#039;0%200%20300%20300&#039;%2F%3E\" class=\"attachment-woocommerce_thumbnail size-woocommerce_thumbnail image-effect unveil-image\" alt=\"\" data-src=\"https:\/\/www.maisonschwind.lu\/shop\/wp-content\/uploads\/2026\/03\/07563.003_image6-300x300.jpg\" data-srcset=\"https:\/\/www.maisonschwind.lu\/shop\/wp-content\/uploads\/2026\/03\/07563.003_image6-300x300.jpg 300w, https:\/\/www.maisonschwind.lu\/shop\/wp-content\/uploads\/2026\/03\/07563.003_image6-150x150.jpg 150w, https:\/\/www.maisonschwind.lu\/shop\/wp-content\/uploads\/2026\/03\/07563.003_image6-160x160.jpg 160w, https:\/\/www.maisonschwind.lu\/shop\/wp-content\/uploads\/2026\/03\/07563.003_image6.jpg 400w\" data-sizes=\"(max-width: 300px) 100vw, 300px\" \/><img loading=\"lazy\" width=\"300\" height=\"300\" src=\"data:image\/svg+xml;charset=utf-8,%3Csvg%20xmlns%3D&#039;http%3A%2F%2Fwww.w3.org%2F2000%2Fsvg&#039;%20viewBox%3D&#039;0%200%20300%20300&#039;%2F%3E\" class=\"attachment-woocommerce_thumbnail size-woocommerce_thumbnail image-hover unveil-image\" alt=\"\" data-src=\"https:\/\/www.maisonschwind.lu\/shop\/wp-content\/uploads\/2026\/03\/07563.003_mainimage-300x300.jpg\" data-srcset=\"https:\/\/www.maisonschwind.lu\/shop\/wp-content\/uploads\/2026\/03\/07563.003_mainimage-300x300.jpg 300w, https:\/\/www.maisonschwind.lu\/shop\/wp-content\/uploads\/2026\/03\/07563.003_mainimage-150x150.jpg 150w, https:\/\/www.maisonschwind.lu\/shop\/wp-content\/uploads\/2026\/03\/07563.003_mainimage-160x160.jpg 160w, https:\/\/www.maisonschwind.lu\/shop\/wp-content\/uploads\/2026\/03\/07563.003_mainimage.jpg 400w\" data-sizes=\"(max-width: 300px) 100vw, 300px\" \/>        <\/a>\n        <div class='sale-perc'>-25%<\/div>            <\/figure>\n            <div class=\"groups-button flex-middle justify-content-center\">\n                \n                                    <div class=\"view\">\n                        <a href=\"javascript:void(0);\" class=\"quickview\" data-product_id=\"67085\">\n                            <i class=\"ti-eye\"><\/i>\n                        <\/a>\n                    <\/div>\n                \n                \n            <\/div> \n        <\/div>\n        <div class=\"metas clearfix\">\n            <div class=\"flex\">\n                <div class=\"clearfix\">\n                            <div class=\"product-cat\">\n        <a href=\"https:\/\/www.maisonschwind.lu\/fr\/categorie-produit\/nouveautes\/\">***NOUVEAUT\u00c9S***<\/a>        <\/div>\n    \n                    <h3 class=\"name\"><a href=\"https:\/\/www.maisonschwind.lu\/fr\/produit\/viscose-rosella-stretch-animal-07563-003\/\">Viscose Rosella stretch animal 07563.003<\/a><\/h3>\n                                    <\/div>\n                <div class=\"ali-right\">\n                        \n                <\/div>\n            <\/div>\n        <\/div>\n    <\/div>\n<\/div>\t\t\t<\/div>\n\t\t\t\t\t<div class=\"col-md-3 col-sm-4 col-xs-6 md-clearfix lg-clearfix  xs-clearfix  product type-product post-66878 status-publish first instock product_cat-nouveautes product_cat-collection-ete product_cat-modal-fr product_cat-jersey-fr has-post-thumbnail sale taxable shipping-taxable purchasable product-type-simple\">\n\t\t\t \t<div class=\"product-block grid-v4\" data-product-id=\"66878\">\n    <div class=\"grid-inner\">\n        <div class=\"block-inner\">\n            <figure class=\"image\">\n                        <a title=\"Sweat animal 02076.011\" href=\"https:\/\/www.maisonschwind.lu\/fr\/produit\/sweat-animal-02076-011\/\" class=\"product-image\">\n            <img loading=\"lazy\" width=\"300\" height=\"300\" src=\"data:image\/svg+xml;charset=utf-8,%3Csvg%20xmlns%3D&#039;http%3A%2F%2Fwww.w3.org%2F2000%2Fsvg&#039;%20viewBox%3D&#039;0%200%20300%20300&#039;%2F%3E\" class=\"attachment-woocommerce_thumbnail size-woocommerce_thumbnail image-effect unveil-image\" alt=\"\" data-src=\"https:\/\/www.maisonschwind.lu\/shop\/wp-content\/uploads\/2026\/03\/02076.011_image6-300x300.jpg\" data-srcset=\"https:\/\/www.maisonschwind.lu\/shop\/wp-content\/uploads\/2026\/03\/02076.011_image6-300x300.jpg 300w, https:\/\/www.maisonschwind.lu\/shop\/wp-content\/uploads\/2026\/03\/02076.011_image6-150x150.jpg 150w, https:\/\/www.maisonschwind.lu\/shop\/wp-content\/uploads\/2026\/03\/02076.011_image6-160x160.jpg 160w, https:\/\/www.maisonschwind.lu\/shop\/wp-content\/uploads\/2026\/03\/02076.011_image6.jpg 400w\" data-sizes=\"(max-width: 300px) 100vw, 300px\" \/><img loading=\"lazy\" width=\"300\" height=\"300\" src=\"data:image\/svg+xml;charset=utf-8,%3Csvg%20xmlns%3D&#039;http%3A%2F%2Fwww.w3.org%2F2000%2Fsvg&#039;%20viewBox%3D&#039;0%200%20300%20300&#039;%2F%3E\" class=\"attachment-woocommerce_thumbnail size-woocommerce_thumbnail image-hover unveil-image\" alt=\"\" data-src=\"https:\/\/www.maisonschwind.lu\/shop\/wp-content\/uploads\/2026\/03\/02076.011_mainimage-300x300.jpg\" data-srcset=\"https:\/\/www.maisonschwind.lu\/shop\/wp-content\/uploads\/2026\/03\/02076.011_mainimage-300x300.jpg 300w, https:\/\/www.maisonschwind.lu\/shop\/wp-content\/uploads\/2026\/03\/02076.011_mainimage-150x150.jpg 150w, https:\/\/www.maisonschwind.lu\/shop\/wp-content\/uploads\/2026\/03\/02076.011_mainimage-160x160.jpg 160w, https:\/\/www.maisonschwind.lu\/shop\/wp-content\/uploads\/2026\/03\/02076.011_mainimage.jpg 400w\" data-sizes=\"(max-width: 300px) 100vw, 300px\" \/>        <\/a>\n        <div class='sale-perc'>-25%<\/div>            <\/figure>\n            <div class=\"groups-button flex-middle justify-content-center\">\n                \n                                    <div class=\"view\">\n                        <a href=\"javascript:void(0);\" class=\"quickview\" data-product_id=\"66878\">\n                            <i class=\"ti-eye\"><\/i>\n                        <\/a>\n                    <\/div>\n                \n                \n            <\/div> \n        <\/div>\n        <div class=\"metas clearfix\">\n            <div class=\"flex\">\n                <div class=\"clearfix\">\n                            <div class=\"product-cat\">\n        <a href=\"https:\/\/www.maisonschwind.lu\/fr\/categorie-produit\/nouveautes\/\">***NOUVEAUT\u00c9S***<\/a>        <\/div>\n    \n                    <h3 class=\"name\"><a href=\"https:\/\/www.maisonschwind.lu\/fr\/produit\/sweat-animal-02076-011\/\">Sweat animal 02076.011<\/a><\/h3>\n                                    <\/div>\n                <div class=\"ali-right\">\n                        \n                <\/div>\n            <\/div>\n        <\/div>\n    <\/div>\n<\/div>\t\t\t<\/div>\n\t\t\t\t\t<div class=\"col-md-3 col-sm-4 col-xs-6 product type-product post-66627 status-publish instock product_cat-nouveautes product_cat-collection-ete product_cat-modal-fr product_cat-viscose has-post-thumbnail sale taxable shipping-taxable purchasable product-type-simple\">\n\t\t\t \t<div class=\"product-block grid-v4\" data-product-id=\"66627\">\n    <div class=\"grid-inner\">\n        <div class=\"block-inner\">\n            <figure class=\"image\">\n                        <a title=\"Super Soft Rayon animal 21529580\" href=\"https:\/\/www.maisonschwind.lu\/fr\/produit\/super-soft-rayon-animal-21529580\/\" class=\"product-image\">\n            <img loading=\"lazy\" width=\"300\" height=\"300\" src=\"data:image\/svg+xml;charset=utf-8,%3Csvg%20xmlns%3D&#039;http%3A%2F%2Fwww.w3.org%2F2000%2Fsvg&#039;%20viewBox%3D&#039;0%200%20300%20300&#039;%2F%3E\" class=\"attachment-woocommerce_thumbnail size-woocommerce_thumbnail image-effect unveil-image\" alt=\"\" data-src=\"https:\/\/www.maisonschwind.lu\/shop\/wp-content\/uploads\/2026\/03\/21529580_3-Super-Soft-Rayon-Animal-Orange_800x800-300x300.jpg\" data-srcset=\"https:\/\/www.maisonschwind.lu\/shop\/wp-content\/uploads\/2026\/03\/21529580_3-Super-Soft-Rayon-Animal-Orange_800x800-300x300.jpg 300w, https:\/\/www.maisonschwind.lu\/shop\/wp-content\/uploads\/2026\/03\/21529580_3-Super-Soft-Rayon-Animal-Orange_800x800-150x150.jpg 150w, https:\/\/www.maisonschwind.lu\/shop\/wp-content\/uploads\/2026\/03\/21529580_3-Super-Soft-Rayon-Animal-Orange_800x800-160x160.jpg 160w, https:\/\/www.maisonschwind.lu\/shop\/wp-content\/uploads\/2026\/03\/21529580_3-Super-Soft-Rayon-Animal-Orange_800x800.jpg 400w\" data-sizes=\"(max-width: 300px) 100vw, 300px\" \/><img loading=\"lazy\" width=\"300\" height=\"300\" src=\"data:image\/svg+xml;charset=utf-8,%3Csvg%20xmlns%3D&#039;http%3A%2F%2Fwww.w3.org%2F2000%2Fsvg&#039;%20viewBox%3D&#039;0%200%20300%20300&#039;%2F%3E\" class=\"attachment-woocommerce_thumbnail size-woocommerce_thumbnail image-hover unveil-image\" alt=\"\" data-src=\"https:\/\/www.maisonschwind.lu\/shop\/wp-content\/uploads\/2026\/03\/21529580_1-Super-Soft-Rayon-Animal-Orange_800x800-300x300.jpg\" data-srcset=\"https:\/\/www.maisonschwind.lu\/shop\/wp-content\/uploads\/2026\/03\/21529580_1-Super-Soft-Rayon-Animal-Orange_800x800-300x300.jpg 300w, https:\/\/www.maisonschwind.lu\/shop\/wp-content\/uploads\/2026\/03\/21529580_1-Super-Soft-Rayon-Animal-Orange_800x800-150x150.jpg 150w, https:\/\/www.maisonschwind.lu\/shop\/wp-content\/uploads\/2026\/03\/21529580_1-Super-Soft-Rayon-Animal-Orange_800x800-160x160.jpg 160w, https:\/\/www.maisonschwind.lu\/shop\/wp-content\/uploads\/2026\/03\/21529580_1-Super-Soft-Rayon-Animal-Orange_800x800.jpg 400w\" data-sizes=\"(max-width: 300px) 100vw, 300px\" \/>        <\/a>\n        <div class='sale-perc'>-24%<\/div>            <\/figure>\n            <div class=\"groups-button flex-middle justify-content-center\">\n                \n                                    <div class=\"view\">\n                        <a href=\"javascript:void(0);\" class=\"quickview\" data-product_id=\"66627\">\n                            <i class=\"ti-eye\"><\/i>\n                        <\/a>\n                    <\/div>\n                \n                \n            <\/div> \n        <\/div>\n        <div class=\"metas clearfix\">\n            <div class=\"flex\">\n                <div class=\"clearfix\">\n                            <div class=\"product-cat\">\n        <a href=\"https:\/\/www.maisonschwind.lu\/fr\/categorie-produit\/nouveautes\/\">***NOUVEAUT\u00c9S***<\/a>        <\/div>\n    \n                    <h3 class=\"name\"><a href=\"https:\/\/www.maisonschwind.lu\/fr\/produit\/super-soft-rayon-animal-21529580\/\">Super Soft Rayon animal 21529580<\/a><\/h3>\n                                    <\/div>\n                <div class=\"ali-right\">\n                        \n                <\/div>\n            <\/div>\n        <\/div>\n    <\/div>\n<\/div>\t\t\t<\/div>\n\t\t\t\t\t<div class=\"col-md-3 col-sm-4 col-xs-6 sm-clearfix  xs-clearfix  product type-product post-66501 status-publish instock product_cat-nouveautes product_cat-modal-fr has-post-thumbnail sale taxable shipping-taxable purchasable product-type-simple\">\n\t\t\t \t<div class=\"product-block grid-v4\" data-product-id=\"66501\">\n    <div class=\"grid-inner\">\n        <div class=\"block-inner\">\n            <figure class=\"image\">\n                        <a title=\"Jogging \u00e9pais recycl\u00e9 45803462\" href=\"https:\/\/www.maisonschwind.lu\/fr\/produit\/jogging-epais-recycle-45803462\/\" class=\"product-image\">\n            <img loading=\"lazy\" width=\"300\" height=\"300\" src=\"data:image\/svg+xml;charset=utf-8,%3Csvg%20xmlns%3D&#039;http%3A%2F%2Fwww.w3.org%2F2000%2Fsvg&#039;%20viewBox%3D&#039;0%200%20300%20300&#039;%2F%3E\" class=\"attachment-woocommerce_thumbnail size-woocommerce_thumbnail image-no-effect unveil-image\" alt=\"\" data-src=\"https:\/\/www.maisonschwind.lu\/shop\/wp-content\/uploads\/2026\/03\/30779-pdt_540-300x300.jpg\" data-srcset=\"https:\/\/www.maisonschwind.lu\/shop\/wp-content\/uploads\/2026\/03\/30779-pdt_540-300x300.jpg 300w, https:\/\/www.maisonschwind.lu\/shop\/wp-content\/uploads\/2026\/03\/30779-pdt_540-150x150.jpg 150w, https:\/\/www.maisonschwind.lu\/shop\/wp-content\/uploads\/2026\/03\/30779-pdt_540-160x160.jpg 160w, https:\/\/www.maisonschwind.lu\/shop\/wp-content\/uploads\/2026\/03\/30779-pdt_540.jpg 400w\" data-sizes=\"(max-width: 300px) 100vw, 300px\" \/>        <\/a>\n        <div class='sale-perc'>-25%<\/div>            <\/figure>\n            <div class=\"groups-button flex-middle justify-content-center\">\n                \n                                    <div class=\"view\">\n                        <a href=\"javascript:void(0);\" class=\"quickview\" data-product_id=\"66501\">\n                            <i class=\"ti-eye\"><\/i>\n                        <\/a>\n                    <\/div>\n                \n                \n            <\/div> \n        <\/div>\n        <div class=\"metas clearfix\">\n            <div class=\"flex\">\n                <div class=\"clearfix\">\n                            <div class=\"product-cat\">\n        <a href=\"https:\/\/www.maisonschwind.lu\/fr\/categorie-produit\/nouveautes\/\">***NOUVEAUT\u00c9S***<\/a>        <\/div>\n    \n                    <h3 class=\"name\"><a href=\"https:\/\/www.maisonschwind.lu\/fr\/produit\/jogging-epais-recycle-45803462\/\">Jogging \u00e9pais recycl\u00e9 45803462<\/a><\/h3>\n                                    <\/div>\n                <div class=\"ali-right\">\n                        \n                <\/div>\n            <\/div>\n        <\/div>\n    <\/div>\n<\/div>\t\t\t<\/div>\n\t\t\t\t\t<div class=\"col-md-3 col-sm-4 col-xs-6 product type-product post-66497 status-publish last instock product_cat-nouveautes product_cat-modal-fr has-post-thumbnail sale taxable shipping-taxable purchasable product-type-simple\">\n\t\t\t \t<div class=\"product-block grid-v4\" data-product-id=\"66497\">\n    <div class=\"grid-inner\">\n        <div class=\"block-inner\">\n            <figure class=\"image\">\n                        <a title=\"Jogging \u00e9pais recycl\u00e9 45803461\" href=\"https:\/\/www.maisonschwind.lu\/fr\/produit\/jogging-epais-recycle-45803461\/\" class=\"product-image\">\n            <img loading=\"lazy\" width=\"300\" height=\"300\" src=\"data:image\/svg+xml;charset=utf-8,%3Csvg%20xmlns%3D&#039;http%3A%2F%2Fwww.w3.org%2F2000%2Fsvg&#039;%20viewBox%3D&#039;0%200%20300%20300&#039;%2F%3E\" class=\"attachment-woocommerce_thumbnail size-woocommerce_thumbnail image-no-effect unveil-image\" alt=\"\" data-src=\"https:\/\/www.maisonschwind.lu\/shop\/wp-content\/uploads\/2026\/03\/30778-pdt_540-300x300.jpg\" data-srcset=\"https:\/\/www.maisonschwind.lu\/shop\/wp-content\/uploads\/2026\/03\/30778-pdt_540-300x300.jpg 300w, https:\/\/www.maisonschwind.lu\/shop\/wp-content\/uploads\/2026\/03\/30778-pdt_540-150x150.jpg 150w, https:\/\/www.maisonschwind.lu\/shop\/wp-content\/uploads\/2026\/03\/30778-pdt_540-160x160.jpg 160w, https:\/\/www.maisonschwind.lu\/shop\/wp-content\/uploads\/2026\/03\/30778-pdt_540.jpg 400w\" data-sizes=\"(max-width: 300px) 100vw, 300px\" \/>        <\/a>\n        <div class='sale-perc'>-25%<\/div>            <\/figure>\n            <div class=\"groups-button flex-middle justify-content-center\">\n                \n                                    <div class=\"view\">\n                        <a href=\"javascript:void(0);\" class=\"quickview\" data-product_id=\"66497\">\n                            <i class=\"ti-eye\"><\/i>\n                        <\/a>\n                    <\/div>\n                \n                \n            <\/div> \n        <\/div>\n        <div class=\"metas clearfix\">\n            <div class=\"flex\">\n                <div class=\"clearfix\">\n                            <div class=\"product-cat\">\n        <a href=\"https:\/\/www.maisonschwind.lu\/fr\/categorie-produit\/nouveautes\/\">***NOUVEAUT\u00c9S***<\/a>        <\/div>\n    \n                    <h3 class=\"name\"><a href=\"https:\/\/www.maisonschwind.lu\/fr\/produit\/jogging-epais-recycle-45803461\/\">Jogging \u00e9pais recycl\u00e9 45803461<\/a><\/h3>\n                                    <\/div>\n                <div class=\"ali-right\">\n                        \n                <\/div>\n            <\/div>\n        <\/div>\n    <\/div>\n<\/div>\t\t\t<\/div>\n\t\t\t\t\t<div class=\"col-md-3 col-sm-4 col-xs-6 md-clearfix lg-clearfix  xs-clearfix  product type-product post-66493 status-publish first instock product_cat-nouveautes product_cat-modal-fr has-post-thumbnail sale taxable shipping-taxable purchasable product-type-simple\">\n\t\t\t \t<div class=\"product-block grid-v4\" data-product-id=\"66493\">\n    <div class=\"grid-inner\">\n        <div class=\"block-inner\">\n            <figure class=\"image\">\n                        <a title=\"Jogging \u00e9pais recycl\u00e9 45803460\" href=\"https:\/\/www.maisonschwind.lu\/fr\/produit\/jogging-epais-recycle-45803460\/\" class=\"product-image\">\n            <img loading=\"lazy\" width=\"300\" height=\"300\" src=\"data:image\/svg+xml;charset=utf-8,%3Csvg%20xmlns%3D&#039;http%3A%2F%2Fwww.w3.org%2F2000%2Fsvg&#039;%20viewBox%3D&#039;0%200%20300%20300&#039;%2F%3E\" class=\"attachment-woocommerce_thumbnail size-woocommerce_thumbnail image-no-effect unveil-image\" alt=\"\" data-src=\"https:\/\/www.maisonschwind.lu\/shop\/wp-content\/uploads\/2026\/03\/30777-pdt_540-300x300.jpg\" data-srcset=\"https:\/\/www.maisonschwind.lu\/shop\/wp-content\/uploads\/2026\/03\/30777-pdt_540-300x300.jpg 300w, https:\/\/www.maisonschwind.lu\/shop\/wp-content\/uploads\/2026\/03\/30777-pdt_540-150x150.jpg 150w, https:\/\/www.maisonschwind.lu\/shop\/wp-content\/uploads\/2026\/03\/30777-pdt_540-160x160.jpg 160w, https:\/\/www.maisonschwind.lu\/shop\/wp-content\/uploads\/2026\/03\/30777-pdt_540.jpg 400w\" data-sizes=\"(max-width: 300px) 100vw, 300px\" \/>        <\/a>\n        <div class='sale-perc'>-25%<\/div>            <\/figure>\n            <div class=\"groups-button flex-middle justify-content-center\">\n                \n                                    <div class=\"view\">\n                        <a href=\"javascript:void(0);\" class=\"quickview\" data-product_id=\"66493\">\n                            <i class=\"ti-eye\"><\/i>\n                        <\/a>\n                    <\/div>\n                \n                \n            <\/div> \n        <\/div>\n        <div class=\"metas clearfix\">\n            <div class=\"flex\">\n                <div class=\"clearfix\">\n                            <div class=\"product-cat\">\n        <a href=\"https:\/\/www.maisonschwind.lu\/fr\/categorie-produit\/nouveautes\/\">***NOUVEAUT\u00c9S***<\/a>        <\/div>\n    \n                    <h3 class=\"name\"><a href=\"https:\/\/www.maisonschwind.lu\/fr\/produit\/jogging-epais-recycle-45803460\/\">Jogging \u00e9pais recycl\u00e9 45803460<\/a><\/h3>\n                                    <\/div>\n                <div class=\"ali-right\">\n                        \n                <\/div>\n            <\/div>\n        <\/div>\n    <\/div>\n<\/div>\t\t\t<\/div>\n\t\t\t\t\t<div class=\"col-md-3 col-sm-4 col-xs-6 sm-clearfix  product type-product post-65893 status-publish instock product_cat-nouveautes product_cat-petits-accessoires has-post-thumbnail sale taxable shipping-taxable purchasable product-type-simple\">\n\t\t\t \t<div class=\"product-block grid-v4\" data-product-id=\"65893\">\n    <div class=\"grid-inner\">\n        <div class=\"block-inner\">\n            <figure class=\"image\">\n                        <a title=\"Tour rotative Ph\u00f6nix 202833\" href=\"https:\/\/www.maisonschwind.lu\/fr\/produit\/tour-rotative-phoenix-202833\/\" class=\"product-image\">\n            <img loading=\"lazy\" width=\"300\" height=\"300\" src=\"data:image\/svg+xml;charset=utf-8,%3Csvg%20xmlns%3D&#039;http%3A%2F%2Fwww.w3.org%2F2000%2Fsvg&#039;%20viewBox%3D&#039;0%200%20300%20300&#039;%2F%3E\" class=\"attachment-woocommerce_thumbnail size-woocommerce_thumbnail image-effect unveil-image\" alt=\"\" data-src=\"https:\/\/www.maisonschwind.lu\/shop\/wp-content\/uploads\/2026\/03\/phoenix-garnturm-drehbar-300x300.jpg\" data-srcset=\"https:\/\/www.maisonschwind.lu\/shop\/wp-content\/uploads\/2026\/03\/phoenix-garnturm-drehbar-300x300.jpg 300w, https:\/\/www.maisonschwind.lu\/shop\/wp-content\/uploads\/2026\/03\/phoenix-garnturm-drehbar-150x150.jpg 150w, https:\/\/www.maisonschwind.lu\/shop\/wp-content\/uploads\/2026\/03\/phoenix-garnturm-drehbar-160x160.jpg 160w, https:\/\/www.maisonschwind.lu\/shop\/wp-content\/uploads\/2026\/03\/phoenix-garnturm-drehbar.jpg 400w\" data-sizes=\"(max-width: 300px) 100vw, 300px\" \/><img loading=\"lazy\" width=\"300\" height=\"300\" src=\"data:image\/svg+xml;charset=utf-8,%3Csvg%20xmlns%3D&#039;http%3A%2F%2Fwww.w3.org%2F2000%2Fsvg&#039;%20viewBox%3D&#039;0%200%20300%20300&#039;%2F%3E\" class=\"attachment-woocommerce_thumbnail size-woocommerce_thumbnail image-hover unveil-image\" alt=\"\" data-src=\"https:\/\/www.maisonschwind.lu\/shop\/wp-content\/uploads\/2026\/03\/phoenix-garnturm-drehbar2-300x300.jpg\" data-srcset=\"https:\/\/www.maisonschwind.lu\/shop\/wp-content\/uploads\/2026\/03\/phoenix-garnturm-drehbar2-300x300.jpg 300w, https:\/\/www.maisonschwind.lu\/shop\/wp-content\/uploads\/2026\/03\/phoenix-garnturm-drehbar2-150x150.jpg 150w, https:\/\/www.maisonschwind.lu\/shop\/wp-content\/uploads\/2026\/03\/phoenix-garnturm-drehbar2-160x160.jpg 160w, https:\/\/www.maisonschwind.lu\/shop\/wp-content\/uploads\/2026\/03\/phoenix-garnturm-drehbar2.jpg 400w\" data-sizes=\"(max-width: 300px) 100vw, 300px\" \/>        <\/a>\n        <div class='sale-perc'>-30%<\/div>            <\/figure>\n            <div class=\"groups-button flex-middle justify-content-center\">\n                \n                                    <div class=\"view\">\n                        <a href=\"javascript:void(0);\" class=\"quickview\" data-product_id=\"65893\">\n                            <i class=\"ti-eye\"><\/i>\n                        <\/a>\n                    <\/div>\n                \n                \n            <\/div> \n        <\/div>\n        <div class=\"metas clearfix\">\n            <div class=\"flex\">\n                <div class=\"clearfix\">\n                            <div class=\"product-cat\">\n        <a href=\"https:\/\/www.maisonschwind.lu\/fr\/categorie-produit\/nouveautes\/\">***NOUVEAUT\u00c9S***<\/a>        <\/div>\n    \n                    <h3 class=\"name\"><a href=\"https:\/\/www.maisonschwind.lu\/fr\/produit\/tour-rotative-phoenix-202833\/\">Tour rotative Ph\u00f6nix 202833<\/a><\/h3>\n                                    <\/div>\n                <div class=\"ali-right\">\n                        \n                <\/div>\n            <\/div>\n        <\/div>\n    <\/div>\n<\/div>\t\t\t<\/div>\n\t\t\t\t\t<div class=\"col-md-3 col-sm-4 col-xs-6 xs-clearfix  product type-product post-65297 status-publish instock product_cat-nouveautes product_cat-machine-a-coudre-mecanique has-post-thumbnail sale taxable shipping-taxable purchasable product-type-simple\">\n\t\t\t \t<div class=\"product-block grid-v4\" data-product-id=\"65297\">\n    <div class=\"grid-inner\">\n        <div class=\"block-inner\">\n            <figure class=\"image\">\n                        <a title=\"SINGER Heavy Duty 500 Classic &#8211; \u00e9dition limit\u00e9e\" href=\"https:\/\/www.maisonschwind.lu\/fr\/produit\/singer-heavy-duty-500-classic-singer-heavy-duty-500-classic-edition-limitee\/\" class=\"product-image\">\n            <img loading=\"lazy\" width=\"300\" height=\"300\" src=\"data:image\/svg+xml;charset=utf-8,%3Csvg%20xmlns%3D&#039;http%3A%2F%2Fwww.w3.org%2F2000%2Fsvg&#039;%20viewBox%3D&#039;0%200%20300%20300&#039;%2F%3E\" class=\"attachment-woocommerce_thumbnail size-woocommerce_thumbnail image-effect unveil-image\" alt=\"\" data-src=\"https:\/\/www.maisonschwind.lu\/shop\/wp-content\/uploads\/2026\/03\/HD-Singer-HD500Classic-4-300x300.jpg\" data-srcset=\"https:\/\/www.maisonschwind.lu\/shop\/wp-content\/uploads\/2026\/03\/HD-Singer-HD500Classic-4-300x300.jpg 300w, https:\/\/www.maisonschwind.lu\/shop\/wp-content\/uploads\/2026\/03\/HD-Singer-HD500Classic-4-150x150.jpg 150w, https:\/\/www.maisonschwind.lu\/shop\/wp-content\/uploads\/2026\/03\/HD-Singer-HD500Classic-4-160x160.jpg 160w, https:\/\/www.maisonschwind.lu\/shop\/wp-content\/uploads\/2026\/03\/HD-Singer-HD500Classic-4.jpg 400w\" data-sizes=\"(max-width: 300px) 100vw, 300px\" \/><img loading=\"lazy\" width=\"300\" height=\"300\" src=\"data:image\/svg+xml;charset=utf-8,%3Csvg%20xmlns%3D&#039;http%3A%2F%2Fwww.w3.org%2F2000%2Fsvg&#039;%20viewBox%3D&#039;0%200%20300%20300&#039;%2F%3E\" class=\"attachment-woocommerce_thumbnail size-woocommerce_thumbnail image-hover unveil-image\" alt=\"\" data-src=\"https:\/\/www.maisonschwind.lu\/shop\/wp-content\/uploads\/2026\/03\/R-300x300.jpg\" data-srcset=\"https:\/\/www.maisonschwind.lu\/shop\/wp-content\/uploads\/2026\/03\/R-300x300.jpg 300w, https:\/\/www.maisonschwind.lu\/shop\/wp-content\/uploads\/2026\/03\/R-150x150.jpg 150w, https:\/\/www.maisonschwind.lu\/shop\/wp-content\/uploads\/2026\/03\/R-160x160.jpg 160w, https:\/\/www.maisonschwind.lu\/shop\/wp-content\/uploads\/2026\/03\/R.jpg 400w\" data-sizes=\"(max-width: 300px) 100vw, 300px\" \/>        <\/a>\n        <div class='sale-perc'>-7%<\/div>            <\/figure>\n            <div class=\"groups-button flex-middle justify-content-center\">\n                \n                                    <div class=\"view\">\n                        <a href=\"javascript:void(0);\" class=\"quickview\" data-product_id=\"65297\">\n                            <i class=\"ti-eye\"><\/i>\n                        <\/a>\n                    <\/div>\n                \n                \n            <\/div> \n        <\/div>\n        <div class=\"metas clearfix\">\n            <div class=\"flex\">\n                <div class=\"clearfix\">\n                            <div class=\"product-cat\">\n        <a href=\"https:\/\/www.maisonschwind.lu\/fr\/categorie-produit\/nouveautes\/\">***NOUVEAUT\u00c9S***<\/a>        <\/div>\n    \n                    <h3 class=\"name\"><a href=\"https:\/\/www.maisonschwind.lu\/fr\/produit\/singer-heavy-duty-500-classic-singer-heavy-duty-500-classic-edition-limitee\/\">SINGER Heavy Duty 500 Classic &#8211; \u00e9dition limit\u00e9e<\/a><\/h3>\n                                    <\/div>\n                <div class=\"ali-right\">\n                        \n                <\/div>\n            <\/div>\n        <\/div>\n    <\/div>\n<\/div>\t\t\t<\/div>\n\t\t\t\t\t<div class=\"col-md-3 col-sm-4 col-xs-6 product type-product post-65681 status-publish last instock product_cat-nouveautes product_cat-collection-ete product_cat-viscose has-post-thumbnail sale taxable shipping-taxable purchasable product-type-simple\">\n\t\t\t \t<div class=\"product-block grid-v4\" data-product-id=\"65681\">\n    <div class=\"grid-inner\">\n        <div class=\"block-inner\">\n            <figure class=\"image\">\n                        <a title=\"Viscose stretch satin animal 22292110\" href=\"https:\/\/www.maisonschwind.lu\/fr\/produit\/viscose-stretch-satin-animal-22292110\/\" class=\"product-image\">\n            <img loading=\"lazy\" width=\"300\" height=\"300\" src=\"data:image\/svg+xml;charset=utf-8,%3Csvg%20xmlns%3D&#039;http%3A%2F%2Fwww.w3.org%2F2000%2Fsvg&#039;%20viewBox%3D&#039;0%200%20300%20300&#039;%2F%3E\" class=\"attachment-woocommerce_thumbnail size-woocommerce_thumbnail image-effect unveil-image\" alt=\"\" data-src=\"https:\/\/www.maisonschwind.lu\/shop\/wp-content\/uploads\/2026\/02\/22292110_3-Heavy-Satin-Stretch-Animals-Brown_800x800-300x300.jpg\" data-srcset=\"https:\/\/www.maisonschwind.lu\/shop\/wp-content\/uploads\/2026\/02\/22292110_3-Heavy-Satin-Stretch-Animals-Brown_800x800-300x300.jpg 300w, https:\/\/www.maisonschwind.lu\/shop\/wp-content\/uploads\/2026\/02\/22292110_3-Heavy-Satin-Stretch-Animals-Brown_800x800-150x150.jpg 150w, https:\/\/www.maisonschwind.lu\/shop\/wp-content\/uploads\/2026\/02\/22292110_3-Heavy-Satin-Stretch-Animals-Brown_800x800-160x160.jpg 160w, https:\/\/www.maisonschwind.lu\/shop\/wp-content\/uploads\/2026\/02\/22292110_3-Heavy-Satin-Stretch-Animals-Brown_800x800.jpg 400w\" data-sizes=\"(max-width: 300px) 100vw, 300px\" \/><img loading=\"lazy\" width=\"300\" height=\"300\" src=\"data:image\/svg+xml;charset=utf-8,%3Csvg%20xmlns%3D&#039;http%3A%2F%2Fwww.w3.org%2F2000%2Fsvg&#039;%20viewBox%3D&#039;0%200%20300%20300&#039;%2F%3E\" class=\"attachment-woocommerce_thumbnail size-woocommerce_thumbnail image-hover unveil-image\" alt=\"\" data-src=\"https:\/\/www.maisonschwind.lu\/shop\/wp-content\/uploads\/2026\/02\/22292110_1-Heavy-Satin-Stretch-Animals-Brown_800x800-300x300.jpg\" data-srcset=\"https:\/\/www.maisonschwind.lu\/shop\/wp-content\/uploads\/2026\/02\/22292110_1-Heavy-Satin-Stretch-Animals-Brown_800x800-300x300.jpg 300w, https:\/\/www.maisonschwind.lu\/shop\/wp-content\/uploads\/2026\/02\/22292110_1-Heavy-Satin-Stretch-Animals-Brown_800x800-150x150.jpg 150w, https:\/\/www.maisonschwind.lu\/shop\/wp-content\/uploads\/2026\/02\/22292110_1-Heavy-Satin-Stretch-Animals-Brown_800x800-160x160.jpg 160w, https:\/\/www.maisonschwind.lu\/shop\/wp-content\/uploads\/2026\/02\/22292110_1-Heavy-Satin-Stretch-Animals-Brown_800x800.jpg 400w\" data-sizes=\"(max-width: 300px) 100vw, 300px\" \/>        <\/a>\n        <div class='sale-perc'>-25%<\/div>            <\/figure>\n            <div class=\"groups-button flex-middle justify-content-center\">\n                \n                                    <div class=\"view\">\n                        <a href=\"javascript:void(0);\" class=\"quickview\" data-product_id=\"65681\">\n                            <i class=\"ti-eye\"><\/i>\n                        <\/a>\n                    <\/div>\n                \n                \n            <\/div> \n        <\/div>\n        <div class=\"metas clearfix\">\n            <div class=\"flex\">\n                <div class=\"clearfix\">\n                            <div class=\"product-cat\">\n        <a href=\"https:\/\/www.maisonschwind.lu\/fr\/categorie-produit\/nouveautes\/\">***NOUVEAUT\u00c9S***<\/a>        <\/div>\n    \n                    <h3 class=\"name\"><a href=\"https:\/\/www.maisonschwind.lu\/fr\/produit\/viscose-stretch-satin-animal-22292110\/\">Viscose stretch satin animal 22292110<\/a><\/h3>\n                                    <\/div>\n                <div class=\"ali-right\">\n                        \n                <\/div>\n            <\/div>\n        <\/div>\n    <\/div>\n<\/div>\t\t\t<\/div>\n\t\t\t\t\t<div class=\"col-md-3 col-sm-4 col-xs-6 md-clearfix lg-clearfix  sm-clearfix  xs-clearfix  product type-product post-65661 status-publish first instock product_cat-nouveautes product_cat-collection-ete product_cat-modal-fr has-post-thumbnail sale taxable shipping-taxable purchasable product-type-simple\">\n\t\t\t \t<div class=\"product-block grid-v4\" data-product-id=\"65661\">\n    <div class=\"grid-inner\">\n        <div class=\"block-inner\">\n            <figure class=\"image\">\n                        <a title=\"Coton z\u00e8bre brillant dor\u00e9 21694998\" href=\"https:\/\/www.maisonschwind.lu\/fr\/produit\/coton-zebre-brillant-dore-21694998\/\" class=\"product-image\">\n            <img loading=\"lazy\" width=\"300\" height=\"300\" src=\"data:image\/svg+xml;charset=utf-8,%3Csvg%20xmlns%3D&#039;http%3A%2F%2Fwww.w3.org%2F2000%2Fsvg&#039;%20viewBox%3D&#039;0%200%20300%20300&#039;%2F%3E\" class=\"attachment-woocommerce_thumbnail size-woocommerce_thumbnail image-effect unveil-image\" alt=\"\" data-src=\"https:\/\/www.maisonschwind.lu\/shop\/wp-content\/uploads\/2026\/02\/21694998_3-Cotton-Slub-Zebra-Drops-Black-Gold_800x800-300x300.jpg\" data-srcset=\"https:\/\/www.maisonschwind.lu\/shop\/wp-content\/uploads\/2026\/02\/21694998_3-Cotton-Slub-Zebra-Drops-Black-Gold_800x800-300x300.jpg 300w, https:\/\/www.maisonschwind.lu\/shop\/wp-content\/uploads\/2026\/02\/21694998_3-Cotton-Slub-Zebra-Drops-Black-Gold_800x800-150x150.jpg 150w, https:\/\/www.maisonschwind.lu\/shop\/wp-content\/uploads\/2026\/02\/21694998_3-Cotton-Slub-Zebra-Drops-Black-Gold_800x800-160x160.jpg 160w, https:\/\/www.maisonschwind.lu\/shop\/wp-content\/uploads\/2026\/02\/21694998_3-Cotton-Slub-Zebra-Drops-Black-Gold_800x800.jpg 400w\" data-sizes=\"(max-width: 300px) 100vw, 300px\" \/><img loading=\"lazy\" width=\"300\" height=\"300\" src=\"data:image\/svg+xml;charset=utf-8,%3Csvg%20xmlns%3D&#039;http%3A%2F%2Fwww.w3.org%2F2000%2Fsvg&#039;%20viewBox%3D&#039;0%200%20300%20300&#039;%2F%3E\" class=\"attachment-woocommerce_thumbnail size-woocommerce_thumbnail image-hover unveil-image\" alt=\"\" data-src=\"https:\/\/www.maisonschwind.lu\/shop\/wp-content\/uploads\/2026\/02\/21694998_1-Cotton-Slub-Zebra-Drops-Black-Gold_800x800-300x300.jpg\" data-srcset=\"https:\/\/www.maisonschwind.lu\/shop\/wp-content\/uploads\/2026\/02\/21694998_1-Cotton-Slub-Zebra-Drops-Black-Gold_800x800-300x300.jpg 300w, https:\/\/www.maisonschwind.lu\/shop\/wp-content\/uploads\/2026\/02\/21694998_1-Cotton-Slub-Zebra-Drops-Black-Gold_800x800-150x150.jpg 150w, https:\/\/www.maisonschwind.lu\/shop\/wp-content\/uploads\/2026\/02\/21694998_1-Cotton-Slub-Zebra-Drops-Black-Gold_800x800-160x160.jpg 160w, https:\/\/www.maisonschwind.lu\/shop\/wp-content\/uploads\/2026\/02\/21694998_1-Cotton-Slub-Zebra-Drops-Black-Gold_800x800.jpg 400w\" data-sizes=\"(max-width: 300px) 100vw, 300px\" \/>        <\/a>\n        <div class='sale-perc'>-24%<\/div>            <\/figure>\n            <div class=\"groups-button flex-middle justify-content-center\">\n                \n                                    <div class=\"view\">\n                        <a href=\"javascript:void(0);\" class=\"quickview\" data-product_id=\"65661\">\n                            <i class=\"ti-eye\"><\/i>\n                        <\/a>\n                    <\/div>\n                \n                \n            <\/div> \n        <\/div>\n        <div class=\"metas clearfix\">\n            <div class=\"flex\">\n                <div class=\"clearfix\">\n                            <div class=\"product-cat\">\n        <a href=\"https:\/\/www.maisonschwind.lu\/fr\/categorie-produit\/nouveautes\/\">***NOUVEAUT\u00c9S***<\/a>        <\/div>\n    \n                    <h3 class=\"name\"><a href=\"https:\/\/www.maisonschwind.lu\/fr\/produit\/coton-zebre-brillant-dore-21694998\/\">Coton z\u00e8bre brillant dor\u00e9 21694998<\/a><\/h3>\n                                    <\/div>\n                <div class=\"ali-right\">\n                        \n                <\/div>\n            <\/div>\n        <\/div>\n    <\/div>\n<\/div>\t\t\t<\/div>\n\t\t\t\t\t<div class=\"col-md-3 col-sm-4 col-xs-6 product type-product post-65657 status-publish instock product_cat-nouveautes product_cat-collection-ete product_cat-modal-fr has-post-thumbnail sale taxable shipping-taxable purchasable product-type-simple\">\n\t\t\t \t<div class=\"product-block grid-v4\" data-product-id=\"65657\">\n    <div class=\"grid-inner\">\n        <div class=\"block-inner\">\n            <figure class=\"image\">\n                        <a title=\"Coton z\u00e8bre brillant dor\u00e9 21694020\" href=\"https:\/\/www.maisonschwind.lu\/fr\/produit\/coton-zebre-brillant-dore-21694020\/\" class=\"product-image\">\n            <img loading=\"lazy\" width=\"300\" height=\"300\" src=\"data:image\/svg+xml;charset=utf-8,%3Csvg%20xmlns%3D&#039;http%3A%2F%2Fwww.w3.org%2F2000%2Fsvg&#039;%20viewBox%3D&#039;0%200%20300%20300&#039;%2F%3E\" class=\"attachment-woocommerce_thumbnail size-woocommerce_thumbnail image-effect unveil-image\" alt=\"\" data-src=\"https:\/\/www.maisonschwind.lu\/shop\/wp-content\/uploads\/2026\/02\/21694020_3-Cotton-Slub-Zebra-Drops-Off-White-Gold_800x800-300x300.jpg\" data-srcset=\"https:\/\/www.maisonschwind.lu\/shop\/wp-content\/uploads\/2026\/02\/21694020_3-Cotton-Slub-Zebra-Drops-Off-White-Gold_800x800-300x300.jpg 300w, https:\/\/www.maisonschwind.lu\/shop\/wp-content\/uploads\/2026\/02\/21694020_3-Cotton-Slub-Zebra-Drops-Off-White-Gold_800x800-150x150.jpg 150w, https:\/\/www.maisonschwind.lu\/shop\/wp-content\/uploads\/2026\/02\/21694020_3-Cotton-Slub-Zebra-Drops-Off-White-Gold_800x800-160x160.jpg 160w, https:\/\/www.maisonschwind.lu\/shop\/wp-content\/uploads\/2026\/02\/21694020_3-Cotton-Slub-Zebra-Drops-Off-White-Gold_800x800.jpg 400w\" data-sizes=\"(max-width: 300px) 100vw, 300px\" \/><img loading=\"lazy\" width=\"300\" height=\"300\" src=\"data:image\/svg+xml;charset=utf-8,%3Csvg%20xmlns%3D&#039;http%3A%2F%2Fwww.w3.org%2F2000%2Fsvg&#039;%20viewBox%3D&#039;0%200%20300%20300&#039;%2F%3E\" class=\"attachment-woocommerce_thumbnail size-woocommerce_thumbnail image-hover unveil-image\" alt=\"\" data-src=\"https:\/\/www.maisonschwind.lu\/shop\/wp-content\/uploads\/2026\/02\/21694020_1-Cotton-Slub-Zebra-Drops-Off-White-Gold_800x800-300x300.jpg\" data-srcset=\"https:\/\/www.maisonschwind.lu\/shop\/wp-content\/uploads\/2026\/02\/21694020_1-Cotton-Slub-Zebra-Drops-Off-White-Gold_800x800-300x300.jpg 300w, https:\/\/www.maisonschwind.lu\/shop\/wp-content\/uploads\/2026\/02\/21694020_1-Cotton-Slub-Zebra-Drops-Off-White-Gold_800x800-150x150.jpg 150w, https:\/\/www.maisonschwind.lu\/shop\/wp-content\/uploads\/2026\/02\/21694020_1-Cotton-Slub-Zebra-Drops-Off-White-Gold_800x800-160x160.jpg 160w, https:\/\/www.maisonschwind.lu\/shop\/wp-content\/uploads\/2026\/02\/21694020_1-Cotton-Slub-Zebra-Drops-Off-White-Gold_800x800.jpg 400w\" data-sizes=\"(max-width: 300px) 100vw, 300px\" \/>        <\/a>\n        <div class='sale-perc'>-24%<\/div>            <\/figure>\n            <div class=\"groups-button flex-middle justify-content-center\">\n                \n                                    <div class=\"view\">\n                        <a href=\"javascript:void(0);\" class=\"quickview\" data-product_id=\"65657\">\n                            <i class=\"ti-eye\"><\/i>\n                        <\/a>\n                    <\/div>\n                \n                \n            <\/div> \n        <\/div>\n        <div class=\"metas clearfix\">\n            <div class=\"flex\">\n                <div class=\"clearfix\">\n                            <div class=\"product-cat\">\n        <a href=\"https:\/\/www.maisonschwind.lu\/fr\/categorie-produit\/nouveautes\/\">***NOUVEAUT\u00c9S***<\/a>        <\/div>\n    \n                    <h3 class=\"name\"><a href=\"https:\/\/www.maisonschwind.lu\/fr\/produit\/coton-zebre-brillant-dore-21694020\/\">Coton z\u00e8bre brillant dor\u00e9 21694020<\/a><\/h3>\n                                    <\/div>\n                <div class=\"ali-right\">\n                        \n                <\/div>\n            <\/div>\n        <\/div>\n    <\/div>\n<\/div>\t\t\t<\/div>\n\t\t\t\t\t<div class=\"col-md-3 col-sm-4 col-xs-6 xs-clearfix  product type-product post-65520 status-publish instock product_cat-nouveautes product_cat-modal-fr product_cat-jersey-fr has-post-thumbnail sale taxable shipping-taxable purchasable product-type-simple\">\n\t\t\t \t<div class=\"product-block grid-v4\" data-product-id=\"65520\">\n    <div class=\"grid-inner\">\n        <div class=\"block-inner\">\n            <figure class=\"image\">\n                        <a title=\"Sweat l\u00e9opard 02066.004\" href=\"https:\/\/www.maisonschwind.lu\/fr\/produit\/sweat-leopard-02066-004\/\" class=\"product-image\">\n            <img loading=\"lazy\" width=\"300\" height=\"300\" src=\"data:image\/svg+xml;charset=utf-8,%3Csvg%20xmlns%3D&#039;http%3A%2F%2Fwww.w3.org%2F2000%2Fsvg&#039;%20viewBox%3D&#039;0%200%20300%20300&#039;%2F%3E\" class=\"attachment-woocommerce_thumbnail size-woocommerce_thumbnail image-effect unveil-image\" alt=\"\" data-src=\"https:\/\/www.maisonschwind.lu\/shop\/wp-content\/uploads\/2026\/02\/02066.004_image6-300x300.jpg\" data-srcset=\"https:\/\/www.maisonschwind.lu\/shop\/wp-content\/uploads\/2026\/02\/02066.004_image6-300x300.jpg 300w, https:\/\/www.maisonschwind.lu\/shop\/wp-content\/uploads\/2026\/02\/02066.004_image6-150x150.jpg 150w, https:\/\/www.maisonschwind.lu\/shop\/wp-content\/uploads\/2026\/02\/02066.004_image6-160x160.jpg 160w, https:\/\/www.maisonschwind.lu\/shop\/wp-content\/uploads\/2026\/02\/02066.004_image6.jpg 400w\" data-sizes=\"(max-width: 300px) 100vw, 300px\" \/><img loading=\"lazy\" width=\"300\" height=\"300\" src=\"data:image\/svg+xml;charset=utf-8,%3Csvg%20xmlns%3D&#039;http%3A%2F%2Fwww.w3.org%2F2000%2Fsvg&#039;%20viewBox%3D&#039;0%200%20300%20300&#039;%2F%3E\" class=\"attachment-woocommerce_thumbnail size-woocommerce_thumbnail image-hover unveil-image\" alt=\"\" data-src=\"https:\/\/www.maisonschwind.lu\/shop\/wp-content\/uploads\/2026\/02\/02066.004_mainimage-300x300.jpg\" data-srcset=\"https:\/\/www.maisonschwind.lu\/shop\/wp-content\/uploads\/2026\/02\/02066.004_mainimage-300x300.jpg 300w, https:\/\/www.maisonschwind.lu\/shop\/wp-content\/uploads\/2026\/02\/02066.004_mainimage-150x150.jpg 150w, https:\/\/www.maisonschwind.lu\/shop\/wp-content\/uploads\/2026\/02\/02066.004_mainimage-160x160.jpg 160w, https:\/\/www.maisonschwind.lu\/shop\/wp-content\/uploads\/2026\/02\/02066.004_mainimage.jpg 400w\" data-sizes=\"(max-width: 300px) 100vw, 300px\" \/>        <\/a>\n        <div class='sale-perc'>-25%<\/div>            <\/figure>\n            <div class=\"groups-button flex-middle justify-content-center\">\n                \n                                    <div class=\"view\">\n                        <a href=\"javascript:void(0);\" class=\"quickview\" data-product_id=\"65520\">\n                            <i class=\"ti-eye\"><\/i>\n                        <\/a>\n                    <\/div>\n                \n                \n            <\/div> \n        <\/div>\n        <div class=\"metas clearfix\">\n            <div class=\"flex\">\n                <div class=\"clearfix\">\n                            <div class=\"product-cat\">\n        <a href=\"https:\/\/www.maisonschwind.lu\/fr\/categorie-produit\/nouveautes\/\">***NOUVEAUT\u00c9S***<\/a>        <\/div>\n    \n                    <h3 class=\"name\"><a href=\"https:\/\/www.maisonschwind.lu\/fr\/produit\/sweat-leopard-02066-004\/\">Sweat l\u00e9opard 02066.004<\/a><\/h3>\n                                    <\/div>\n                <div class=\"ali-right\">\n                        \n                <\/div>\n            <\/div>\n        <\/div>\n    <\/div>\n<\/div>\t\t\t<\/div>\n\t\t\t\t\t<div class=\"col-md-3 col-sm-4 col-xs-6 sm-clearfix  product type-product post-65442 status-publish last instock product_cat-nouveautes product_cat-modal-fr has-post-thumbnail sale taxable shipping-taxable purchasable product-type-simple\">\n\t\t\t \t<div class=\"product-block grid-v4\" data-product-id=\"65442\">\n    <div class=\"grid-inner\">\n        <div class=\"block-inner\">\n            <figure class=\"image\">\n                        <a title=\"Gobelin l\u00e9opard 03837.001\" href=\"https:\/\/www.maisonschwind.lu\/fr\/produit\/gobelin-leopard-03837-001\/\" class=\"product-image\">\n            <img loading=\"lazy\" width=\"300\" height=\"300\" src=\"data:image\/svg+xml;charset=utf-8,%3Csvg%20xmlns%3D&#039;http%3A%2F%2Fwww.w3.org%2F2000%2Fsvg&#039;%20viewBox%3D&#039;0%200%20300%20300&#039;%2F%3E\" class=\"attachment-woocommerce_thumbnail size-woocommerce_thumbnail image-effect unveil-image\" alt=\"\" data-src=\"https:\/\/www.maisonschwind.lu\/shop\/wp-content\/uploads\/2026\/02\/03837.001_image6-300x300.jpg\" data-srcset=\"https:\/\/www.maisonschwind.lu\/shop\/wp-content\/uploads\/2026\/02\/03837.001_image6-300x300.jpg 300w, https:\/\/www.maisonschwind.lu\/shop\/wp-content\/uploads\/2026\/02\/03837.001_image6-150x150.jpg 150w, https:\/\/www.maisonschwind.lu\/shop\/wp-content\/uploads\/2026\/02\/03837.001_image6-160x160.jpg 160w, https:\/\/www.maisonschwind.lu\/shop\/wp-content\/uploads\/2026\/02\/03837.001_image6.jpg 400w\" data-sizes=\"(max-width: 300px) 100vw, 300px\" \/><img loading=\"lazy\" width=\"300\" height=\"300\" src=\"data:image\/svg+xml;charset=utf-8,%3Csvg%20xmlns%3D&#039;http%3A%2F%2Fwww.w3.org%2F2000%2Fsvg&#039;%20viewBox%3D&#039;0%200%20300%20300&#039;%2F%3E\" class=\"attachment-woocommerce_thumbnail size-woocommerce_thumbnail image-hover unveil-image\" alt=\"\" data-src=\"https:\/\/www.maisonschwind.lu\/shop\/wp-content\/uploads\/2026\/02\/03837.001_mainimage-300x300.jpg\" data-srcset=\"https:\/\/www.maisonschwind.lu\/shop\/wp-content\/uploads\/2026\/02\/03837.001_mainimage-300x300.jpg 300w, https:\/\/www.maisonschwind.lu\/shop\/wp-content\/uploads\/2026\/02\/03837.001_mainimage-150x150.jpg 150w, https:\/\/www.maisonschwind.lu\/shop\/wp-content\/uploads\/2026\/02\/03837.001_mainimage-160x160.jpg 160w, https:\/\/www.maisonschwind.lu\/shop\/wp-content\/uploads\/2026\/02\/03837.001_mainimage.jpg 400w\" data-sizes=\"(max-width: 300px) 100vw, 300px\" \/>        <\/a>\n        <div class='sale-perc'>-25%<\/div>            <\/figure>\n            <div class=\"groups-button flex-middle justify-content-center\">\n                \n                                    <div class=\"view\">\n                        <a href=\"javascript:void(0);\" class=\"quickview\" data-product_id=\"65442\">\n                            <i class=\"ti-eye\"><\/i>\n                        <\/a>\n                    <\/div>\n                \n                \n            <\/div> \n        <\/div>\n        <div class=\"metas clearfix\">\n            <div class=\"flex\">\n                <div class=\"clearfix\">\n                            <div class=\"product-cat\">\n        <a href=\"https:\/\/www.maisonschwind.lu\/fr\/categorie-produit\/nouveautes\/\">***NOUVEAUT\u00c9S***<\/a>        <\/div>\n    \n                    <h3 class=\"name\"><a href=\"https:\/\/www.maisonschwind.lu\/fr\/produit\/gobelin-leopard-03837-001\/\">Gobelin l\u00e9opard 03837.001<\/a><\/h3>\n                                    <\/div>\n                <div class=\"ali-right\">\n                        \n                <\/div>\n            <\/div>\n        <\/div>\n    <\/div>\n<\/div>\t\t\t<\/div>\n\t\t\t\t\t<div class=\"col-md-3 col-sm-4 col-xs-6 md-clearfix lg-clearfix  xs-clearfix  product type-product post-65031 status-publish first onbackorder product_cat-bernina-fr product_cat-machine-a-coudre-fr has-post-thumbnail sale taxable shipping-taxable purchasable product-type-simple\">\n\t\t\t \t<div class=\"product-block grid-v4\" data-product-id=\"65031\">\n    <div class=\"grid-inner\">\n        <div class=\"block-inner\">\n            <figure class=\"image\">\n                        <a title=\"Pochette \u00e0 accessoires BERNINA 0372147000\" href=\"https:\/\/www.maisonschwind.lu\/fr\/produit\/pochette-a-accessoires-bernina-0372147000\/\" class=\"product-image\">\n            <img loading=\"lazy\" width=\"300\" height=\"300\" src=\"data:image\/svg+xml;charset=utf-8,%3Csvg%20xmlns%3D&#039;http%3A%2F%2Fwww.w3.org%2F2000%2Fsvg&#039;%20viewBox%3D&#039;0%200%20300%20300&#039;%2F%3E\" class=\"attachment-woocommerce_thumbnail size-woocommerce_thumbnail image-no-effect unveil-image\" alt=\"\" data-src=\"https:\/\/www.maisonschwind.lu\/shop\/wp-content\/uploads\/2026\/02\/sac-de-rangement-accessoires-bernina-_1-300x300.jpg\" data-srcset=\"https:\/\/www.maisonschwind.lu\/shop\/wp-content\/uploads\/2026\/02\/sac-de-rangement-accessoires-bernina-_1-300x300.jpg 300w, https:\/\/www.maisonschwind.lu\/shop\/wp-content\/uploads\/2026\/02\/sac-de-rangement-accessoires-bernina-_1-150x150.jpg 150w, https:\/\/www.maisonschwind.lu\/shop\/wp-content\/uploads\/2026\/02\/sac-de-rangement-accessoires-bernina-_1-160x160.jpg 160w, https:\/\/www.maisonschwind.lu\/shop\/wp-content\/uploads\/2026\/02\/sac-de-rangement-accessoires-bernina-_1.jpg 400w\" data-sizes=\"(max-width: 300px) 100vw, 300px\" \/>        <\/a>\n        <div class='sale-perc'>-10%<\/div>            <\/figure>\n            <div class=\"groups-button flex-middle justify-content-center\">\n                \n                                    <div class=\"view\">\n                        <a href=\"javascript:void(0);\" class=\"quickview\" data-product_id=\"65031\">\n                            <i class=\"ti-eye\"><\/i>\n                        <\/a>\n                    <\/div>\n                \n                \n            <\/div> \n        <\/div>\n        <div class=\"metas clearfix\">\n            <div class=\"flex\">\n                <div class=\"clearfix\">\n                            <div class=\"product-cat\">\n        <a href=\"https:\/\/www.maisonschwind.lu\/fr\/categorie-produit\/marques\/bernina-fr\/\">Bernina<\/a>        <\/div>\n    \n                    <h3 class=\"name\"><a href=\"https:\/\/www.maisonschwind.lu\/fr\/produit\/pochette-a-accessoires-bernina-0372147000\/\">Pochette \u00e0 accessoires BERNINA 0372147000<\/a><\/h3>\n                                    <\/div>\n                <div class=\"ali-right\">\n                        \n                <\/div>\n            <\/div>\n        <\/div>\n    <\/div>\n<\/div>\t\t\t<\/div>\n\t\t\t\t\t<div class=\"col-md-3 col-sm-4 col-xs-6 product type-product post-65039 status-publish onbackorder product_cat-bernina-fr product_cat-machine-a-coudre-fr has-post-thumbnail sale taxable shipping-taxable purchasable product-type-simple\">\n\t\t\t \t<div class=\"product-block grid-v4\" data-product-id=\"65039\">\n    <div class=\"grid-inner\">\n        <div class=\"block-inner\">\n            <figure class=\"image\">\n                        <a title=\"Sac pour le module \u00e0 broder BERNINA 0308955103\" href=\"https:\/\/www.maisonschwind.lu\/fr\/produit\/sac-pour-le-module-a-broder-bernina-0308955103\/\" class=\"product-image\">\n            <img loading=\"lazy\" width=\"300\" height=\"300\" src=\"data:image\/svg+xml;charset=utf-8,%3Csvg%20xmlns%3D&#039;http%3A%2F%2Fwww.w3.org%2F2000%2Fsvg&#039;%20viewBox%3D&#039;0%200%20300%20300&#039;%2F%3E\" class=\"attachment-woocommerce_thumbnail size-woocommerce_thumbnail image-no-effect unveil-image\" alt=\"\" data-src=\"https:\/\/www.maisonschwind.lu\/shop\/wp-content\/uploads\/2026\/02\/sac-de-transport-module-a-broder-gris-bernina-_1-300x300.jpeg\" data-srcset=\"https:\/\/www.maisonschwind.lu\/shop\/wp-content\/uploads\/2026\/02\/sac-de-transport-module-a-broder-gris-bernina-_1-300x300.jpeg 300w, https:\/\/www.maisonschwind.lu\/shop\/wp-content\/uploads\/2026\/02\/sac-de-transport-module-a-broder-gris-bernina-_1-150x150.jpeg 150w, https:\/\/www.maisonschwind.lu\/shop\/wp-content\/uploads\/2026\/02\/sac-de-transport-module-a-broder-gris-bernina-_1-160x160.jpeg 160w, https:\/\/www.maisonschwind.lu\/shop\/wp-content\/uploads\/2026\/02\/sac-de-transport-module-a-broder-gris-bernina-_1.jpeg 400w\" data-sizes=\"(max-width: 300px) 100vw, 300px\" \/>        <\/a>\n        <div class='sale-perc'>-10%<\/div>            <\/figure>\n            <div class=\"groups-button flex-middle justify-content-center\">\n                \n                                    <div class=\"view\">\n                        <a href=\"javascript:void(0);\" class=\"quickview\" data-product_id=\"65039\">\n                            <i class=\"ti-eye\"><\/i>\n                        <\/a>\n                    <\/div>\n                \n                \n            <\/div> \n        <\/div>\n        <div class=\"metas clearfix\">\n            <div class=\"flex\">\n                <div class=\"clearfix\">\n                            <div class=\"product-cat\">\n        <a href=\"https:\/\/www.maisonschwind.lu\/fr\/categorie-produit\/marques\/bernina-fr\/\">Bernina<\/a>        <\/div>\n    \n                    <h3 class=\"name\"><a href=\"https:\/\/www.maisonschwind.lu\/fr\/produit\/sac-pour-le-module-a-broder-bernina-0308955103\/\">Sac pour le module \u00e0 broder BERNINA 0308955103<\/a><\/h3>\n                                    <\/div>\n                <div class=\"ali-right\">\n                        \n                <\/div>\n            <\/div>\n        <\/div>\n    <\/div>\n<\/div>\t\t\t<\/div>\n\t\t\t\t\t<div class=\"col-md-3 col-sm-4 col-xs-6 sm-clearfix  xs-clearfix  product type-product post-65035 status-publish onbackorder product_cat-bernina-fr product_cat-machine-a-coudre-fr has-post-thumbnail sale taxable shipping-taxable purchasable product-type-simple\">\n\t\t\t \t<div class=\"product-block grid-v4\" data-product-id=\"65035\">\n    <div class=\"grid-inner\">\n        <div class=\"block-inner\">\n            <figure class=\"image\">\n                        <a title=\"Sac pour la machine \u00e0 coudre BERNINA 0332845200\" href=\"https:\/\/www.maisonschwind.lu\/fr\/produit\/sac-pour-la-machine-a-coudre-bernina-0332845200\/\" class=\"product-image\">\n            <img loading=\"lazy\" width=\"300\" height=\"300\" src=\"data:image\/svg+xml;charset=utf-8,%3Csvg%20xmlns%3D&#039;http%3A%2F%2Fwww.w3.org%2F2000%2Fsvg&#039;%20viewBox%3D&#039;0%200%20300%20300&#039;%2F%3E\" class=\"attachment-woocommerce_thumbnail size-woocommerce_thumbnail image-no-effect unveil-image\" alt=\"\" data-src=\"https:\/\/www.maisonschwind.lu\/shop\/wp-content\/uploads\/2026\/02\/sac-de-transport-machine-a-coudre-gris-bernina-_1-300x300.jpeg\" data-srcset=\"https:\/\/www.maisonschwind.lu\/shop\/wp-content\/uploads\/2026\/02\/sac-de-transport-machine-a-coudre-gris-bernina-_1-300x300.jpeg 300w, https:\/\/www.maisonschwind.lu\/shop\/wp-content\/uploads\/2026\/02\/sac-de-transport-machine-a-coudre-gris-bernina-_1-150x150.jpeg 150w, https:\/\/www.maisonschwind.lu\/shop\/wp-content\/uploads\/2026\/02\/sac-de-transport-machine-a-coudre-gris-bernina-_1-160x160.jpeg 160w, https:\/\/www.maisonschwind.lu\/shop\/wp-content\/uploads\/2026\/02\/sac-de-transport-machine-a-coudre-gris-bernina-_1.jpeg 400w\" data-sizes=\"(max-width: 300px) 100vw, 300px\" \/>        <\/a>\n        <div class='sale-perc'>-5%<\/div>            <\/figure>\n            <div class=\"groups-button flex-middle justify-content-center\">\n                \n                                    <div class=\"view\">\n                        <a href=\"javascript:void(0);\" class=\"quickview\" data-product_id=\"65035\">\n                            <i class=\"ti-eye\"><\/i>\n                        <\/a>\n                    <\/div>\n                \n                \n            <\/div> \n        <\/div>\n        <div class=\"metas clearfix\">\n            <div class=\"flex\">\n                <div class=\"clearfix\">\n                            <div class=\"product-cat\">\n        <a href=\"https:\/\/www.maisonschwind.lu\/fr\/categorie-produit\/marques\/bernina-fr\/\">Bernina<\/a>        <\/div>\n    \n                    <h3 class=\"name\"><a href=\"https:\/\/www.maisonschwind.lu\/fr\/produit\/sac-pour-la-machine-a-coudre-bernina-0332845200\/\">Sac pour la machine \u00e0 coudre BERNINA 0332845200<\/a><\/h3>\n                                    <\/div>\n                <div class=\"ali-right\">\n                        \n                <\/div>\n            <\/div>\n        <\/div>\n    <\/div>\n<\/div>\t\t\t<\/div>\n\t\t\t\t\t<div class=\"col-md-3 col-sm-4 col-xs-6 product type-product post-64243 status-publish last onbackorder product_cat-bernina-fr product_cat-pieds-de-biche has-post-thumbnail sale taxable shipping-taxable purchasable product-type-simple\">\n\t\t\t \t<div class=\"product-block grid-v4\" data-product-id=\"64243\">\n    <div class=\"grid-inner\">\n        <div class=\"block-inner\">\n            <figure class=\"image\">\n                        <a title=\"Extension pour le multisupport de bobines 0089797100\" href=\"https:\/\/www.maisonschwind.lu\/fr\/produit\/extension-pour-le-multisupport-de-bobines-0089797100\/\" class=\"product-image\">\n            <img loading=\"lazy\" width=\"300\" height=\"300\" src=\"data:image\/svg+xml;charset=utf-8,%3Csvg%20xmlns%3D&#039;http%3A%2F%2Fwww.w3.org%2F2000%2Fsvg&#039;%20viewBox%3D&#039;0%200%20300%20300&#039;%2F%3E\" class=\"attachment-woocommerce_thumbnail size-woocommerce_thumbnail image-no-effect unveil-image\" alt=\"\" data-src=\"https:\/\/www.maisonschwind.lu\/shop\/wp-content\/uploads\/2026\/02\/extension-supplementaire-multi-guide-fil-_1-300x300.jpeg\" data-srcset=\"https:\/\/www.maisonschwind.lu\/shop\/wp-content\/uploads\/2026\/02\/extension-supplementaire-multi-guide-fil-_1-300x300.jpeg 300w, https:\/\/www.maisonschwind.lu\/shop\/wp-content\/uploads\/2026\/02\/extension-supplementaire-multi-guide-fil-_1-150x150.jpeg 150w, https:\/\/www.maisonschwind.lu\/shop\/wp-content\/uploads\/2026\/02\/extension-supplementaire-multi-guide-fil-_1-160x160.jpeg 160w, https:\/\/www.maisonschwind.lu\/shop\/wp-content\/uploads\/2026\/02\/extension-supplementaire-multi-guide-fil-_1.jpeg 400w\" data-sizes=\"(max-width: 300px) 100vw, 300px\" \/>        <\/a>\n        <div class='sale-perc'>-10%<\/div>            <\/figure>\n            <div class=\"groups-button flex-middle justify-content-center\">\n                \n                                    <div class=\"view\">\n                        <a href=\"javascript:void(0);\" class=\"quickview\" data-product_id=\"64243\">\n                            <i class=\"ti-eye\"><\/i>\n                        <\/a>\n                    <\/div>\n                \n                \n            <\/div> \n        <\/div>\n        <div class=\"metas clearfix\">\n            <div class=\"flex\">\n                <div class=\"clearfix\">\n                            <div class=\"product-cat\">\n        <a href=\"https:\/\/www.maisonschwind.lu\/fr\/categorie-produit\/marques\/bernina-fr\/\">Bernina<\/a>        <\/div>\n    \n                    <h3 class=\"name\"><a href=\"https:\/\/www.maisonschwind.lu\/fr\/produit\/extension-pour-le-multisupport-de-bobines-0089797100\/\">Extension pour le multisupport de bobines 0089797100<\/a><\/h3>\n                                    <\/div>\n                <div class=\"ali-right\">\n                        \n                <\/div>\n            <\/div>\n        <\/div>\n    <\/div>\n<\/div>\t\t\t<\/div>\n\t\t\t\t\t<div class=\"col-md-3 col-sm-4 col-xs-6 md-clearfix lg-clearfix  xs-clearfix  product type-product post-64239 status-publish first onbackorder product_cat-bernina-fr product_cat-pieds-de-biche has-post-thumbnail sale taxable shipping-taxable purchasable product-type-simple\">\n\t\t\t \t<div class=\"product-block grid-v4\" data-product-id=\"64239\">\n    <div class=\"grid-inner\">\n        <div class=\"block-inner\">\n            <figure class=\"image\">\n                        <a title=\"Adaptateur pour le multisupport de bobines 0302057201\" href=\"https:\/\/www.maisonschwind.lu\/fr\/produit\/adaptateur-pour-le-multisupport-de-bobines-0302057201\/\" class=\"product-image\">\n            <img loading=\"lazy\" width=\"300\" height=\"300\" src=\"data:image\/svg+xml;charset=utf-8,%3Csvg%20xmlns%3D&#039;http%3A%2F%2Fwww.w3.org%2F2000%2Fsvg&#039;%20viewBox%3D&#039;0%200%20300%20300&#039;%2F%3E\" class=\"attachment-woocommerce_thumbnail size-woocommerce_thumbnail image-no-effect unveil-image\" alt=\"\" data-src=\"https:\/\/www.maisonschwind.lu\/shop\/wp-content\/uploads\/2026\/02\/adaptateur-porte-bobine-multi-bobines-bernina-_1-300x300.jpeg\" data-srcset=\"https:\/\/www.maisonschwind.lu\/shop\/wp-content\/uploads\/2026\/02\/adaptateur-porte-bobine-multi-bobines-bernina-_1-300x300.jpeg 300w, https:\/\/www.maisonschwind.lu\/shop\/wp-content\/uploads\/2026\/02\/adaptateur-porte-bobine-multi-bobines-bernina-_1-150x150.jpeg 150w, https:\/\/www.maisonschwind.lu\/shop\/wp-content\/uploads\/2026\/02\/adaptateur-porte-bobine-multi-bobines-bernina-_1-160x160.jpeg 160w, https:\/\/www.maisonschwind.lu\/shop\/wp-content\/uploads\/2026\/02\/adaptateur-porte-bobine-multi-bobines-bernina-_1.jpeg 400w\" data-sizes=\"(max-width: 300px) 100vw, 300px\" \/>        <\/a>\n        <div class='sale-perc'>-10%<\/div>            <\/figure>\n            <div class=\"groups-button flex-middle justify-content-center\">\n                \n                                    <div class=\"view\">\n                        <a href=\"javascript:void(0);\" class=\"quickview\" data-product_id=\"64239\">\n                            <i class=\"ti-eye\"><\/i>\n                        <\/a>\n                    <\/div>\n                \n                \n            <\/div> \n        <\/div>\n        <div class=\"metas clearfix\">\n            <div class=\"flex\">\n                <div class=\"clearfix\">\n                            <div class=\"product-cat\">\n        <a href=\"https:\/\/www.maisonschwind.lu\/fr\/categorie-produit\/marques\/bernina-fr\/\">Bernina<\/a>        <\/div>\n    \n                    <h3 class=\"name\"><a href=\"https:\/\/www.maisonschwind.lu\/fr\/produit\/adaptateur-pour-le-multisupport-de-bobines-0302057201\/\">Adaptateur pour le multisupport de bobines 0302057201<\/a><\/h3>\n                                    <\/div>\n                <div class=\"ali-right\">\n                        \n                <\/div>\n            <\/div>\n        <\/div>\n    <\/div>\n<\/div>\t\t\t<\/div>\n\t\t\t\t\t<div class=\"col-md-3 col-sm-4 col-xs-6 sm-clearfix  product type-product post-64235 status-publish onbackorder product_cat-bernina-fr product_cat-pieds-de-biche has-post-thumbnail sale taxable shipping-taxable purchasable product-type-simple\">\n\t\t\t \t<div class=\"product-block grid-v4\" data-product-id=\"64235\">\n    <div class=\"grid-inner\">\n        <div class=\"block-inner\">\n            <figure class=\"image\">\n                        <a title=\"Multisupport de bobines 0089837500\" href=\"https:\/\/www.maisonschwind.lu\/fr\/produit\/multisupport-de-bobines-0089837500\/\" class=\"product-image\">\n            <img loading=\"lazy\" width=\"300\" height=\"300\" src=\"data:image\/svg+xml;charset=utf-8,%3Csvg%20xmlns%3D&#039;http%3A%2F%2Fwww.w3.org%2F2000%2Fsvg&#039;%20viewBox%3D&#039;0%200%20300%20300&#039;%2F%3E\" class=\"attachment-woocommerce_thumbnail size-woocommerce_thumbnail image-no-effect unveil-image\" alt=\"\" data-src=\"https:\/\/www.maisonschwind.lu\/shop\/wp-content\/uploads\/2026\/02\/porte-bobine-multiple-pour-10-bobines-bernina-_1-300x300.jpeg\" data-srcset=\"https:\/\/www.maisonschwind.lu\/shop\/wp-content\/uploads\/2026\/02\/porte-bobine-multiple-pour-10-bobines-bernina-_1-300x300.jpeg 300w, https:\/\/www.maisonschwind.lu\/shop\/wp-content\/uploads\/2026\/02\/porte-bobine-multiple-pour-10-bobines-bernina-_1-150x150.jpeg 150w, https:\/\/www.maisonschwind.lu\/shop\/wp-content\/uploads\/2026\/02\/porte-bobine-multiple-pour-10-bobines-bernina-_1-160x160.jpeg 160w, https:\/\/www.maisonschwind.lu\/shop\/wp-content\/uploads\/2026\/02\/porte-bobine-multiple-pour-10-bobines-bernina-_1.jpeg 400w\" data-sizes=\"(max-width: 300px) 100vw, 300px\" \/>        <\/a>\n        <div class='sale-perc'>-10%<\/div>            <\/figure>\n            <div class=\"groups-button flex-middle justify-content-center\">\n                \n                                    <div class=\"view\">\n                        <a href=\"javascript:void(0);\" class=\"quickview\" data-product_id=\"64235\">\n                            <i class=\"ti-eye\"><\/i>\n                        <\/a>\n                    <\/div>\n                \n                \n            <\/div> \n        <\/div>\n        <div class=\"metas clearfix\">\n            <div class=\"flex\">\n                <div class=\"clearfix\">\n                            <div class=\"product-cat\">\n        <a href=\"https:\/\/www.maisonschwind.lu\/fr\/categorie-produit\/marques\/bernina-fr\/\">Bernina<\/a>        <\/div>\n    \n                    <h3 class=\"name\"><a href=\"https:\/\/www.maisonschwind.lu\/fr\/produit\/multisupport-de-bobines-0089837500\/\">Multisupport de bobines 0089837500<\/a><\/h3>\n                                    <\/div>\n                <div class=\"ali-right\">\n                        \n                <\/div>\n            <\/div>\n        <\/div>\n    <\/div>\n<\/div>\t\t\t<\/div>\n\t\t\t\t\t<div class=\"col-md-3 col-sm-4 col-xs-6 xs-clearfix  product type-product post-64228 status-publish onbackorder product_cat-bernina-fr product_cat-pieds-de-biche has-post-thumbnail sale taxable shipping-taxable purchasable product-type-simple\">\n\t\t\t \t<div class=\"product-block grid-v4\" data-product-id=\"64228\">\n    <div class=\"grid-inner\">\n        <div class=\"block-inner\">\n            <figure class=\"image\">\n                        <a title=\"Aiguille de feutrage (court) 0339407000\" href=\"https:\/\/www.maisonschwind.lu\/fr\/produit\/aiguille-de-feutrage-court-0339407000\/\" class=\"product-image\">\n            <img loading=\"lazy\" width=\"300\" height=\"300\" src=\"data:image\/svg+xml;charset=utf-8,%3Csvg%20xmlns%3D&#039;http%3A%2F%2Fwww.w3.org%2F2000%2Fsvg&#039;%20viewBox%3D&#039;0%200%20300%20300&#039;%2F%3E\" class=\"attachment-woocommerce_thumbnail size-woocommerce_thumbnail image-no-effect unveil-image\" alt=\"\" data-src=\"https:\/\/www.maisonschwind.lu\/shop\/wp-content\/uploads\/2026\/02\/aiguilles-punch-5-5-bernina-crochet-rl-cb-_1-300x300.jpeg\" data-srcset=\"https:\/\/www.maisonschwind.lu\/shop\/wp-content\/uploads\/2026\/02\/aiguilles-punch-5-5-bernina-crochet-rl-cb-_1-300x300.jpeg 300w, https:\/\/www.maisonschwind.lu\/shop\/wp-content\/uploads\/2026\/02\/aiguilles-punch-5-5-bernina-crochet-rl-cb-_1-150x150.jpeg 150w, https:\/\/www.maisonschwind.lu\/shop\/wp-content\/uploads\/2026\/02\/aiguilles-punch-5-5-bernina-crochet-rl-cb-_1-160x160.jpeg 160w, https:\/\/www.maisonschwind.lu\/shop\/wp-content\/uploads\/2026\/02\/aiguilles-punch-5-5-bernina-crochet-rl-cb-_1.jpeg 400w\" data-sizes=\"(max-width: 300px) 100vw, 300px\" \/>        <\/a>\n        <div class='sale-perc'>-10%<\/div>            <\/figure>\n            <div class=\"groups-button flex-middle justify-content-center\">\n                \n                                    <div class=\"view\">\n                        <a href=\"javascript:void(0);\" class=\"quickview\" data-product_id=\"64228\">\n                            <i class=\"ti-eye\"><\/i>\n                        <\/a>\n                    <\/div>\n                \n                \n            <\/div> \n        <\/div>\n        <div class=\"metas clearfix\">\n            <div class=\"flex\">\n                <div class=\"clearfix\">\n                            <div class=\"product-cat\">\n        <a href=\"https:\/\/www.maisonschwind.lu\/fr\/categorie-produit\/marques\/bernina-fr\/\">Bernina<\/a>        <\/div>\n    \n                    <h3 class=\"name\"><a href=\"https:\/\/www.maisonschwind.lu\/fr\/produit\/aiguille-de-feutrage-court-0339407000\/\">Aiguille de feutrage (court) 0339407000<\/a><\/h3>\n                                    <\/div>\n                <div class=\"ali-right\">\n                        \n                <\/div>\n            <\/div>\n        <\/div>\n    <\/div>\n<\/div>\t\t\t<\/div>\n\t\t\t\t\t<div class=\"col-md-3 col-sm-4 col-xs-6 product type-product post-64224 status-publish last onbackorder product_cat-bernina-fr product_cat-pieds-de-biche has-post-thumbnail sale taxable shipping-taxable purchasable product-type-simple\">\n\t\t\t \t<div class=\"product-block grid-v4\" data-product-id=\"64224\">\n    <div class=\"grid-inner\">\n        <div class=\"block-inner\">\n            <figure class=\"image\">\n                        <a title=\"Aiguille de feutrage 0321787100 (long)\" href=\"https:\/\/www.maisonschwind.lu\/fr\/produit\/aiguille-de-feutrage-0321787100-long\/\" class=\"product-image\">\n            <img loading=\"lazy\" width=\"300\" height=\"300\" src=\"data:image\/svg+xml;charset=utf-8,%3Csvg%20xmlns%3D&#039;http%3A%2F%2Fwww.w3.org%2F2000%2Fsvg&#039;%20viewBox%3D&#039;0%200%20300%20300&#039;%2F%3E\" class=\"attachment-woocommerce_thumbnail size-woocommerce_thumbnail image-no-effect unveil-image\" alt=\"\" data-src=\"https:\/\/www.maisonschwind.lu\/shop\/wp-content\/uploads\/2026\/02\/aiguilles-punch-5-bernina-crochet-cb-_1-300x300.jpeg\" data-srcset=\"https:\/\/www.maisonschwind.lu\/shop\/wp-content\/uploads\/2026\/02\/aiguilles-punch-5-bernina-crochet-cb-_1-300x300.jpeg 300w, https:\/\/www.maisonschwind.lu\/shop\/wp-content\/uploads\/2026\/02\/aiguilles-punch-5-bernina-crochet-cb-_1-150x150.jpeg 150w, https:\/\/www.maisonschwind.lu\/shop\/wp-content\/uploads\/2026\/02\/aiguilles-punch-5-bernina-crochet-cb-_1-160x160.jpeg 160w, https:\/\/www.maisonschwind.lu\/shop\/wp-content\/uploads\/2026\/02\/aiguilles-punch-5-bernina-crochet-cb-_1.jpeg 400w\" data-sizes=\"(max-width: 300px) 100vw, 300px\" \/>        <\/a>\n        <div class='sale-perc'>-10%<\/div>            <\/figure>\n            <div class=\"groups-button flex-middle justify-content-center\">\n                \n                                    <div class=\"view\">\n                        <a href=\"javascript:void(0);\" class=\"quickview\" data-product_id=\"64224\">\n                            <i class=\"ti-eye\"><\/i>\n                        <\/a>\n                    <\/div>\n                \n                \n            <\/div> \n        <\/div>\n        <div class=\"metas clearfix\">\n            <div class=\"flex\">\n                <div class=\"clearfix\">\n                            <div class=\"product-cat\">\n        <a href=\"https:\/\/www.maisonschwind.lu\/fr\/categorie-produit\/marques\/bernina-fr\/\">Bernina<\/a>        <\/div>\n    \n                    <h3 class=\"name\"><a href=\"https:\/\/www.maisonschwind.lu\/fr\/produit\/aiguille-de-feutrage-0321787100-long\/\">Aiguille de feutrage 0321787100 (long)<\/a><\/h3>\n                                    <\/div>\n                <div class=\"ali-right\">\n                        \n                <\/div>\n            <\/div>\n        <\/div>\n    <\/div>\n<\/div>\t\t\t<\/div>\n\t\t\t\t\t<div class=\"col-md-3 col-sm-4 col-xs-6 md-clearfix lg-clearfix  sm-clearfix  xs-clearfix  product type-product post-64220 status-publish first onbackorder product_cat-bernina-fr product_cat-pieds-de-biche has-post-thumbnail sale taxable shipping-taxable purchasable product-type-simple\">\n\t\t\t \t<div class=\"product-block grid-v4\" data-product-id=\"64220\">\n    <div class=\"grid-inner\">\n        <div class=\"block-inner\">\n            <figure class=\"image\">\n                        <a title=\"Outil PunchWork pour les crochets RL, B9 et BERNINA 0336787200\" href=\"https:\/\/www.maisonschwind.lu\/fr\/produit\/outil-punchwork-pour-les-crochets-rl-b9-et-bernina-0336787200\/\" class=\"product-image\">\n            <img loading=\"lazy\" width=\"300\" height=\"300\" src=\"data:image\/svg+xml;charset=utf-8,%3Csvg%20xmlns%3D&#039;http%3A%2F%2Fwww.w3.org%2F2000%2Fsvg&#039;%20viewBox%3D&#039;0%200%20300%20300&#039;%2F%3E\" class=\"attachment-woocommerce_thumbnail size-woocommerce_thumbnail image-no-effect unveil-image\" alt=\"\" data-src=\"https:\/\/www.maisonschwind.lu\/shop\/wp-content\/uploads\/2026\/02\/kit-punch-set-feutrage-45-crochet-rl-_1-300x300.jpeg\" data-srcset=\"https:\/\/www.maisonschwind.lu\/shop\/wp-content\/uploads\/2026\/02\/kit-punch-set-feutrage-45-crochet-rl-_1-300x300.jpeg 300w, https:\/\/www.maisonschwind.lu\/shop\/wp-content\/uploads\/2026\/02\/kit-punch-set-feutrage-45-crochet-rl-_1-150x150.jpeg 150w, https:\/\/www.maisonschwind.lu\/shop\/wp-content\/uploads\/2026\/02\/kit-punch-set-feutrage-45-crochet-rl-_1-160x160.jpeg 160w, https:\/\/www.maisonschwind.lu\/shop\/wp-content\/uploads\/2026\/02\/kit-punch-set-feutrage-45-crochet-rl-_1.jpeg 400w\" data-sizes=\"(max-width: 300px) 100vw, 300px\" \/>        <\/a>\n        <div class='sale-perc'>-10%<\/div>            <\/figure>\n            <div class=\"groups-button flex-middle justify-content-center\">\n                \n                                    <div class=\"view\">\n                        <a href=\"javascript:void(0);\" class=\"quickview\" data-product_id=\"64220\">\n                            <i class=\"ti-eye\"><\/i>\n                        <\/a>\n                    <\/div>\n                \n                \n            <\/div> \n        <\/div>\n        <div class=\"metas clearfix\">\n            <div class=\"flex\">\n                <div class=\"clearfix\">\n                            <div class=\"product-cat\">\n        <a href=\"https:\/\/www.maisonschwind.lu\/fr\/categorie-produit\/marques\/bernina-fr\/\">Bernina<\/a>        <\/div>\n    \n                    <h3 class=\"name\"><a href=\"https:\/\/www.maisonschwind.lu\/fr\/produit\/outil-punchwork-pour-les-crochets-rl-b9-et-bernina-0336787200\/\">Outil PunchWork pour les crochets RL, B9 et BERNINA 0336787200<\/a><\/h3>\n                                    <\/div>\n                <div class=\"ali-right\">\n                        \n                <\/div>\n            <\/div>\n        <\/div>\n    <\/div>\n<\/div>\t\t\t<\/div>\n\t\t\t\t\t<div class=\"col-md-3 col-sm-4 col-xs-6 product type-product post-64215 status-publish onbackorder product_cat-bernina-fr product_cat-pieds-de-biche has-post-thumbnail sale taxable shipping-taxable purchasable product-type-simple\">\n\t\t\t \t<div class=\"product-block grid-v4\" data-product-id=\"64215\">\n    <div class=\"grid-inner\">\n        <div class=\"block-inner\">\n            <figure class=\"image\">\n                        <a title=\"Outil PunchWork pour le crochet CB 0315717200\" href=\"https:\/\/www.maisonschwind.lu\/fr\/produit\/outil-punchwork-pour-le-crochet-cb-0315717200\/\" class=\"product-image\">\n            <img loading=\"lazy\" width=\"300\" height=\"300\" src=\"data:image\/svg+xml;charset=utf-8,%3Csvg%20xmlns%3D&#039;http%3A%2F%2Fwww.w3.org%2F2000%2Fsvg&#039;%20viewBox%3D&#039;0%200%20300%20300&#039;%2F%3E\" class=\"attachment-woocommerce_thumbnail size-woocommerce_thumbnail image-no-effect unveil-image\" alt=\"\" data-src=\"https:\/\/www.maisonschwind.lu\/shop\/wp-content\/uploads\/2026\/02\/kit-punch-set-feutrage-pour-crochet-cb-_1-300x300.jpeg\" data-srcset=\"https:\/\/www.maisonschwind.lu\/shop\/wp-content\/uploads\/2026\/02\/kit-punch-set-feutrage-pour-crochet-cb-_1-300x300.jpeg 300w, https:\/\/www.maisonschwind.lu\/shop\/wp-content\/uploads\/2026\/02\/kit-punch-set-feutrage-pour-crochet-cb-_1-150x150.jpeg 150w, https:\/\/www.maisonschwind.lu\/shop\/wp-content\/uploads\/2026\/02\/kit-punch-set-feutrage-pour-crochet-cb-_1-160x160.jpeg 160w, https:\/\/www.maisonschwind.lu\/shop\/wp-content\/uploads\/2026\/02\/kit-punch-set-feutrage-pour-crochet-cb-_1.jpeg 400w\" data-sizes=\"(max-width: 300px) 100vw, 300px\" \/>        <\/a>\n        <div class='sale-perc'>-10%<\/div>            <\/figure>\n            <div class=\"groups-button flex-middle justify-content-center\">\n                \n                                    <div class=\"view\">\n                        <a href=\"javascript:void(0);\" class=\"quickview\" data-product_id=\"64215\">\n                            <i class=\"ti-eye\"><\/i>\n                        <\/a>\n                    <\/div>\n                \n                \n            <\/div> \n        <\/div>\n        <div class=\"metas clearfix\">\n            <div class=\"flex\">\n                <div class=\"clearfix\">\n                            <div class=\"product-cat\">\n        <a href=\"https:\/\/www.maisonschwind.lu\/fr\/categorie-produit\/marques\/bernina-fr\/\">Bernina<\/a>        <\/div>\n    \n                    <h3 class=\"name\"><a href=\"https:\/\/www.maisonschwind.lu\/fr\/produit\/outil-punchwork-pour-le-crochet-cb-0315717200\/\">Outil PunchWork pour le crochet CB 0315717200<\/a><\/h3>\n                                    <\/div>\n                <div class=\"ali-right\">\n                        \n                <\/div>\n            <\/div>\n        <\/div>\n    <\/div>\n<\/div>\t\t\t<\/div>\n\t\t\t\t\t<div class=\"col-md-3 col-sm-4 col-xs-6 xs-clearfix  product type-product post-64147 status-publish onbackorder product_cat-bernina-fr product_cat-pieds-de-biche has-post-thumbnail sale taxable shipping-taxable purchasable product-type-simple\">\n\t\t\t \t<div class=\"product-block grid-v4\" data-product-id=\"64147\">\n    <div class=\"grid-inner\">\n        <div class=\"block-inner\">\n            <figure class=\"image\">\n                        <a title=\"Kit de loupes 0082647500\" href=\"https:\/\/www.maisonschwind.lu\/fr\/produit\/kit-de-loupes-0082647500\/\" class=\"product-image\">\n            <img loading=\"lazy\" width=\"300\" height=\"300\" src=\"data:image\/svg+xml;charset=utf-8,%3Csvg%20xmlns%3D&#039;http%3A%2F%2Fwww.w3.org%2F2000%2Fsvg&#039;%20viewBox%3D&#039;0%200%20300%20300&#039;%2F%3E\" class=\"attachment-woocommerce_thumbnail size-woocommerce_thumbnail image-no-effect unveil-image\" alt=\"\" data-src=\"https:\/\/www.maisonschwind.lu\/shop\/wp-content\/uploads\/2026\/02\/kit-complet-de-loupes-bernina-_1-300x300.jpeg\" data-srcset=\"https:\/\/www.maisonschwind.lu\/shop\/wp-content\/uploads\/2026\/02\/kit-complet-de-loupes-bernina-_1-300x300.jpeg 300w, https:\/\/www.maisonschwind.lu\/shop\/wp-content\/uploads\/2026\/02\/kit-complet-de-loupes-bernina-_1-150x150.jpeg 150w, https:\/\/www.maisonschwind.lu\/shop\/wp-content\/uploads\/2026\/02\/kit-complet-de-loupes-bernina-_1-160x160.jpeg 160w, https:\/\/www.maisonschwind.lu\/shop\/wp-content\/uploads\/2026\/02\/kit-complet-de-loupes-bernina-_1.jpeg 400w\" data-sizes=\"(max-width: 300px) 100vw, 300px\" \/>        <\/a>\n        <div class='sale-perc'>-10%<\/div>            <\/figure>\n            <div class=\"groups-button flex-middle justify-content-center\">\n                \n                                    <div class=\"view\">\n                        <a href=\"javascript:void(0);\" class=\"quickview\" data-product_id=\"64147\">\n                            <i class=\"ti-eye\"><\/i>\n                        <\/a>\n                    <\/div>\n                \n                \n            <\/div> \n        <\/div>\n        <div class=\"metas clearfix\">\n            <div class=\"flex\">\n                <div class=\"clearfix\">\n                            <div class=\"product-cat\">\n        <a href=\"https:\/\/www.maisonschwind.lu\/fr\/categorie-produit\/marques\/bernina-fr\/\">Bernina<\/a>        <\/div>\n    \n                    <h3 class=\"name\"><a href=\"https:\/\/www.maisonschwind.lu\/fr\/produit\/kit-de-loupes-0082647500\/\">Kit de loupes 0082647500<\/a><\/h3>\n                                    <\/div>\n                <div class=\"ali-right\">\n                        \n                <\/div>\n            <\/div>\n        <\/div>\n    <\/div>\n<\/div>\t\t\t<\/div>\n\t\t\t\t\t<div class=\"col-md-3 col-sm-4 col-xs-6 sm-clearfix  product type-product post-64110 status-publish last onbackorder product_cat-bernina-fr product_cat-pieds-de-biche has-post-thumbnail sale taxable shipping-taxable purchasable product-type-simple\">\n\t\t\t \t<div class=\"product-block grid-v4\" data-product-id=\"64110\">\n    <div class=\"grid-inner\">\n        <div class=\"block-inner\">\n            <figure class=\"image\">\n                        <a title=\"Fluide silicone pour l&#8217;unit\u00e9 guide fil 0319635100\" href=\"https:\/\/www.maisonschwind.lu\/fr\/produit\/fluide-silicone-pour-lunite-guide-fil-0319635100\/\" class=\"product-image\">\n            <img loading=\"lazy\" width=\"300\" height=\"300\" src=\"data:image\/svg+xml;charset=utf-8,%3Csvg%20xmlns%3D&#039;http%3A%2F%2Fwww.w3.org%2F2000%2Fsvg&#039;%20viewBox%3D&#039;0%200%20300%20300&#039;%2F%3E\" class=\"attachment-woocommerce_thumbnail size-woocommerce_thumbnail image-no-effect unveil-image\" alt=\"\" data-src=\"https:\/\/www.maisonschwind.lu\/shop\/wp-content\/uploads\/2026\/01\/huile-silicone-pour-guide-fil-metallique-1-300x300.jpeg\" data-srcset=\"https:\/\/www.maisonschwind.lu\/shop\/wp-content\/uploads\/2026\/01\/huile-silicone-pour-guide-fil-metallique-1-300x300.jpeg 300w, https:\/\/www.maisonschwind.lu\/shop\/wp-content\/uploads\/2026\/01\/huile-silicone-pour-guide-fil-metallique-1-150x150.jpeg 150w, https:\/\/www.maisonschwind.lu\/shop\/wp-content\/uploads\/2026\/01\/huile-silicone-pour-guide-fil-metallique-1-160x160.jpeg 160w, https:\/\/www.maisonschwind.lu\/shop\/wp-content\/uploads\/2026\/01\/huile-silicone-pour-guide-fil-metallique-1.jpeg 400w\" data-sizes=\"(max-width: 300px) 100vw, 300px\" \/>        <\/a>\n        <div class='sale-perc'>-10%<\/div>            <\/figure>\n            <div class=\"groups-button flex-middle justify-content-center\">\n                \n                                    <div class=\"view\">\n                        <a href=\"javascript:void(0);\" class=\"quickview\" data-product_id=\"64110\">\n                            <i class=\"ti-eye\"><\/i>\n                        <\/a>\n                    <\/div>\n                \n                \n            <\/div> \n        <\/div>\n        <div class=\"metas clearfix\">\n            <div class=\"flex\">\n                <div class=\"clearfix\">\n                            <div class=\"product-cat\">\n        <a href=\"https:\/\/www.maisonschwind.lu\/fr\/categorie-produit\/marques\/bernina-fr\/\">Bernina<\/a>        <\/div>\n    \n                    <h3 class=\"name\"><a href=\"https:\/\/www.maisonschwind.lu\/fr\/produit\/fluide-silicone-pour-lunite-guide-fil-0319635100\/\">Fluide silicone pour l&#8217;unit\u00e9 guide fil 0319635100<\/a><\/h3>\n                                    <\/div>\n                <div class=\"ali-right\">\n                        \n                <\/div>\n            <\/div>\n        <\/div>\n    <\/div>\n<\/div>\t\t\t<\/div>\n\t\t\t\t\t<div class=\"col-md-3 col-sm-4 col-xs-6 md-clearfix lg-clearfix  xs-clearfix  product type-product post-64106 status-publish first onbackorder product_cat-bernina-fr product_cat-pieds-de-biche has-post-thumbnail sale taxable shipping-taxable purchasable product-type-simple\">\n\t\t\t \t<div class=\"product-block grid-v4\" data-product-id=\"64106\">\n    <div class=\"grid-inner\">\n        <div class=\"block-inner\">\n            <figure class=\"image\">\n                        <a title=\"Unit\u00e9 guide fil 0335967000\" href=\"https:\/\/www.maisonschwind.lu\/fr\/produit\/unite-guide-fil-0335967000\/\" class=\"product-image\">\n            <img loading=\"lazy\" width=\"300\" height=\"300\" src=\"data:image\/svg+xml;charset=utf-8,%3Csvg%20xmlns%3D&#039;http%3A%2F%2Fwww.w3.org%2F2000%2Fsvg&#039;%20viewBox%3D&#039;0%200%20300%20300&#039;%2F%3E\" class=\"attachment-woocommerce_thumbnail size-woocommerce_thumbnail image-no-effect unveil-image\" alt=\"\" data-src=\"https:\/\/www.maisonschwind.lu\/shop\/wp-content\/uploads\/2026\/01\/15534-_-_-_-_-Bernina-710750770780790-0311617200-Lubrication-unit-_1_-600x400-1-300x300.jpg\" data-srcset=\"https:\/\/www.maisonschwind.lu\/shop\/wp-content\/uploads\/2026\/01\/15534-_-_-_-_-Bernina-710750770780790-0311617200-Lubrication-unit-_1_-600x400-1-300x300.jpg 300w, https:\/\/www.maisonschwind.lu\/shop\/wp-content\/uploads\/2026\/01\/15534-_-_-_-_-Bernina-710750770780790-0311617200-Lubrication-unit-_1_-600x400-1-150x150.jpg 150w, https:\/\/www.maisonschwind.lu\/shop\/wp-content\/uploads\/2026\/01\/15534-_-_-_-_-Bernina-710750770780790-0311617200-Lubrication-unit-_1_-600x400-1-160x160.jpg 160w, https:\/\/www.maisonschwind.lu\/shop\/wp-content\/uploads\/2026\/01\/15534-_-_-_-_-Bernina-710750770780790-0311617200-Lubrication-unit-_1_-600x400-1.jpg 400w\" data-sizes=\"(max-width: 300px) 100vw, 300px\" \/>        <\/a>\n        <div class='sale-perc'>-10%<\/div>            <\/figure>\n            <div class=\"groups-button flex-middle justify-content-center\">\n                \n                                    <div class=\"view\">\n                        <a href=\"javascript:void(0);\" class=\"quickview\" data-product_id=\"64106\">\n                            <i class=\"ti-eye\"><\/i>\n                        <\/a>\n                    <\/div>\n                \n                \n            <\/div> \n        <\/div>\n        <div class=\"metas clearfix\">\n            <div class=\"flex\">\n                <div class=\"clearfix\">\n                            <div class=\"product-cat\">\n        <a href=\"https:\/\/www.maisonschwind.lu\/fr\/categorie-produit\/marques\/bernina-fr\/\">Bernina<\/a>        <\/div>\n    \n                    <h3 class=\"name\"><a href=\"https:\/\/www.maisonschwind.lu\/fr\/produit\/unite-guide-fil-0335967000\/\">Unit\u00e9 guide fil 0335967000<\/a><\/h3>\n                                    <\/div>\n                <div class=\"ali-right\">\n                        \n                <\/div>\n            <\/div>\n        <\/div>\n    <\/div>\n<\/div>\t\t\t<\/div>\n\t\t\t\t\t<div class=\"col-md-3 col-sm-4 col-xs-6 product type-product post-64102 status-publish onbackorder product_cat-bernina-fr product_cat-pieds-de-biche has-post-thumbnail sale taxable shipping-taxable purchasable product-type-simple\">\n\t\t\t \t<div class=\"product-block grid-v4\" data-product-id=\"64102\">\n    <div class=\"grid-inner\">\n        <div class=\"block-inner\">\n            <figure class=\"image\">\n                        <a title=\"Unit\u00e9 guide fil 0311617300\" href=\"https:\/\/www.maisonschwind.lu\/fr\/produit\/unite-guide-fil-0311617300\/\" class=\"product-image\">\n            <img loading=\"lazy\" width=\"300\" height=\"300\" src=\"data:image\/svg+xml;charset=utf-8,%3Csvg%20xmlns%3D&#039;http%3A%2F%2Fwww.w3.org%2F2000%2Fsvg&#039;%20viewBox%3D&#039;0%200%20300%20300&#039;%2F%3E\" class=\"attachment-woocommerce_thumbnail size-woocommerce_thumbnail image-no-effect unveil-image\" alt=\"\" data-src=\"https:\/\/www.maisonschwind.lu\/shop\/wp-content\/uploads\/2026\/01\/15534-_-_-_-_-Bernina-710750770780790-0311617200-Lubrication-unit-_1_-600x400-1-300x300.jpg\" data-srcset=\"https:\/\/www.maisonschwind.lu\/shop\/wp-content\/uploads\/2026\/01\/15534-_-_-_-_-Bernina-710750770780790-0311617200-Lubrication-unit-_1_-600x400-1-300x300.jpg 300w, https:\/\/www.maisonschwind.lu\/shop\/wp-content\/uploads\/2026\/01\/15534-_-_-_-_-Bernina-710750770780790-0311617200-Lubrication-unit-_1_-600x400-1-150x150.jpg 150w, https:\/\/www.maisonschwind.lu\/shop\/wp-content\/uploads\/2026\/01\/15534-_-_-_-_-Bernina-710750770780790-0311617200-Lubrication-unit-_1_-600x400-1-160x160.jpg 160w, https:\/\/www.maisonschwind.lu\/shop\/wp-content\/uploads\/2026\/01\/15534-_-_-_-_-Bernina-710750770780790-0311617200-Lubrication-unit-_1_-600x400-1.jpg 400w\" data-sizes=\"(max-width: 300px) 100vw, 300px\" \/>        <\/a>\n        <div class='sale-perc'>-10%<\/div>            <\/figure>\n            <div class=\"groups-button flex-middle justify-content-center\">\n                \n                                    <div class=\"view\">\n                        <a href=\"javascript:void(0);\" class=\"quickview\" data-product_id=\"64102\">\n                            <i class=\"ti-eye\"><\/i>\n                        <\/a>\n                    <\/div>\n                \n                \n            <\/div> \n        <\/div>\n        <div class=\"metas clearfix\">\n            <div class=\"flex\">\n                <div class=\"clearfix\">\n                            <div class=\"product-cat\">\n        <a href=\"https:\/\/www.maisonschwind.lu\/fr\/categorie-produit\/marques\/bernina-fr\/\">Bernina<\/a>        <\/div>\n    \n                    <h3 class=\"name\"><a href=\"https:\/\/www.maisonschwind.lu\/fr\/produit\/unite-guide-fil-0311617300\/\">Unit\u00e9 guide fil 0311617300<\/a><\/h3>\n                                    <\/div>\n                <div class=\"ali-right\">\n                        \n                <\/div>\n            <\/div>\n        <\/div>\n    <\/div>\n<\/div>\t\t\t<\/div>\n\t\t\t\t\t<div class=\"col-md-3 col-sm-4 col-xs-6 sm-clearfix  xs-clearfix  product type-product post-64098 status-publish onbackorder product_cat-bernina-fr product_cat-pieds-de-biche has-post-thumbnail sale taxable shipping-taxable purchasable product-type-simple\">\n\t\t\t \t<div class=\"product-block grid-v4\" data-product-id=\"64098\">\n    <div class=\"grid-inner\">\n        <div class=\"block-inner\">\n            <figure class=\"image\">\n                        <a title=\"\u0152illet en m\u00e9tal et pour fil de soie 0088147200\" href=\"https:\/\/www.maisonschwind.lu\/fr\/produit\/oeillet-en-metal-et-pour-fil-de-soie-0088147200\/\" class=\"product-image\">\n            <img loading=\"lazy\" width=\"300\" height=\"300\" src=\"data:image\/svg+xml;charset=utf-8,%3Csvg%20xmlns%3D&#039;http%3A%2F%2Fwww.w3.org%2F2000%2Fsvg&#039;%20viewBox%3D&#039;0%200%20300%20300&#039;%2F%3E\" class=\"attachment-woocommerce_thumbnail size-woocommerce_thumbnail image-no-effect unveil-image\" alt=\"\" data-src=\"https:\/\/www.maisonschwind.lu\/shop\/wp-content\/uploads\/2026\/01\/guide-oeillet-pour-fils-metal-et-soie-1-300x300.jpeg\" data-srcset=\"https:\/\/www.maisonschwind.lu\/shop\/wp-content\/uploads\/2026\/01\/guide-oeillet-pour-fils-metal-et-soie-1-300x300.jpeg 300w, https:\/\/www.maisonschwind.lu\/shop\/wp-content\/uploads\/2026\/01\/guide-oeillet-pour-fils-metal-et-soie-1-150x150.jpeg 150w, https:\/\/www.maisonschwind.lu\/shop\/wp-content\/uploads\/2026\/01\/guide-oeillet-pour-fils-metal-et-soie-1-160x160.jpeg 160w, https:\/\/www.maisonschwind.lu\/shop\/wp-content\/uploads\/2026\/01\/guide-oeillet-pour-fils-metal-et-soie-1.jpeg 400w\" data-sizes=\"(max-width: 300px) 100vw, 300px\" \/>        <\/a>\n        <div class='sale-perc'>-10%<\/div>            <\/figure>\n            <div class=\"groups-button flex-middle justify-content-center\">\n                \n                                    <div class=\"view\">\n                        <a href=\"javascript:void(0);\" class=\"quickview\" data-product_id=\"64098\">\n                            <i class=\"ti-eye\"><\/i>\n                        <\/a>\n                    <\/div>\n                \n                \n            <\/div> \n        <\/div>\n        <div class=\"metas clearfix\">\n            <div class=\"flex\">\n                <div class=\"clearfix\">\n                            <div class=\"product-cat\">\n        <a href=\"https:\/\/www.maisonschwind.lu\/fr\/categorie-produit\/marques\/bernina-fr\/\">Bernina<\/a>        <\/div>\n    \n                    <h3 class=\"name\"><a href=\"https:\/\/www.maisonschwind.lu\/fr\/produit\/oeillet-en-metal-et-pour-fil-de-soie-0088147200\/\">\u0152illet en m\u00e9tal et pour fil de soie 0088147200<\/a><\/h3>\n                                    <\/div>\n                <div class=\"ali-right\">\n                        \n                <\/div>\n            <\/div>\n        <\/div>\n    <\/div>\n<\/div>\t\t\t<\/div>\n\t\t\t\t\t<div class=\"col-md-3 col-sm-4 col-xs-6 product type-product post-64094 status-publish last onbackorder product_cat-bernina-fr product_cat-pieds-de-biche has-post-thumbnail sale taxable shipping-taxable purchasable product-type-simple\">\n\t\t\t \t<div class=\"product-block grid-v4\" data-product-id=\"64094\">\n    <div class=\"grid-inner\">\n        <div class=\"block-inner\">\n            <figure class=\"image\">\n                        <a title=\"Appareil pour le reprisage des bas 0015487103\" href=\"https:\/\/www.maisonschwind.lu\/fr\/produit\/appareil-pour-le-reprisage-des-bas-0015487103\/\" class=\"product-image\">\n            <img loading=\"lazy\" width=\"300\" height=\"300\" src=\"data:image\/svg+xml;charset=utf-8,%3Csvg%20xmlns%3D&#039;http%3A%2F%2Fwww.w3.org%2F2000%2Fsvg&#039;%20viewBox%3D&#039;0%200%20300%20300&#039;%2F%3E\" class=\"attachment-woocommerce_thumbnail size-woocommerce_thumbnail image-no-effect unveil-image\" alt=\"\" data-src=\"https:\/\/www.maisonschwind.lu\/shop\/wp-content\/uploads\/2026\/01\/appareil-pour-le-reprisage-des-bas-bernina-1-300x300.jpeg\" data-srcset=\"https:\/\/www.maisonschwind.lu\/shop\/wp-content\/uploads\/2026\/01\/appareil-pour-le-reprisage-des-bas-bernina-1-300x300.jpeg 300w, https:\/\/www.maisonschwind.lu\/shop\/wp-content\/uploads\/2026\/01\/appareil-pour-le-reprisage-des-bas-bernina-1-150x150.jpeg 150w, https:\/\/www.maisonschwind.lu\/shop\/wp-content\/uploads\/2026\/01\/appareil-pour-le-reprisage-des-bas-bernina-1-160x160.jpeg 160w, https:\/\/www.maisonschwind.lu\/shop\/wp-content\/uploads\/2026\/01\/appareil-pour-le-reprisage-des-bas-bernina-1.jpeg 400w\" data-sizes=\"(max-width: 300px) 100vw, 300px\" \/>        <\/a>\n        <div class='sale-perc'>-10%<\/div>            <\/figure>\n            <div class=\"groups-button flex-middle justify-content-center\">\n                \n                                    <div class=\"view\">\n                        <a href=\"javascript:void(0);\" class=\"quickview\" data-product_id=\"64094\">\n                            <i class=\"ti-eye\"><\/i>\n                        <\/a>\n                    <\/div>\n                \n                \n            <\/div> \n        <\/div>\n        <div class=\"metas clearfix\">\n            <div class=\"flex\">\n                <div class=\"clearfix\">\n                            <div class=\"product-cat\">\n        <a href=\"https:\/\/www.maisonschwind.lu\/fr\/categorie-produit\/marques\/bernina-fr\/\">Bernina<\/a>        <\/div>\n    \n                    <h3 class=\"name\"><a href=\"https:\/\/www.maisonschwind.lu\/fr\/produit\/appareil-pour-le-reprisage-des-bas-0015487103\/\">Appareil pour le reprisage des bas 0015487103<\/a><\/h3>\n                                    <\/div>\n                <div class=\"ali-right\">\n                        \n                <\/div>\n            <\/div>\n        <\/div>\n    <\/div>\n<\/div>\t\t\t<\/div>\n\t\t\t\t\t<div class=\"col-md-3 col-sm-4 col-xs-6 md-clearfix lg-clearfix  xs-clearfix  product type-product post-64090 status-publish first onbackorder product_cat-bernina-fr product_cat-pieds-de-biche has-post-thumbnail sale taxable shipping-taxable purchasable product-type-simple\">\n\t\t\t \t<div class=\"product-block grid-v4\" data-product-id=\"64090\">\n    <div class=\"grid-inner\">\n        <div class=\"block-inner\">\n            <figure class=\"image\">\n                        <a title=\"Appareil pour le reprisage des bas 0015487101\" href=\"https:\/\/www.maisonschwind.lu\/fr\/produit\/appareil-pour-le-reprisage-des-bas-0015487101\/\" class=\"product-image\">\n            <img loading=\"lazy\" width=\"300\" height=\"300\" src=\"data:image\/svg+xml;charset=utf-8,%3Csvg%20xmlns%3D&#039;http%3A%2F%2Fwww.w3.org%2F2000%2Fsvg&#039;%20viewBox%3D&#039;0%200%20300%20300&#039;%2F%3E\" class=\"attachment-woocommerce_thumbnail size-woocommerce_thumbnail image-no-effect unveil-image\" alt=\"\" data-src=\"https:\/\/www.maisonschwind.lu\/shop\/wp-content\/uploads\/2026\/01\/appareil-pour-le-reprisage-des-bas-bernina-1-300x300.jpeg\" data-srcset=\"https:\/\/www.maisonschwind.lu\/shop\/wp-content\/uploads\/2026\/01\/appareil-pour-le-reprisage-des-bas-bernina-1-300x300.jpeg 300w, https:\/\/www.maisonschwind.lu\/shop\/wp-content\/uploads\/2026\/01\/appareil-pour-le-reprisage-des-bas-bernina-1-150x150.jpeg 150w, https:\/\/www.maisonschwind.lu\/shop\/wp-content\/uploads\/2026\/01\/appareil-pour-le-reprisage-des-bas-bernina-1-160x160.jpeg 160w, https:\/\/www.maisonschwind.lu\/shop\/wp-content\/uploads\/2026\/01\/appareil-pour-le-reprisage-des-bas-bernina-1.jpeg 400w\" data-sizes=\"(max-width: 300px) 100vw, 300px\" \/>        <\/a>\n        <div class='sale-perc'>-10%<\/div>            <\/figure>\n            <div class=\"groups-button flex-middle justify-content-center\">\n                \n                                    <div class=\"view\">\n                        <a href=\"javascript:void(0);\" class=\"quickview\" data-product_id=\"64090\">\n                            <i class=\"ti-eye\"><\/i>\n                        <\/a>\n                    <\/div>\n                \n                \n            <\/div> \n        <\/div>\n        <div class=\"metas clearfix\">\n            <div class=\"flex\">\n                <div class=\"clearfix\">\n                            <div class=\"product-cat\">\n        <a href=\"https:\/\/www.maisonschwind.lu\/fr\/categorie-produit\/marques\/bernina-fr\/\">Bernina<\/a>        <\/div>\n    \n                    <h3 class=\"name\"><a href=\"https:\/\/www.maisonschwind.lu\/fr\/produit\/appareil-pour-le-reprisage-des-bas-0015487101\/\">Appareil pour le reprisage des bas 0015487101<\/a><\/h3>\n                                    <\/div>\n                <div class=\"ali-right\">\n                        \n                <\/div>\n            <\/div>\n        <\/div>\n    <\/div>\n<\/div>\t\t\t<\/div>\n\t\t\t\t\t<div class=\"col-md-3 col-sm-4 col-xs-6 sm-clearfix  product type-product post-63994 status-publish onbackorder product_cat-bernina-fr product_cat-pieds-de-biche has-post-thumbnail sale taxable shipping-taxable purchasable product-type-simple\">\n\t\t\t \t<div class=\"product-block grid-v4\" data-product-id=\"63994\">\n    <div class=\"grid-inner\">\n        <div class=\"block-inner\">\n            <figure class=\"image\">\n                        <a title=\"Kit de gabarits quilting 1069615000\" href=\"https:\/\/www.maisonschwind.lu\/fr\/produit\/kit-de-gabarits-quilting-1069615000\/\" class=\"product-image\">\n            <img loading=\"lazy\" width=\"300\" height=\"300\" src=\"data:image\/svg+xml;charset=utf-8,%3Csvg%20xmlns%3D&#039;http%3A%2F%2Fwww.w3.org%2F2000%2Fsvg&#039;%20viewBox%3D&#039;0%200%20300%20300&#039;%2F%3E\" class=\"attachment-woocommerce_thumbnail size-woocommerce_thumbnail image-no-effect unveil-image\" alt=\"\" data-src=\"https:\/\/www.maisonschwind.lu\/shop\/wp-content\/uploads\/2026\/01\/kit-de-regles-de-quilting-bordure-bernina-1-300x300.jpg\" data-srcset=\"https:\/\/www.maisonschwind.lu\/shop\/wp-content\/uploads\/2026\/01\/kit-de-regles-de-quilting-bordure-bernina-1-300x300.jpg 300w, https:\/\/www.maisonschwind.lu\/shop\/wp-content\/uploads\/2026\/01\/kit-de-regles-de-quilting-bordure-bernina-1-150x150.jpg 150w, https:\/\/www.maisonschwind.lu\/shop\/wp-content\/uploads\/2026\/01\/kit-de-regles-de-quilting-bordure-bernina-1-160x160.jpg 160w, https:\/\/www.maisonschwind.lu\/shop\/wp-content\/uploads\/2026\/01\/kit-de-regles-de-quilting-bordure-bernina-1.jpg 400w\" data-sizes=\"(max-width: 300px) 100vw, 300px\" \/>        <\/a>\n        <div class='sale-perc'>-10%<\/div>            <\/figure>\n            <div class=\"groups-button flex-middle justify-content-center\">\n                \n                                    <div class=\"view\">\n                        <a href=\"javascript:void(0);\" class=\"quickview\" data-product_id=\"63994\">\n                            <i class=\"ti-eye\"><\/i>\n                        <\/a>\n                    <\/div>\n                \n                \n            <\/div> \n        <\/div>\n        <div class=\"metas clearfix\">\n            <div class=\"flex\">\n                <div class=\"clearfix\">\n                            <div class=\"product-cat\">\n        <a href=\"https:\/\/www.maisonschwind.lu\/fr\/categorie-produit\/marques\/bernina-fr\/\">Bernina<\/a>        <\/div>\n    \n                    <h3 class=\"name\"><a href=\"https:\/\/www.maisonschwind.lu\/fr\/produit\/kit-de-gabarits-quilting-1069615000\/\">Kit de gabarits quilting 1069615000<\/a><\/h3>\n                                    <\/div>\n                <div class=\"ali-right\">\n                        \n                <\/div>\n            <\/div>\n        <\/div>\n    <\/div>\n<\/div>\t\t\t<\/div>\n\t\t\t\t\t<div class=\"col-md-3 col-sm-4 col-xs-6 xs-clearfix  product type-product post-63990 status-publish onbackorder product_cat-bernina-fr product_cat-pieds-de-biche has-post-thumbnail sale taxable shipping-taxable purchasable product-type-simple\">\n\t\t\t \t<div class=\"product-block grid-v4\" data-product-id=\"63990\">\n    <div class=\"grid-inner\">\n        <div class=\"block-inner\">\n            <figure class=\"image\">\n                        <a title=\"Kit de gabarits quilting 1069605000\" href=\"https:\/\/www.maisonschwind.lu\/fr\/produit\/kit-de-gabarits-quilting-1069605000\/\" class=\"product-image\">\n            <img loading=\"lazy\" width=\"300\" height=\"300\" src=\"data:image\/svg+xml;charset=utf-8,%3Csvg%20xmlns%3D&#039;http%3A%2F%2Fwww.w3.org%2F2000%2Fsvg&#039;%20viewBox%3D&#039;0%200%20300%20300&#039;%2F%3E\" class=\"attachment-woocommerce_thumbnail size-woocommerce_thumbnail image-no-effect unveil-image\" alt=\"\" data-src=\"https:\/\/www.maisonschwind.lu\/shop\/wp-content\/uploads\/2026\/01\/kit-de-regles-de-quilting-essentielles-bernina-1-300x300.jpg\" data-srcset=\"https:\/\/www.maisonschwind.lu\/shop\/wp-content\/uploads\/2026\/01\/kit-de-regles-de-quilting-essentielles-bernina-1-300x300.jpg 300w, https:\/\/www.maisonschwind.lu\/shop\/wp-content\/uploads\/2026\/01\/kit-de-regles-de-quilting-essentielles-bernina-1-150x150.jpg 150w, https:\/\/www.maisonschwind.lu\/shop\/wp-content\/uploads\/2026\/01\/kit-de-regles-de-quilting-essentielles-bernina-1-160x160.jpg 160w, https:\/\/www.maisonschwind.lu\/shop\/wp-content\/uploads\/2026\/01\/kit-de-regles-de-quilting-essentielles-bernina-1.jpg 400w\" data-sizes=\"(max-width: 300px) 100vw, 300px\" \/>        <\/a>\n        <div class='sale-perc'>-10%<\/div>            <\/figure>\n            <div class=\"groups-button flex-middle justify-content-center\">\n                \n                                    <div class=\"view\">\n                        <a href=\"javascript:void(0);\" class=\"quickview\" data-product_id=\"63990\">\n                            <i class=\"ti-eye\"><\/i>\n                        <\/a>\n                    <\/div>\n                \n                \n            <\/div> \n        <\/div>\n        <div class=\"metas clearfix\">\n            <div class=\"flex\">\n                <div class=\"clearfix\">\n                            <div class=\"product-cat\">\n        <a href=\"https:\/\/www.maisonschwind.lu\/fr\/categorie-produit\/marques\/bernina-fr\/\">Bernina<\/a>        <\/div>\n    \n                    <h3 class=\"name\"><a href=\"https:\/\/www.maisonschwind.lu\/fr\/produit\/kit-de-gabarits-quilting-1069605000\/\">Kit de gabarits quilting 1069605000<\/a><\/h3>\n                                    <\/div>\n                <div class=\"ali-right\">\n                        \n                <\/div>\n            <\/div>\n        <\/div>\n    <\/div>\n<\/div>\t\t\t<\/div>\n\t\t\t\t\t<div class=\"col-md-3 col-sm-4 col-xs-6 product type-product post-63833 status-publish last instock product_cat-cotton product_cat-panneau has-post-thumbnail sale taxable shipping-taxable purchasable product-type-simple\">\n\t\t\t \t<div class=\"product-block grid-v4\" data-product-id=\"63833\">\n    <div class=\"grid-inner\">\n        <div class=\"block-inner\">\n            <figure class=\"image\">\n                        <a title=\"Panneau canvas sac 27507\" href=\"https:\/\/www.maisonschwind.lu\/fr\/produit\/panneau-canvas-sac-27507\/\" class=\"product-image\">\n            <img loading=\"lazy\" width=\"300\" height=\"300\" src=\"data:image\/svg+xml;charset=utf-8,%3Csvg%20xmlns%3D&#039;http%3A%2F%2Fwww.w3.org%2F2000%2Fsvg&#039;%20viewBox%3D&#039;0%200%20300%20300&#039;%2F%3E\" class=\"attachment-woocommerce_thumbnail size-woocommerce_thumbnail image-effect unveil-image\" alt=\"\" data-src=\"https:\/\/www.maisonschwind.lu\/shop\/wp-content\/uploads\/2026\/01\/27507-300x300.jpg\" data-srcset=\"https:\/\/www.maisonschwind.lu\/shop\/wp-content\/uploads\/2026\/01\/27507-300x300.jpg 300w, https:\/\/www.maisonschwind.lu\/shop\/wp-content\/uploads\/2026\/01\/27507-150x150.jpg 150w, https:\/\/www.maisonschwind.lu\/shop\/wp-content\/uploads\/2026\/01\/27507-160x160.jpg 160w, https:\/\/www.maisonschwind.lu\/shop\/wp-content\/uploads\/2026\/01\/27507.jpg 400w\" data-sizes=\"(max-width: 300px) 100vw, 300px\" \/><img loading=\"lazy\" width=\"300\" height=\"300\" src=\"data:image\/svg+xml;charset=utf-8,%3Csvg%20xmlns%3D&#039;http%3A%2F%2Fwww.w3.org%2F2000%2Fsvg&#039;%20viewBox%3D&#039;0%200%20300%20300&#039;%2F%3E\" class=\"attachment-woocommerce_thumbnail size-woocommerce_thumbnail image-hover unveil-image\" alt=\"\" data-src=\"https:\/\/www.maisonschwind.lu\/shop\/wp-content\/uploads\/2026\/01\/27507a-300x300.jpg\" data-srcset=\"https:\/\/www.maisonschwind.lu\/shop\/wp-content\/uploads\/2026\/01\/27507a-300x300.jpg 300w, https:\/\/www.maisonschwind.lu\/shop\/wp-content\/uploads\/2026\/01\/27507a-150x150.jpg 150w, https:\/\/www.maisonschwind.lu\/shop\/wp-content\/uploads\/2026\/01\/27507a-160x160.jpg 160w, https:\/\/www.maisonschwind.lu\/shop\/wp-content\/uploads\/2026\/01\/27507a.jpg 400w\" data-sizes=\"(max-width: 300px) 100vw, 300px\" \/>        <\/a>\n        <div class='sale-perc'>-25%<\/div>            <\/figure>\n            <div class=\"groups-button flex-middle justify-content-center\">\n                \n                                    <div class=\"view\">\n                        <a href=\"javascript:void(0);\" class=\"quickview\" data-product_id=\"63833\">\n                            <i class=\"ti-eye\"><\/i>\n                        <\/a>\n                    <\/div>\n                \n                \n            <\/div> \n        <\/div>\n        <div class=\"metas clearfix\">\n            <div class=\"flex\">\n                <div class=\"clearfix\">\n                            <div class=\"product-cat\">\n        <a href=\"https:\/\/www.maisonschwind.lu\/fr\/categorie-produit\/tissus\/cotton\/\">COTON &amp; CANVAS<\/a>        <\/div>\n    \n                    <h3 class=\"name\"><a href=\"https:\/\/www.maisonschwind.lu\/fr\/produit\/panneau-canvas-sac-27507\/\">Panneau canvas sac 27507<\/a><\/h3>\n                                    <\/div>\n                <div class=\"ali-right\">\n                        \n                <\/div>\n            <\/div>\n        <\/div>\n    <\/div>\n<\/div>\t\t\t<\/div>\n\t\t\t\t\t<div class=\"col-md-3 col-sm-4 col-xs-6 md-clearfix lg-clearfix  sm-clearfix  xs-clearfix  product type-product post-63799 status-publish first onbackorder product_cat-bernina-fr has-post-thumbnail sale taxable shipping-taxable purchasable product-type-simple\">\n\t\t\t \t<div class=\"product-block grid-v4\" data-product-id=\"63799\">\n    <div class=\"grid-inner\">\n        <div class=\"block-inner\">\n            <figure class=\"image\">\n                        <a title=\"Cadre de broderie \u00e0 pinces pour bordures Moyen BERNINA 1074117000\" href=\"https:\/\/www.maisonschwind.lu\/fr\/produit\/cadre-de-broderie-a-pinces-pour-bordures-moyen-bernina-1074117000\/\" class=\"product-image\">\n            <img loading=\"lazy\" width=\"300\" height=\"300\" src=\"data:image\/svg+xml;charset=utf-8,%3Csvg%20xmlns%3D&#039;http%3A%2F%2Fwww.w3.org%2F2000%2Fsvg&#039;%20viewBox%3D&#039;0%200%20300%20300&#039;%2F%3E\" class=\"attachment-woocommerce_thumbnail size-woocommerce_thumbnail image-effect unveil-image\" alt=\"\" data-src=\"https:\/\/www.maisonschwind.lu\/shop\/wp-content\/uploads\/2026\/01\/Keyfeature-Medium-Border-Clamp-Hoop-Clamp-Remover-Tool_1-300x300.jpg\" data-srcset=\"https:\/\/www.maisonschwind.lu\/shop\/wp-content\/uploads\/2026\/01\/Keyfeature-Medium-Border-Clamp-Hoop-Clamp-Remover-Tool_1-300x300.jpg 300w, https:\/\/www.maisonschwind.lu\/shop\/wp-content\/uploads\/2026\/01\/Keyfeature-Medium-Border-Clamp-Hoop-Clamp-Remover-Tool_1-150x150.jpg 150w, https:\/\/www.maisonschwind.lu\/shop\/wp-content\/uploads\/2026\/01\/Keyfeature-Medium-Border-Clamp-Hoop-Clamp-Remover-Tool_1-160x160.jpg 160w, https:\/\/www.maisonschwind.lu\/shop\/wp-content\/uploads\/2026\/01\/Keyfeature-Medium-Border-Clamp-Hoop-Clamp-Remover-Tool_1.jpg 400w\" data-sizes=\"(max-width: 300px) 100vw, 300px\" \/><img loading=\"lazy\" width=\"300\" height=\"300\" src=\"data:image\/svg+xml;charset=utf-8,%3Csvg%20xmlns%3D&#039;http%3A%2F%2Fwww.w3.org%2F2000%2Fsvg&#039;%20viewBox%3D&#039;0%200%20300%20300&#039;%2F%3E\" class=\"attachment-woocommerce_thumbnail size-woocommerce_thumbnail image-hover unveil-image\" alt=\"\" data-src=\"https:\/\/www.maisonschwind.lu\/shop\/wp-content\/uploads\/2026\/01\/Capture-decran-2026-01-10-083820-300x300.jpg\" data-srcset=\"https:\/\/www.maisonschwind.lu\/shop\/wp-content\/uploads\/2026\/01\/Capture-decran-2026-01-10-083820-300x300.jpg 300w, https:\/\/www.maisonschwind.lu\/shop\/wp-content\/uploads\/2026\/01\/Capture-decran-2026-01-10-083820-150x150.jpg 150w, https:\/\/www.maisonschwind.lu\/shop\/wp-content\/uploads\/2026\/01\/Capture-decran-2026-01-10-083820-160x160.jpg 160w, https:\/\/www.maisonschwind.lu\/shop\/wp-content\/uploads\/2026\/01\/Capture-decran-2026-01-10-083820.jpg 400w\" data-sizes=\"(max-width: 300px) 100vw, 300px\" \/>        <\/a>\n        <div class='sale-perc'>-10%<\/div>            <\/figure>\n            <div class=\"groups-button flex-middle justify-content-center\">\n                \n                                    <div class=\"view\">\n                        <a href=\"javascript:void(0);\" class=\"quickview\" data-product_id=\"63799\">\n                            <i class=\"ti-eye\"><\/i>\n                        <\/a>\n                    <\/div>\n                \n                \n            <\/div> \n        <\/div>\n        <div class=\"metas clearfix\">\n            <div class=\"flex\">\n                <div class=\"clearfix\">\n                            <div class=\"product-cat\">\n        <a href=\"https:\/\/www.maisonschwind.lu\/fr\/categorie-produit\/marques\/bernina-fr\/\">Bernina<\/a>        <\/div>\n    \n                    <h3 class=\"name\"><a href=\"https:\/\/www.maisonschwind.lu\/fr\/produit\/cadre-de-broderie-a-pinces-pour-bordures-moyen-bernina-1074117000\/\">Cadre de broderie \u00e0 pinces pour bordures Moyen BERNINA 1074117000<\/a><\/h3>\n                                    <\/div>\n                <div class=\"ali-right\">\n                        \n                <\/div>\n            <\/div>\n        <\/div>\n    <\/div>\n<\/div>\t\t\t<\/div>\n\t\t\t\t\t<div class=\"col-md-3 col-sm-4 col-xs-6 product type-product post-63788 status-publish onbackorder product_cat-bernina-fr has-post-thumbnail sale taxable shipping-taxable purchasable product-type-simple\">\n\t\t\t \t<div class=\"product-block grid-v4\" data-product-id=\"63788\">\n    <div class=\"grid-inner\">\n        <div class=\"block-inner\">\n            <figure class=\"image\">\n                        <a title=\"Cadre de broderie \u00e0 pinces Moyen BERNINA 1067267000\" href=\"https:\/\/www.maisonschwind.lu\/fr\/produit\/cadre-de-broderie-a-pinces-moyen-bernina-1067267000\/\" class=\"product-image\">\n            <img loading=\"lazy\" width=\"300\" height=\"300\" src=\"data:image\/svg+xml;charset=utf-8,%3Csvg%20xmlns%3D&#039;http%3A%2F%2Fwww.w3.org%2F2000%2Fsvg&#039;%20viewBox%3D&#039;0%200%20300%20300&#039;%2F%3E\" class=\"attachment-woocommerce_thumbnail size-woocommerce_thumbnail image-no-effect unveil-image\" alt=\"\" data-src=\"https:\/\/www.maisonschwind.lu\/shop\/wp-content\/uploads\/2026\/01\/BERNINA_Header_Freearm_Clamp-Hoop-300x300.png\" data-srcset=\"https:\/\/www.maisonschwind.lu\/shop\/wp-content\/uploads\/2026\/01\/BERNINA_Header_Freearm_Clamp-Hoop-300x300.png 300w, https:\/\/www.maisonschwind.lu\/shop\/wp-content\/uploads\/2026\/01\/BERNINA_Header_Freearm_Clamp-Hoop-150x150.png 150w, https:\/\/www.maisonschwind.lu\/shop\/wp-content\/uploads\/2026\/01\/BERNINA_Header_Freearm_Clamp-Hoop-160x160.png 160w, https:\/\/www.maisonschwind.lu\/shop\/wp-content\/uploads\/2026\/01\/BERNINA_Header_Freearm_Clamp-Hoop.png 400w\" data-sizes=\"(max-width: 300px) 100vw, 300px\" \/>        <\/a>\n        <div class='sale-perc'>-10%<\/div>            <\/figure>\n            <div class=\"groups-button flex-middle justify-content-center\">\n                \n                                    <div class=\"view\">\n                        <a href=\"javascript:void(0);\" class=\"quickview\" data-product_id=\"63788\">\n                            <i class=\"ti-eye\"><\/i>\n                        <\/a>\n                    <\/div>\n                \n                \n            <\/div> \n        <\/div>\n        <div class=\"metas clearfix\">\n            <div class=\"flex\">\n                <div class=\"clearfix\">\n                            <div class=\"product-cat\">\n        <a href=\"https:\/\/www.maisonschwind.lu\/fr\/categorie-produit\/marques\/bernina-fr\/\">Bernina<\/a>        <\/div>\n    \n                    <h3 class=\"name\"><a href=\"https:\/\/www.maisonschwind.lu\/fr\/produit\/cadre-de-broderie-a-pinces-moyen-bernina-1067267000\/\">Cadre de broderie \u00e0 pinces Moyen BERNINA 1067267000<\/a><\/h3>\n                                    <\/div>\n                <div class=\"ali-right\">\n                        \n                <\/div>\n            <\/div>\n        <\/div>\n    <\/div>\n<\/div>\t\t\t<\/div>\n\t\t\t\t\t<div class=\"col-md-3 col-sm-4 col-xs-6 xs-clearfix  product type-product post-63776 status-publish onbackorder product_cat-bernina-fr has-post-thumbnail sale taxable shipping-taxable purchasable product-type-simple\">\n\t\t\t \t<div class=\"product-block grid-v4\" data-product-id=\"63776\">\n    <div class=\"grid-inner\">\n        <div class=\"block-inner\">\n            <figure class=\"image\">\n                        <a title=\"Petit cadre de broderie \u00e0 pinces BERNINA 1074107000\" href=\"https:\/\/www.maisonschwind.lu\/fr\/produit\/petit-cadre-de-broderie-a-pinces-bernina-1074107000\/\" class=\"product-image\">\n            <img loading=\"lazy\" width=\"300\" height=\"300\" src=\"data:image\/svg+xml;charset=utf-8,%3Csvg%20xmlns%3D&#039;http%3A%2F%2Fwww.w3.org%2F2000%2Fsvg&#039;%20viewBox%3D&#039;0%200%20300%20300&#039;%2F%3E\" class=\"attachment-woocommerce_thumbnail size-woocommerce_thumbnail image-effect unveil-image\" alt=\"\" data-src=\"https:\/\/www.maisonschwind.lu\/shop\/wp-content\/uploads\/2026\/01\/Small-Clamp-Hoop-Keyfeature-1-300x300.png\" data-srcset=\"https:\/\/www.maisonschwind.lu\/shop\/wp-content\/uploads\/2026\/01\/Small-Clamp-Hoop-Keyfeature-1-300x300.png 300w, https:\/\/www.maisonschwind.lu\/shop\/wp-content\/uploads\/2026\/01\/Small-Clamp-Hoop-Keyfeature-1-150x150.png 150w, https:\/\/www.maisonschwind.lu\/shop\/wp-content\/uploads\/2026\/01\/Small-Clamp-Hoop-Keyfeature-1-160x160.png 160w, https:\/\/www.maisonschwind.lu\/shop\/wp-content\/uploads\/2026\/01\/Small-Clamp-Hoop-Keyfeature-1.png 400w\" data-sizes=\"(max-width: 300px) 100vw, 300px\" \/><img loading=\"lazy\" width=\"300\" height=\"300\" src=\"data:image\/svg+xml;charset=utf-8,%3Csvg%20xmlns%3D&#039;http%3A%2F%2Fwww.w3.org%2F2000%2Fsvg&#039;%20viewBox%3D&#039;0%200%20300%20300&#039;%2F%3E\" class=\"attachment-woocommerce_thumbnail size-woocommerce_thumbnail image-hover unveil-image\" alt=\"\" data-src=\"https:\/\/www.maisonschwind.lu\/shop\/wp-content\/uploads\/2026\/01\/Embroidery-Accessories-Embroidery-Small-Clamp-Hoop-300x300.jpg\" data-srcset=\"https:\/\/www.maisonschwind.lu\/shop\/wp-content\/uploads\/2026\/01\/Embroidery-Accessories-Embroidery-Small-Clamp-Hoop-300x300.jpg 300w, https:\/\/www.maisonschwind.lu\/shop\/wp-content\/uploads\/2026\/01\/Embroidery-Accessories-Embroidery-Small-Clamp-Hoop-150x150.jpg 150w, https:\/\/www.maisonschwind.lu\/shop\/wp-content\/uploads\/2026\/01\/Embroidery-Accessories-Embroidery-Small-Clamp-Hoop-160x160.jpg 160w, https:\/\/www.maisonschwind.lu\/shop\/wp-content\/uploads\/2026\/01\/Embroidery-Accessories-Embroidery-Small-Clamp-Hoop.jpg 400w\" data-sizes=\"(max-width: 300px) 100vw, 300px\" \/>        <\/a>\n        <div class='sale-perc'>-10%<\/div>            <\/figure>\n            <div class=\"groups-button flex-middle justify-content-center\">\n                \n                                    <div class=\"view\">\n                        <a href=\"javascript:void(0);\" class=\"quickview\" data-product_id=\"63776\">\n                            <i class=\"ti-eye\"><\/i>\n                        <\/a>\n                    <\/div>\n                \n                \n            <\/div> \n        <\/div>\n        <div class=\"metas clearfix\">\n            <div class=\"flex\">\n                <div class=\"clearfix\">\n                            <div class=\"product-cat\">\n        <a href=\"https:\/\/www.maisonschwind.lu\/fr\/categorie-produit\/marques\/bernina-fr\/\">Bernina<\/a>        <\/div>\n    \n                    <h3 class=\"name\"><a href=\"https:\/\/www.maisonschwind.lu\/fr\/produit\/petit-cadre-de-broderie-a-pinces-bernina-1074107000\/\">Petit cadre de broderie \u00e0 pinces BERNINA 1074107000<\/a><\/h3>\n                                    <\/div>\n                <div class=\"ali-right\">\n                        \n                <\/div>\n            <\/div>\n        <\/div>\n    <\/div>\n<\/div>\t\t\t<\/div>\n\t\t\t\t\t<div class=\"col-md-3 col-sm-4 col-xs-6 sm-clearfix  product type-product post-63618 status-publish last onbackorder product_cat-bernina-fr has-post-thumbnail sale taxable shipping-taxable purchasable product-type-simple\">\n\t\t\t \t<div class=\"product-block grid-v4\" data-product-id=\"63618\">\n    <div class=\"grid-inner\">\n        <div class=\"block-inner\">\n            <figure class=\"image\">\n                        <a title=\"Grand cadre de broderie magn\u00e9tique BERNINA 1089967000\" href=\"https:\/\/www.maisonschwind.lu\/fr\/produit\/grand-cadre-de-broderie-magnetique-bernina-1089967000\/\" class=\"product-image\">\n            <img loading=\"lazy\" width=\"300\" height=\"300\" src=\"data:image\/svg+xml;charset=utf-8,%3Csvg%20xmlns%3D&#039;http%3A%2F%2Fwww.w3.org%2F2000%2Fsvg&#039;%20viewBox%3D&#039;0%200%20300%20300&#039;%2F%3E\" class=\"attachment-woocommerce_thumbnail size-woocommerce_thumbnail image-effect unveil-image\" alt=\"\" data-src=\"https:\/\/www.maisonschwind.lu\/shop\/wp-content\/uploads\/2026\/01\/Keyfeature-Magnetic-Hoop-2-300x300.jpg\" data-srcset=\"https:\/\/www.maisonschwind.lu\/shop\/wp-content\/uploads\/2026\/01\/Keyfeature-Magnetic-Hoop-2-300x300.jpg 300w, https:\/\/www.maisonschwind.lu\/shop\/wp-content\/uploads\/2026\/01\/Keyfeature-Magnetic-Hoop-2-150x150.jpg 150w, https:\/\/www.maisonschwind.lu\/shop\/wp-content\/uploads\/2026\/01\/Keyfeature-Magnetic-Hoop-2-160x160.jpg 160w, https:\/\/www.maisonschwind.lu\/shop\/wp-content\/uploads\/2026\/01\/Keyfeature-Magnetic-Hoop-2.jpg 400w\" data-sizes=\"(max-width: 300px) 100vw, 300px\" \/><img loading=\"lazy\" width=\"300\" height=\"300\" src=\"data:image\/svg+xml;charset=utf-8,%3Csvg%20xmlns%3D&#039;http%3A%2F%2Fwww.w3.org%2F2000%2Fsvg&#039;%20viewBox%3D&#039;0%200%20300%20300&#039;%2F%3E\" class=\"attachment-woocommerce_thumbnail size-woocommerce_thumbnail image-hover unveil-image\" alt=\"\" data-src=\"https:\/\/www.maisonschwind.lu\/shop\/wp-content\/uploads\/2026\/01\/1089967000_Large-Magnetic-Embroidery-Hoop_1-300x300.png\" data-srcset=\"https:\/\/www.maisonschwind.lu\/shop\/wp-content\/uploads\/2026\/01\/1089967000_Large-Magnetic-Embroidery-Hoop_1-300x300.png 300w, https:\/\/www.maisonschwind.lu\/shop\/wp-content\/uploads\/2026\/01\/1089967000_Large-Magnetic-Embroidery-Hoop_1-150x150.png 150w, https:\/\/www.maisonschwind.lu\/shop\/wp-content\/uploads\/2026\/01\/1089967000_Large-Magnetic-Embroidery-Hoop_1-160x160.png 160w, https:\/\/www.maisonschwind.lu\/shop\/wp-content\/uploads\/2026\/01\/1089967000_Large-Magnetic-Embroidery-Hoop_1.png 400w\" data-sizes=\"(max-width: 300px) 100vw, 300px\" \/>        <\/a>\n        <div class='sale-perc'>-10%<\/div>            <\/figure>\n            <div class=\"groups-button flex-middle justify-content-center\">\n                \n                                    <div class=\"view\">\n                        <a href=\"javascript:void(0);\" class=\"quickview\" data-product_id=\"63618\">\n                            <i class=\"ti-eye\"><\/i>\n                        <\/a>\n                    <\/div>\n                \n                \n            <\/div> \n        <\/div>\n        <div class=\"metas clearfix\">\n            <div class=\"flex\">\n                <div class=\"clearfix\">\n                            <div class=\"product-cat\">\n        <a href=\"https:\/\/www.maisonschwind.lu\/fr\/categorie-produit\/marques\/bernina-fr\/\">Bernina<\/a>        <\/div>\n    \n                    <h3 class=\"name\"><a href=\"https:\/\/www.maisonschwind.lu\/fr\/produit\/grand-cadre-de-broderie-magnetique-bernina-1089967000\/\">Grand cadre de broderie magn\u00e9tique BERNINA 1089967000<\/a><\/h3>\n                                    <\/div>\n                <div class=\"ali-right\">\n                        \n                <\/div>\n            <\/div>\n        <\/div>\n    <\/div>\n<\/div>\t\t\t<\/div>\n\t\t\t\t\t<div class=\"col-md-3 col-sm-4 col-xs-6 md-clearfix lg-clearfix  xs-clearfix  product type-product post-63604 status-publish first onbackorder product_cat-bernina-fr has-post-thumbnail sale taxable shipping-taxable purchasable product-type-simple\">\n\t\t\t \t<div class=\"product-block grid-v4\" data-product-id=\"63604\">\n    <div class=\"grid-inner\">\n        <div class=\"block-inner\">\n            <figure class=\"image\">\n                        <a title=\"Cadre de broderie magn\u00e9tique \u00e0 bordure moyenne BERNINA 1089957000\" href=\"https:\/\/www.maisonschwind.lu\/fr\/produit\/cadre-de-broderie-magnetique-a-bordure-moyenne-bernina-1089957000\/\" class=\"product-image\">\n            <img loading=\"lazy\" width=\"300\" height=\"300\" src=\"data:image\/svg+xml;charset=utf-8,%3Csvg%20xmlns%3D&#039;http%3A%2F%2Fwww.w3.org%2F2000%2Fsvg&#039;%20viewBox%3D&#039;0%200%20300%20300&#039;%2F%3E\" class=\"attachment-woocommerce_thumbnail size-woocommerce_thumbnail image-effect unveil-image\" alt=\"\" data-src=\"https:\/\/www.maisonschwind.lu\/shop\/wp-content\/uploads\/2026\/01\/Keyfeature-Medium-Border-Magnetic-Hoop-1-300x300.jpg\" data-srcset=\"https:\/\/www.maisonschwind.lu\/shop\/wp-content\/uploads\/2026\/01\/Keyfeature-Medium-Border-Magnetic-Hoop-1-300x300.jpg 300w, https:\/\/www.maisonschwind.lu\/shop\/wp-content\/uploads\/2026\/01\/Keyfeature-Medium-Border-Magnetic-Hoop-1-150x150.jpg 150w, https:\/\/www.maisonschwind.lu\/shop\/wp-content\/uploads\/2026\/01\/Keyfeature-Medium-Border-Magnetic-Hoop-1-160x160.jpg 160w, https:\/\/www.maisonschwind.lu\/shop\/wp-content\/uploads\/2026\/01\/Keyfeature-Medium-Border-Magnetic-Hoop-1.jpg 400w\" data-sizes=\"(max-width: 300px) 100vw, 300px\" \/><img loading=\"lazy\" width=\"300\" height=\"300\" src=\"data:image\/svg+xml;charset=utf-8,%3Csvg%20xmlns%3D&#039;http%3A%2F%2Fwww.w3.org%2F2000%2Fsvg&#039;%20viewBox%3D&#039;0%200%20300%20300&#039;%2F%3E\" class=\"attachment-woocommerce_thumbnail size-woocommerce_thumbnail image-hover unveil-image\" alt=\"\" data-src=\"https:\/\/www.maisonschwind.lu\/shop\/wp-content\/uploads\/2026\/01\/1089957000_Medium-Border-Magnetic-Embroidery-Hoop_1-300x300.png\" data-srcset=\"https:\/\/www.maisonschwind.lu\/shop\/wp-content\/uploads\/2026\/01\/1089957000_Medium-Border-Magnetic-Embroidery-Hoop_1-300x300.png 300w, https:\/\/www.maisonschwind.lu\/shop\/wp-content\/uploads\/2026\/01\/1089957000_Medium-Border-Magnetic-Embroidery-Hoop_1-150x150.png 150w, https:\/\/www.maisonschwind.lu\/shop\/wp-content\/uploads\/2026\/01\/1089957000_Medium-Border-Magnetic-Embroidery-Hoop_1-160x160.png 160w, https:\/\/www.maisonschwind.lu\/shop\/wp-content\/uploads\/2026\/01\/1089957000_Medium-Border-Magnetic-Embroidery-Hoop_1.png 400w\" data-sizes=\"(max-width: 300px) 100vw, 300px\" \/>        <\/a>\n        <div class='sale-perc'>-10%<\/div>            <\/figure>\n            <div class=\"groups-button flex-middle justify-content-center\">\n                \n                                    <div class=\"view\">\n                        <a href=\"javascript:void(0);\" class=\"quickview\" data-product_id=\"63604\">\n                            <i class=\"ti-eye\"><\/i>\n                        <\/a>\n                    <\/div>\n                \n                \n            <\/div> \n        <\/div>\n        <div class=\"metas clearfix\">\n            <div class=\"flex\">\n                <div class=\"clearfix\">\n                            <div class=\"product-cat\">\n        <a href=\"https:\/\/www.maisonschwind.lu\/fr\/categorie-produit\/marques\/bernina-fr\/\">Bernina<\/a>        <\/div>\n    \n                    <h3 class=\"name\"><a href=\"https:\/\/www.maisonschwind.lu\/fr\/produit\/cadre-de-broderie-magnetique-a-bordure-moyenne-bernina-1089957000\/\">Cadre de broderie magn\u00e9tique \u00e0 bordure moyenne BERNINA 1089957000<\/a><\/h3>\n                                    <\/div>\n                <div class=\"ali-right\">\n                        \n                <\/div>\n            <\/div>\n        <\/div>\n    <\/div>\n<\/div>\t\t\t<\/div>\n\t\t\t\t\t<div class=\"col-md-3 col-sm-4 col-xs-6 product type-product post-63591 status-publish onbackorder product_cat-bernina-fr has-post-thumbnail sale taxable shipping-taxable purchasable product-type-simple\">\n\t\t\t \t<div class=\"product-block grid-v4\" data-product-id=\"63591\">\n    <div class=\"grid-inner\">\n        <div class=\"block-inner\">\n            <figure class=\"image\">\n                        <a title=\"Cadre de broderie moyen magn\u00e9tique BERNINA 1089947000\" href=\"https:\/\/www.maisonschwind.lu\/fr\/produit\/cadre-de-broderie-moyen-magnetique-bernina-1089947000\/\" class=\"product-image\">\n            <img loading=\"lazy\" width=\"300\" height=\"300\" src=\"data:image\/svg+xml;charset=utf-8,%3Csvg%20xmlns%3D&#039;http%3A%2F%2Fwww.w3.org%2F2000%2Fsvg&#039;%20viewBox%3D&#039;0%200%20300%20300&#039;%2F%3E\" class=\"attachment-woocommerce_thumbnail size-woocommerce_thumbnail image-effect unveil-image\" alt=\"\" data-src=\"https:\/\/www.maisonschwind.lu\/shop\/wp-content\/uploads\/2026\/01\/Keyfeature-Medium-Magnetic-Hoop-1-300x300.jpg\" data-srcset=\"https:\/\/www.maisonschwind.lu\/shop\/wp-content\/uploads\/2026\/01\/Keyfeature-Medium-Magnetic-Hoop-1-300x300.jpg 300w, https:\/\/www.maisonschwind.lu\/shop\/wp-content\/uploads\/2026\/01\/Keyfeature-Medium-Magnetic-Hoop-1-150x150.jpg 150w, https:\/\/www.maisonschwind.lu\/shop\/wp-content\/uploads\/2026\/01\/Keyfeature-Medium-Magnetic-Hoop-1-160x160.jpg 160w, https:\/\/www.maisonschwind.lu\/shop\/wp-content\/uploads\/2026\/01\/Keyfeature-Medium-Magnetic-Hoop-1.jpg 400w\" data-sizes=\"(max-width: 300px) 100vw, 300px\" \/><img loading=\"lazy\" width=\"300\" height=\"300\" src=\"data:image\/svg+xml;charset=utf-8,%3Csvg%20xmlns%3D&#039;http%3A%2F%2Fwww.w3.org%2F2000%2Fsvg&#039;%20viewBox%3D&#039;0%200%20300%20300&#039;%2F%3E\" class=\"attachment-woocommerce_thumbnail size-woocommerce_thumbnail image-hover unveil-image\" alt=\"\" data-src=\"https:\/\/www.maisonschwind.lu\/shop\/wp-content\/uploads\/2026\/01\/1089947000_Medium-Magnetic-Embroidery-Hoop_1-300x300.png\" data-srcset=\"https:\/\/www.maisonschwind.lu\/shop\/wp-content\/uploads\/2026\/01\/1089947000_Medium-Magnetic-Embroidery-Hoop_1-300x300.png 300w, https:\/\/www.maisonschwind.lu\/shop\/wp-content\/uploads\/2026\/01\/1089947000_Medium-Magnetic-Embroidery-Hoop_1-150x150.png 150w, https:\/\/www.maisonschwind.lu\/shop\/wp-content\/uploads\/2026\/01\/1089947000_Medium-Magnetic-Embroidery-Hoop_1-160x160.png 160w, https:\/\/www.maisonschwind.lu\/shop\/wp-content\/uploads\/2026\/01\/1089947000_Medium-Magnetic-Embroidery-Hoop_1.png 400w\" data-sizes=\"(max-width: 300px) 100vw, 300px\" \/>        <\/a>\n        <div class='sale-perc'>-10%<\/div>            <\/figure>\n            <div class=\"groups-button flex-middle justify-content-center\">\n                \n                                    <div class=\"view\">\n                        <a href=\"javascript:void(0);\" class=\"quickview\" data-product_id=\"63591\">\n                            <i class=\"ti-eye\"><\/i>\n                        <\/a>\n                    <\/div>\n                \n                \n            <\/div> \n        <\/div>\n        <div class=\"metas clearfix\">\n            <div class=\"flex\">\n                <div class=\"clearfix\">\n                            <div class=\"product-cat\">\n        <a href=\"https:\/\/www.maisonschwind.lu\/fr\/categorie-produit\/marques\/bernina-fr\/\">Bernina<\/a>        <\/div>\n    \n                    <h3 class=\"name\"><a href=\"https:\/\/www.maisonschwind.lu\/fr\/produit\/cadre-de-broderie-moyen-magnetique-bernina-1089947000\/\">Cadre de broderie moyen magn\u00e9tique BERNINA 1089947000<\/a><\/h3>\n                                    <\/div>\n                <div class=\"ali-right\">\n                        \n                <\/div>\n            <\/div>\n        <\/div>\n    <\/div>\n<\/div>\t\t\t<\/div>\n\t\t\t\t\t<div class=\"col-md-3 col-sm-4 col-xs-6 sm-clearfix  xs-clearfix  product type-product post-63587 status-publish instock product_cat-collectio-hiver has-post-thumbnail sale taxable shipping-taxable purchasable product-type-simple\">\n\t\t\t \t<div class=\"product-block grid-v4\" data-product-id=\"63587\">\n    <div class=\"grid-inner\">\n        <div class=\"block-inner\">\n            <figure class=\"image\">\n                        <a title=\"Jersey rib voiture 05222.003\" href=\"https:\/\/www.maisonschwind.lu\/fr\/produit\/jersey-rib-voiture-05222-003\/\" class=\"product-image\">\n            <img loading=\"lazy\" width=\"300\" height=\"300\" src=\"data:image\/svg+xml;charset=utf-8,%3Csvg%20xmlns%3D&#039;http%3A%2F%2Fwww.w3.org%2F2000%2Fsvg&#039;%20viewBox%3D&#039;0%200%20300%20300&#039;%2F%3E\" class=\"attachment-woocommerce_thumbnail size-woocommerce_thumbnail image-effect unveil-image\" alt=\"\" data-src=\"https:\/\/www.maisonschwind.lu\/shop\/wp-content\/uploads\/2026\/01\/05222.003_image5-300x300.jpg\" data-srcset=\"https:\/\/www.maisonschwind.lu\/shop\/wp-content\/uploads\/2026\/01\/05222.003_image5-300x300.jpg 300w, https:\/\/www.maisonschwind.lu\/shop\/wp-content\/uploads\/2026\/01\/05222.003_image5-150x150.jpg 150w, https:\/\/www.maisonschwind.lu\/shop\/wp-content\/uploads\/2026\/01\/05222.003_image5-160x160.jpg 160w, https:\/\/www.maisonschwind.lu\/shop\/wp-content\/uploads\/2026\/01\/05222.003_image5.jpg 400w\" data-sizes=\"(max-width: 300px) 100vw, 300px\" \/><img loading=\"lazy\" width=\"300\" height=\"300\" src=\"data:image\/svg+xml;charset=utf-8,%3Csvg%20xmlns%3D&#039;http%3A%2F%2Fwww.w3.org%2F2000%2Fsvg&#039;%20viewBox%3D&#039;0%200%20300%20300&#039;%2F%3E\" class=\"attachment-woocommerce_thumbnail size-woocommerce_thumbnail image-hover unveil-image\" alt=\"\" data-src=\"https:\/\/www.maisonschwind.lu\/shop\/wp-content\/uploads\/2026\/01\/05222.003_mainimage-300x300.jpg\" data-srcset=\"https:\/\/www.maisonschwind.lu\/shop\/wp-content\/uploads\/2026\/01\/05222.003_mainimage-300x300.jpg 300w, https:\/\/www.maisonschwind.lu\/shop\/wp-content\/uploads\/2026\/01\/05222.003_mainimage-150x150.jpg 150w, https:\/\/www.maisonschwind.lu\/shop\/wp-content\/uploads\/2026\/01\/05222.003_mainimage-160x160.jpg 160w, https:\/\/www.maisonschwind.lu\/shop\/wp-content\/uploads\/2026\/01\/05222.003_mainimage.jpg 400w\" data-sizes=\"(max-width: 300px) 100vw, 300px\" \/>        <\/a>\n        <div class='sale-perc'>-40%<\/div>            <\/figure>\n            <div class=\"groups-button flex-middle justify-content-center\">\n                \n                                    <div class=\"view\">\n                        <a href=\"javascript:void(0);\" class=\"quickview\" data-product_id=\"63587\">\n                            <i class=\"ti-eye\"><\/i>\n                        <\/a>\n                    <\/div>\n                \n                \n            <\/div> \n        <\/div>\n        <div class=\"metas clearfix\">\n            <div class=\"flex\">\n                <div class=\"clearfix\">\n                            <div class=\"product-cat\">\n        <a href=\"https:\/\/www.maisonschwind.lu\/fr\/categorie-produit\/tissus\/collectio-hiver\/\">Collection hiver 2025\/2026<\/a>        <\/div>\n    \n                    <h3 class=\"name\"><a href=\"https:\/\/www.maisonschwind.lu\/fr\/produit\/jersey-rib-voiture-05222-003\/\">Jersey rib voiture 05222.003<\/a><\/h3>\n                                    <\/div>\n                <div class=\"ali-right\">\n                        \n                <\/div>\n            <\/div>\n        <\/div>\n    <\/div>\n<\/div>\t\t\t<\/div>\n\t\t\t\t\t<div class=\"col-md-3 col-sm-4 col-xs-6 product type-product post-62969 status-publish last instock product_cat-janome-fr product_cat-pieds-de-biche has-post-thumbnail sale taxable shipping-taxable purchasable product-type-simple\">\n\t\t\t \t<div class=\"product-block grid-v4\" data-product-id=\"62969\">\n    <div class=\"grid-inner\">\n        <div class=\"block-inner\">\n            <figure class=\"image\">\n                        <a title=\"Kit &#8220;Crafting &amp; Home D\u00e9cor&#8221; Janome 9mm 863403006\" href=\"https:\/\/www.maisonschwind.lu\/fr\/produit\/kit-crafting-home-decor-janome-9mm-863403006\/\" class=\"product-image\">\n            <img loading=\"lazy\" width=\"300\" height=\"300\" src=\"data:image\/svg+xml;charset=utf-8,%3Csvg%20xmlns%3D&#039;http%3A%2F%2Fwww.w3.org%2F2000%2Fsvg&#039;%20viewBox%3D&#039;0%200%20300%20300&#039;%2F%3E\" class=\"attachment-woocommerce_thumbnail size-woocommerce_thumbnail image-effect unveil-image\" alt=\"\" data-src=\"https:\/\/www.maisonschwind.lu\/shop\/wp-content\/uploads\/2025\/12\/Crafting-Home-Decor-300x300.jpg\" data-srcset=\"https:\/\/www.maisonschwind.lu\/shop\/wp-content\/uploads\/2025\/12\/Crafting-Home-Decor-300x300.jpg 300w, https:\/\/www.maisonschwind.lu\/shop\/wp-content\/uploads\/2025\/12\/Crafting-Home-Decor-150x150.jpg 150w, https:\/\/www.maisonschwind.lu\/shop\/wp-content\/uploads\/2025\/12\/Crafting-Home-Decor-160x160.jpg 160w, https:\/\/www.maisonschwind.lu\/shop\/wp-content\/uploads\/2025\/12\/Crafting-Home-Decor.jpg 400w\" data-sizes=\"(max-width: 300px) 100vw, 300px\" \/><img loading=\"lazy\" width=\"300\" height=\"300\" src=\"data:image\/svg+xml;charset=utf-8,%3Csvg%20xmlns%3D&#039;http%3A%2F%2Fwww.w3.org%2F2000%2Fsvg&#039;%20viewBox%3D&#039;0%200%20300%20300&#039;%2F%3E\" class=\"attachment-woocommerce_thumbnail size-woocommerce_thumbnail image-hover unveil-image\" alt=\"\" data-src=\"https:\/\/www.maisonschwind.lu\/shop\/wp-content\/uploads\/2025\/12\/kit-deco-maison-300x300.jpg\" data-srcset=\"https:\/\/www.maisonschwind.lu\/shop\/wp-content\/uploads\/2025\/12\/kit-deco-maison-300x300.jpg 300w, https:\/\/www.maisonschwind.lu\/shop\/wp-content\/uploads\/2025\/12\/kit-deco-maison-150x150.jpg 150w, https:\/\/www.maisonschwind.lu\/shop\/wp-content\/uploads\/2025\/12\/kit-deco-maison-160x160.jpg 160w, https:\/\/www.maisonschwind.lu\/shop\/wp-content\/uploads\/2025\/12\/kit-deco-maison.jpg 400w\" data-sizes=\"(max-width: 300px) 100vw, 300px\" \/>        <\/a>\n        <div class='sale-perc'>-3%<\/div>            <\/figure>\n            <div class=\"groups-button flex-middle justify-content-center\">\n                \n                                    <div class=\"view\">\n                        <a href=\"javascript:void(0);\" class=\"quickview\" data-product_id=\"62969\">\n                            <i class=\"ti-eye\"><\/i>\n                        <\/a>\n                    <\/div>\n                \n                \n            <\/div> \n        <\/div>\n        <div class=\"metas clearfix\">\n            <div class=\"flex\">\n                <div class=\"clearfix\">\n                            <div class=\"product-cat\">\n        <a href=\"https:\/\/www.maisonschwind.lu\/fr\/categorie-produit\/marques\/janome-fr\/\">Janome<\/a>        <\/div>\n    \n                    <h3 class=\"name\"><a href=\"https:\/\/www.maisonschwind.lu\/fr\/produit\/kit-crafting-home-decor-janome-9mm-863403006\/\">Kit &#8220;Crafting &amp; Home D\u00e9cor&#8221; Janome 9mm 863403006<\/a><\/h3>\n                                    <\/div>\n                <div class=\"ali-right\">\n                        \n                <\/div>\n            <\/div>\n        <\/div>\n    <\/div>\n<\/div>\t\t\t<\/div>\n\t\t\t\t\t<div class=\"col-md-3 col-sm-4 col-xs-6 md-clearfix lg-clearfix  xs-clearfix  product type-product post-63133 status-publish first instock product_cat-noel product_cat-jersey-fr product_cat-licences has-post-thumbnail sale taxable shipping-taxable purchasable product-type-simple\">\n\t\t\t \t<div class=\"product-block grid-v4\" data-product-id=\"63133\">\n    <div class=\"grid-inner\">\n        <div class=\"block-inner\">\n            <figure class=\"image\">\n                        <a title=\"Jersey Mickey Mouse\u00a9 200983.3001\" href=\"https:\/\/www.maisonschwind.lu\/fr\/produit\/jersey-mickey-mouse-200983-3001\/\" class=\"product-image\">\n            <img loading=\"lazy\" width=\"300\" height=\"300\" src=\"data:image\/svg+xml;charset=utf-8,%3Csvg%20xmlns%3D&#039;http%3A%2F%2Fwww.w3.org%2F2000%2Fsvg&#039;%20viewBox%3D&#039;0%200%20300%20300&#039;%2F%3E\" class=\"attachment-woocommerce_thumbnail size-woocommerce_thumbnail image-no-effect unveil-image\" alt=\"\" data-src=\"https:\/\/www.maisonschwind.lu\/shop\/wp-content\/uploads\/2025\/12\/IMG-20251217-WA0004-300x300.jpg\" data-srcset=\"https:\/\/www.maisonschwind.lu\/shop\/wp-content\/uploads\/2025\/12\/IMG-20251217-WA0004-300x300.jpg 300w, https:\/\/www.maisonschwind.lu\/shop\/wp-content\/uploads\/2025\/12\/IMG-20251217-WA0004-150x150.jpg 150w, https:\/\/www.maisonschwind.lu\/shop\/wp-content\/uploads\/2025\/12\/IMG-20251217-WA0004-160x160.jpg 160w, https:\/\/www.maisonschwind.lu\/shop\/wp-content\/uploads\/2025\/12\/IMG-20251217-WA0004.jpg 400w\" data-sizes=\"(max-width: 300px) 100vw, 300px\" \/>        <\/a>\n        <div class='sale-perc'>-25%<\/div>            <\/figure>\n            <div class=\"groups-button flex-middle justify-content-center\">\n                \n                                    <div class=\"view\">\n                        <a href=\"javascript:void(0);\" class=\"quickview\" data-product_id=\"63133\">\n                            <i class=\"ti-eye\"><\/i>\n                        <\/a>\n                    <\/div>\n                \n                \n            <\/div> \n        <\/div>\n        <div class=\"metas clearfix\">\n            <div class=\"flex\">\n                <div class=\"clearfix\">\n                            <div class=\"product-cat\">\n        <a href=\"https:\/\/www.maisonschwind.lu\/fr\/categorie-produit\/noel\/\">***DESTOCKAGE***<\/a>        <\/div>\n    \n                    <h3 class=\"name\"><a href=\"https:\/\/www.maisonschwind.lu\/fr\/produit\/jersey-mickey-mouse-200983-3001\/\">Jersey Mickey Mouse\u00a9 200983.3001<\/a><\/h3>\n                                    <\/div>\n                <div class=\"ali-right\">\n                        \n                <\/div>\n            <\/div>\n        <\/div>\n    <\/div>\n<\/div>\t\t\t<\/div>\n\t\t\t\t\t<div class=\"col-md-3 col-sm-4 col-xs-6 sm-clearfix  product type-product post-63076 status-publish outofstock product_cat-collectio-hiver product_cat-modal-fr has-post-thumbnail sale taxable shipping-taxable purchasable product-type-simple\">\n\t\t\t \t<div class=\"product-block grid-v4\" data-product-id=\"63076\">\n    <div class=\"grid-inner\">\n        <div class=\"block-inner\">\n            <figure class=\"image\">\n                        <a title=\"Fausse fourrure brod\u00e9e fleur 19763-15\" href=\"https:\/\/www.maisonschwind.lu\/fr\/produit\/fausse-fourrure-brodee-fleur-19763-15\/\" class=\"product-image\">\n            <img loading=\"lazy\" width=\"300\" height=\"300\" src=\"data:image\/svg+xml;charset=utf-8,%3Csvg%20xmlns%3D&#039;http%3A%2F%2Fwww.w3.org%2F2000%2Fsvg&#039;%20viewBox%3D&#039;0%200%20300%20300&#039;%2F%3E\" class=\"attachment-woocommerce_thumbnail size-woocommerce_thumbnail image-effect unveil-image\" alt=\"\" data-src=\"https:\/\/www.maisonschwind.lu\/shop\/wp-content\/uploads\/2025\/12\/4c76d2c233813a59a352e7b4e8310d7c-300x300.jpg\" data-srcset=\"https:\/\/www.maisonschwind.lu\/shop\/wp-content\/uploads\/2025\/12\/4c76d2c233813a59a352e7b4e8310d7c-300x300.jpg 300w, https:\/\/www.maisonschwind.lu\/shop\/wp-content\/uploads\/2025\/12\/4c76d2c233813a59a352e7b4e8310d7c-150x150.jpg 150w, https:\/\/www.maisonschwind.lu\/shop\/wp-content\/uploads\/2025\/12\/4c76d2c233813a59a352e7b4e8310d7c-160x160.jpg 160w, https:\/\/www.maisonschwind.lu\/shop\/wp-content\/uploads\/2025\/12\/4c76d2c233813a59a352e7b4e8310d7c.jpg 400w\" data-sizes=\"(max-width: 300px) 100vw, 300px\" \/><img loading=\"lazy\" width=\"300\" height=\"300\" src=\"data:image\/svg+xml;charset=utf-8,%3Csvg%20xmlns%3D&#039;http%3A%2F%2Fwww.w3.org%2F2000%2Fsvg&#039;%20viewBox%3D&#039;0%200%20300%20300&#039;%2F%3E\" class=\"attachment-woocommerce_thumbnail size-woocommerce_thumbnail image-hover unveil-image\" alt=\"\" data-src=\"https:\/\/www.maisonschwind.lu\/shop\/wp-content\/uploads\/2025\/12\/19763-15-300x300.jpg\" data-srcset=\"https:\/\/www.maisonschwind.lu\/shop\/wp-content\/uploads\/2025\/12\/19763-15-300x300.jpg 300w, https:\/\/www.maisonschwind.lu\/shop\/wp-content\/uploads\/2025\/12\/19763-15-150x150.jpg 150w, https:\/\/www.maisonschwind.lu\/shop\/wp-content\/uploads\/2025\/12\/19763-15-160x160.jpg 160w, https:\/\/www.maisonschwind.lu\/shop\/wp-content\/uploads\/2025\/12\/19763-15.jpg 400w\" data-sizes=\"(max-width: 300px) 100vw, 300px\" \/>        <\/a>\n        <p class=\"stock out-of-stock\">SOLD OUT<\/p><div class='sale-perc'>-25%<\/div>            <\/figure>\n            <div class=\"groups-button flex-middle justify-content-center\">\n                \n                                    <div class=\"view\">\n                        <a href=\"javascript:void(0);\" class=\"quickview\" data-product_id=\"63076\">\n                            <i class=\"ti-eye\"><\/i>\n                        <\/a>\n                    <\/div>\n                \n                \n            <\/div> \n        <\/div>\n        <div class=\"metas clearfix\">\n            <div class=\"flex\">\n                <div class=\"clearfix\">\n                            <div class=\"product-cat\">\n        <a href=\"https:\/\/www.maisonschwind.lu\/fr\/categorie-produit\/tissus\/collectio-hiver\/\">Collection hiver 2025\/2026<\/a>        <\/div>\n    \n                    <h3 class=\"name\"><a href=\"https:\/\/www.maisonschwind.lu\/fr\/produit\/fausse-fourrure-brodee-fleur-19763-15\/\">Fausse fourrure brod\u00e9e fleur 19763-15<\/a><\/h3>\n                                    <\/div>\n                <div class=\"ali-right\">\n                        \n                <\/div>\n            <\/div>\n        <\/div>\n    <\/div>\n<\/div>\t\t\t<\/div>\n\t\t\t\t\t<div class=\"col-md-3 col-sm-4 col-xs-6 xs-clearfix  product type-product post-63036 status-publish instock product_cat-noel product_cat-collectio-hiver product_cat-cotton has-post-thumbnail sale taxable shipping-taxable purchasable product-type-simple\">\n\t\t\t \t<div class=\"product-block grid-v4\" data-product-id=\"63036\">\n    <div class=\"grid-inner\">\n        <div class=\"block-inner\">\n            <figure class=\"image\">\n                        <a title=\"Coton gnomes 30127\" href=\"https:\/\/www.maisonschwind.lu\/fr\/produit\/coton-gnomes-30127\/\" class=\"product-image\">\n            <img loading=\"lazy\" width=\"300\" height=\"300\" src=\"data:image\/svg+xml;charset=utf-8,%3Csvg%20xmlns%3D&#039;http%3A%2F%2Fwww.w3.org%2F2000%2Fsvg&#039;%20viewBox%3D&#039;0%200%20300%20300&#039;%2F%3E\" class=\"attachment-woocommerce_thumbnail size-woocommerce_thumbnail image-no-effect unveil-image\" alt=\"\" data-src=\"https:\/\/www.maisonschwind.lu\/shop\/wp-content\/uploads\/2025\/12\/IMG_20251210_114609_resized_20251210_115043936-300x300.jpg\" data-srcset=\"https:\/\/www.maisonschwind.lu\/shop\/wp-content\/uploads\/2025\/12\/IMG_20251210_114609_resized_20251210_115043936-300x300.jpg 300w, https:\/\/www.maisonschwind.lu\/shop\/wp-content\/uploads\/2025\/12\/IMG_20251210_114609_resized_20251210_115043936-150x150.jpg 150w, https:\/\/www.maisonschwind.lu\/shop\/wp-content\/uploads\/2025\/12\/IMG_20251210_114609_resized_20251210_115043936-160x160.jpg 160w, https:\/\/www.maisonschwind.lu\/shop\/wp-content\/uploads\/2025\/12\/IMG_20251210_114609_resized_20251210_115043936.jpg 400w\" data-sizes=\"(max-width: 300px) 100vw, 300px\" \/>        <\/a>\n        <div class='sale-perc'>-44%<\/div>            <\/figure>\n            <div class=\"groups-button flex-middle justify-content-center\">\n                \n                                    <div class=\"view\">\n                        <a href=\"javascript:void(0);\" class=\"quickview\" data-product_id=\"63036\">\n                            <i class=\"ti-eye\"><\/i>\n                        <\/a>\n                    <\/div>\n                \n                \n            <\/div> \n        <\/div>\n        <div class=\"metas clearfix\">\n            <div class=\"flex\">\n                <div class=\"clearfix\">\n                            <div class=\"product-cat\">\n        <a href=\"https:\/\/www.maisonschwind.lu\/fr\/categorie-produit\/noel\/\">***DESTOCKAGE***<\/a>        <\/div>\n    \n                    <h3 class=\"name\"><a href=\"https:\/\/www.maisonschwind.lu\/fr\/produit\/coton-gnomes-30127\/\">Coton gnomes 30127<\/a><\/h3>\n                                    <\/div>\n                <div class=\"ali-right\">\n                        \n                <\/div>\n            <\/div>\n        <\/div>\n    <\/div>\n<\/div>\t\t\t<\/div>\n\t\t\t\t\t<div class=\"col-md-3 col-sm-4 col-xs-6 product type-product post-63017 status-publish last instock product_cat-noel product_cat-collectio-hiver product_cat-cotton has-post-thumbnail sale taxable shipping-taxable purchasable product-type-simple\">\n\t\t\t \t<div class=\"product-block grid-v4\" data-product-id=\"63017\">\n    <div class=\"grid-inner\">\n        <div class=\"block-inner\">\n            <figure class=\"image\">\n                        <a title=\"Canvas fil dor\u00e9 No\u00ebl NOEL100ROJO\" href=\"https:\/\/www.maisonschwind.lu\/fr\/produit\/canvas-fil-dore-noel-noel100rojo\/\" class=\"product-image\">\n            <img loading=\"lazy\" width=\"300\" height=\"300\" src=\"data:image\/svg+xml;charset=utf-8,%3Csvg%20xmlns%3D&#039;http%3A%2F%2Fwww.w3.org%2F2000%2Fsvg&#039;%20viewBox%3D&#039;0%200%20300%20300&#039;%2F%3E\" class=\"attachment-woocommerce_thumbnail size-woocommerce_thumbnail image-effect unveil-image\" alt=\"\" data-src=\"https:\/\/www.maisonschwind.lu\/shop\/wp-content\/uploads\/2025\/12\/IMG_20251210_114347_resized_20251210_115044931-300x300.jpg\" data-srcset=\"https:\/\/www.maisonschwind.lu\/shop\/wp-content\/uploads\/2025\/12\/IMG_20251210_114347_resized_20251210_115044931-300x300.jpg 300w, https:\/\/www.maisonschwind.lu\/shop\/wp-content\/uploads\/2025\/12\/IMG_20251210_114347_resized_20251210_115044931-150x150.jpg 150w, https:\/\/www.maisonschwind.lu\/shop\/wp-content\/uploads\/2025\/12\/IMG_20251210_114347_resized_20251210_115044931-160x160.jpg 160w, https:\/\/www.maisonschwind.lu\/shop\/wp-content\/uploads\/2025\/12\/IMG_20251210_114347_resized_20251210_115044931.jpg 400w\" data-sizes=\"(max-width: 300px) 100vw, 300px\" \/><img loading=\"lazy\" width=\"300\" height=\"300\" src=\"data:image\/svg+xml;charset=utf-8,%3Csvg%20xmlns%3D&#039;http%3A%2F%2Fwww.w3.org%2F2000%2Fsvg&#039;%20viewBox%3D&#039;0%200%20300%20300&#039;%2F%3E\" class=\"attachment-woocommerce_thumbnail size-woocommerce_thumbnail image-hover unveil-image\" alt=\"\" data-src=\"https:\/\/www.maisonschwind.lu\/shop\/wp-content\/uploads\/2025\/12\/IMG_20251210_114420_resized_20251210_115044424-300x300.jpg\" data-srcset=\"https:\/\/www.maisonschwind.lu\/shop\/wp-content\/uploads\/2025\/12\/IMG_20251210_114420_resized_20251210_115044424-300x300.jpg 300w, https:\/\/www.maisonschwind.lu\/shop\/wp-content\/uploads\/2025\/12\/IMG_20251210_114420_resized_20251210_115044424-150x150.jpg 150w, https:\/\/www.maisonschwind.lu\/shop\/wp-content\/uploads\/2025\/12\/IMG_20251210_114420_resized_20251210_115044424-160x160.jpg 160w, https:\/\/www.maisonschwind.lu\/shop\/wp-content\/uploads\/2025\/12\/IMG_20251210_114420_resized_20251210_115044424.jpg 400w\" data-sizes=\"(max-width: 300px) 100vw, 300px\" \/>        <\/a>\n        <div class='sale-perc'>-45%<\/div>            <\/figure>\n            <div class=\"groups-button flex-middle justify-content-center\">\n                \n                                    <div class=\"view\">\n                        <a href=\"javascript:void(0);\" class=\"quickview\" data-product_id=\"63017\">\n                            <i class=\"ti-eye\"><\/i>\n                        <\/a>\n                    <\/div>\n                \n                \n            <\/div> \n        <\/div>\n        <div class=\"metas clearfix\">\n            <div class=\"flex\">\n                <div class=\"clearfix\">\n                            <div class=\"product-cat\">\n        <a href=\"https:\/\/www.maisonschwind.lu\/fr\/categorie-produit\/noel\/\">***DESTOCKAGE***<\/a>        <\/div>\n    \n                    <h3 class=\"name\"><a href=\"https:\/\/www.maisonschwind.lu\/fr\/produit\/canvas-fil-dore-noel-noel100rojo\/\">Canvas fil dor\u00e9 No\u00ebl NOEL100ROJO<\/a><\/h3>\n                                    <\/div>\n                <div class=\"ali-right\">\n                        \n                <\/div>\n            <\/div>\n        <\/div>\n    <\/div>\n<\/div>\t\t\t<\/div>\n\t\t\t\t\t<div class=\"col-md-3 col-sm-4 col-xs-6 md-clearfix lg-clearfix  sm-clearfix  xs-clearfix  product type-product post-63014 status-publish first instock product_cat-noel product_cat-collectio-hiver product_cat-cotton has-post-thumbnail sale taxable shipping-taxable purchasable product-type-simple\">\n\t\t\t \t<div class=\"product-block grid-v4\" data-product-id=\"63014\">\n    <div class=\"grid-inner\">\n        <div class=\"block-inner\">\n            <figure class=\"image\">\n                        <a title=\"Popeline Gnomes 09987.007\" href=\"https:\/\/www.maisonschwind.lu\/fr\/produit\/popeline-gnomes-09987-007\/\" class=\"product-image\">\n            <img loading=\"lazy\" width=\"300\" height=\"300\" src=\"data:image\/svg+xml;charset=utf-8,%3Csvg%20xmlns%3D&#039;http%3A%2F%2Fwww.w3.org%2F2000%2Fsvg&#039;%20viewBox%3D&#039;0%200%20300%20300&#039;%2F%3E\" class=\"attachment-woocommerce_thumbnail size-woocommerce_thumbnail image-no-effect unveil-image\" alt=\"\" data-src=\"https:\/\/www.maisonschwind.lu\/shop\/wp-content\/uploads\/2025\/12\/IMG_20251210_114118_resized_20251210_114749895-300x300.jpg\" data-srcset=\"https:\/\/www.maisonschwind.lu\/shop\/wp-content\/uploads\/2025\/12\/IMG_20251210_114118_resized_20251210_114749895-300x300.jpg 300w, https:\/\/www.maisonschwind.lu\/shop\/wp-content\/uploads\/2025\/12\/IMG_20251210_114118_resized_20251210_114749895-150x150.jpg 150w, https:\/\/www.maisonschwind.lu\/shop\/wp-content\/uploads\/2025\/12\/IMG_20251210_114118_resized_20251210_114749895-160x160.jpg 160w, https:\/\/www.maisonschwind.lu\/shop\/wp-content\/uploads\/2025\/12\/IMG_20251210_114118_resized_20251210_114749895.jpg 400w\" data-sizes=\"(max-width: 300px) 100vw, 300px\" \/>        <\/a>\n        <div class='sale-perc'>-45%<\/div>            <\/figure>\n            <div class=\"groups-button flex-middle justify-content-center\">\n                \n                                    <div class=\"view\">\n                        <a href=\"javascript:void(0);\" class=\"quickview\" data-product_id=\"63014\">\n                            <i class=\"ti-eye\"><\/i>\n                        <\/a>\n                    <\/div>\n                \n                \n            <\/div> \n        <\/div>\n        <div class=\"metas clearfix\">\n            <div class=\"flex\">\n                <div class=\"clearfix\">\n                            <div class=\"product-cat\">\n        <a href=\"https:\/\/www.maisonschwind.lu\/fr\/categorie-produit\/noel\/\">***DESTOCKAGE***<\/a>        <\/div>\n    \n                    <h3 class=\"name\"><a href=\"https:\/\/www.maisonschwind.lu\/fr\/produit\/popeline-gnomes-09987-007\/\">Popeline Gnomes 09987.007<\/a><\/h3>\n                                    <\/div>\n                <div class=\"ali-right\">\n                        \n                <\/div>\n            <\/div>\n        <\/div>\n    <\/div>\n<\/div>\t\t\t<\/div>\n\t\t\t\t\t<div class=\"col-md-3 col-sm-4 col-xs-6 product type-product post-62572 status-publish instock product_cat-noel product_cat-collectio-hiver product_cat-modal-fr product_cat-jersey-fr has-post-thumbnail sale taxable shipping-taxable purchasable product-type-simple\">\n\t\t\t \t<div class=\"product-block grid-v4\" data-product-id=\"62572\">\n    <div class=\"grid-inner\">\n        <div class=\"block-inner\">\n            <figure class=\"image\">\n                        <a title=\"Jersey tricot\u00e9-froiss\u00e9 z\u00e8bre 41251710\" href=\"https:\/\/www.maisonschwind.lu\/fr\/produit\/jersey-tricote-froisse-zebre-41251710\/\" class=\"product-image\">\n            <img loading=\"lazy\" width=\"300\" height=\"300\" src=\"data:image\/svg+xml;charset=utf-8,%3Csvg%20xmlns%3D&#039;http%3A%2F%2Fwww.w3.org%2F2000%2Fsvg&#039;%20viewBox%3D&#039;0%200%20300%20300&#039;%2F%3E\" class=\"attachment-woocommerce_thumbnail size-woocommerce_thumbnail image-effect unveil-image\" alt=\"\" data-src=\"https:\/\/www.maisonschwind.lu\/shop\/wp-content\/uploads\/2025\/12\/15211-pdt_540-300x300.jpg\" data-srcset=\"https:\/\/www.maisonschwind.lu\/shop\/wp-content\/uploads\/2025\/12\/15211-pdt_540-300x300.jpg 300w, https:\/\/www.maisonschwind.lu\/shop\/wp-content\/uploads\/2025\/12\/15211-pdt_540-150x150.jpg 150w, https:\/\/www.maisonschwind.lu\/shop\/wp-content\/uploads\/2025\/12\/15211-pdt_540-160x160.jpg 160w, https:\/\/www.maisonschwind.lu\/shop\/wp-content\/uploads\/2025\/12\/15211-pdt_540.jpg 400w\" data-sizes=\"(max-width: 300px) 100vw, 300px\" \/><img loading=\"lazy\" width=\"300\" height=\"300\" src=\"data:image\/svg+xml;charset=utf-8,%3Csvg%20xmlns%3D&#039;http%3A%2F%2Fwww.w3.org%2F2000%2Fsvg&#039;%20viewBox%3D&#039;0%200%20300%20300&#039;%2F%3E\" class=\"attachment-woocommerce_thumbnail size-woocommerce_thumbnail image-hover unveil-image\" alt=\"\" data-src=\"https:\/\/www.maisonschwind.lu\/shop\/wp-content\/uploads\/2025\/12\/15212-pdt_540-300x300.jpg\" data-srcset=\"https:\/\/www.maisonschwind.lu\/shop\/wp-content\/uploads\/2025\/12\/15212-pdt_540-300x300.jpg 300w, https:\/\/www.maisonschwind.lu\/shop\/wp-content\/uploads\/2025\/12\/15212-pdt_540-150x150.jpg 150w, https:\/\/www.maisonschwind.lu\/shop\/wp-content\/uploads\/2025\/12\/15212-pdt_540-160x160.jpg 160w, https:\/\/www.maisonschwind.lu\/shop\/wp-content\/uploads\/2025\/12\/15212-pdt_540.jpg 400w\" data-sizes=\"(max-width: 300px) 100vw, 300px\" \/>        <\/a>\n        <div class='sale-perc'>-45%<\/div>            <\/figure>\n            <div class=\"groups-button flex-middle justify-content-center\">\n                \n                                    <div class=\"view\">\n                        <a href=\"javascript:void(0);\" class=\"quickview\" data-product_id=\"62572\">\n                            <i class=\"ti-eye\"><\/i>\n                        <\/a>\n                    <\/div>\n                \n                \n            <\/div> \n        <\/div>\n        <div class=\"metas clearfix\">\n            <div class=\"flex\">\n                <div class=\"clearfix\">\n                            <div class=\"product-cat\">\n        <a href=\"https:\/\/www.maisonschwind.lu\/fr\/categorie-produit\/noel\/\">***DESTOCKAGE***<\/a>        <\/div>\n    \n                    <h3 class=\"name\"><a href=\"https:\/\/www.maisonschwind.lu\/fr\/produit\/jersey-tricote-froisse-zebre-41251710\/\">Jersey tricot\u00e9-froiss\u00e9 z\u00e8bre 41251710<\/a><\/h3>\n                                    <\/div>\n                <div class=\"ali-right\">\n                        \n                <\/div>\n            <\/div>\n        <\/div>\n    <\/div>\n<\/div>\t\t\t<\/div>\n\t\t\t\t\t<div class=\"col-md-3 col-sm-4 col-xs-6 xs-clearfix  product type-product post-62208 status-publish instock product_cat-machine-a-coudre-electronique has-post-thumbnail sale taxable shipping-taxable purchasable product-type-simple\">\n\t\t\t \t<div class=\"product-block grid-v4\" data-product-id=\"62208\">\n    <div class=\"grid-inner\">\n        <div class=\"block-inner\">\n            <figure class=\"image\">\n                        <a title=\"Bernette 38 Yaya Han \u00e9dition sp\u00e9ciale\" href=\"https:\/\/www.maisonschwind.lu\/fr\/produit\/bernette-38-yaya-han-edition-speciale\/\" class=\"product-image\">\n            <img loading=\"lazy\" width=\"300\" height=\"300\" src=\"data:image\/svg+xml;charset=utf-8,%3Csvg%20xmlns%3D&#039;http%3A%2F%2Fwww.w3.org%2F2000%2Fsvg&#039;%20viewBox%3D&#039;0%200%20300%20300&#039;%2F%3E\" class=\"attachment-woocommerce_thumbnail size-woocommerce_thumbnail image-effect unveil-image\" alt=\"\" data-src=\"https:\/\/www.maisonschwind.lu\/shop\/wp-content\/uploads\/2025\/12\/BERNETTE_38_YayaHan_Edition_2-300x300.jpg\" data-srcset=\"https:\/\/www.maisonschwind.lu\/shop\/wp-content\/uploads\/2025\/12\/BERNETTE_38_YayaHan_Edition_2-300x300.jpg 300w, https:\/\/www.maisonschwind.lu\/shop\/wp-content\/uploads\/2025\/12\/BERNETTE_38_YayaHan_Edition_2-150x150.jpg 150w, https:\/\/www.maisonschwind.lu\/shop\/wp-content\/uploads\/2025\/12\/BERNETTE_38_YayaHan_Edition_2-160x160.jpg 160w, https:\/\/www.maisonschwind.lu\/shop\/wp-content\/uploads\/2025\/12\/BERNETTE_38_YayaHan_Edition_2.jpg 400w\" data-sizes=\"(max-width: 300px) 100vw, 300px\" \/><img loading=\"lazy\" width=\"300\" height=\"300\" src=\"data:image\/svg+xml;charset=utf-8,%3Csvg%20xmlns%3D&#039;http%3A%2F%2Fwww.w3.org%2F2000%2Fsvg&#039;%20viewBox%3D&#039;0%200%20300%20300&#039;%2F%3E\" class=\"attachment-woocommerce_thumbnail size-woocommerce_thumbnail image-hover unveil-image\" alt=\"\" data-src=\"https:\/\/www.maisonschwind.lu\/shop\/wp-content\/uploads\/2025\/12\/BERNETTE_38_YayaHan_Edition_1-300x300.jpg\" data-srcset=\"https:\/\/www.maisonschwind.lu\/shop\/wp-content\/uploads\/2025\/12\/BERNETTE_38_YayaHan_Edition_1-300x300.jpg 300w, https:\/\/www.maisonschwind.lu\/shop\/wp-content\/uploads\/2025\/12\/BERNETTE_38_YayaHan_Edition_1-150x150.jpg 150w, https:\/\/www.maisonschwind.lu\/shop\/wp-content\/uploads\/2025\/12\/BERNETTE_38_YayaHan_Edition_1-160x160.jpg 160w, https:\/\/www.maisonschwind.lu\/shop\/wp-content\/uploads\/2025\/12\/BERNETTE_38_YayaHan_Edition_1.jpg 400w\" data-sizes=\"(max-width: 300px) 100vw, 300px\" \/>        <\/a>\n        <div class='sale-perc'>-9%<\/div>            <\/figure>\n            <div class=\"groups-button flex-middle justify-content-center\">\n                \n                                    <div class=\"view\">\n                        <a href=\"javascript:void(0);\" class=\"quickview\" data-product_id=\"62208\">\n                            <i class=\"ti-eye\"><\/i>\n                        <\/a>\n                    <\/div>\n                \n                \n            <\/div> \n        <\/div>\n        <div class=\"metas clearfix\">\n            <div class=\"flex\">\n                <div class=\"clearfix\">\n                            <div class=\"product-cat\">\n        <a href=\"https:\/\/www.maisonschwind.lu\/fr\/categorie-produit\/machine-a-coudre\/machine-a-coudre-electronique\/\">ELECTRONIQUE<\/a>        <\/div>\n    \n                    <h3 class=\"name\"><a href=\"https:\/\/www.maisonschwind.lu\/fr\/produit\/bernette-38-yaya-han-edition-speciale\/\">Bernette 38 Yaya Han \u00e9dition sp\u00e9ciale<\/a><\/h3>\n                                    <\/div>\n                <div class=\"ali-right\">\n                        \n                <\/div>\n            <\/div>\n        <\/div>\n    <\/div>\n<\/div>\t\t\t<\/div>\n\t\t\t\t\t<div class=\"col-md-3 col-sm-4 col-xs-6 sm-clearfix  product type-product post-62477 status-publish last instock product_cat-noel product_cat-collectio-hiver product_cat-modal-fr has-post-thumbnail sale taxable shipping-taxable purchasable product-type-simple\">\n\t\t\t \t<div class=\"product-block grid-v4\" data-product-id=\"62477\">\n    <div class=\"grid-inner\">\n        <div class=\"block-inner\">\n            <figure class=\"image\">\n                        <a title=\"Sweat fleurs int\u00e9rieur bross\u00e9 26912-12SW\" href=\"https:\/\/www.maisonschwind.lu\/fr\/produit\/sweat-fleurs-interieur-brosse-26912-12sw\/\" class=\"product-image\">\n            <img loading=\"lazy\" width=\"300\" height=\"300\" src=\"data:image\/svg+xml;charset=utf-8,%3Csvg%20xmlns%3D&#039;http%3A%2F%2Fwww.w3.org%2F2000%2Fsvg&#039;%20viewBox%3D&#039;0%200%20300%20300&#039;%2F%3E\" class=\"attachment-woocommerce_thumbnail size-woocommerce_thumbnail image-effect unveil-image\" alt=\"\" data-src=\"https:\/\/www.maisonschwind.lu\/shop\/wp-content\/uploads\/2025\/11\/9b84b633d6488ddddcd70d9e860a6cc7-300x300.jpg\" data-srcset=\"https:\/\/www.maisonschwind.lu\/shop\/wp-content\/uploads\/2025\/11\/9b84b633d6488ddddcd70d9e860a6cc7-300x300.jpg 300w, https:\/\/www.maisonschwind.lu\/shop\/wp-content\/uploads\/2025\/11\/9b84b633d6488ddddcd70d9e860a6cc7-150x150.jpg 150w, https:\/\/www.maisonschwind.lu\/shop\/wp-content\/uploads\/2025\/11\/9b84b633d6488ddddcd70d9e860a6cc7-410x410.jpg 410w, https:\/\/www.maisonschwind.lu\/shop\/wp-content\/uploads\/2025\/11\/9b84b633d6488ddddcd70d9e860a6cc7-600x600.jpg 600w, https:\/\/www.maisonschwind.lu\/shop\/wp-content\/uploads\/2025\/11\/9b84b633d6488ddddcd70d9e860a6cc7-160x160.jpg 160w, https:\/\/www.maisonschwind.lu\/shop\/wp-content\/uploads\/2025\/11\/9b84b633d6488ddddcd70d9e860a6cc7.jpg 682w\" data-sizes=\"(max-width: 300px) 100vw, 300px\" \/><img loading=\"lazy\" width=\"300\" height=\"300\" src=\"data:image\/svg+xml;charset=utf-8,%3Csvg%20xmlns%3D&#039;http%3A%2F%2Fwww.w3.org%2F2000%2Fsvg&#039;%20viewBox%3D&#039;0%200%20300%20300&#039;%2F%3E\" class=\"attachment-woocommerce_thumbnail size-woocommerce_thumbnail image-hover unveil-image\" alt=\"\" data-src=\"https:\/\/www.maisonschwind.lu\/shop\/wp-content\/uploads\/2025\/11\/f73863cef78c91f75b319ab9899d7e4c-300x300.jpg\" data-srcset=\"https:\/\/www.maisonschwind.lu\/shop\/wp-content\/uploads\/2025\/11\/f73863cef78c91f75b319ab9899d7e4c-300x300.jpg 300w, https:\/\/www.maisonschwind.lu\/shop\/wp-content\/uploads\/2025\/11\/f73863cef78c91f75b319ab9899d7e4c-150x150.jpg 150w, https:\/\/www.maisonschwind.lu\/shop\/wp-content\/uploads\/2025\/11\/f73863cef78c91f75b319ab9899d7e4c-410x410.jpg 410w, https:\/\/www.maisonschwind.lu\/shop\/wp-content\/uploads\/2025\/11\/f73863cef78c91f75b319ab9899d7e4c-600x600.jpg 600w, https:\/\/www.maisonschwind.lu\/shop\/wp-content\/uploads\/2025\/11\/f73863cef78c91f75b319ab9899d7e4c-160x160.jpg 160w, https:\/\/www.maisonschwind.lu\/shop\/wp-content\/uploads\/2025\/11\/f73863cef78c91f75b319ab9899d7e4c.jpg 682w\" data-sizes=\"(max-width: 300px) 100vw, 300px\" \/>        <\/a>\n        <div class='sale-perc'>-45%<\/div>            <\/figure>\n            <div class=\"groups-button flex-middle justify-content-center\">\n                \n                                    <div class=\"view\">\n                        <a href=\"javascript:void(0);\" class=\"quickview\" data-product_id=\"62477\">\n                            <i class=\"ti-eye\"><\/i>\n                        <\/a>\n                    <\/div>\n                \n                \n            <\/div> \n        <\/div>\n        <div class=\"metas clearfix\">\n            <div class=\"flex\">\n                <div class=\"clearfix\">\n                            <div class=\"product-cat\">\n        <a href=\"https:\/\/www.maisonschwind.lu\/fr\/categorie-produit\/noel\/\">***DESTOCKAGE***<\/a>        <\/div>\n    \n                    <h3 class=\"name\"><a href=\"https:\/\/www.maisonschwind.lu\/fr\/produit\/sweat-fleurs-interieur-brosse-26912-12sw\/\">Sweat fleurs int\u00e9rieur bross\u00e9 26912-12SW<\/a><\/h3>\n                                    <\/div>\n                <div class=\"ali-right\">\n                        \n                <\/div>\n            <\/div>\n        <\/div>\n    <\/div>\n<\/div>\t\t\t<\/div>\n\t\t\t\t\t<div class=\"col-md-3 col-sm-4 col-xs-6 md-clearfix lg-clearfix  xs-clearfix  product type-product post-62457 status-publish first onbackorder product_cat-janome-fr has-post-thumbnail sale taxable shipping-taxable purchasable product-type-simple\">\n\t\t\t \t<div class=\"product-block grid-v4\" data-product-id=\"62457\">\n    <div class=\"grid-inner\">\n        <div class=\"block-inner\">\n            <figure class=\"image\">\n                        <a title=\"Pied couture rabattue 9mm Janome 202503000\" href=\"https:\/\/www.maisonschwind.lu\/fr\/produit\/pied-couture-rabattue-9mm-janome-202503000\/\" class=\"product-image\">\n            <img loading=\"lazy\" width=\"300\" height=\"300\" src=\"data:image\/svg+xml;charset=utf-8,%3Csvg%20xmlns%3D&#039;http%3A%2F%2Fwww.w3.org%2F2000%2Fsvg&#039;%20viewBox%3D&#039;0%200%20300%20300&#039;%2F%3E\" class=\"attachment-woocommerce_thumbnail size-woocommerce_thumbnail image-no-effect unveil-image\" alt=\"\" data-src=\"https:\/\/www.maisonschwind.lu\/shop\/wp-content\/uploads\/2025\/11\/202463007-300x300.jpg\" data-srcset=\"https:\/\/www.maisonschwind.lu\/shop\/wp-content\/uploads\/2025\/11\/202463007-300x300.jpg 300w, https:\/\/www.maisonschwind.lu\/shop\/wp-content\/uploads\/2025\/11\/202463007-150x150.jpg 150w, https:\/\/www.maisonschwind.lu\/shop\/wp-content\/uploads\/2025\/11\/202463007-160x160.jpg 160w, https:\/\/www.maisonschwind.lu\/shop\/wp-content\/uploads\/2025\/11\/202463007.jpg 400w\" data-sizes=\"(max-width: 300px) 100vw, 300px\" \/>        <\/a>\n        <div class='sale-perc'>-10%<\/div>            <\/figure>\n            <div class=\"groups-button flex-middle justify-content-center\">\n                \n                                    <div class=\"view\">\n                        <a href=\"javascript:void(0);\" class=\"quickview\" data-product_id=\"62457\">\n                            <i class=\"ti-eye\"><\/i>\n                        <\/a>\n                    <\/div>\n                \n                \n            <\/div> \n        <\/div>\n        <div class=\"metas clearfix\">\n            <div class=\"flex\">\n                <div class=\"clearfix\">\n                            <div class=\"product-cat\">\n        <a href=\"https:\/\/www.maisonschwind.lu\/fr\/categorie-produit\/marques\/janome-fr\/\">Janome<\/a>        <\/div>\n    \n                    <h3 class=\"name\"><a href=\"https:\/\/www.maisonschwind.lu\/fr\/produit\/pied-couture-rabattue-9mm-janome-202503000\/\">Pied couture rabattue 9mm Janome 202503000<\/a><\/h3>\n                                    <\/div>\n                <div class=\"ali-right\">\n                        \n                <\/div>\n            <\/div>\n        <\/div>\n    <\/div>\n<\/div>\t\t\t<\/div>\n\t\t\t\t\t<div class=\"col-md-3 col-sm-4 col-xs-6 product type-product post-61566 status-publish instock product_cat-noel product_cat-collectio-hiver product_cat-modal-fr has-post-thumbnail sale taxable shipping-taxable purchasable product-type-simple\">\n\t\t\t \t<div class=\"product-block grid-v4\" data-product-id=\"61566\">\n    <div class=\"grid-inner\">\n        <div class=\"block-inner\">\n            <figure class=\"image\">\n                        <a title=\"Matelass\u00e9 velours fleurs &#8211; fuchsia 03478.001\" href=\"https:\/\/www.maisonschwind.lu\/fr\/produit\/matelasse-velours-fleurs-fuchsia-03478-001\/\" class=\"product-image\">\n            <img loading=\"lazy\" width=\"300\" height=\"300\" src=\"data:image\/svg+xml;charset=utf-8,%3Csvg%20xmlns%3D&#039;http%3A%2F%2Fwww.w3.org%2F2000%2Fsvg&#039;%20viewBox%3D&#039;0%200%20300%20300&#039;%2F%3E\" class=\"attachment-woocommerce_thumbnail size-woocommerce_thumbnail image-effect unveil-image\" alt=\"\" data-src=\"https:\/\/www.maisonschwind.lu\/shop\/wp-content\/uploads\/2025\/11\/03478.001_image3-300x300.jpg\" data-srcset=\"https:\/\/www.maisonschwind.lu\/shop\/wp-content\/uploads\/2025\/11\/03478.001_image3-300x300.jpg 300w, https:\/\/www.maisonschwind.lu\/shop\/wp-content\/uploads\/2025\/11\/03478.001_image3-150x150.jpg 150w, https:\/\/www.maisonschwind.lu\/shop\/wp-content\/uploads\/2025\/11\/03478.001_image3-160x160.jpg 160w, https:\/\/www.maisonschwind.lu\/shop\/wp-content\/uploads\/2025\/11\/03478.001_image3.jpg 400w\" data-sizes=\"(max-width: 300px) 100vw, 300px\" \/><img loading=\"lazy\" width=\"300\" height=\"300\" src=\"data:image\/svg+xml;charset=utf-8,%3Csvg%20xmlns%3D&#039;http%3A%2F%2Fwww.w3.org%2F2000%2Fsvg&#039;%20viewBox%3D&#039;0%200%20300%20300&#039;%2F%3E\" class=\"attachment-woocommerce_thumbnail size-woocommerce_thumbnail image-hover unveil-image\" alt=\"\" data-src=\"https:\/\/www.maisonschwind.lu\/shop\/wp-content\/uploads\/2025\/11\/03478.001_mainimage-300x300.jpg\" data-srcset=\"https:\/\/www.maisonschwind.lu\/shop\/wp-content\/uploads\/2025\/11\/03478.001_mainimage-300x300.jpg 300w, https:\/\/www.maisonschwind.lu\/shop\/wp-content\/uploads\/2025\/11\/03478.001_mainimage-150x150.jpg 150w, https:\/\/www.maisonschwind.lu\/shop\/wp-content\/uploads\/2025\/11\/03478.001_mainimage-160x160.jpg 160w, https:\/\/www.maisonschwind.lu\/shop\/wp-content\/uploads\/2025\/11\/03478.001_mainimage.jpg 400w\" data-sizes=\"(max-width: 300px) 100vw, 300px\" \/>        <\/a>\n        <div class='sale-perc'>-45%<\/div>            <\/figure>\n            <div class=\"groups-button flex-middle justify-content-center\">\n                \n                                    <div class=\"view\">\n                        <a href=\"javascript:void(0);\" class=\"quickview\" data-product_id=\"61566\">\n                            <i class=\"ti-eye\"><\/i>\n                        <\/a>\n                    <\/div>\n                \n                \n            <\/div> \n        <\/div>\n        <div class=\"metas clearfix\">\n            <div class=\"flex\">\n                <div class=\"clearfix\">\n                            <div class=\"product-cat\">\n        <a href=\"https:\/\/www.maisonschwind.lu\/fr\/categorie-produit\/noel\/\">***DESTOCKAGE***<\/a>        <\/div>\n    \n                    <h3 class=\"name\"><a href=\"https:\/\/www.maisonschwind.lu\/fr\/produit\/matelasse-velours-fleurs-fuchsia-03478-001\/\">Matelass\u00e9 velours fleurs &#8211; fuchsia 03478.001<\/a><\/h3>\n                                    <\/div>\n                <div class=\"ali-right\">\n                        \n                <\/div>\n            <\/div>\n        <\/div>\n    <\/div>\n<\/div>\t\t\t<\/div>\n\t\t\t\t\t<div class=\"col-md-3 col-sm-4 col-xs-6 sm-clearfix  xs-clearfix  product type-product post-61436 status-publish instock product_cat-noel product_cat-collectio-hiver product_cat-cotton product_cat-panneau has-post-thumbnail sale taxable shipping-taxable purchasable product-type-simple\">\n\t\t\t \t<div class=\"product-block grid-v4\" data-product-id=\"61436\">\n    <div class=\"grid-inner\">\n        <div class=\"block-inner\">\n            <figure class=\"image\">\n                        <a title=\"Panneau canevas calendrier de l&#8217;avent 05704.001\" href=\"https:\/\/www.maisonschwind.lu\/fr\/produit\/panneau-canevas-calendrier-de-lavent-05704-001\/\" class=\"product-image\">\n            <img loading=\"lazy\" width=\"300\" height=\"300\" src=\"data:image\/svg+xml;charset=utf-8,%3Csvg%20xmlns%3D&#039;http%3A%2F%2Fwww.w3.org%2F2000%2Fsvg&#039;%20viewBox%3D&#039;0%200%20300%20300&#039;%2F%3E\" class=\"attachment-woocommerce_thumbnail size-woocommerce_thumbnail image-effect unveil-image\" alt=\"\" data-src=\"https:\/\/www.maisonschwind.lu\/shop\/wp-content\/uploads\/2025\/10\/05704.001_image5-300x300.jpg\" data-srcset=\"https:\/\/www.maisonschwind.lu\/shop\/wp-content\/uploads\/2025\/10\/05704.001_image5-300x300.jpg 300w, https:\/\/www.maisonschwind.lu\/shop\/wp-content\/uploads\/2025\/10\/05704.001_image5-150x150.jpg 150w, https:\/\/www.maisonschwind.lu\/shop\/wp-content\/uploads\/2025\/10\/05704.001_image5-160x160.jpg 160w, https:\/\/www.maisonschwind.lu\/shop\/wp-content\/uploads\/2025\/10\/05704.001_image5.jpg 400w\" data-sizes=\"(max-width: 300px) 100vw, 300px\" \/><img loading=\"lazy\" width=\"300\" height=\"300\" src=\"data:image\/svg+xml;charset=utf-8,%3Csvg%20xmlns%3D&#039;http%3A%2F%2Fwww.w3.org%2F2000%2Fsvg&#039;%20viewBox%3D&#039;0%200%20300%20300&#039;%2F%3E\" class=\"attachment-woocommerce_thumbnail size-woocommerce_thumbnail image-hover unveil-image\" alt=\"\" data-src=\"https:\/\/www.maisonschwind.lu\/shop\/wp-content\/uploads\/2025\/10\/05704.001_image3-300x300.jpg\" data-srcset=\"https:\/\/www.maisonschwind.lu\/shop\/wp-content\/uploads\/2025\/10\/05704.001_image3-300x300.jpg 300w, https:\/\/www.maisonschwind.lu\/shop\/wp-content\/uploads\/2025\/10\/05704.001_image3-150x150.jpg 150w, https:\/\/www.maisonschwind.lu\/shop\/wp-content\/uploads\/2025\/10\/05704.001_image3-160x160.jpg 160w, https:\/\/www.maisonschwind.lu\/shop\/wp-content\/uploads\/2025\/10\/05704.001_image3.jpg 400w\" data-sizes=\"(max-width: 300px) 100vw, 300px\" \/>        <\/a>\n        <div class='sale-perc'>-45%<\/div>            <\/figure>\n            <div class=\"groups-button flex-middle justify-content-center\">\n                \n                                    <div class=\"view\">\n                        <a href=\"javascript:void(0);\" class=\"quickview\" data-product_id=\"61436\">\n                            <i class=\"ti-eye\"><\/i>\n                        <\/a>\n                    <\/div>\n                \n                \n            <\/div> \n        <\/div>\n        <div class=\"metas clearfix\">\n            <div class=\"flex\">\n                <div class=\"clearfix\">\n                            <div class=\"product-cat\">\n        <a href=\"https:\/\/www.maisonschwind.lu\/fr\/categorie-produit\/noel\/\">***DESTOCKAGE***<\/a>        <\/div>\n    \n                    <h3 class=\"name\"><a href=\"https:\/\/www.maisonschwind.lu\/fr\/produit\/panneau-canevas-calendrier-de-lavent-05704-001\/\">Panneau canevas calendrier de l&#8217;avent 05704.001<\/a><\/h3>\n                                    <\/div>\n                <div class=\"ali-right\">\n                        \n                <\/div>\n            <\/div>\n        <\/div>\n    <\/div>\n<\/div>\t\t\t<\/div>\n\t\t\t\t\t<div class=\"col-md-3 col-sm-4 col-xs-6 product type-product post-61432 status-publish last outofstock product_cat-collectio-hiver product_cat-cotton has-post-thumbnail sale taxable shipping-taxable purchasable product-type-simple\">\n\t\t\t \t<div class=\"product-block grid-v4\" data-product-id=\"61432\">\n    <div class=\"grid-inner\">\n        <div class=\"block-inner\">\n            <figure class=\"image\">\n                        <a title=\"Coton bross\u00e9 \u00e0 carreaux vert et rouge 03753.001\" href=\"https:\/\/www.maisonschwind.lu\/fr\/produit\/coton-brosse-a-carreaux-vert-et-rouge-03753-001\/\" class=\"product-image\">\n            <img loading=\"lazy\" width=\"300\" height=\"300\" src=\"data:image\/svg+xml;charset=utf-8,%3Csvg%20xmlns%3D&#039;http%3A%2F%2Fwww.w3.org%2F2000%2Fsvg&#039;%20viewBox%3D&#039;0%200%20300%20300&#039;%2F%3E\" class=\"attachment-woocommerce_thumbnail size-woocommerce_thumbnail image-effect unveil-image\" alt=\"\" data-src=\"https:\/\/www.maisonschwind.lu\/shop\/wp-content\/uploads\/2025\/10\/03753.001-300x300.png\" data-srcset=\"https:\/\/www.maisonschwind.lu\/shop\/wp-content\/uploads\/2025\/10\/03753.001-300x300.png 300w, https:\/\/www.maisonschwind.lu\/shop\/wp-content\/uploads\/2025\/10\/03753.001-150x150.png 150w, https:\/\/www.maisonschwind.lu\/shop\/wp-content\/uploads\/2025\/10\/03753.001-160x160.png 160w, https:\/\/www.maisonschwind.lu\/shop\/wp-content\/uploads\/2025\/10\/03753.001.png 400w\" data-sizes=\"(max-width: 300px) 100vw, 300px\" \/><img loading=\"lazy\" width=\"300\" height=\"300\" src=\"data:image\/svg+xml;charset=utf-8,%3Csvg%20xmlns%3D&#039;http%3A%2F%2Fwww.w3.org%2F2000%2Fsvg&#039;%20viewBox%3D&#039;0%200%20300%20300&#039;%2F%3E\" class=\"attachment-woocommerce_thumbnail size-woocommerce_thumbnail image-hover unveil-image\" alt=\"\" data-src=\"https:\/\/www.maisonschwind.lu\/shop\/wp-content\/uploads\/2025\/10\/03753.001_mainimage-300x300.jpg\" data-srcset=\"https:\/\/www.maisonschwind.lu\/shop\/wp-content\/uploads\/2025\/10\/03753.001_mainimage-300x300.jpg 300w, https:\/\/www.maisonschwind.lu\/shop\/wp-content\/uploads\/2025\/10\/03753.001_mainimage-150x150.jpg 150w, https:\/\/www.maisonschwind.lu\/shop\/wp-content\/uploads\/2025\/10\/03753.001_mainimage-160x160.jpg 160w, https:\/\/www.maisonschwind.lu\/shop\/wp-content\/uploads\/2025\/10\/03753.001_mainimage.jpg 400w\" data-sizes=\"(max-width: 300px) 100vw, 300px\" \/>        <\/a>\n        <p class=\"stock out-of-stock\">SOLD OUT<\/p><div class='sale-perc'>-20%<\/div>            <\/figure>\n            <div class=\"groups-button flex-middle justify-content-center\">\n                \n                                    <div class=\"view\">\n                        <a href=\"javascript:void(0);\" class=\"quickview\" data-product_id=\"61432\">\n                            <i class=\"ti-eye\"><\/i>\n                        <\/a>\n                    <\/div>\n                \n                \n            <\/div> \n        <\/div>\n        <div class=\"metas clearfix\">\n            <div class=\"flex\">\n                <div class=\"clearfix\">\n                            <div class=\"product-cat\">\n        <a href=\"https:\/\/www.maisonschwind.lu\/fr\/categorie-produit\/tissus\/collectio-hiver\/\">Collection hiver 2025\/2026<\/a>        <\/div>\n    \n                    <h3 class=\"name\"><a href=\"https:\/\/www.maisonschwind.lu\/fr\/produit\/coton-brosse-a-carreaux-vert-et-rouge-03753-001\/\">Coton bross\u00e9 \u00e0 carreaux vert et rouge 03753.001<\/a><\/h3>\n                                    <\/div>\n                <div class=\"ali-right\">\n                        \n                <\/div>\n            <\/div>\n        <\/div>\n    <\/div>\n<\/div>\t\t\t<\/div>\n\t\t\t\t\t<div class=\"col-md-3 col-sm-4 col-xs-6 md-clearfix lg-clearfix  xs-clearfix  product type-product post-61419 status-publish first instock product_cat-noel product_cat-collectio-hiver product_cat-modal-fr has-post-thumbnail sale taxable shipping-taxable purchasable product-type-simple\">\n\t\t\t \t<div class=\"product-block grid-v4\" data-product-id=\"61419\">\n    <div class=\"grid-inner\">\n        <div class=\"block-inner\">\n            <figure class=\"image\">\n                        <a title=\"Toile de jute fil dor\u00e9 06390.002\" href=\"https:\/\/www.maisonschwind.lu\/fr\/produit\/toile-de-jute-fil-dore-06390-002\/\" class=\"product-image\">\n            <img loading=\"lazy\" width=\"300\" height=\"300\" src=\"data:image\/svg+xml;charset=utf-8,%3Csvg%20xmlns%3D&#039;http%3A%2F%2Fwww.w3.org%2F2000%2Fsvg&#039;%20viewBox%3D&#039;0%200%20300%20300&#039;%2F%3E\" class=\"attachment-woocommerce_thumbnail size-woocommerce_thumbnail image-effect unveil-image\" alt=\"\" data-src=\"https:\/\/www.maisonschwind.lu\/shop\/wp-content\/uploads\/2025\/10\/06390.002_image6-300x300.jpg\" data-srcset=\"https:\/\/www.maisonschwind.lu\/shop\/wp-content\/uploads\/2025\/10\/06390.002_image6-300x300.jpg 300w, https:\/\/www.maisonschwind.lu\/shop\/wp-content\/uploads\/2025\/10\/06390.002_image6-150x150.jpg 150w, https:\/\/www.maisonschwind.lu\/shop\/wp-content\/uploads\/2025\/10\/06390.002_image6-160x160.jpg 160w, https:\/\/www.maisonschwind.lu\/shop\/wp-content\/uploads\/2025\/10\/06390.002_image6.jpg 400w\" data-sizes=\"(max-width: 300px) 100vw, 300px\" \/><img loading=\"lazy\" width=\"300\" height=\"300\" src=\"data:image\/svg+xml;charset=utf-8,%3Csvg%20xmlns%3D&#039;http%3A%2F%2Fwww.w3.org%2F2000%2Fsvg&#039;%20viewBox%3D&#039;0%200%20300%20300&#039;%2F%3E\" class=\"attachment-woocommerce_thumbnail size-woocommerce_thumbnail image-hover unveil-image\" alt=\"\" data-src=\"https:\/\/www.maisonschwind.lu\/shop\/wp-content\/uploads\/2025\/10\/06390.002_mainimage-300x300.jpg\" data-srcset=\"https:\/\/www.maisonschwind.lu\/shop\/wp-content\/uploads\/2025\/10\/06390.002_mainimage-300x300.jpg 300w, https:\/\/www.maisonschwind.lu\/shop\/wp-content\/uploads\/2025\/10\/06390.002_mainimage-150x150.jpg 150w, https:\/\/www.maisonschwind.lu\/shop\/wp-content\/uploads\/2025\/10\/06390.002_mainimage-160x160.jpg 160w, https:\/\/www.maisonschwind.lu\/shop\/wp-content\/uploads\/2025\/10\/06390.002_mainimage.jpg 400w\" data-sizes=\"(max-width: 300px) 100vw, 300px\" \/>        <\/a>\n        <div class='sale-perc'>-34%<\/div>            <\/figure>\n            <div class=\"groups-button flex-middle justify-content-center\">\n                \n                                    <div class=\"view\">\n                        <a href=\"javascript:void(0);\" class=\"quickview\" data-product_id=\"61419\">\n                            <i class=\"ti-eye\"><\/i>\n                        <\/a>\n                    <\/div>\n                \n                \n            <\/div> \n        <\/div>\n        <div class=\"metas clearfix\">\n            <div class=\"flex\">\n                <div class=\"clearfix\">\n                            <div class=\"product-cat\">\n        <a href=\"https:\/\/www.maisonschwind.lu\/fr\/categorie-produit\/noel\/\">***DESTOCKAGE***<\/a>        <\/div>\n    \n                    <h3 class=\"name\"><a href=\"https:\/\/www.maisonschwind.lu\/fr\/produit\/toile-de-jute-fil-dore-06390-002\/\">Toile de jute fil dor\u00e9 06390.002<\/a><\/h3>\n                                    <\/div>\n                <div class=\"ali-right\">\n                        \n                <\/div>\n            <\/div>\n        <\/div>\n    <\/div>\n<\/div>\t\t\t<\/div>\n\t\t\t\t\t<div class=\"col-md-3 col-sm-4 col-xs-6 sm-clearfix  product type-product post-61411 status-publish instock product_cat-noel product_cat-collectio-hiver product_cat-modal-fr has-post-thumbnail sale taxable shipping-taxable purchasable product-type-simple\">\n\t\t\t \t<div class=\"product-block grid-v4\" data-product-id=\"61411\">\n    <div class=\"grid-inner\">\n        <div class=\"block-inner\">\n            <figure class=\"image\">\n                        <a title=\"Laine m\u00e9rino 03764.008\" href=\"https:\/\/www.maisonschwind.lu\/fr\/produit\/laine-merino-03764-008\/\" class=\"product-image\">\n            <img loading=\"lazy\" width=\"300\" height=\"300\" src=\"data:image\/svg+xml;charset=utf-8,%3Csvg%20xmlns%3D&#039;http%3A%2F%2Fwww.w3.org%2F2000%2Fsvg&#039;%20viewBox%3D&#039;0%200%20300%20300&#039;%2F%3E\" class=\"attachment-woocommerce_thumbnail size-woocommerce_thumbnail image-effect unveil-image\" alt=\"\" data-src=\"https:\/\/www.maisonschwind.lu\/shop\/wp-content\/uploads\/2025\/10\/03764.008_image5-300x300.jpg\" data-srcset=\"https:\/\/www.maisonschwind.lu\/shop\/wp-content\/uploads\/2025\/10\/03764.008_image5-300x300.jpg 300w, https:\/\/www.maisonschwind.lu\/shop\/wp-content\/uploads\/2025\/10\/03764.008_image5-150x150.jpg 150w, https:\/\/www.maisonschwind.lu\/shop\/wp-content\/uploads\/2025\/10\/03764.008_image5-160x160.jpg 160w, https:\/\/www.maisonschwind.lu\/shop\/wp-content\/uploads\/2025\/10\/03764.008_image5.jpg 400w\" data-sizes=\"(max-width: 300px) 100vw, 300px\" \/><img loading=\"lazy\" width=\"300\" height=\"300\" src=\"data:image\/svg+xml;charset=utf-8,%3Csvg%20xmlns%3D&#039;http%3A%2F%2Fwww.w3.org%2F2000%2Fsvg&#039;%20viewBox%3D&#039;0%200%20300%20300&#039;%2F%3E\" class=\"attachment-woocommerce_thumbnail size-woocommerce_thumbnail image-hover unveil-image\" alt=\"\" data-src=\"https:\/\/www.maisonschwind.lu\/shop\/wp-content\/uploads\/2025\/10\/03764.008_mainimage-300x300.jpg\" data-srcset=\"https:\/\/www.maisonschwind.lu\/shop\/wp-content\/uploads\/2025\/10\/03764.008_mainimage-300x300.jpg 300w, https:\/\/www.maisonschwind.lu\/shop\/wp-content\/uploads\/2025\/10\/03764.008_mainimage-150x150.jpg 150w, https:\/\/www.maisonschwind.lu\/shop\/wp-content\/uploads\/2025\/10\/03764.008_mainimage-160x160.jpg 160w, https:\/\/www.maisonschwind.lu\/shop\/wp-content\/uploads\/2025\/10\/03764.008_mainimage.jpg 400w\" data-sizes=\"(max-width: 300px) 100vw, 300px\" \/>        <\/a>\n        <div class='sale-perc'>-45%<\/div>            <\/figure>\n            <div class=\"groups-button flex-middle justify-content-center\">\n                \n                                    <div class=\"view\">\n                        <a href=\"javascript:void(0);\" class=\"quickview\" data-product_id=\"61411\">\n                            <i class=\"ti-eye\"><\/i>\n                        <\/a>\n                    <\/div>\n                \n                \n            <\/div> \n        <\/div>\n        <div class=\"metas clearfix\">\n            <div class=\"flex\">\n                <div class=\"clearfix\">\n                            <div class=\"product-cat\">\n        <a href=\"https:\/\/www.maisonschwind.lu\/fr\/categorie-produit\/noel\/\">***DESTOCKAGE***<\/a>        <\/div>\n    \n                    <h3 class=\"name\"><a href=\"https:\/\/www.maisonschwind.lu\/fr\/produit\/laine-merino-03764-008\/\">Laine m\u00e9rino 03764.008<\/a><\/h3>\n                                    <\/div>\n                <div class=\"ali-right\">\n                        \n                <\/div>\n            <\/div>\n        <\/div>\n    <\/div>\n<\/div>\t\t\t<\/div>\n\t\t\t\t\t<div class=\"col-md-3 col-sm-4 col-xs-6 xs-clearfix  product type-product post-61125 status-publish instock product_cat-noel product_cat-bernina-fr product_cat-pieds-de-biche has-post-thumbnail sale taxable shipping-taxable purchasable product-type-simple\">\n\t\t\t \t<div class=\"product-block grid-v4\" data-product-id=\"61125\">\n    <div class=\"grid-inner\">\n        <div class=\"block-inner\">\n            <figure class=\"image\">\n                        <a title=\"Pied pour passepoil n\u00b038 ancien mod\u00e8le Bernina 030915.70.00\" href=\"https:\/\/www.maisonschwind.lu\/fr\/produit\/pied-pour-passepoil-n38-ancien-modele-bernina-030915-70-00\/\" class=\"product-image\">\n            <img loading=\"lazy\" width=\"300\" height=\"300\" src=\"data:image\/svg+xml;charset=utf-8,%3Csvg%20xmlns%3D&#039;http%3A%2F%2Fwww.w3.org%2F2000%2Fsvg&#039;%20viewBox%3D&#039;0%200%20300%20300&#039;%2F%3E\" class=\"attachment-woocommerce_thumbnail size-woocommerce_thumbnail image-no-effect unveil-image\" alt=\"\" data-src=\"https:\/\/www.maisonschwind.lu\/shop\/wp-content\/uploads\/2025\/10\/38_20180828123346-300x300.jpg\" data-srcset=\"https:\/\/www.maisonschwind.lu\/shop\/wp-content\/uploads\/2025\/10\/38_20180828123346-300x300.jpg 300w, https:\/\/www.maisonschwind.lu\/shop\/wp-content\/uploads\/2025\/10\/38_20180828123346-150x150.jpg 150w, https:\/\/www.maisonschwind.lu\/shop\/wp-content\/uploads\/2025\/10\/38_20180828123346-160x160.jpg 160w, https:\/\/www.maisonschwind.lu\/shop\/wp-content\/uploads\/2025\/10\/38_20180828123346.jpg 400w\" data-sizes=\"(max-width: 300px) 100vw, 300px\" \/>        <\/a>\n        <div class='sale-perc'>-35%<\/div>            <\/figure>\n            <div class=\"groups-button flex-middle justify-content-center\">\n                \n                                    <div class=\"view\">\n                        <a href=\"javascript:void(0);\" class=\"quickview\" data-product_id=\"61125\">\n                            <i class=\"ti-eye\"><\/i>\n                        <\/a>\n                    <\/div>\n                \n                \n            <\/div> \n        <\/div>\n        <div class=\"metas clearfix\">\n            <div class=\"flex\">\n                <div class=\"clearfix\">\n                            <div class=\"product-cat\">\n        <a href=\"https:\/\/www.maisonschwind.lu\/fr\/categorie-produit\/noel\/\">***DESTOCKAGE***<\/a>        <\/div>\n    \n                    <h3 class=\"name\"><a href=\"https:\/\/www.maisonschwind.lu\/fr\/produit\/pied-pour-passepoil-n38-ancien-modele-bernina-030915-70-00\/\">Pied pour passepoil n\u00b038 ancien mod\u00e8le Bernina 030915.70.00<\/a><\/h3>\n                                    <\/div>\n                <div class=\"ali-right\">\n                        \n                <\/div>\n            <\/div>\n        <\/div>\n    <\/div>\n<\/div>\t\t\t<\/div>\n\t\t\t\t\t<div class=\"col-md-3 col-sm-4 col-xs-6 product type-product post-61121 status-publish last instock product_cat-noel product_cat-bernina-fr product_cat-pieds-de-biche has-post-thumbnail sale taxable shipping-taxable purchasable product-type-simple\">\n\t\t\t \t<div class=\"product-block grid-v4\" data-product-id=\"61121\">\n    <div class=\"grid-inner\">\n        <div class=\"block-inner\">\n            <figure class=\"image\">\n                        <a title=\"Pied pour tricot n\u00b012 ancien mod\u00e8le Bernina 002951.71.00\" href=\"https:\/\/www.maisonschwind.lu\/fr\/produit\/pied-pour-tricot-n12-ancien-modele-bernina-002951-71-00\/\" class=\"product-image\">\n            <img loading=\"lazy\" width=\"300\" height=\"300\" src=\"data:image\/svg+xml;charset=utf-8,%3Csvg%20xmlns%3D&#039;http%3A%2F%2Fwww.w3.org%2F2000%2Fsvg&#039;%20viewBox%3D&#039;0%200%20300%20300&#039;%2F%3E\" class=\"attachment-woocommerce_thumbnail size-woocommerce_thumbnail image-effect unveil-image\" alt=\"\" data-src=\"https:\/\/www.maisonschwind.lu\/shop\/wp-content\/uploads\/2025\/10\/bernina12strickwarenfuanwendungsbeispiel-300x300.png\" data-srcset=\"https:\/\/www.maisonschwind.lu\/shop\/wp-content\/uploads\/2025\/10\/bernina12strickwarenfuanwendungsbeispiel-300x300.png 300w, https:\/\/www.maisonschwind.lu\/shop\/wp-content\/uploads\/2025\/10\/bernina12strickwarenfuanwendungsbeispiel-150x150.png 150w, https:\/\/www.maisonschwind.lu\/shop\/wp-content\/uploads\/2025\/10\/bernina12strickwarenfuanwendungsbeispiel-160x160.png 160w, https:\/\/www.maisonschwind.lu\/shop\/wp-content\/uploads\/2025\/10\/bernina12strickwarenfuanwendungsbeispiel.png 400w\" data-sizes=\"(max-width: 300px) 100vw, 300px\" \/><img loading=\"lazy\" width=\"300\" height=\"300\" src=\"data:image\/svg+xml;charset=utf-8,%3Csvg%20xmlns%3D&#039;http%3A%2F%2Fwww.w3.org%2F2000%2Fsvg&#039;%20viewBox%3D&#039;0%200%20300%20300&#039;%2F%3E\" class=\"attachment-woocommerce_thumbnail size-woocommerce_thumbnail image-hover unveil-image\" alt=\"\" data-src=\"https:\/\/www.maisonschwind.lu\/shop\/wp-content\/uploads\/2025\/10\/192_shop-300x300.jpg\" data-srcset=\"https:\/\/www.maisonschwind.lu\/shop\/wp-content\/uploads\/2025\/10\/192_shop-300x300.jpg 300w, https:\/\/www.maisonschwind.lu\/shop\/wp-content\/uploads\/2025\/10\/192_shop-150x150.jpg 150w, https:\/\/www.maisonschwind.lu\/shop\/wp-content\/uploads\/2025\/10\/192_shop-160x160.jpg 160w, https:\/\/www.maisonschwind.lu\/shop\/wp-content\/uploads\/2025\/10\/192_shop.jpg 400w\" data-sizes=\"(max-width: 300px) 100vw, 300px\" \/>        <\/a>\n        <div class='sale-perc'>-52%<\/div>            <\/figure>\n            <div class=\"groups-button flex-middle justify-content-center\">\n                \n                                    <div class=\"view\">\n                        <a href=\"javascript:void(0);\" class=\"quickview\" data-product_id=\"61121\">\n                            <i class=\"ti-eye\"><\/i>\n                        <\/a>\n                    <\/div>\n                \n                \n            <\/div> \n        <\/div>\n        <div class=\"metas clearfix\">\n            <div class=\"flex\">\n                <div class=\"clearfix\">\n                            <div class=\"product-cat\">\n        <a href=\"https:\/\/www.maisonschwind.lu\/fr\/categorie-produit\/noel\/\">***DESTOCKAGE***<\/a>        <\/div>\n    \n                    <h3 class=\"name\"><a href=\"https:\/\/www.maisonschwind.lu\/fr\/produit\/pied-pour-tricot-n12-ancien-modele-bernina-002951-71-00\/\">Pied pour tricot n\u00b012 ancien mod\u00e8le Bernina 002951.71.00<\/a><\/h3>\n                                    <\/div>\n                <div class=\"ali-right\">\n                        \n                <\/div>\n            <\/div>\n        <\/div>\n    <\/div>\n<\/div>\t\t\t<\/div>\n\t\t\t\t\t<div class=\"col-md-3 col-sm-4 col-xs-6 md-clearfix lg-clearfix  sm-clearfix  xs-clearfix  product type-product post-61113 status-publish first instock product_cat-noel product_cat-elna-fr product_cat-pieds-de-biche has-post-thumbnail sale taxable shipping-taxable purchasable product-type-simple\">\n\t\t\t \t<div class=\"product-block grid-v4\" data-product-id=\"61113\">\n    <div class=\"grid-inner\">\n        <div class=\"block-inner\">\n            <figure class=\"image\">\n                        <a title=\"Kit de pieds pour ourlet roul\u00e9 (D) pour mod\u00e8les Elna 5-7- mm 200326023\" href=\"https:\/\/www.maisonschwind.lu\/fr\/produit\/kit-de-pieds-pour-ourlet-roule-d-pour-modeles-elna-5-7-mm-200326023\/\" class=\"product-image\">\n            <img loading=\"lazy\" width=\"300\" height=\"300\" src=\"data:image\/svg+xml;charset=utf-8,%3Csvg%20xmlns%3D&#039;http%3A%2F%2Fwww.w3.org%2F2000%2Fsvg&#039;%20viewBox%3D&#039;0%200%20300%20300&#039;%2F%3E\" class=\"attachment-woocommerce_thumbnail size-woocommerce_thumbnail image-effect unveil-image\" alt=\"\" data-src=\"https:\/\/www.maisonschwind.lu\/shop\/wp-content\/uploads\/2025\/10\/200-326-023_LS-300x300.jpg\" data-srcset=\"https:\/\/www.maisonschwind.lu\/shop\/wp-content\/uploads\/2025\/10\/200-326-023_LS-300x300.jpg 300w, https:\/\/www.maisonschwind.lu\/shop\/wp-content\/uploads\/2025\/10\/200-326-023_LS-150x150.jpg 150w, https:\/\/www.maisonschwind.lu\/shop\/wp-content\/uploads\/2025\/10\/200-326-023_LS-160x160.jpg 160w, https:\/\/www.maisonschwind.lu\/shop\/wp-content\/uploads\/2025\/10\/200-326-023_LS.jpg 400w\" data-sizes=\"(max-width: 300px) 100vw, 300px\" \/><img loading=\"lazy\" width=\"300\" height=\"300\" src=\"data:image\/svg+xml;charset=utf-8,%3Csvg%20xmlns%3D&#039;http%3A%2F%2Fwww.w3.org%2F2000%2Fsvg&#039;%20viewBox%3D&#039;0%200%20300%20300&#039;%2F%3E\" class=\"attachment-woocommerce_thumbnail size-woocommerce_thumbnail image-hover unveil-image\" alt=\"\" data-src=\"https:\/\/www.maisonschwind.lu\/shop\/wp-content\/uploads\/2025\/10\/200-326-023-NEW2-300x300.jpg\" data-srcset=\"https:\/\/www.maisonschwind.lu\/shop\/wp-content\/uploads\/2025\/10\/200-326-023-NEW2-300x300.jpg 300w, https:\/\/www.maisonschwind.lu\/shop\/wp-content\/uploads\/2025\/10\/200-326-023-NEW2-150x150.jpg 150w, https:\/\/www.maisonschwind.lu\/shop\/wp-content\/uploads\/2025\/10\/200-326-023-NEW2-160x160.jpg 160w, https:\/\/www.maisonschwind.lu\/shop\/wp-content\/uploads\/2025\/10\/200-326-023-NEW2.jpg 400w\" data-sizes=\"(max-width: 300px) 100vw, 300px\" \/>        <\/a>\n        <div class='sale-perc'>-16%<\/div>            <\/figure>\n            <div class=\"groups-button flex-middle justify-content-center\">\n                \n                                    <div class=\"view\">\n                        <a href=\"javascript:void(0);\" class=\"quickview\" data-product_id=\"61113\">\n                            <i class=\"ti-eye\"><\/i>\n                        <\/a>\n                    <\/div>\n                \n                \n            <\/div> \n        <\/div>\n        <div class=\"metas clearfix\">\n            <div class=\"flex\">\n                <div class=\"clearfix\">\n                            <div class=\"product-cat\">\n        <a href=\"https:\/\/www.maisonschwind.lu\/fr\/categorie-produit\/noel\/\">***DESTOCKAGE***<\/a>        <\/div>\n    \n                    <h3 class=\"name\"><a href=\"https:\/\/www.maisonschwind.lu\/fr\/produit\/kit-de-pieds-pour-ourlet-roule-d-pour-modeles-elna-5-7-mm-200326023\/\">Kit de pieds pour ourlet roul\u00e9 (D) pour mod\u00e8les Elna 5-7- mm 200326023<\/a><\/h3>\n                                    <\/div>\n                <div class=\"ali-right\">\n                        \n                <\/div>\n            <\/div>\n        <\/div>\n    <\/div>\n<\/div>\t\t\t<\/div>\n\t\t\t\t\t<div class=\"col-md-3 col-sm-4 col-xs-6 product type-product post-61109 status-publish instock product_cat-noel product_cat-elna-fr product_cat-pieds-de-biche has-post-thumbnail sale taxable shipping-taxable purchasable product-type-simple\">\n\t\t\t \t<div class=\"product-block grid-v4\" data-product-id=\"61109\">\n    <div class=\"grid-inner\">\n        <div class=\"block-inner\">\n            <figure class=\"image\">\n                        <a title=\"Pied pose de perles et de m\u00e8ches de 2 et 4mm pour mod\u00e8les Elna 5-7mm 200321028\" href=\"https:\/\/www.maisonschwind.lu\/fr\/produit\/pied-pose-de-perles-et-de-meches-de-2-et-4mm-pour-modeles-elna-5-7mm-200321028\/\" class=\"product-image\">\n            <img loading=\"lazy\" width=\"300\" height=\"300\" src=\"data:image\/svg+xml;charset=utf-8,%3Csvg%20xmlns%3D&#039;http%3A%2F%2Fwww.w3.org%2F2000%2Fsvg&#039;%20viewBox%3D&#039;0%200%20300%20300&#039;%2F%3E\" class=\"attachment-woocommerce_thumbnail size-woocommerce_thumbnail image-effect unveil-image\" alt=\"\" data-src=\"https:\/\/www.maisonschwind.lu\/shop\/wp-content\/uploads\/2025\/10\/200-321-028_LS-600x600-1-300x300.jpg\" data-srcset=\"https:\/\/www.maisonschwind.lu\/shop\/wp-content\/uploads\/2025\/10\/200-321-028_LS-600x600-1-300x300.jpg 300w, https:\/\/www.maisonschwind.lu\/shop\/wp-content\/uploads\/2025\/10\/200-321-028_LS-600x600-1-150x150.jpg 150w, https:\/\/www.maisonschwind.lu\/shop\/wp-content\/uploads\/2025\/10\/200-321-028_LS-600x600-1-160x160.jpg 160w, https:\/\/www.maisonschwind.lu\/shop\/wp-content\/uploads\/2025\/10\/200-321-028_LS-600x600-1.jpg 400w\" data-sizes=\"(max-width: 300px) 100vw, 300px\" \/><img loading=\"lazy\" width=\"300\" height=\"300\" src=\"data:image\/svg+xml;charset=utf-8,%3Csvg%20xmlns%3D&#039;http%3A%2F%2Fwww.w3.org%2F2000%2Fsvg&#039;%20viewBox%3D&#039;0%200%20300%20300&#039;%2F%3E\" class=\"attachment-woocommerce_thumbnail size-woocommerce_thumbnail image-hover unveil-image\" alt=\"\" data-src=\"https:\/\/www.maisonschwind.lu\/shop\/wp-content\/uploads\/2025\/10\/200-321-028-300x300.jpg\" data-srcset=\"https:\/\/www.maisonschwind.lu\/shop\/wp-content\/uploads\/2025\/10\/200-321-028-300x300.jpg 300w, https:\/\/www.maisonschwind.lu\/shop\/wp-content\/uploads\/2025\/10\/200-321-028-150x150.jpg 150w, https:\/\/www.maisonschwind.lu\/shop\/wp-content\/uploads\/2025\/10\/200-321-028-160x160.jpg 160w, https:\/\/www.maisonschwind.lu\/shop\/wp-content\/uploads\/2025\/10\/200-321-028.jpg 400w\" data-sizes=\"(max-width: 300px) 100vw, 300px\" \/>        <\/a>\n        <div class='sale-perc'>-16%<\/div>            <\/figure>\n            <div class=\"groups-button flex-middle justify-content-center\">\n                \n                                    <div class=\"view\">\n                        <a href=\"javascript:void(0);\" class=\"quickview\" data-product_id=\"61109\">\n                            <i class=\"ti-eye\"><\/i>\n                        <\/a>\n                    <\/div>\n                \n                \n            <\/div> \n        <\/div>\n        <div class=\"metas clearfix\">\n            <div class=\"flex\">\n                <div class=\"clearfix\">\n                            <div class=\"product-cat\">\n        <a href=\"https:\/\/www.maisonschwind.lu\/fr\/categorie-produit\/noel\/\">***DESTOCKAGE***<\/a>        <\/div>\n    \n                    <h3 class=\"name\"><a href=\"https:\/\/www.maisonschwind.lu\/fr\/produit\/pied-pose-de-perles-et-de-meches-de-2-et-4mm-pour-modeles-elna-5-7mm-200321028\/\">Pied pose de perles et de m\u00e8ches de 2 et 4mm pour mod\u00e8les Elna 5-7mm 200321028<\/a><\/h3>\n                                    <\/div>\n                <div class=\"ali-right\">\n                        \n                <\/div>\n            <\/div>\n        <\/div>\n    <\/div>\n<\/div>\t\t\t<\/div>\n\t\t\t\t\t<div class=\"col-md-3 col-sm-4 col-xs-6 xs-clearfix  product type-product post-61105 status-publish instock product_cat-noel product_cat-elna-fr product_cat-pieds-de-biche has-post-thumbnail sale taxable shipping-taxable purchasable product-type-simple\">\n\t\t\t \t<div class=\"product-block grid-v4\" data-product-id=\"61105\">\n    <div class=\"grid-inner\">\n        <div class=\"block-inner\">\n            <figure class=\"image\">\n                        <a title=\"Pieds passepoil de 1\/8 et 3\/16 de pouce pour surjeteuses Elna 202039011\" href=\"https:\/\/www.maisonschwind.lu\/fr\/produit\/pieds-passepoil-de-1-8-et-3-16-de-pouce-pour-surjeteuses-elna-202039011\/\" class=\"product-image\">\n            <img loading=\"lazy\" width=\"300\" height=\"300\" src=\"data:image\/svg+xml;charset=utf-8,%3Csvg%20xmlns%3D&#039;http%3A%2F%2Fwww.w3.org%2F2000%2Fsvg&#039;%20viewBox%3D&#039;0%200%20300%20300&#039;%2F%3E\" class=\"attachment-woocommerce_thumbnail size-woocommerce_thumbnail image-effect unveil-image\" alt=\"\" data-src=\"https:\/\/www.maisonschwind.lu\/shop\/wp-content\/uploads\/2025\/10\/202-039-011_LS-300x300.jpg\" data-srcset=\"https:\/\/www.maisonschwind.lu\/shop\/wp-content\/uploads\/2025\/10\/202-039-011_LS-300x300.jpg 300w, https:\/\/www.maisonschwind.lu\/shop\/wp-content\/uploads\/2025\/10\/202-039-011_LS-150x150.jpg 150w, https:\/\/www.maisonschwind.lu\/shop\/wp-content\/uploads\/2025\/10\/202-039-011_LS-160x160.jpg 160w, https:\/\/www.maisonschwind.lu\/shop\/wp-content\/uploads\/2025\/10\/202-039-011_LS.jpg 400w\" data-sizes=\"(max-width: 300px) 100vw, 300px\" \/><img loading=\"lazy\" width=\"300\" height=\"300\" src=\"data:image\/svg+xml;charset=utf-8,%3Csvg%20xmlns%3D&#039;http%3A%2F%2Fwww.w3.org%2F2000%2Fsvg&#039;%20viewBox%3D&#039;0%200%20300%20300&#039;%2F%3E\" class=\"attachment-woocommerce_thumbnail size-woocommerce_thumbnail image-hover unveil-image\" alt=\"\" data-src=\"https:\/\/www.maisonschwind.lu\/shop\/wp-content\/uploads\/2025\/10\/202-039-011-300x300.jpg\" data-srcset=\"https:\/\/www.maisonschwind.lu\/shop\/wp-content\/uploads\/2025\/10\/202-039-011-300x300.jpg 300w, https:\/\/www.maisonschwind.lu\/shop\/wp-content\/uploads\/2025\/10\/202-039-011-150x150.jpg 150w, https:\/\/www.maisonschwind.lu\/shop\/wp-content\/uploads\/2025\/10\/202-039-011-160x160.jpg 160w, https:\/\/www.maisonschwind.lu\/shop\/wp-content\/uploads\/2025\/10\/202-039-011.jpg 400w\" data-sizes=\"(max-width: 300px) 100vw, 300px\" \/>        <\/a>\n        <div class='sale-perc'>-36%<\/div>            <\/figure>\n            <div class=\"groups-button flex-middle justify-content-center\">\n                \n                                    <div class=\"view\">\n                        <a href=\"javascript:void(0);\" class=\"quickview\" data-product_id=\"61105\">\n                            <i class=\"ti-eye\"><\/i>\n                        <\/a>\n                    <\/div>\n                \n                \n            <\/div> \n        <\/div>\n        <div class=\"metas clearfix\">\n            <div class=\"flex\">\n                <div class=\"clearfix\">\n                            <div class=\"product-cat\">\n        <a href=\"https:\/\/www.maisonschwind.lu\/fr\/categorie-produit\/noel\/\">***DESTOCKAGE***<\/a>        <\/div>\n    \n                    <h3 class=\"name\"><a href=\"https:\/\/www.maisonschwind.lu\/fr\/produit\/pieds-passepoil-de-1-8-et-3-16-de-pouce-pour-surjeteuses-elna-202039011\/\">Pieds passepoil de 1\/8 et 3\/16 de pouce pour surjeteuses Elna 202039011<\/a><\/h3>\n                                    <\/div>\n                <div class=\"ali-right\">\n                        \n                <\/div>\n            <\/div>\n        <\/div>\n    <\/div>\n<\/div>\t\t\t<\/div>\n\t\t\t\t\t<div class=\"col-md-3 col-sm-4 col-xs-6 sm-clearfix  product type-product post-61101 status-publish last instock product_cat-noel product_cat-elna-fr product_cat-pieds-de-biche has-post-thumbnail sale taxable shipping-taxable purchasable product-type-simple\">\n\t\t\t \t<div class=\"product-block grid-v4\" data-product-id=\"61101\">\n    <div class=\"grid-inner\">\n        <div class=\"block-inner\">\n            <figure class=\"image\">\n                        <a title=\"Pied pour pose de perles et de m\u00e8ches avec guide pour les mod\u00e8les Elna 202041016\" href=\"https:\/\/www.maisonschwind.lu\/fr\/produit\/pied-pour-pose-de-perles-et-de-meches-avec-guide-pour-les-modeles-elna-202041016\/\" class=\"product-image\">\n            <img loading=\"lazy\" width=\"300\" height=\"300\" src=\"data:image\/svg+xml;charset=utf-8,%3Csvg%20xmlns%3D&#039;http%3A%2F%2Fwww.w3.org%2F2000%2Fsvg&#039;%20viewBox%3D&#039;0%200%20300%20300&#039;%2F%3E\" class=\"attachment-woocommerce_thumbnail size-woocommerce_thumbnail image-effect unveil-image\" alt=\"\" data-src=\"https:\/\/www.maisonschwind.lu\/shop\/wp-content\/uploads\/2025\/10\/202-041-119_LS-600x600-1-300x300.jpg\" data-srcset=\"https:\/\/www.maisonschwind.lu\/shop\/wp-content\/uploads\/2025\/10\/202-041-119_LS-600x600-1-300x300.jpg 300w, https:\/\/www.maisonschwind.lu\/shop\/wp-content\/uploads\/2025\/10\/202-041-119_LS-600x600-1-150x150.jpg 150w, https:\/\/www.maisonschwind.lu\/shop\/wp-content\/uploads\/2025\/10\/202-041-119_LS-600x600-1-160x160.jpg 160w, https:\/\/www.maisonschwind.lu\/shop\/wp-content\/uploads\/2025\/10\/202-041-119_LS-600x600-1.jpg 400w\" data-sizes=\"(max-width: 300px) 100vw, 300px\" \/><img loading=\"lazy\" width=\"300\" height=\"300\" src=\"data:image\/svg+xml;charset=utf-8,%3Csvg%20xmlns%3D&#039;http%3A%2F%2Fwww.w3.org%2F2000%2Fsvg&#039;%20viewBox%3D&#039;0%200%20300%20300&#039;%2F%3E\" class=\"attachment-woocommerce_thumbnail size-woocommerce_thumbnail image-hover unveil-image\" alt=\"\" data-src=\"https:\/\/www.maisonschwind.lu\/shop\/wp-content\/uploads\/2025\/10\/202-041-119-300x300.jpg\" data-srcset=\"https:\/\/www.maisonschwind.lu\/shop\/wp-content\/uploads\/2025\/10\/202-041-119-300x300.jpg 300w, https:\/\/www.maisonschwind.lu\/shop\/wp-content\/uploads\/2025\/10\/202-041-119-150x150.jpg 150w, https:\/\/www.maisonschwind.lu\/shop\/wp-content\/uploads\/2025\/10\/202-041-119-160x160.jpg 160w, https:\/\/www.maisonschwind.lu\/shop\/wp-content\/uploads\/2025\/10\/202-041-119.jpg 400w\" data-sizes=\"(max-width: 300px) 100vw, 300px\" \/>        <\/a>\n        <div class='sale-perc'>-36%<\/div>            <\/figure>\n            <div class=\"groups-button flex-middle justify-content-center\">\n                \n                                    <div class=\"view\">\n                        <a href=\"javascript:void(0);\" class=\"quickview\" data-product_id=\"61101\">\n                            <i class=\"ti-eye\"><\/i>\n                        <\/a>\n                    <\/div>\n                \n                \n            <\/div> \n        <\/div>\n        <div class=\"metas clearfix\">\n            <div class=\"flex\">\n                <div class=\"clearfix\">\n                            <div class=\"product-cat\">\n        <a href=\"https:\/\/www.maisonschwind.lu\/fr\/categorie-produit\/noel\/\">***DESTOCKAGE***<\/a>        <\/div>\n    \n                    <h3 class=\"name\"><a href=\"https:\/\/www.maisonschwind.lu\/fr\/produit\/pied-pour-pose-de-perles-et-de-meches-avec-guide-pour-les-modeles-elna-202041016\/\">Pied pour pose de perles et de m\u00e8ches avec guide pour les mod\u00e8les Elna 202041016<\/a><\/h3>\n                                    <\/div>\n                <div class=\"ali-right\">\n                        \n                <\/div>\n            <\/div>\n        <\/div>\n    <\/div>\n<\/div>\t\t\t<\/div>\n\t\t\t\t\t<div class=\"col-md-3 col-sm-4 col-xs-6 md-clearfix lg-clearfix  xs-clearfix  product type-product post-61097 status-publish first instock product_cat-noel product_cat-elna-fr product_cat-pieds-de-biche has-post-thumbnail sale taxable shipping-taxable purchasable product-type-simple\">\n\t\t\t \t<div class=\"product-block grid-v4\" data-product-id=\"61097\">\n    <div class=\"grid-inner\">\n        <div class=\"block-inner\">\n            <figure class=\"image\">\n                        <a title=\"Pied \u00e0 froncer pour surjeteuses Elna 200248008\" href=\"https:\/\/www.maisonschwind.lu\/fr\/produit\/pied-a-froncer-pour-surjeteuses-elna-200248008\/\" class=\"product-image\">\n            <img loading=\"lazy\" width=\"300\" height=\"300\" src=\"data:image\/svg+xml;charset=utf-8,%3Csvg%20xmlns%3D&#039;http%3A%2F%2Fwww.w3.org%2F2000%2Fsvg&#039;%20viewBox%3D&#039;0%200%20300%20300&#039;%2F%3E\" class=\"attachment-woocommerce_thumbnail size-woocommerce_thumbnail image-no-effect unveil-image\" alt=\"\" data-src=\"https:\/\/www.maisonschwind.lu\/shop\/wp-content\/uploads\/2025\/10\/200-248-008-NEW-600x600-1-300x300.jpg\" data-srcset=\"https:\/\/www.maisonschwind.lu\/shop\/wp-content\/uploads\/2025\/10\/200-248-008-NEW-600x600-1-300x300.jpg 300w, https:\/\/www.maisonschwind.lu\/shop\/wp-content\/uploads\/2025\/10\/200-248-008-NEW-600x600-1-150x150.jpg 150w, https:\/\/www.maisonschwind.lu\/shop\/wp-content\/uploads\/2025\/10\/200-248-008-NEW-600x600-1-160x160.jpg 160w, https:\/\/www.maisonschwind.lu\/shop\/wp-content\/uploads\/2025\/10\/200-248-008-NEW-600x600-1.jpg 400w\" data-sizes=\"(max-width: 300px) 100vw, 300px\" \/>        <\/a>\n        <div class='sale-perc'>-33%<\/div>            <\/figure>\n            <div class=\"groups-button flex-middle justify-content-center\">\n                \n                                    <div class=\"view\">\n                        <a href=\"javascript:void(0);\" class=\"quickview\" data-product_id=\"61097\">\n                            <i class=\"ti-eye\"><\/i>\n                        <\/a>\n                    <\/div>\n                \n                \n            <\/div> \n        <\/div>\n        <div class=\"metas clearfix\">\n            <div class=\"flex\">\n                <div class=\"clearfix\">\n                            <div class=\"product-cat\">\n        <a href=\"https:\/\/www.maisonschwind.lu\/fr\/categorie-produit\/noel\/\">***DESTOCKAGE***<\/a>        <\/div>\n    \n                    <h3 class=\"name\"><a href=\"https:\/\/www.maisonschwind.lu\/fr\/produit\/pied-a-froncer-pour-surjeteuses-elna-200248008\/\">Pied \u00e0 froncer pour surjeteuses Elna 200248008<\/a><\/h3>\n                                    <\/div>\n                <div class=\"ali-right\">\n                        \n                <\/div>\n            <\/div>\n        <\/div>\n    <\/div>\n<\/div>\t\t\t<\/div>\n\t\t\t\t\t<div class=\"col-md-3 col-sm-4 col-xs-6 product type-product post-61094 status-publish instock product_cat-noel product_cat-elna-fr product_cat-pieds-de-biche has-post-thumbnail sale taxable shipping-taxable purchasable product-type-simple\">\n\t\t\t \t<div class=\"product-block grid-v4\" data-product-id=\"61094\">\n    <div class=\"grid-inner\">\n        <div class=\"block-inner\">\n            <figure class=\"image\">\n                        <a title=\"Guide m\u00e9tal pour pied \u00e0 froncer surjeteuse Elna 202036018\" href=\"https:\/\/www.maisonschwind.lu\/fr\/produit\/guide-metal-pour-pied-a-froncer-surjeteuse-elna-202036018\/\" class=\"product-image\">\n            <img loading=\"lazy\" width=\"300\" height=\"300\" src=\"data:image\/svg+xml;charset=utf-8,%3Csvg%20xmlns%3D&#039;http%3A%2F%2Fwww.w3.org%2F2000%2Fsvg&#039;%20viewBox%3D&#039;0%200%20300%20300&#039;%2F%3E\" class=\"attachment-woocommerce_thumbnail size-woocommerce_thumbnail image-no-effect unveil-image\" alt=\"\" data-src=\"https:\/\/www.maisonschwind.lu\/shop\/wp-content\/uploads\/2025\/10\/202-036-111-new-300x300.jpg\" data-srcset=\"https:\/\/www.maisonschwind.lu\/shop\/wp-content\/uploads\/2025\/10\/202-036-111-new-300x300.jpg 300w, https:\/\/www.maisonschwind.lu\/shop\/wp-content\/uploads\/2025\/10\/202-036-111-new-150x150.jpg 150w, https:\/\/www.maisonschwind.lu\/shop\/wp-content\/uploads\/2025\/10\/202-036-111-new-160x160.jpg 160w, https:\/\/www.maisonschwind.lu\/shop\/wp-content\/uploads\/2025\/10\/202-036-111-new.jpg 400w\" data-sizes=\"(max-width: 300px) 100vw, 300px\" \/>        <\/a>\n        <div class='sale-perc'>-30%<\/div>            <\/figure>\n            <div class=\"groups-button flex-middle justify-content-center\">\n                \n                                    <div class=\"view\">\n                        <a href=\"javascript:void(0);\" class=\"quickview\" data-product_id=\"61094\">\n                            <i class=\"ti-eye\"><\/i>\n                        <\/a>\n                    <\/div>\n                \n                \n            <\/div> \n        <\/div>\n        <div class=\"metas clearfix\">\n            <div class=\"flex\">\n                <div class=\"clearfix\">\n                            <div class=\"product-cat\">\n        <a href=\"https:\/\/www.maisonschwind.lu\/fr\/categorie-produit\/noel\/\">***DESTOCKAGE***<\/a>        <\/div>\n    \n                    <h3 class=\"name\"><a href=\"https:\/\/www.maisonschwind.lu\/fr\/produit\/guide-metal-pour-pied-a-froncer-surjeteuse-elna-202036018\/\">Guide m\u00e9tal pour pied \u00e0 froncer surjeteuse Elna 202036018<\/a><\/h3>\n                                    <\/div>\n                <div class=\"ali-right\">\n                        \n                <\/div>\n            <\/div>\n        <\/div>\n    <\/div>\n<\/div>\t\t\t<\/div>\n\t\t\t\t\t<div class=\"col-md-3 col-sm-4 col-xs-6 sm-clearfix  xs-clearfix  product type-product post-61090 status-publish instock product_cat-noel product_cat-elna-fr product_cat-pieds-de-biche has-post-thumbnail sale taxable shipping-taxable purchasable product-type-simple\">\n\t\t\t \t<div class=\"product-block grid-v4\" data-product-id=\"61090\">\n    <div class=\"grid-inner\">\n        <div class=\"block-inner\">\n            <figure class=\"image\">\n                        <a title=\"Pied fronceur \u00e9lastique pour surjeteuse Elna 202037019\" href=\"https:\/\/www.maisonschwind.lu\/fr\/produit\/pied-fronceur-elastique-pour-surjeteuse-elna-202037019\/\" class=\"product-image\">\n            <img loading=\"lazy\" width=\"300\" height=\"300\" src=\"data:image\/svg+xml;charset=utf-8,%3Csvg%20xmlns%3D&#039;http%3A%2F%2Fwww.w3.org%2F2000%2Fsvg&#039;%20viewBox%3D&#039;0%200%20300%20300&#039;%2F%3E\" class=\"attachment-woocommerce_thumbnail size-woocommerce_thumbnail image-effect unveil-image\" alt=\"\" data-src=\"https:\/\/www.maisonschwind.lu\/shop\/wp-content\/uploads\/2025\/10\/3-0_Accessoires-202-037-019-300x300.jpg\" data-srcset=\"https:\/\/www.maisonschwind.lu\/shop\/wp-content\/uploads\/2025\/10\/3-0_Accessoires-202-037-019-300x300.jpg 300w, https:\/\/www.maisonschwind.lu\/shop\/wp-content\/uploads\/2025\/10\/3-0_Accessoires-202-037-019-150x150.jpg 150w, https:\/\/www.maisonschwind.lu\/shop\/wp-content\/uploads\/2025\/10\/3-0_Accessoires-202-037-019-160x160.jpg 160w, https:\/\/www.maisonschwind.lu\/shop\/wp-content\/uploads\/2025\/10\/3-0_Accessoires-202-037-019.jpg 400w\" data-sizes=\"(max-width: 300px) 100vw, 300px\" \/><img loading=\"lazy\" width=\"300\" height=\"300\" src=\"data:image\/svg+xml;charset=utf-8,%3Csvg%20xmlns%3D&#039;http%3A%2F%2Fwww.w3.org%2F2000%2Fsvg&#039;%20viewBox%3D&#039;0%200%20300%20300&#039;%2F%3E\" class=\"attachment-woocommerce_thumbnail size-woocommerce_thumbnail image-hover unveil-image\" alt=\"\" data-src=\"https:\/\/www.maisonschwind.lu\/shop\/wp-content\/uploads\/2025\/10\/202-037-019-300x300.jpg\" data-srcset=\"https:\/\/www.maisonschwind.lu\/shop\/wp-content\/uploads\/2025\/10\/202-037-019-300x300.jpg 300w, https:\/\/www.maisonschwind.lu\/shop\/wp-content\/uploads\/2025\/10\/202-037-019-150x150.jpg 150w, https:\/\/www.maisonschwind.lu\/shop\/wp-content\/uploads\/2025\/10\/202-037-019-160x160.jpg 160w, https:\/\/www.maisonschwind.lu\/shop\/wp-content\/uploads\/2025\/10\/202-037-019.jpg 400w\" data-sizes=\"(max-width: 300px) 100vw, 300px\" \/>        <\/a>\n        <div class='sale-perc'>-32%<\/div>            <\/figure>\n            <div class=\"groups-button flex-middle justify-content-center\">\n                \n                                    <div class=\"view\">\n                        <a href=\"javascript:void(0);\" class=\"quickview\" data-product_id=\"61090\">\n                            <i class=\"ti-eye\"><\/i>\n                        <\/a>\n                    <\/div>\n                \n                \n            <\/div> \n        <\/div>\n        <div class=\"metas clearfix\">\n            <div class=\"flex\">\n                <div class=\"clearfix\">\n                            <div class=\"product-cat\">\n        <a href=\"https:\/\/www.maisonschwind.lu\/fr\/categorie-produit\/noel\/\">***DESTOCKAGE***<\/a>        <\/div>\n    \n                    <h3 class=\"name\"><a href=\"https:\/\/www.maisonschwind.lu\/fr\/produit\/pied-fronceur-elastique-pour-surjeteuse-elna-202037019\/\">Pied fronceur \u00e9lastique pour surjeteuse Elna 202037019<\/a><\/h3>\n                                    <\/div>\n                <div class=\"ali-right\">\n                        \n                <\/div>\n            <\/div>\n        <\/div>\n    <\/div>\n<\/div>\t\t\t<\/div>\n\t\t\t\t\t<div class=\"col-md-3 col-sm-4 col-xs-6 product type-product post-61086 status-publish last instock product_cat-noel product_cat-elna-fr product_cat-pieds-de-biche has-post-thumbnail sale taxable shipping-taxable purchasable product-type-simple\">\n\t\t\t \t<div class=\"product-block grid-v4\" data-product-id=\"61086\">\n    <div class=\"grid-inner\">\n        <div class=\"block-inner\">\n            <figure class=\"image\">\n                        <a title=\"Guide pour ourlet couvert Elna 795839115\" href=\"https:\/\/www.maisonschwind.lu\/fr\/produit\/guide-pour-ourlet-couvert-795839115\/\" class=\"product-image\">\n            <img loading=\"lazy\" width=\"300\" height=\"300\" src=\"data:image\/svg+xml;charset=utf-8,%3Csvg%20xmlns%3D&#039;http%3A%2F%2Fwww.w3.org%2F2000%2Fsvg&#039;%20viewBox%3D&#039;0%200%20300%20300&#039;%2F%3E\" class=\"attachment-woocommerce_thumbnail size-woocommerce_thumbnail image-effect unveil-image\" alt=\"\" data-src=\"https:\/\/www.maisonschwind.lu\/shop\/wp-content\/uploads\/2025\/10\/3-0_Accessoires-795-839-115-300x300.jpg\" data-srcset=\"https:\/\/www.maisonschwind.lu\/shop\/wp-content\/uploads\/2025\/10\/3-0_Accessoires-795-839-115-300x300.jpg 300w, https:\/\/www.maisonschwind.lu\/shop\/wp-content\/uploads\/2025\/10\/3-0_Accessoires-795-839-115-150x150.jpg 150w, https:\/\/www.maisonschwind.lu\/shop\/wp-content\/uploads\/2025\/10\/3-0_Accessoires-795-839-115-160x160.jpg 160w, https:\/\/www.maisonschwind.lu\/shop\/wp-content\/uploads\/2025\/10\/3-0_Accessoires-795-839-115.jpg 400w\" data-sizes=\"(max-width: 300px) 100vw, 300px\" \/><img loading=\"lazy\" width=\"300\" height=\"300\" src=\"data:image\/svg+xml;charset=utf-8,%3Csvg%20xmlns%3D&#039;http%3A%2F%2Fwww.w3.org%2F2000%2Fsvg&#039;%20viewBox%3D&#039;0%200%20300%20300&#039;%2F%3E\" class=\"attachment-woocommerce_thumbnail size-woocommerce_thumbnail image-hover unveil-image\" alt=\"\" data-src=\"https:\/\/www.maisonschwind.lu\/shop\/wp-content\/uploads\/2025\/10\/795-839-115-guide-pour-ourlet-couvert-300x300.jpg\" data-srcset=\"https:\/\/www.maisonschwind.lu\/shop\/wp-content\/uploads\/2025\/10\/795-839-115-guide-pour-ourlet-couvert-300x300.jpg 300w, https:\/\/www.maisonschwind.lu\/shop\/wp-content\/uploads\/2025\/10\/795-839-115-guide-pour-ourlet-couvert-150x150.jpg 150w, https:\/\/www.maisonschwind.lu\/shop\/wp-content\/uploads\/2025\/10\/795-839-115-guide-pour-ourlet-couvert-160x160.jpg 160w, https:\/\/www.maisonschwind.lu\/shop\/wp-content\/uploads\/2025\/10\/795-839-115-guide-pour-ourlet-couvert.jpg 400w\" data-sizes=\"(max-width: 300px) 100vw, 300px\" \/>        <\/a>\n        <div class='sale-perc'>-45%<\/div>            <\/figure>\n            <div class=\"groups-button flex-middle justify-content-center\">\n                \n                                    <div class=\"view\">\n                        <a href=\"javascript:void(0);\" class=\"quickview\" data-product_id=\"61086\">\n                            <i class=\"ti-eye\"><\/i>\n                        <\/a>\n                    <\/div>\n                \n                \n            <\/div> \n        <\/div>\n        <div class=\"metas clearfix\">\n            <div class=\"flex\">\n                <div class=\"clearfix\">\n                            <div class=\"product-cat\">\n        <a href=\"https:\/\/www.maisonschwind.lu\/fr\/categorie-produit\/noel\/\">***DESTOCKAGE***<\/a>        <\/div>\n    \n                    <h3 class=\"name\"><a href=\"https:\/\/www.maisonschwind.lu\/fr\/produit\/guide-pour-ourlet-couvert-795839115\/\">Guide pour ourlet couvert Elna 795839115<\/a><\/h3>\n                                    <\/div>\n                <div class=\"ali-right\">\n                        \n                <\/div>\n            <\/div>\n        <\/div>\n    <\/div>\n<\/div>\t\t\t<\/div>\n\t\t\t\t\t<div class=\"col-md-3 col-sm-4 col-xs-6 md-clearfix lg-clearfix  xs-clearfix  product type-product post-60901 status-publish first instock product_cat-noel product_cat-collectio-hiver product_cat-modal-fr has-post-thumbnail sale taxable shipping-taxable purchasable product-type-simple\">\n\t\t\t \t<div class=\"product-block grid-v4\" data-product-id=\"60901\">\n    <div class=\"grid-inner\">\n        <div class=\"block-inner\">\n            <figure class=\"image\">\n                        <a title=\"Tissu festif brillant blanc white_p\" href=\"https:\/\/www.maisonschwind.lu\/fr\/produit\/tissu-festif-brillant-blanc-white_p\/\" class=\"product-image\">\n            <img loading=\"lazy\" width=\"300\" height=\"300\" src=\"data:image\/svg+xml;charset=utf-8,%3Csvg%20xmlns%3D&#039;http%3A%2F%2Fwww.w3.org%2F2000%2Fsvg&#039;%20viewBox%3D&#039;0%200%20300%20300&#039;%2F%3E\" class=\"attachment-woocommerce_thumbnail size-woocommerce_thumbnail image-no-effect unveil-image\" alt=\"\" data-src=\"https:\/\/www.maisonschwind.lu\/shop\/wp-content\/uploads\/2025\/10\/IMG_20251017_092507_resized_20251017_095659026-1-300x300.jpg\" data-srcset=\"https:\/\/www.maisonschwind.lu\/shop\/wp-content\/uploads\/2025\/10\/IMG_20251017_092507_resized_20251017_095659026-1-300x300.jpg 300w, https:\/\/www.maisonschwind.lu\/shop\/wp-content\/uploads\/2025\/10\/IMG_20251017_092507_resized_20251017_095659026-1-150x150.jpg 150w, https:\/\/www.maisonschwind.lu\/shop\/wp-content\/uploads\/2025\/10\/IMG_20251017_092507_resized_20251017_095659026-1-160x160.jpg 160w, https:\/\/www.maisonschwind.lu\/shop\/wp-content\/uploads\/2025\/10\/IMG_20251017_092507_resized_20251017_095659026-1.jpg 400w\" data-sizes=\"(max-width: 300px) 100vw, 300px\" \/>        <\/a>\n        <div class='sale-perc'>-35%<\/div>            <\/figure>\n            <div class=\"groups-button flex-middle justify-content-center\">\n                \n                                    <div class=\"view\">\n                        <a href=\"javascript:void(0);\" class=\"quickview\" data-product_id=\"60901\">\n                            <i class=\"ti-eye\"><\/i>\n                        <\/a>\n                    <\/div>\n                \n                \n            <\/div> \n        <\/div>\n        <div class=\"metas clearfix\">\n            <div class=\"flex\">\n                <div class=\"clearfix\">\n                            <div class=\"product-cat\">\n        <a href=\"https:\/\/www.maisonschwind.lu\/fr\/categorie-produit\/noel\/\">***DESTOCKAGE***<\/a>        <\/div>\n    \n                    <h3 class=\"name\"><a href=\"https:\/\/www.maisonschwind.lu\/fr\/produit\/tissu-festif-brillant-blanc-white_p\/\">Tissu festif brillant blanc white_p<\/a><\/h3>\n                                    <\/div>\n                <div class=\"ali-right\">\n                        \n                <\/div>\n            <\/div>\n        <\/div>\n    <\/div>\n<\/div>\t\t\t<\/div>\n\t\t\t\t\t<div class=\"col-md-3 col-sm-4 col-xs-6 sm-clearfix  product type-product post-60701 status-publish instock product_cat-collectio-hiver product_cat-jersey-fr has-post-thumbnail sale taxable shipping-taxable purchasable product-type-simple\">\n\t\t\t \t<div class=\"product-block grid-v4\" data-product-id=\"60701\">\n    <div class=\"grid-inner\">\n        <div class=\"block-inner\">\n            <figure class=\"image\">\n                        <a title=\"Jersey rib &#8220;safari cuties&#8221; 26336-02\" href=\"https:\/\/www.maisonschwind.lu\/fr\/produit\/jersey-rib-safari-cuties-26336-02\/\" class=\"product-image\">\n            <img loading=\"lazy\" width=\"300\" height=\"300\" src=\"data:image\/svg+xml;charset=utf-8,%3Csvg%20xmlns%3D&#039;http%3A%2F%2Fwww.w3.org%2F2000%2Fsvg&#039;%20viewBox%3D&#039;0%200%20300%20300&#039;%2F%3E\" class=\"attachment-woocommerce_thumbnail size-woocommerce_thumbnail image-effect unveil-image\" alt=\"\" data-src=\"https:\/\/www.maisonschwind.lu\/shop\/wp-content\/uploads\/2025\/10\/6a4773408435562c6e7042041c35d854-300x300.jpg\" data-srcset=\"https:\/\/www.maisonschwind.lu\/shop\/wp-content\/uploads\/2025\/10\/6a4773408435562c6e7042041c35d854-300x300.jpg 300w, https:\/\/www.maisonschwind.lu\/shop\/wp-content\/uploads\/2025\/10\/6a4773408435562c6e7042041c35d854-150x150.jpg 150w, https:\/\/www.maisonschwind.lu\/shop\/wp-content\/uploads\/2025\/10\/6a4773408435562c6e7042041c35d854-160x160.jpg 160w, https:\/\/www.maisonschwind.lu\/shop\/wp-content\/uploads\/2025\/10\/6a4773408435562c6e7042041c35d854.jpg 400w\" data-sizes=\"(max-width: 300px) 100vw, 300px\" \/><img loading=\"lazy\" width=\"300\" height=\"300\" src=\"data:image\/svg+xml;charset=utf-8,%3Csvg%20xmlns%3D&#039;http%3A%2F%2Fwww.w3.org%2F2000%2Fsvg&#039;%20viewBox%3D&#039;0%200%20300%20300&#039;%2F%3E\" class=\"attachment-woocommerce_thumbnail size-woocommerce_thumbnail image-hover unveil-image\" alt=\"\" data-src=\"https:\/\/www.maisonschwind.lu\/shop\/wp-content\/uploads\/2025\/10\/16f6989766dc84bef68adaaa13c13c2e-300x300.jpg\" data-srcset=\"https:\/\/www.maisonschwind.lu\/shop\/wp-content\/uploads\/2025\/10\/16f6989766dc84bef68adaaa13c13c2e-300x300.jpg 300w, https:\/\/www.maisonschwind.lu\/shop\/wp-content\/uploads\/2025\/10\/16f6989766dc84bef68adaaa13c13c2e-150x150.jpg 150w, https:\/\/www.maisonschwind.lu\/shop\/wp-content\/uploads\/2025\/10\/16f6989766dc84bef68adaaa13c13c2e-160x160.jpg 160w, https:\/\/www.maisonschwind.lu\/shop\/wp-content\/uploads\/2025\/10\/16f6989766dc84bef68adaaa13c13c2e.jpg 400w\" data-sizes=\"(max-width: 300px) 100vw, 300px\" \/>        <\/a>\n        <div class='sale-perc'>-40%<\/div>            <\/figure>\n            <div class=\"groups-button flex-middle justify-content-center\">\n                \n                                    <div class=\"view\">\n                        <a href=\"javascript:void(0);\" class=\"quickview\" data-product_id=\"60701\">\n                            <i class=\"ti-eye\"><\/i>\n                        <\/a>\n                    <\/div>\n                \n                \n            <\/div> \n        <\/div>\n        <div class=\"metas clearfix\">\n            <div class=\"flex\">\n                <div class=\"clearfix\">\n                            <div class=\"product-cat\">\n        <a href=\"https:\/\/www.maisonschwind.lu\/fr\/categorie-produit\/tissus\/collectio-hiver\/\">Collection hiver 2025\/2026<\/a>        <\/div>\n    \n                    <h3 class=\"name\"><a href=\"https:\/\/www.maisonschwind.lu\/fr\/produit\/jersey-rib-safari-cuties-26336-02\/\">Jersey rib &#8220;safari cuties&#8221; 26336-02<\/a><\/h3>\n                                    <\/div>\n                <div class=\"ali-right\">\n                        \n                <\/div>\n            <\/div>\n        <\/div>\n    <\/div>\n<\/div>\t\t\t<\/div>\n\t\t\t\t\t<div class=\"col-md-3 col-sm-4 col-xs-6 xs-clearfix  product type-product post-60698 status-publish instock product_cat-jersey-fr has-post-thumbnail sale taxable shipping-taxable purchasable product-type-simple\">\n\t\t\t \t<div class=\"product-block grid-v4\" data-product-id=\"60698\">\n    <div class=\"grid-inner\">\n        <div class=\"block-inner\">\n            <figure class=\"image\">\n                        <a title=\"Jersey rib &#8220;floral outlines&#8221; 26356-02\" href=\"https:\/\/www.maisonschwind.lu\/fr\/produit\/jersey-rib-floral-outlines-26356-02\/\" class=\"product-image\">\n            <img loading=\"lazy\" width=\"300\" height=\"300\" src=\"data:image\/svg+xml;charset=utf-8,%3Csvg%20xmlns%3D&#039;http%3A%2F%2Fwww.w3.org%2F2000%2Fsvg&#039;%20viewBox%3D&#039;0%200%20300%20300&#039;%2F%3E\" class=\"attachment-woocommerce_thumbnail size-woocommerce_thumbnail image-effect unveil-image\" alt=\"\" data-src=\"https:\/\/www.maisonschwind.lu\/shop\/wp-content\/uploads\/2025\/10\/e10e8acab7e88d52719a304d3c77a9b0-300x300.jpg\" data-srcset=\"https:\/\/www.maisonschwind.lu\/shop\/wp-content\/uploads\/2025\/10\/e10e8acab7e88d52719a304d3c77a9b0-300x300.jpg 300w, https:\/\/www.maisonschwind.lu\/shop\/wp-content\/uploads\/2025\/10\/e10e8acab7e88d52719a304d3c77a9b0-150x150.jpg 150w, https:\/\/www.maisonschwind.lu\/shop\/wp-content\/uploads\/2025\/10\/e10e8acab7e88d52719a304d3c77a9b0-160x160.jpg 160w, https:\/\/www.maisonschwind.lu\/shop\/wp-content\/uploads\/2025\/10\/e10e8acab7e88d52719a304d3c77a9b0.jpg 400w\" data-sizes=\"(max-width: 300px) 100vw, 300px\" \/><img loading=\"lazy\" width=\"300\" height=\"300\" src=\"data:image\/svg+xml;charset=utf-8,%3Csvg%20xmlns%3D&#039;http%3A%2F%2Fwww.w3.org%2F2000%2Fsvg&#039;%20viewBox%3D&#039;0%200%20300%20300&#039;%2F%3E\" class=\"attachment-woocommerce_thumbnail size-woocommerce_thumbnail image-hover unveil-image\" alt=\"\" data-src=\"https:\/\/www.maisonschwind.lu\/shop\/wp-content\/uploads\/2025\/10\/9b590274b4e6a2f601979692fd176185-300x300.jpg\" data-srcset=\"https:\/\/www.maisonschwind.lu\/shop\/wp-content\/uploads\/2025\/10\/9b590274b4e6a2f601979692fd176185-300x300.jpg 300w, https:\/\/www.maisonschwind.lu\/shop\/wp-content\/uploads\/2025\/10\/9b590274b4e6a2f601979692fd176185-150x150.jpg 150w, https:\/\/www.maisonschwind.lu\/shop\/wp-content\/uploads\/2025\/10\/9b590274b4e6a2f601979692fd176185-160x160.jpg 160w, https:\/\/www.maisonschwind.lu\/shop\/wp-content\/uploads\/2025\/10\/9b590274b4e6a2f601979692fd176185.jpg 400w\" data-sizes=\"(max-width: 300px) 100vw, 300px\" \/>        <\/a>\n        <div class='sale-perc'>-40%<\/div>            <\/figure>\n            <div class=\"groups-button flex-middle justify-content-center\">\n                \n                                    <div class=\"view\">\n                        <a href=\"javascript:void(0);\" class=\"quickview\" data-product_id=\"60698\">\n                            <i class=\"ti-eye\"><\/i>\n                        <\/a>\n                    <\/div>\n                \n                \n            <\/div> \n        <\/div>\n        <div class=\"metas clearfix\">\n            <div class=\"flex\">\n                <div class=\"clearfix\">\n                            <div class=\"product-cat\">\n        <a href=\"https:\/\/www.maisonschwind.lu\/fr\/categorie-produit\/tissus\/jersey-fr\/\">JERSEY &amp; FRENCH TERRY<\/a>        <\/div>\n    \n                    <h3 class=\"name\"><a href=\"https:\/\/www.maisonschwind.lu\/fr\/produit\/jersey-rib-floral-outlines-26356-02\/\">Jersey rib &#8220;floral outlines&#8221; 26356-02<\/a><\/h3>\n                                    <\/div>\n                <div class=\"ali-right\">\n                        \n                <\/div>\n            <\/div>\n        <\/div>\n    <\/div>\n<\/div>\t\t\t<\/div>\n\t\t\t\t\t<div class=\"col-md-3 col-sm-4 col-xs-6 product type-product post-60695 status-publish last instock product_cat-collectio-hiver product_cat-jersey-fr has-post-thumbnail sale taxable shipping-taxable purchasable product-type-simple\">\n\t\t\t \t<div class=\"product-block grid-v4\" data-product-id=\"60695\">\n    <div class=\"grid-inner\">\n        <div class=\"block-inner\">\n            <figure class=\"image\">\n                        <a title=\"Jersey rib &#8220;floral outlines&#8221; 26356-22\" href=\"https:\/\/www.maisonschwind.lu\/fr\/produit\/jersey-rib-floral-outlines-26356-22\/\" class=\"product-image\">\n            <img loading=\"lazy\" width=\"300\" height=\"300\" src=\"data:image\/svg+xml;charset=utf-8,%3Csvg%20xmlns%3D&#039;http%3A%2F%2Fwww.w3.org%2F2000%2Fsvg&#039;%20viewBox%3D&#039;0%200%20300%20300&#039;%2F%3E\" class=\"attachment-woocommerce_thumbnail size-woocommerce_thumbnail image-effect unveil-image\" alt=\"\" data-src=\"https:\/\/www.maisonschwind.lu\/shop\/wp-content\/uploads\/2025\/10\/560692841c603f2bf9d343f7d1f928ed-300x300.jpg\" data-srcset=\"https:\/\/www.maisonschwind.lu\/shop\/wp-content\/uploads\/2025\/10\/560692841c603f2bf9d343f7d1f928ed-300x300.jpg 300w, https:\/\/www.maisonschwind.lu\/shop\/wp-content\/uploads\/2025\/10\/560692841c603f2bf9d343f7d1f928ed-150x150.jpg 150w, https:\/\/www.maisonschwind.lu\/shop\/wp-content\/uploads\/2025\/10\/560692841c603f2bf9d343f7d1f928ed-160x160.jpg 160w, https:\/\/www.maisonschwind.lu\/shop\/wp-content\/uploads\/2025\/10\/560692841c603f2bf9d343f7d1f928ed.jpg 400w\" data-sizes=\"(max-width: 300px) 100vw, 300px\" \/><img loading=\"lazy\" width=\"300\" height=\"300\" src=\"data:image\/svg+xml;charset=utf-8,%3Csvg%20xmlns%3D&#039;http%3A%2F%2Fwww.w3.org%2F2000%2Fsvg&#039;%20viewBox%3D&#039;0%200%20300%20300&#039;%2F%3E\" class=\"attachment-woocommerce_thumbnail size-woocommerce_thumbnail image-hover unveil-image\" alt=\"\" data-src=\"https:\/\/www.maisonschwind.lu\/shop\/wp-content\/uploads\/2025\/10\/1aa66914f9c2c1ef9835d57945b408c2-300x300.jpg\" data-srcset=\"https:\/\/www.maisonschwind.lu\/shop\/wp-content\/uploads\/2025\/10\/1aa66914f9c2c1ef9835d57945b408c2-300x300.jpg 300w, https:\/\/www.maisonschwind.lu\/shop\/wp-content\/uploads\/2025\/10\/1aa66914f9c2c1ef9835d57945b408c2-150x150.jpg 150w, https:\/\/www.maisonschwind.lu\/shop\/wp-content\/uploads\/2025\/10\/1aa66914f9c2c1ef9835d57945b408c2-160x160.jpg 160w, https:\/\/www.maisonschwind.lu\/shop\/wp-content\/uploads\/2025\/10\/1aa66914f9c2c1ef9835d57945b408c2.jpg 400w\" data-sizes=\"(max-width: 300px) 100vw, 300px\" \/>        <\/a>\n        <div class='sale-perc'>-40%<\/div>            <\/figure>\n            <div class=\"groups-button flex-middle justify-content-center\">\n                \n                                    <div class=\"view\">\n                        <a href=\"javascript:void(0);\" class=\"quickview\" data-product_id=\"60695\">\n                            <i class=\"ti-eye\"><\/i>\n                        <\/a>\n                    <\/div>\n                \n                \n            <\/div> \n        <\/div>\n        <div class=\"metas clearfix\">\n            <div class=\"flex\">\n                <div class=\"clearfix\">\n                            <div class=\"product-cat\">\n        <a href=\"https:\/\/www.maisonschwind.lu\/fr\/categorie-produit\/tissus\/collectio-hiver\/\">Collection hiver 2025\/2026<\/a>        <\/div>\n    \n                    <h3 class=\"name\"><a href=\"https:\/\/www.maisonschwind.lu\/fr\/produit\/jersey-rib-floral-outlines-26356-22\/\">Jersey rib &#8220;floral outlines&#8221; 26356-22<\/a><\/h3>\n                                    <\/div>\n                <div class=\"ali-right\">\n                        \n                <\/div>\n            <\/div>\n        <\/div>\n    <\/div>\n<\/div>\t\t\t<\/div>\n\t\t\t\t\t<div class=\"col-md-3 col-sm-4 col-xs-6 md-clearfix lg-clearfix  sm-clearfix  xs-clearfix  product type-product post-60658 status-publish first instock product_cat-noel product_cat-collectio-hiver product_cat-modal-fr has-post-thumbnail sale taxable shipping-taxable purchasable product-type-simple\">\n\t\t\t \t<div class=\"product-block grid-v4\" data-product-id=\"60658\">\n    <div class=\"grid-inner\">\n        <div class=\"block-inner\">\n            <figure class=\"image\">\n                        <a title=\"Matelass\u00e9 \u00e0 carreau doubl\u00e9 03673.002\" href=\"https:\/\/www.maisonschwind.lu\/fr\/produit\/matelasse-a-carreau-double-03673-002\/\" class=\"product-image\">\n            <img loading=\"lazy\" width=\"300\" height=\"300\" src=\"data:image\/svg+xml;charset=utf-8,%3Csvg%20xmlns%3D&#039;http%3A%2F%2Fwww.w3.org%2F2000%2Fsvg&#039;%20viewBox%3D&#039;0%200%20300%20300&#039;%2F%3E\" class=\"attachment-woocommerce_thumbnail size-woocommerce_thumbnail image-effect unveil-image\" alt=\"\" data-src=\"https:\/\/www.maisonschwind.lu\/shop\/wp-content\/uploads\/2025\/10\/03673.002_image4-300x300.jpg\" data-srcset=\"https:\/\/www.maisonschwind.lu\/shop\/wp-content\/uploads\/2025\/10\/03673.002_image4-300x300.jpg 300w, https:\/\/www.maisonschwind.lu\/shop\/wp-content\/uploads\/2025\/10\/03673.002_image4-150x150.jpg 150w, https:\/\/www.maisonschwind.lu\/shop\/wp-content\/uploads\/2025\/10\/03673.002_image4-160x160.jpg 160w, https:\/\/www.maisonschwind.lu\/shop\/wp-content\/uploads\/2025\/10\/03673.002_image4.jpg 400w\" data-sizes=\"(max-width: 300px) 100vw, 300px\" \/><img loading=\"lazy\" width=\"300\" height=\"300\" src=\"data:image\/svg+xml;charset=utf-8,%3Csvg%20xmlns%3D&#039;http%3A%2F%2Fwww.w3.org%2F2000%2Fsvg&#039;%20viewBox%3D&#039;0%200%20300%20300&#039;%2F%3E\" class=\"attachment-woocommerce_thumbnail size-woocommerce_thumbnail image-hover unveil-image\" alt=\"\" data-src=\"https:\/\/www.maisonschwind.lu\/shop\/wp-content\/uploads\/2025\/10\/03673.002_mainimage-300x300.jpg\" data-srcset=\"https:\/\/www.maisonschwind.lu\/shop\/wp-content\/uploads\/2025\/10\/03673.002_mainimage-300x300.jpg 300w, https:\/\/www.maisonschwind.lu\/shop\/wp-content\/uploads\/2025\/10\/03673.002_mainimage-150x150.jpg 150w, https:\/\/www.maisonschwind.lu\/shop\/wp-content\/uploads\/2025\/10\/03673.002_mainimage-160x160.jpg 160w, https:\/\/www.maisonschwind.lu\/shop\/wp-content\/uploads\/2025\/10\/03673.002_mainimage.jpg 400w\" data-sizes=\"(max-width: 300px) 100vw, 300px\" \/>        <\/a>\n        <div class='sale-perc'>-45%<\/div>            <\/figure>\n            <div class=\"groups-button flex-middle justify-content-center\">\n                \n                                    <div class=\"view\">\n                        <a href=\"javascript:void(0);\" class=\"quickview\" data-product_id=\"60658\">\n                            <i class=\"ti-eye\"><\/i>\n                        <\/a>\n                    <\/div>\n                \n                \n            <\/div> \n        <\/div>\n        <div class=\"metas clearfix\">\n            <div class=\"flex\">\n                <div class=\"clearfix\">\n                            <div class=\"product-cat\">\n        <a href=\"https:\/\/www.maisonschwind.lu\/fr\/categorie-produit\/noel\/\">***DESTOCKAGE***<\/a>        <\/div>\n    \n                    <h3 class=\"name\"><a href=\"https:\/\/www.maisonschwind.lu\/fr\/produit\/matelasse-a-carreau-double-03673-002\/\">Matelass\u00e9 \u00e0 carreau doubl\u00e9 03673.002<\/a><\/h3>\n                                    <\/div>\n                <div class=\"ali-right\">\n                        \n                <\/div>\n            <\/div>\n        <\/div>\n    <\/div>\n<\/div>\t\t\t<\/div>\n\t\t\t\t\t<div class=\"col-md-3 col-sm-4 col-xs-6 product type-product post-60627 status-publish outofstock product_cat-collectio-hiver product_cat-cotton has-post-thumbnail sale taxable shipping-taxable purchasable product-type-simple\">\n\t\t\t \t<div class=\"product-block grid-v4\" data-product-id=\"60627\">\n    <div class=\"grid-inner\">\n        <div class=\"block-inner\">\n            <figure class=\"image\">\n                        <a title=\"Tricot mauve 04670.003\" href=\"https:\/\/www.maisonschwind.lu\/fr\/produit\/tricot-mauve-04670-003\/\" class=\"product-image\">\n            <img loading=\"lazy\" width=\"300\" height=\"300\" src=\"data:image\/svg+xml;charset=utf-8,%3Csvg%20xmlns%3D&#039;http%3A%2F%2Fwww.w3.org%2F2000%2Fsvg&#039;%20viewBox%3D&#039;0%200%20300%20300&#039;%2F%3E\" class=\"attachment-woocommerce_thumbnail size-woocommerce_thumbnail image-effect unveil-image\" alt=\"\" data-src=\"https:\/\/www.maisonschwind.lu\/shop\/wp-content\/uploads\/2025\/10\/04670.003_image5-300x300.jpg\" data-srcset=\"https:\/\/www.maisonschwind.lu\/shop\/wp-content\/uploads\/2025\/10\/04670.003_image5-300x300.jpg 300w, https:\/\/www.maisonschwind.lu\/shop\/wp-content\/uploads\/2025\/10\/04670.003_image5-150x150.jpg 150w, https:\/\/www.maisonschwind.lu\/shop\/wp-content\/uploads\/2025\/10\/04670.003_image5-160x160.jpg 160w, https:\/\/www.maisonschwind.lu\/shop\/wp-content\/uploads\/2025\/10\/04670.003_image5.jpg 400w\" data-sizes=\"(max-width: 300px) 100vw, 300px\" \/><img loading=\"lazy\" width=\"300\" height=\"300\" src=\"data:image\/svg+xml;charset=utf-8,%3Csvg%20xmlns%3D&#039;http%3A%2F%2Fwww.w3.org%2F2000%2Fsvg&#039;%20viewBox%3D&#039;0%200%20300%20300&#039;%2F%3E\" class=\"attachment-woocommerce_thumbnail size-woocommerce_thumbnail image-hover unveil-image\" alt=\"\" data-src=\"https:\/\/www.maisonschwind.lu\/shop\/wp-content\/uploads\/2025\/10\/04670.003_mainimage-300x300.jpg\" data-srcset=\"https:\/\/www.maisonschwind.lu\/shop\/wp-content\/uploads\/2025\/10\/04670.003_mainimage-300x300.jpg 300w, https:\/\/www.maisonschwind.lu\/shop\/wp-content\/uploads\/2025\/10\/04670.003_mainimage-150x150.jpg 150w, https:\/\/www.maisonschwind.lu\/shop\/wp-content\/uploads\/2025\/10\/04670.003_mainimage-160x160.jpg 160w, https:\/\/www.maisonschwind.lu\/shop\/wp-content\/uploads\/2025\/10\/04670.003_mainimage.jpg 400w\" data-sizes=\"(max-width: 300px) 100vw, 300px\" \/>        <\/a>\n        <p class=\"stock out-of-stock\">SOLD OUT<\/p><div class='sale-perc'>-35%<\/div>            <\/figure>\n            <div class=\"groups-button flex-middle justify-content-center\">\n                \n                                    <div class=\"view\">\n                        <a href=\"javascript:void(0);\" class=\"quickview\" data-product_id=\"60627\">\n                            <i class=\"ti-eye\"><\/i>\n                        <\/a>\n                    <\/div>\n                \n                \n            <\/div> \n        <\/div>\n        <div class=\"metas clearfix\">\n            <div class=\"flex\">\n                <div class=\"clearfix\">\n                            <div class=\"product-cat\">\n        <a href=\"https:\/\/www.maisonschwind.lu\/fr\/categorie-produit\/tissus\/collectio-hiver\/\">Collection hiver 2025\/2026<\/a>        <\/div>\n    \n                    <h3 class=\"name\"><a href=\"https:\/\/www.maisonschwind.lu\/fr\/produit\/tricot-mauve-04670-003\/\">Tricot mauve 04670.003<\/a><\/h3>\n                                    <\/div>\n                <div class=\"ali-right\">\n                        \n                <\/div>\n            <\/div>\n        <\/div>\n    <\/div>\n<\/div>\t\t\t<\/div>\n\t\t\t\t\t<div class=\"col-md-3 col-sm-4 col-xs-6 xs-clearfix  product type-product post-60624 status-publish instock product_cat-noel product_cat-collectio-hiver product_cat-cotton has-post-thumbnail sale taxable shipping-taxable purchasable product-type-simple\">\n\t\t\t \t<div class=\"product-block grid-v4\" data-product-id=\"60624\">\n    <div class=\"grid-inner\">\n        <div class=\"block-inner\">\n            <figure class=\"image\">\n                        <a title=\"Tricot sable 04670.002\" href=\"https:\/\/www.maisonschwind.lu\/fr\/produit\/tricot-sable-04670-002\/\" class=\"product-image\">\n            <img loading=\"lazy\" width=\"300\" height=\"300\" src=\"data:image\/svg+xml;charset=utf-8,%3Csvg%20xmlns%3D&#039;http%3A%2F%2Fwww.w3.org%2F2000%2Fsvg&#039;%20viewBox%3D&#039;0%200%20300%20300&#039;%2F%3E\" class=\"attachment-woocommerce_thumbnail size-woocommerce_thumbnail image-effect unveil-image\" alt=\"\" data-src=\"https:\/\/www.maisonschwind.lu\/shop\/wp-content\/uploads\/2025\/10\/04670.002_image6-300x300.jpg\" data-srcset=\"https:\/\/www.maisonschwind.lu\/shop\/wp-content\/uploads\/2025\/10\/04670.002_image6-300x300.jpg 300w, https:\/\/www.maisonschwind.lu\/shop\/wp-content\/uploads\/2025\/10\/04670.002_image6-150x150.jpg 150w, https:\/\/www.maisonschwind.lu\/shop\/wp-content\/uploads\/2025\/10\/04670.002_image6-160x160.jpg 160w, https:\/\/www.maisonschwind.lu\/shop\/wp-content\/uploads\/2025\/10\/04670.002_image6.jpg 400w\" data-sizes=\"(max-width: 300px) 100vw, 300px\" \/><img loading=\"lazy\" width=\"300\" height=\"300\" src=\"data:image\/svg+xml;charset=utf-8,%3Csvg%20xmlns%3D&#039;http%3A%2F%2Fwww.w3.org%2F2000%2Fsvg&#039;%20viewBox%3D&#039;0%200%20300%20300&#039;%2F%3E\" class=\"attachment-woocommerce_thumbnail size-woocommerce_thumbnail image-hover unveil-image\" alt=\"\" data-src=\"https:\/\/www.maisonschwind.lu\/shop\/wp-content\/uploads\/2025\/10\/04670.002_mainimage-300x300.jpg\" data-srcset=\"https:\/\/www.maisonschwind.lu\/shop\/wp-content\/uploads\/2025\/10\/04670.002_mainimage-300x300.jpg 300w, https:\/\/www.maisonschwind.lu\/shop\/wp-content\/uploads\/2025\/10\/04670.002_mainimage-150x150.jpg 150w, https:\/\/www.maisonschwind.lu\/shop\/wp-content\/uploads\/2025\/10\/04670.002_mainimage-160x160.jpg 160w, https:\/\/www.maisonschwind.lu\/shop\/wp-content\/uploads\/2025\/10\/04670.002_mainimage.jpg 400w\" data-sizes=\"(max-width: 300px) 100vw, 300px\" \/>        <\/a>\n        <div class='sale-perc'>-45%<\/div>            <\/figure>\n            <div class=\"groups-button flex-middle justify-content-center\">\n                \n                                    <div class=\"view\">\n                        <a href=\"javascript:void(0);\" class=\"quickview\" data-product_id=\"60624\">\n                            <i class=\"ti-eye\"><\/i>\n                        <\/a>\n                    <\/div>\n                \n                \n            <\/div> \n        <\/div>\n        <div class=\"metas clearfix\">\n            <div class=\"flex\">\n                <div class=\"clearfix\">\n                            <div class=\"product-cat\">\n        <a href=\"https:\/\/www.maisonschwind.lu\/fr\/categorie-produit\/noel\/\">***DESTOCKAGE***<\/a>        <\/div>\n    \n                    <h3 class=\"name\"><a href=\"https:\/\/www.maisonschwind.lu\/fr\/produit\/tricot-sable-04670-002\/\">Tricot sable 04670.002<\/a><\/h3>\n                                    <\/div>\n                <div class=\"ali-right\">\n                        \n                <\/div>\n            <\/div>\n        <\/div>\n    <\/div>\n<\/div>\t\t\t<\/div>\n\t\t\t\t\t<div class=\"col-md-3 col-sm-4 col-xs-6 sm-clearfix  product type-product post-60487 status-publish last instock product_cat-noel product_cat-jersey-fr product_cat-panneau has-post-thumbnail sale taxable shipping-taxable purchasable product-type-simple\">\n\t\t\t \t<div class=\"product-block grid-v4\" data-product-id=\"60487\">\n    <div class=\"grid-inner\">\n        <div class=\"block-inner\">\n            <figure class=\"image\">\n                        <a title=\"Panneau jersey tigre 17232-02\" href=\"https:\/\/www.maisonschwind.lu\/fr\/produit\/panneau-jersey-tigre-17232-02\/\" class=\"product-image\">\n            <img loading=\"lazy\" width=\"300\" height=\"300\" src=\"data:image\/svg+xml;charset=utf-8,%3Csvg%20xmlns%3D&#039;http%3A%2F%2Fwww.w3.org%2F2000%2Fsvg&#039;%20viewBox%3D&#039;0%200%20300%20300&#039;%2F%3E\" class=\"attachment-woocommerce_thumbnail size-woocommerce_thumbnail image-no-effect unveil-image\" alt=\"\" data-src=\"https:\/\/www.maisonschwind.lu\/shop\/wp-content\/uploads\/2025\/10\/17232-02-300x300.jpg\" data-srcset=\"https:\/\/www.maisonschwind.lu\/shop\/wp-content\/uploads\/2025\/10\/17232-02-300x300.jpg 300w, https:\/\/www.maisonschwind.lu\/shop\/wp-content\/uploads\/2025\/10\/17232-02-150x150.jpg 150w, https:\/\/www.maisonschwind.lu\/shop\/wp-content\/uploads\/2025\/10\/17232-02-160x160.jpg 160w, https:\/\/www.maisonschwind.lu\/shop\/wp-content\/uploads\/2025\/10\/17232-02.jpg 400w\" data-sizes=\"(max-width: 300px) 100vw, 300px\" \/>        <\/a>\n        <div class='sale-perc'>-60%<\/div>            <\/figure>\n            <div class=\"groups-button flex-middle justify-content-center\">\n                \n                                    <div class=\"view\">\n                        <a href=\"javascript:void(0);\" class=\"quickview\" data-product_id=\"60487\">\n                            <i class=\"ti-eye\"><\/i>\n                        <\/a>\n                    <\/div>\n                \n                \n            <\/div> \n        <\/div>\n        <div class=\"metas clearfix\">\n            <div class=\"flex\">\n                <div class=\"clearfix\">\n                            <div class=\"product-cat\">\n        <a href=\"https:\/\/www.maisonschwind.lu\/fr\/categorie-produit\/noel\/\">***DESTOCKAGE***<\/a>        <\/div>\n    \n                    <h3 class=\"name\"><a href=\"https:\/\/www.maisonschwind.lu\/fr\/produit\/panneau-jersey-tigre-17232-02\/\">Panneau jersey tigre 17232-02<\/a><\/h3>\n                                    <\/div>\n                <div class=\"ali-right\">\n                        \n                <\/div>\n            <\/div>\n        <\/div>\n    <\/div>\n<\/div>\t\t\t<\/div>\n\t\t\t\t\t<div class=\"col-md-3 col-sm-4 col-xs-6 md-clearfix lg-clearfix  xs-clearfix  product type-product post-60484 status-publish first instock product_cat-noel product_cat-jersey-fr product_cat-panneau has-post-thumbnail sale taxable shipping-taxable purchasable product-type-simple\">\n\t\t\t \t<div class=\"product-block grid-v4\" data-product-id=\"60484\">\n    <div class=\"grid-inner\">\n        <div class=\"block-inner\">\n            <figure class=\"image\">\n                        <a title=\"Panneau jersey voiture 19850\" href=\"https:\/\/www.maisonschwind.lu\/fr\/produit\/panneau-jersey-voiture-19850\/\" class=\"product-image\">\n            <img loading=\"lazy\" width=\"300\" height=\"300\" src=\"data:image\/svg+xml;charset=utf-8,%3Csvg%20xmlns%3D&#039;http%3A%2F%2Fwww.w3.org%2F2000%2Fsvg&#039;%20viewBox%3D&#039;0%200%20300%20300&#039;%2F%3E\" class=\"attachment-woocommerce_thumbnail size-woocommerce_thumbnail image-no-effect unveil-image\" alt=\"\" data-src=\"https:\/\/www.maisonschwind.lu\/shop\/wp-content\/uploads\/2025\/10\/19850-300x300.jpg\" data-srcset=\"https:\/\/www.maisonschwind.lu\/shop\/wp-content\/uploads\/2025\/10\/19850-300x300.jpg 300w, https:\/\/www.maisonschwind.lu\/shop\/wp-content\/uploads\/2025\/10\/19850-150x150.jpg 150w, https:\/\/www.maisonschwind.lu\/shop\/wp-content\/uploads\/2025\/10\/19850-160x160.jpg 160w, https:\/\/www.maisonschwind.lu\/shop\/wp-content\/uploads\/2025\/10\/19850.jpg 400w\" data-sizes=\"(max-width: 300px) 100vw, 300px\" \/>        <\/a>\n        <div class='sale-perc'>-33%<\/div>            <\/figure>\n            <div class=\"groups-button flex-middle justify-content-center\">\n                \n                                    <div class=\"view\">\n                        <a href=\"javascript:void(0);\" class=\"quickview\" data-product_id=\"60484\">\n                            <i class=\"ti-eye\"><\/i>\n                        <\/a>\n                    <\/div>\n                \n                \n            <\/div> \n        <\/div>\n        <div class=\"metas clearfix\">\n            <div class=\"flex\">\n                <div class=\"clearfix\">\n                            <div class=\"product-cat\">\n        <a href=\"https:\/\/www.maisonschwind.lu\/fr\/categorie-produit\/noel\/\">***DESTOCKAGE***<\/a>        <\/div>\n    \n                    <h3 class=\"name\"><a href=\"https:\/\/www.maisonschwind.lu\/fr\/produit\/panneau-jersey-voiture-19850\/\">Panneau jersey voiture 19850<\/a><\/h3>\n                                    <\/div>\n                <div class=\"ali-right\">\n                        \n                <\/div>\n            <\/div>\n        <\/div>\n    <\/div>\n<\/div>\t\t\t<\/div>\n\t\t\t\t\t<div class=\"col-md-3 col-sm-4 col-xs-6 product type-product post-60480 status-publish instock product_cat-noel product_cat-jersey-fr product_cat-panneau has-post-thumbnail sale taxable shipping-taxable purchasable product-type-simple\">\n\t\t\t \t<div class=\"product-block grid-v4\" data-product-id=\"60480\">\n    <div class=\"grid-inner\">\n        <div class=\"block-inner\">\n            <figure class=\"image\">\n                        <a title=\"Panneau French-Terry raton 18514\" href=\"https:\/\/www.maisonschwind.lu\/fr\/produit\/panneau-french-terry-raton-18514\/\" class=\"product-image\">\n            <img loading=\"lazy\" width=\"300\" height=\"300\" src=\"data:image\/svg+xml;charset=utf-8,%3Csvg%20xmlns%3D&#039;http%3A%2F%2Fwww.w3.org%2F2000%2Fsvg&#039;%20viewBox%3D&#039;0%200%20300%20300&#039;%2F%3E\" class=\"attachment-woocommerce_thumbnail size-woocommerce_thumbnail image-no-effect unveil-image\" alt=\"\" data-src=\"https:\/\/www.maisonschwind.lu\/shop\/wp-content\/uploads\/2025\/10\/18514-300x300.jpg\" data-srcset=\"https:\/\/www.maisonschwind.lu\/shop\/wp-content\/uploads\/2025\/10\/18514-300x300.jpg 300w, https:\/\/www.maisonschwind.lu\/shop\/wp-content\/uploads\/2025\/10\/18514-150x150.jpg 150w, https:\/\/www.maisonschwind.lu\/shop\/wp-content\/uploads\/2025\/10\/18514-160x160.jpg 160w, https:\/\/www.maisonschwind.lu\/shop\/wp-content\/uploads\/2025\/10\/18514.jpg 400w\" data-sizes=\"(max-width: 300px) 100vw, 300px\" \/>        <\/a>\n        <div class='sale-perc'>-38%<\/div>            <\/figure>\n            <div class=\"groups-button flex-middle justify-content-center\">\n                \n                                    <div class=\"view\">\n                        <a href=\"javascript:void(0);\" class=\"quickview\" data-product_id=\"60480\">\n                            <i class=\"ti-eye\"><\/i>\n                        <\/a>\n                    <\/div>\n                \n                \n            <\/div> \n        <\/div>\n        <div class=\"metas clearfix\">\n            <div class=\"flex\">\n                <div class=\"clearfix\">\n                            <div class=\"product-cat\">\n        <a href=\"https:\/\/www.maisonschwind.lu\/fr\/categorie-produit\/noel\/\">***DESTOCKAGE***<\/a>        <\/div>\n    \n                    <h3 class=\"name\"><a href=\"https:\/\/www.maisonschwind.lu\/fr\/produit\/panneau-french-terry-raton-18514\/\">Panneau French-Terry raton 18514<\/a><\/h3>\n                                    <\/div>\n                <div class=\"ali-right\">\n                        \n                <\/div>\n            <\/div>\n        <\/div>\n    <\/div>\n<\/div>\t\t\t<\/div>\n\t\t\t\t\t<div class=\"col-md-3 col-sm-4 col-xs-6 sm-clearfix  xs-clearfix  product type-product post-60477 status-publish instock product_cat-noel product_cat-jersey-fr product_cat-panneau has-post-thumbnail sale taxable shipping-taxable purchasable product-type-simple\">\n\t\t\t \t<div class=\"product-block grid-v4\" data-product-id=\"60477\">\n    <div class=\"grid-inner\">\n        <div class=\"block-inner\">\n            <figure class=\"image\">\n                        <a title=\"Panneau French-Terry excavator 22572\" href=\"https:\/\/www.maisonschwind.lu\/fr\/produit\/panneau-french-terry-excavator-22572\/\" class=\"product-image\">\n            <img loading=\"lazy\" width=\"300\" height=\"300\" src=\"data:image\/svg+xml;charset=utf-8,%3Csvg%20xmlns%3D&#039;http%3A%2F%2Fwww.w3.org%2F2000%2Fsvg&#039;%20viewBox%3D&#039;0%200%20300%20300&#039;%2F%3E\" class=\"attachment-woocommerce_thumbnail size-woocommerce_thumbnail image-effect unveil-image\" alt=\"\" data-src=\"https:\/\/www.maisonschwind.lu\/shop\/wp-content\/uploads\/2025\/10\/22572-300x300.jpg\" data-srcset=\"https:\/\/www.maisonschwind.lu\/shop\/wp-content\/uploads\/2025\/10\/22572-300x300.jpg 300w, https:\/\/www.maisonschwind.lu\/shop\/wp-content\/uploads\/2025\/10\/22572-150x150.jpg 150w, https:\/\/www.maisonschwind.lu\/shop\/wp-content\/uploads\/2025\/10\/22572-160x160.jpg 160w, https:\/\/www.maisonschwind.lu\/shop\/wp-content\/uploads\/2025\/10\/22572.jpg 400w\" data-sizes=\"(max-width: 300px) 100vw, 300px\" \/><img loading=\"lazy\" width=\"300\" height=\"300\" src=\"data:image\/svg+xml;charset=utf-8,%3Csvg%20xmlns%3D&#039;http%3A%2F%2Fwww.w3.org%2F2000%2Fsvg&#039;%20viewBox%3D&#039;0%200%20300%20300&#039;%2F%3E\" class=\"attachment-woocommerce_thumbnail size-woocommerce_thumbnail image-hover unveil-image\" alt=\"\" data-src=\"https:\/\/www.maisonschwind.lu\/shop\/wp-content\/uploads\/2025\/10\/22572-1-300x300.jpg\" data-srcset=\"https:\/\/www.maisonschwind.lu\/shop\/wp-content\/uploads\/2025\/10\/22572-1-300x300.jpg 300w, https:\/\/www.maisonschwind.lu\/shop\/wp-content\/uploads\/2025\/10\/22572-1-150x150.jpg 150w, https:\/\/www.maisonschwind.lu\/shop\/wp-content\/uploads\/2025\/10\/22572-1-160x160.jpg 160w, https:\/\/www.maisonschwind.lu\/shop\/wp-content\/uploads\/2025\/10\/22572-1.jpg 400w\" data-sizes=\"(max-width: 300px) 100vw, 300px\" \/>        <\/a>\n        <div class='sale-perc'>-41%<\/div>            <\/figure>\n            <div class=\"groups-button flex-middle justify-content-center\">\n                \n                                    <div class=\"view\">\n                        <a href=\"javascript:void(0);\" class=\"quickview\" data-product_id=\"60477\">\n                            <i class=\"ti-eye\"><\/i>\n                        <\/a>\n                    <\/div>\n                \n                \n            <\/div> \n        <\/div>\n        <div class=\"metas clearfix\">\n            <div class=\"flex\">\n                <div class=\"clearfix\">\n                            <div class=\"product-cat\">\n        <a href=\"https:\/\/www.maisonschwind.lu\/fr\/categorie-produit\/noel\/\">***DESTOCKAGE***<\/a>        <\/div>\n    \n                    <h3 class=\"name\"><a href=\"https:\/\/www.maisonschwind.lu\/fr\/produit\/panneau-french-terry-excavator-22572\/\">Panneau French-Terry excavator 22572<\/a><\/h3>\n                                    <\/div>\n                <div class=\"ali-right\">\n                        \n                <\/div>\n            <\/div>\n        <\/div>\n    <\/div>\n<\/div>\t\t\t<\/div>\n\t\t\t\t\t<div class=\"col-md-3 col-sm-4 col-xs-6 product type-product post-60473 status-publish last instock product_cat-noel product_cat-jersey-fr product_cat-panneau has-post-thumbnail sale taxable shipping-taxable purchasable product-type-simple\">\n\t\t\t \t<div class=\"product-block grid-v4\" data-product-id=\"60473\">\n    <div class=\"grid-inner\">\n        <div class=\"block-inner\">\n            <figure class=\"image\">\n                        <a title=\"Panneau French-Terry tracteur 16554\" href=\"https:\/\/www.maisonschwind.lu\/fr\/produit\/panneau-french-terry-tracteur-16554\/\" class=\"product-image\">\n            <img loading=\"lazy\" width=\"300\" height=\"300\" src=\"data:image\/svg+xml;charset=utf-8,%3Csvg%20xmlns%3D&#039;http%3A%2F%2Fwww.w3.org%2F2000%2Fsvg&#039;%20viewBox%3D&#039;0%200%20300%20300&#039;%2F%3E\" class=\"attachment-woocommerce_thumbnail size-woocommerce_thumbnail image-no-effect unveil-image\" alt=\"\" data-src=\"https:\/\/www.maisonschwind.lu\/shop\/wp-content\/uploads\/2025\/10\/16554-300x300.jpg\" data-srcset=\"https:\/\/www.maisonschwind.lu\/shop\/wp-content\/uploads\/2025\/10\/16554-300x300.jpg 300w, https:\/\/www.maisonschwind.lu\/shop\/wp-content\/uploads\/2025\/10\/16554-150x150.jpg 150w, https:\/\/www.maisonschwind.lu\/shop\/wp-content\/uploads\/2025\/10\/16554-160x160.jpg 160w, https:\/\/www.maisonschwind.lu\/shop\/wp-content\/uploads\/2025\/10\/16554.jpg 400w\" data-sizes=\"(max-width: 300px) 100vw, 300px\" \/>        <\/a>\n        <div class='sale-perc'>-40%<\/div>            <\/figure>\n            <div class=\"groups-button flex-middle justify-content-center\">\n                \n                                    <div class=\"view\">\n                        <a href=\"javascript:void(0);\" class=\"quickview\" data-product_id=\"60473\">\n                            <i class=\"ti-eye\"><\/i>\n                        <\/a>\n                    <\/div>\n                \n                \n            <\/div> \n        <\/div>\n        <div class=\"metas clearfix\">\n            <div class=\"flex\">\n                <div class=\"clearfix\">\n                            <div class=\"product-cat\">\n        <a href=\"https:\/\/www.maisonschwind.lu\/fr\/categorie-produit\/noel\/\">***DESTOCKAGE***<\/a>        <\/div>\n    \n                    <h3 class=\"name\"><a href=\"https:\/\/www.maisonschwind.lu\/fr\/produit\/panneau-french-terry-tracteur-16554\/\">Panneau French-Terry tracteur 16554<\/a><\/h3>\n                                    <\/div>\n                <div class=\"ali-right\">\n                        \n                <\/div>\n            <\/div>\n        <\/div>\n    <\/div>\n<\/div>\t\t\t<\/div>\n\t\t\t\t\t<div class=\"col-md-3 col-sm-4 col-xs-6 md-clearfix lg-clearfix  xs-clearfix  product type-product post-60470 status-publish first instock product_cat-noel product_cat-cotton product_cat-panneau has-post-thumbnail sale taxable shipping-taxable purchasable product-type-simple\">\n\t\t\t \t<div class=\"product-block grid-v4\" data-product-id=\"60470\">\n    <div class=\"grid-inner\">\n        <div class=\"block-inner\">\n            <figure class=\"image\">\n                        <a title=\"Panneau &#8220;Backbag&#8221; 23325\" href=\"https:\/\/www.maisonschwind.lu\/fr\/produit\/panneau-backbag-23325\/\" class=\"product-image\">\n            <img loading=\"lazy\" width=\"300\" height=\"300\" src=\"data:image\/svg+xml;charset=utf-8,%3Csvg%20xmlns%3D&#039;http%3A%2F%2Fwww.w3.org%2F2000%2Fsvg&#039;%20viewBox%3D&#039;0%200%20300%20300&#039;%2F%3E\" class=\"attachment-woocommerce_thumbnail size-woocommerce_thumbnail image-effect unveil-image\" alt=\"\" data-src=\"https:\/\/www.maisonschwind.lu\/shop\/wp-content\/uploads\/2025\/10\/IMG_20251008_143331_resized_20251008_024249523-300x300.jpg\" data-srcset=\"https:\/\/www.maisonschwind.lu\/shop\/wp-content\/uploads\/2025\/10\/IMG_20251008_143331_resized_20251008_024249523-300x300.jpg 300w, https:\/\/www.maisonschwind.lu\/shop\/wp-content\/uploads\/2025\/10\/IMG_20251008_143331_resized_20251008_024249523-150x150.jpg 150w, https:\/\/www.maisonschwind.lu\/shop\/wp-content\/uploads\/2025\/10\/IMG_20251008_143331_resized_20251008_024249523-160x160.jpg 160w, https:\/\/www.maisonschwind.lu\/shop\/wp-content\/uploads\/2025\/10\/IMG_20251008_143331_resized_20251008_024249523.jpg 400w\" data-sizes=\"(max-width: 300px) 100vw, 300px\" \/><img loading=\"lazy\" width=\"300\" height=\"300\" src=\"data:image\/svg+xml;charset=utf-8,%3Csvg%20xmlns%3D&#039;http%3A%2F%2Fwww.w3.org%2F2000%2Fsvg&#039;%20viewBox%3D&#039;0%200%20300%20300&#039;%2F%3E\" class=\"attachment-woocommerce_thumbnail size-woocommerce_thumbnail image-hover unveil-image\" alt=\"\" data-src=\"https:\/\/www.maisonschwind.lu\/shop\/wp-content\/uploads\/2025\/10\/IMG_20251008_143247_resized_20251008_024220701-1-300x300.jpg\" data-srcset=\"https:\/\/www.maisonschwind.lu\/shop\/wp-content\/uploads\/2025\/10\/IMG_20251008_143247_resized_20251008_024220701-1-300x300.jpg 300w, https:\/\/www.maisonschwind.lu\/shop\/wp-content\/uploads\/2025\/10\/IMG_20251008_143247_resized_20251008_024220701-1-150x150.jpg 150w, https:\/\/www.maisonschwind.lu\/shop\/wp-content\/uploads\/2025\/10\/IMG_20251008_143247_resized_20251008_024220701-1-160x160.jpg 160w, https:\/\/www.maisonschwind.lu\/shop\/wp-content\/uploads\/2025\/10\/IMG_20251008_143247_resized_20251008_024220701-1.jpg 400w\" data-sizes=\"(max-width: 300px) 100vw, 300px\" \/>        <\/a>\n        <div class='sale-perc'>-45%<\/div>            <\/figure>\n            <div class=\"groups-button flex-middle justify-content-center\">\n                \n                                    <div class=\"view\">\n                        <a href=\"javascript:void(0);\" class=\"quickview\" data-product_id=\"60470\">\n                            <i class=\"ti-eye\"><\/i>\n                        <\/a>\n                    <\/div>\n                \n                \n            <\/div> \n        <\/div>\n        <div class=\"metas clearfix\">\n            <div class=\"flex\">\n                <div class=\"clearfix\">\n                            <div class=\"product-cat\">\n        <a href=\"https:\/\/www.maisonschwind.lu\/fr\/categorie-produit\/noel\/\">***DESTOCKAGE***<\/a>        <\/div>\n    \n                    <h3 class=\"name\"><a href=\"https:\/\/www.maisonschwind.lu\/fr\/produit\/panneau-backbag-23325\/\">Panneau &#8220;Backbag&#8221; 23325<\/a><\/h3>\n                                    <\/div>\n                <div class=\"ali-right\">\n                        \n                <\/div>\n            <\/div>\n        <\/div>\n    <\/div>\n<\/div>\t\t\t<\/div>\n\t\t\t\t\t<div class=\"col-md-3 col-sm-4 col-xs-6 sm-clearfix  product type-product post-59482 status-publish onbackorder product_cat-brodeuse-combinee product_cat-machine-a-coudre-electronique has-post-thumbnail sale taxable shipping-taxable purchasable product-type-simple\">\n\t\t\t \t<div class=\"product-block grid-v4\" data-product-id=\"59482\">\n    <div class=\"grid-inner\">\n        <div class=\"block-inner\">\n            <figure class=\"image\">\n                        <a title=\"SINGER SE9185\" href=\"https:\/\/www.maisonschwind.lu\/fr\/produit\/singer-se9185\/\" class=\"product-image\">\n            <img loading=\"lazy\" width=\"300\" height=\"300\" src=\"data:image\/svg+xml;charset=utf-8,%3Csvg%20xmlns%3D&#039;http%3A%2F%2Fwww.w3.org%2F2000%2Fsvg&#039;%20viewBox%3D&#039;0%200%20300%20300&#039;%2F%3E\" class=\"attachment-woocommerce_thumbnail size-woocommerce_thumbnail image-effect unveil-image\" alt=\"\" data-src=\"https:\/\/www.maisonschwind.lu\/shop\/wp-content\/uploads\/2025\/10\/SE9185_Afb_c-300x300.jpg\" data-srcset=\"https:\/\/www.maisonschwind.lu\/shop\/wp-content\/uploads\/2025\/10\/SE9185_Afb_c-300x300.jpg 300w, https:\/\/www.maisonschwind.lu\/shop\/wp-content\/uploads\/2025\/10\/SE9185_Afb_c-150x150.jpg 150w, https:\/\/www.maisonschwind.lu\/shop\/wp-content\/uploads\/2025\/10\/SE9185_Afb_c-160x160.jpg 160w, https:\/\/www.maisonschwind.lu\/shop\/wp-content\/uploads\/2025\/10\/SE9185_Afb_c.jpg 400w\" data-sizes=\"(max-width: 300px) 100vw, 300px\" \/><img loading=\"lazy\" width=\"300\" height=\"300\" src=\"data:image\/svg+xml;charset=utf-8,%3Csvg%20xmlns%3D&#039;http%3A%2F%2Fwww.w3.org%2F2000%2Fsvg&#039;%20viewBox%3D&#039;0%200%20300%20300&#039;%2F%3E\" class=\"attachment-woocommerce_thumbnail size-woocommerce_thumbnail image-hover unveil-image\" alt=\"\" data-src=\"https:\/\/www.maisonschwind.lu\/shop\/wp-content\/uploads\/2025\/10\/SE9185_1000x1000-1-300x300.jpg\" data-srcset=\"https:\/\/www.maisonschwind.lu\/shop\/wp-content\/uploads\/2025\/10\/SE9185_1000x1000-1-300x300.jpg 300w, https:\/\/www.maisonschwind.lu\/shop\/wp-content\/uploads\/2025\/10\/SE9185_1000x1000-1-150x150.jpg 150w, https:\/\/www.maisonschwind.lu\/shop\/wp-content\/uploads\/2025\/10\/SE9185_1000x1000-1-160x160.jpg 160w, https:\/\/www.maisonschwind.lu\/shop\/wp-content\/uploads\/2025\/10\/SE9185_1000x1000-1.jpg 400w\" data-sizes=\"(max-width: 300px) 100vw, 300px\" \/>        <\/a>\n        <div class='sale-perc'>-5%<\/div>            <\/figure>\n            <div class=\"groups-button flex-middle justify-content-center\">\n                \n                                    <div class=\"view\">\n                        <a href=\"javascript:void(0);\" class=\"quickview\" data-product_id=\"59482\">\n                            <i class=\"ti-eye\"><\/i>\n                        <\/a>\n                    <\/div>\n                \n                \n            <\/div> \n        <\/div>\n        <div class=\"metas clearfix\">\n            <div class=\"flex\">\n                <div class=\"clearfix\">\n                            <div class=\"product-cat\">\n        <a href=\"https:\/\/www.maisonschwind.lu\/fr\/categorie-produit\/brodeuse\/brodeuse-combinee\/\">BRODEUSE COMBINEE<\/a>        <\/div>\n    \n                    <h3 class=\"name\"><a href=\"https:\/\/www.maisonschwind.lu\/fr\/produit\/singer-se9185\/\">SINGER SE9185<\/a><\/h3>\n                                    <\/div>\n                <div class=\"ali-right\">\n                        \n                <\/div>\n            <\/div>\n        <\/div>\n    <\/div>\n<\/div>\t\t\t<\/div>\n\t\t\t\t\t<div class=\"col-md-3 col-sm-4 col-xs-6 xs-clearfix  product type-product post-59457 status-publish outofstock product_cat-machine-a-coudre-mecanique product_cat-offre-speciale-home has-post-thumbnail sale taxable shipping-taxable purchasable product-type-simple\">\n\t\t\t \t<div class=\"product-block grid-v4\" data-product-id=\"59457\">\n    <div class=\"grid-inner\">\n        <div class=\"block-inner\">\n            <figure class=\"image\">\n                        <a title=\"SINGER Heavy Duty\u2122 4411 | Pink Limited Edition\" href=\"https:\/\/www.maisonschwind.lu\/fr\/produit\/singer-heavy-duty-4411-pink-limited-edition\/\" class=\"product-image\">\n            <img loading=\"lazy\" width=\"300\" height=\"300\" src=\"data:image\/svg+xml;charset=utf-8,%3Csvg%20xmlns%3D&#039;http%3A%2F%2Fwww.w3.org%2F2000%2Fsvg&#039;%20viewBox%3D&#039;0%200%20300%20300&#039;%2F%3E\" class=\"attachment-woocommerce_thumbnail size-woocommerce_thumbnail image-effect unveil-image\" alt=\"\" data-src=\"https:\/\/www.maisonschwind.lu\/shop\/wp-content\/uploads\/2025\/10\/Singer_Heavy-Duty-Pink-4-300x300.jpg\" data-srcset=\"https:\/\/www.maisonschwind.lu\/shop\/wp-content\/uploads\/2025\/10\/Singer_Heavy-Duty-Pink-4-300x300.jpg 300w, https:\/\/www.maisonschwind.lu\/shop\/wp-content\/uploads\/2025\/10\/Singer_Heavy-Duty-Pink-4-150x150.jpg 150w, https:\/\/www.maisonschwind.lu\/shop\/wp-content\/uploads\/2025\/10\/Singer_Heavy-Duty-Pink-4-160x160.jpg 160w, https:\/\/www.maisonschwind.lu\/shop\/wp-content\/uploads\/2025\/10\/Singer_Heavy-Duty-Pink-4.jpg 400w\" data-sizes=\"(max-width: 300px) 100vw, 300px\" \/><img loading=\"lazy\" width=\"300\" height=\"300\" src=\"data:image\/svg+xml;charset=utf-8,%3Csvg%20xmlns%3D&#039;http%3A%2F%2Fwww.w3.org%2F2000%2Fsvg&#039;%20viewBox%3D&#039;0%200%20300%20300&#039;%2F%3E\" class=\"attachment-woocommerce_thumbnail size-woocommerce_thumbnail image-hover unveil-image\" alt=\"\" data-src=\"https:\/\/www.maisonschwind.lu\/shop\/wp-content\/uploads\/2025\/10\/Singer-HD4411Pink-300x300.jpg\" data-srcset=\"https:\/\/www.maisonschwind.lu\/shop\/wp-content\/uploads\/2025\/10\/Singer-HD4411Pink-300x300.jpg 300w, https:\/\/www.maisonschwind.lu\/shop\/wp-content\/uploads\/2025\/10\/Singer-HD4411Pink-150x150.jpg 150w, https:\/\/www.maisonschwind.lu\/shop\/wp-content\/uploads\/2025\/10\/Singer-HD4411Pink-160x160.jpg 160w, https:\/\/www.maisonschwind.lu\/shop\/wp-content\/uploads\/2025\/10\/Singer-HD4411Pink.jpg 400w\" data-sizes=\"(max-width: 300px) 100vw, 300px\" \/>        <\/a>\n        <p class=\"stock out-of-stock\">SOLD OUT<\/p><div class='sale-perc'>-13%<\/div>            <\/figure>\n            <div class=\"groups-button flex-middle justify-content-center\">\n                \n                                    <div class=\"view\">\n                        <a href=\"javascript:void(0);\" class=\"quickview\" data-product_id=\"59457\">\n                            <i class=\"ti-eye\"><\/i>\n                        <\/a>\n                    <\/div>\n                \n                \n            <\/div> \n        <\/div>\n        <div class=\"metas clearfix\">\n            <div class=\"flex\">\n                <div class=\"clearfix\">\n                            <div class=\"product-cat\">\n        <a href=\"https:\/\/www.maisonschwind.lu\/fr\/categorie-produit\/machine-a-coudre\/machine-a-coudre-mecanique\/\">MECANIQUE<\/a>        <\/div>\n    \n                    <h3 class=\"name\"><a href=\"https:\/\/www.maisonschwind.lu\/fr\/produit\/singer-heavy-duty-4411-pink-limited-edition\/\">SINGER Heavy Duty\u2122 4411 | Pink Limited Edition<\/a><\/h3>\n                                    <\/div>\n                <div class=\"ali-right\">\n                        \n                <\/div>\n            <\/div>\n        <\/div>\n    <\/div>\n<\/div>\t\t\t<\/div>\n\t\t\t\t\t<div class=\"col-md-3 col-sm-4 col-xs-6 product type-product post-59419 status-publish last instock product_cat-machine-a-coudre-electronique product_cat-offre-speciale-home has-post-thumbnail sale taxable shipping-taxable purchasable product-type-simple\">\n\t\t\t \t<div class=\"product-block grid-v4\" data-product-id=\"59419\">\n    <div class=\"grid-inner\">\n        <div class=\"block-inner\">\n            <figure class=\"image\">\n                        <a title=\"SINGER Starlet\u2122 | 6660\" href=\"https:\/\/www.maisonschwind.lu\/fr\/produit\/singer-starlet-6660\/\" class=\"product-image\">\n            <img loading=\"lazy\" width=\"300\" height=\"300\" src=\"data:image\/svg+xml;charset=utf-8,%3Csvg%20xmlns%3D&#039;http%3A%2F%2Fwww.w3.org%2F2000%2Fsvg&#039;%20viewBox%3D&#039;0%200%20300%20300&#039;%2F%3E\" class=\"attachment-woocommerce_thumbnail size-woocommerce_thumbnail image-effect unveil-image\" alt=\"\" data-src=\"https:\/\/www.maisonschwind.lu\/shop\/wp-content\/uploads\/2025\/10\/6730_6660_STARLET_needle-threader-300x300.jpg\" data-srcset=\"https:\/\/www.maisonschwind.lu\/shop\/wp-content\/uploads\/2025\/10\/6730_6660_STARLET_needle-threader-300x300.jpg 300w, https:\/\/www.maisonschwind.lu\/shop\/wp-content\/uploads\/2025\/10\/6730_6660_STARLET_needle-threader-150x150.jpg 150w, https:\/\/www.maisonschwind.lu\/shop\/wp-content\/uploads\/2025\/10\/6730_6660_STARLET_needle-threader-160x160.jpg 160w, https:\/\/www.maisonschwind.lu\/shop\/wp-content\/uploads\/2025\/10\/6730_6660_STARLET_needle-threader.jpg 400w\" data-sizes=\"(max-width: 300px) 100vw, 300px\" \/><img loading=\"lazy\" width=\"300\" height=\"300\" src=\"data:image\/svg+xml;charset=utf-8,%3Csvg%20xmlns%3D&#039;http%3A%2F%2Fwww.w3.org%2F2000%2Fsvg&#039;%20viewBox%3D&#039;0%200%20300%20300&#039;%2F%3E\" class=\"attachment-woocommerce_thumbnail size-woocommerce_thumbnail image-hover unveil-image\" alt=\"\" data-src=\"https:\/\/www.maisonschwind.lu\/shop\/wp-content\/uploads\/2025\/10\/6726_6660_STARLET_beauty-300x300.jpg\" data-srcset=\"https:\/\/www.maisonschwind.lu\/shop\/wp-content\/uploads\/2025\/10\/6726_6660_STARLET_beauty-300x300.jpg 300w, https:\/\/www.maisonschwind.lu\/shop\/wp-content\/uploads\/2025\/10\/6726_6660_STARLET_beauty-150x150.jpg 150w, https:\/\/www.maisonschwind.lu\/shop\/wp-content\/uploads\/2025\/10\/6726_6660_STARLET_beauty-160x160.jpg 160w, https:\/\/www.maisonschwind.lu\/shop\/wp-content\/uploads\/2025\/10\/6726_6660_STARLET_beauty.jpg 400w\" data-sizes=\"(max-width: 300px) 100vw, 300px\" \/>        <\/a>\n        <div class='sale-perc'>-30%<\/div>            <\/figure>\n            <div class=\"groups-button flex-middle justify-content-center\">\n                \n                                    <div class=\"view\">\n                        <a href=\"javascript:void(0);\" class=\"quickview\" data-product_id=\"59419\">\n                            <i class=\"ti-eye\"><\/i>\n                        <\/a>\n                    <\/div>\n                \n                \n            <\/div> \n        <\/div>\n        <div class=\"metas clearfix\">\n            <div class=\"flex\">\n                <div class=\"clearfix\">\n                            <div class=\"product-cat\">\n        <a href=\"https:\/\/www.maisonschwind.lu\/fr\/categorie-produit\/machine-a-coudre\/machine-a-coudre-electronique\/\">ELECTRONIQUE<\/a>        <\/div>\n    \n                    <h3 class=\"name\"><a href=\"https:\/\/www.maisonschwind.lu\/fr\/produit\/singer-starlet-6660\/\">SINGER Starlet\u2122 | 6660<\/a><\/h3>\n                                    <\/div>\n                <div class=\"ali-right\">\n                        \n                <\/div>\n            <\/div>\n        <\/div>\n    <\/div>\n<\/div>\t\t\t<\/div>\n\t\t\t\t\t<div class=\"col-md-3 col-sm-4 col-xs-6 md-clearfix lg-clearfix  sm-clearfix  xs-clearfix  product type-product post-59067 status-publish first onbackorder product_cat-machine-a-coudre-electronique product_cat-machine-a-coudre has-post-thumbnail sale taxable shipping-taxable purchasable product-type-simple\">\n\t\t\t \t<div class=\"product-block grid-v4\" data-product-id=\"59067\">\n    <div class=\"grid-inner\">\n        <div class=\"block-inner\">\n            <figure class=\"image\">\n                        <a title=\"Brother Inventio NV1850Q\" href=\"https:\/\/www.maisonschwind.lu\/fr\/produit\/brother-inventio-nv1850q\/\" class=\"product-image\">\n            <img loading=\"lazy\" width=\"300\" height=\"300\" src=\"data:image\/svg+xml;charset=utf-8,%3Csvg%20xmlns%3D&#039;http%3A%2F%2Fwww.w3.org%2F2000%2Fsvg&#039;%20viewBox%3D&#039;0%200%20300%20300&#039;%2F%3E\" class=\"attachment-woocommerce_thumbnail size-woocommerce_thumbnail image-effect unveil-image\" alt=\"\" data-src=\"https:\/\/www.maisonschwind.lu\/shop\/wp-content\/uploads\/2025\/09\/NV1850Q-01-300x300.jpg\" data-srcset=\"https:\/\/www.maisonschwind.lu\/shop\/wp-content\/uploads\/2025\/09\/NV1850Q-01-300x300.jpg 300w, https:\/\/www.maisonschwind.lu\/shop\/wp-content\/uploads\/2025\/09\/NV1850Q-01-150x150.jpg 150w, https:\/\/www.maisonschwind.lu\/shop\/wp-content\/uploads\/2025\/09\/NV1850Q-01-160x160.jpg 160w, https:\/\/www.maisonschwind.lu\/shop\/wp-content\/uploads\/2025\/09\/NV1850Q-01.jpg 400w\" data-sizes=\"(max-width: 300px) 100vw, 300px\" \/><img loading=\"lazy\" width=\"300\" height=\"300\" src=\"data:image\/svg+xml;charset=utf-8,%3Csvg%20xmlns%3D&#039;http%3A%2F%2Fwww.w3.org%2F2000%2Fsvg&#039;%20viewBox%3D&#039;0%200%20300%20300&#039;%2F%3E\" class=\"attachment-woocommerce_thumbnail size-woocommerce_thumbnail image-hover unveil-image\" alt=\"\" data-src=\"https:\/\/www.maisonschwind.lu\/shop\/wp-content\/uploads\/2025\/09\/NV1850Q_main-300x300.jpg\" data-srcset=\"https:\/\/www.maisonschwind.lu\/shop\/wp-content\/uploads\/2025\/09\/NV1850Q_main-300x300.jpg 300w, https:\/\/www.maisonschwind.lu\/shop\/wp-content\/uploads\/2025\/09\/NV1850Q_main-150x150.jpg 150w, https:\/\/www.maisonschwind.lu\/shop\/wp-content\/uploads\/2025\/09\/NV1850Q_main-160x160.jpg 160w, https:\/\/www.maisonschwind.lu\/shop\/wp-content\/uploads\/2025\/09\/NV1850Q_main.jpg 400w\" data-sizes=\"(max-width: 300px) 100vw, 300px\" \/>        <\/a>\n        <div class='sale-perc'>-10%<\/div>            <\/figure>\n            <div class=\"groups-button flex-middle justify-content-center\">\n                \n                                    <div class=\"view\">\n                        <a href=\"javascript:void(0);\" class=\"quickview\" data-product_id=\"59067\">\n                            <i class=\"ti-eye\"><\/i>\n                        <\/a>\n                    <\/div>\n                \n                \n            <\/div> \n        <\/div>\n        <div class=\"metas clearfix\">\n            <div class=\"flex\">\n                <div class=\"clearfix\">\n                            <div class=\"product-cat\">\n        <a href=\"https:\/\/www.maisonschwind.lu\/fr\/categorie-produit\/machine-a-coudre\/machine-a-coudre-electronique\/\">ELECTRONIQUE<\/a>        <\/div>\n    \n                    <h3 class=\"name\"><a href=\"https:\/\/www.maisonschwind.lu\/fr\/produit\/brother-inventio-nv1850q\/\">Brother Inventio NV1850Q<\/a><\/h3>\n                                    <\/div>\n                <div class=\"ali-right\">\n                        \n                <\/div>\n            <\/div>\n        <\/div>\n    <\/div>\n<\/div>\t\t\t<\/div>\n\t\t\t\t\t<div class=\"col-md-3 col-sm-4 col-xs-6 product type-product post-59057 status-publish onbackorder product_cat-machine-a-coudre-electronique product_cat-machine-a-coudre has-post-thumbnail sale taxable shipping-taxable purchasable product-type-simple\">\n\t\t\t \t<div class=\"product-block grid-v4\" data-product-id=\"59057\">\n    <div class=\"grid-inner\">\n        <div class=\"block-inner\">\n            <figure class=\"image\">\n                        <a title=\"Brother Inventio NV1350\" href=\"https:\/\/www.maisonschwind.lu\/fr\/produit\/brother-inventio-nv1350\/\" class=\"product-image\">\n            <img loading=\"lazy\" width=\"300\" height=\"300\" src=\"data:image\/svg+xml;charset=utf-8,%3Csvg%20xmlns%3D&#039;http%3A%2F%2Fwww.w3.org%2F2000%2Fsvg&#039;%20viewBox%3D&#039;0%200%20300%20300&#039;%2F%3E\" class=\"attachment-woocommerce_thumbnail size-woocommerce_thumbnail image-effect unveil-image\" alt=\"\" data-src=\"https:\/\/www.maisonschwind.lu\/shop\/wp-content\/uploads\/2025\/09\/NV1350-01-300x300.jpg\" data-srcset=\"https:\/\/www.maisonschwind.lu\/shop\/wp-content\/uploads\/2025\/09\/NV1350-01-300x300.jpg 300w, https:\/\/www.maisonschwind.lu\/shop\/wp-content\/uploads\/2025\/09\/NV1350-01-150x150.jpg 150w, https:\/\/www.maisonschwind.lu\/shop\/wp-content\/uploads\/2025\/09\/NV1350-01-160x160.jpg 160w, https:\/\/www.maisonschwind.lu\/shop\/wp-content\/uploads\/2025\/09\/NV1350-01.jpg 400w\" data-sizes=\"(max-width: 300px) 100vw, 300px\" \/><img loading=\"lazy\" width=\"300\" height=\"300\" src=\"data:image\/svg+xml;charset=utf-8,%3Csvg%20xmlns%3D&#039;http%3A%2F%2Fwww.w3.org%2F2000%2Fsvg&#039;%20viewBox%3D&#039;0%200%20300%20300&#039;%2F%3E\" class=\"attachment-woocommerce_thumbnail size-woocommerce_thumbnail image-hover unveil-image\" alt=\"\" data-src=\"https:\/\/www.maisonschwind.lu\/shop\/wp-content\/uploads\/2025\/09\/NV1350_main-300x300.jpg\" data-srcset=\"https:\/\/www.maisonschwind.lu\/shop\/wp-content\/uploads\/2025\/09\/NV1350_main-300x300.jpg 300w, https:\/\/www.maisonschwind.lu\/shop\/wp-content\/uploads\/2025\/09\/NV1350_main-150x150.jpg 150w, https:\/\/www.maisonschwind.lu\/shop\/wp-content\/uploads\/2025\/09\/NV1350_main-160x160.jpg 160w, https:\/\/www.maisonschwind.lu\/shop\/wp-content\/uploads\/2025\/09\/NV1350_main.jpg 400w\" data-sizes=\"(max-width: 300px) 100vw, 300px\" \/>        <\/a>\n        <div class='sale-perc'>-10%<\/div>            <\/figure>\n            <div class=\"groups-button flex-middle justify-content-center\">\n                \n                                    <div class=\"view\">\n                        <a href=\"javascript:void(0);\" class=\"quickview\" data-product_id=\"59057\">\n                            <i class=\"ti-eye\"><\/i>\n                        <\/a>\n                    <\/div>\n                \n                \n            <\/div> \n        <\/div>\n        <div class=\"metas clearfix\">\n            <div class=\"flex\">\n                <div class=\"clearfix\">\n                            <div class=\"product-cat\">\n        <a href=\"https:\/\/www.maisonschwind.lu\/fr\/categorie-produit\/machine-a-coudre\/machine-a-coudre-electronique\/\">ELECTRONIQUE<\/a>        <\/div>\n    \n                    <h3 class=\"name\"><a href=\"https:\/\/www.maisonschwind.lu\/fr\/produit\/brother-inventio-nv1350\/\">Brother Inventio NV1350<\/a><\/h3>\n                                    <\/div>\n                <div class=\"ali-right\">\n                        \n                <\/div>\n            <\/div>\n        <\/div>\n    <\/div>\n<\/div>\t\t\t<\/div>\n\t\t\t\t\t<div class=\"col-md-3 col-sm-4 col-xs-6 xs-clearfix  product type-product post-59046 status-publish onbackorder product_cat-machine-a-coudre-electronique product_cat-machine-a-coudre has-post-thumbnail sale taxable shipping-taxable purchasable product-type-simple\">\n\t\t\t \t<div class=\"product-block grid-v4\" data-product-id=\"59046\">\n    <div class=\"grid-inner\">\n        <div class=\"block-inner\">\n            <figure class=\"image\">\n                        <a title=\"Brother Inventio NV1150\" href=\"https:\/\/www.maisonschwind.lu\/fr\/produit\/brother-inventio-nv1150\/\" class=\"product-image\">\n            <img loading=\"lazy\" width=\"300\" height=\"300\" src=\"data:image\/svg+xml;charset=utf-8,%3Csvg%20xmlns%3D&#039;http%3A%2F%2Fwww.w3.org%2F2000%2Fsvg&#039;%20viewBox%3D&#039;0%200%20300%20300&#039;%2F%3E\" class=\"attachment-woocommerce_thumbnail size-woocommerce_thumbnail image-effect unveil-image\" alt=\"\" data-src=\"https:\/\/www.maisonschwind.lu\/shop\/wp-content\/uploads\/2025\/09\/NV1150-01-300x300.jpg\" data-srcset=\"https:\/\/www.maisonschwind.lu\/shop\/wp-content\/uploads\/2025\/09\/NV1150-01-300x300.jpg 300w, https:\/\/www.maisonschwind.lu\/shop\/wp-content\/uploads\/2025\/09\/NV1150-01-150x150.jpg 150w, https:\/\/www.maisonschwind.lu\/shop\/wp-content\/uploads\/2025\/09\/NV1150-01-160x160.jpg 160w, https:\/\/www.maisonschwind.lu\/shop\/wp-content\/uploads\/2025\/09\/NV1150-01.jpg 400w\" data-sizes=\"(max-width: 300px) 100vw, 300px\" \/><img loading=\"lazy\" width=\"300\" height=\"300\" src=\"data:image\/svg+xml;charset=utf-8,%3Csvg%20xmlns%3D&#039;http%3A%2F%2Fwww.w3.org%2F2000%2Fsvg&#039;%20viewBox%3D&#039;0%200%20300%20300&#039;%2F%3E\" class=\"attachment-woocommerce_thumbnail size-woocommerce_thumbnail image-hover unveil-image\" alt=\"\" data-src=\"https:\/\/www.maisonschwind.lu\/shop\/wp-content\/uploads\/2025\/09\/NV1150_main-300x300.jpg\" data-srcset=\"https:\/\/www.maisonschwind.lu\/shop\/wp-content\/uploads\/2025\/09\/NV1150_main-300x300.jpg 300w, https:\/\/www.maisonschwind.lu\/shop\/wp-content\/uploads\/2025\/09\/NV1150_main-150x150.jpg 150w, https:\/\/www.maisonschwind.lu\/shop\/wp-content\/uploads\/2025\/09\/NV1150_main-160x160.jpg 160w, https:\/\/www.maisonschwind.lu\/shop\/wp-content\/uploads\/2025\/09\/NV1150_main.jpg 400w\" data-sizes=\"(max-width: 300px) 100vw, 300px\" \/>        <\/a>\n        <div class='sale-perc'>-10%<\/div>            <\/figure>\n            <div class=\"groups-button flex-middle justify-content-center\">\n                \n                                    <div class=\"view\">\n                        <a href=\"javascript:void(0);\" class=\"quickview\" data-product_id=\"59046\">\n                            <i class=\"ti-eye\"><\/i>\n                        <\/a>\n                    <\/div>\n                \n                \n            <\/div> \n        <\/div>\n        <div class=\"metas clearfix\">\n            <div class=\"flex\">\n                <div class=\"clearfix\">\n                            <div class=\"product-cat\">\n        <a href=\"https:\/\/www.maisonschwind.lu\/fr\/categorie-produit\/machine-a-coudre\/machine-a-coudre-electronique\/\">ELECTRONIQUE<\/a>        <\/div>\n    \n                    <h3 class=\"name\"><a href=\"https:\/\/www.maisonschwind.lu\/fr\/produit\/brother-inventio-nv1150\/\">Brother Inventio NV1150<\/a><\/h3>\n                                    <\/div>\n                <div class=\"ali-right\">\n                        \n                <\/div>\n            <\/div>\n        <\/div>\n    <\/div>\n<\/div>\t\t\t<\/div>\n\t\t\t\t\t<div class=\"col-md-3 col-sm-4 col-xs-6 sm-clearfix  product type-product post-58902 status-publish last onbackorder product_cat-machine-a-coudre-electronique product_cat-machine-a-coudre has-post-thumbnail sale taxable shipping-taxable purchasable product-type-simple\">\n\t\t\t \t<div class=\"product-block grid-v4\" data-product-id=\"58902\">\n    <div class=\"grid-inner\">\n        <div class=\"block-inner\">\n            <figure class=\"image\">\n                        <a title=\"Husqvarna Onyx 30\" href=\"https:\/\/www.maisonschwind.lu\/fr\/produit\/husqvarna-onyx-30\/\" class=\"product-image\">\n            <img loading=\"lazy\" width=\"300\" height=\"300\" src=\"data:image\/svg+xml;charset=utf-8,%3Csvg%20xmlns%3D&#039;http%3A%2F%2Fwww.w3.org%2F2000%2Fsvg&#039;%20viewBox%3D&#039;0%200%20300%20300&#039;%2F%3E\" class=\"attachment-woocommerce_thumbnail size-woocommerce_thumbnail image-effect unveil-image\" alt=\"\" data-src=\"https:\/\/www.maisonschwind.lu\/shop\/wp-content\/uploads\/2025\/09\/HV_Onyx-30-7-300x300.jpg\" data-srcset=\"https:\/\/www.maisonschwind.lu\/shop\/wp-content\/uploads\/2025\/09\/HV_Onyx-30-7-300x300.jpg 300w, https:\/\/www.maisonschwind.lu\/shop\/wp-content\/uploads\/2025\/09\/HV_Onyx-30-7-150x150.jpg 150w, https:\/\/www.maisonschwind.lu\/shop\/wp-content\/uploads\/2025\/09\/HV_Onyx-30-7-160x160.jpg 160w, https:\/\/www.maisonschwind.lu\/shop\/wp-content\/uploads\/2025\/09\/HV_Onyx-30-7.jpg 400w\" data-sizes=\"(max-width: 300px) 100vw, 300px\" \/><img loading=\"lazy\" width=\"300\" height=\"300\" src=\"data:image\/svg+xml;charset=utf-8,%3Csvg%20xmlns%3D&#039;http%3A%2F%2Fwww.w3.org%2F2000%2Fsvg&#039;%20viewBox%3D&#039;0%200%20300%20300&#039;%2F%3E\" class=\"attachment-woocommerce_thumbnail size-woocommerce_thumbnail image-hover unveil-image\" alt=\"\" data-src=\"https:\/\/www.maisonschwind.lu\/shop\/wp-content\/uploads\/2025\/09\/HV_Onyx-30-6-300x300.jpg\" data-srcset=\"https:\/\/www.maisonschwind.lu\/shop\/wp-content\/uploads\/2025\/09\/HV_Onyx-30-6-300x300.jpg 300w, https:\/\/www.maisonschwind.lu\/shop\/wp-content\/uploads\/2025\/09\/HV_Onyx-30-6-150x150.jpg 150w, https:\/\/www.maisonschwind.lu\/shop\/wp-content\/uploads\/2025\/09\/HV_Onyx-30-6-160x160.jpg 160w, https:\/\/www.maisonschwind.lu\/shop\/wp-content\/uploads\/2025\/09\/HV_Onyx-30-6.jpg 400w\" data-sizes=\"(max-width: 300px) 100vw, 300px\" \/>        <\/a>\n        <div class='sale-perc'>-10%<\/div>            <\/figure>\n            <div class=\"groups-button flex-middle justify-content-center\">\n                \n                                    <div class=\"view\">\n                        <a href=\"javascript:void(0);\" class=\"quickview\" data-product_id=\"58902\">\n                            <i class=\"ti-eye\"><\/i>\n                        <\/a>\n                    <\/div>\n                \n                \n            <\/div> \n        <\/div>\n        <div class=\"metas clearfix\">\n            <div class=\"flex\">\n                <div class=\"clearfix\">\n                            <div class=\"product-cat\">\n        <a href=\"https:\/\/www.maisonschwind.lu\/fr\/categorie-produit\/machine-a-coudre\/machine-a-coudre-electronique\/\">ELECTRONIQUE<\/a>        <\/div>\n    \n                    <h3 class=\"name\"><a href=\"https:\/\/www.maisonschwind.lu\/fr\/produit\/husqvarna-onyx-30\/\">Husqvarna Onyx 30<\/a><\/h3>\n                                    <\/div>\n                <div class=\"ali-right\">\n                        \n                <\/div>\n            <\/div>\n        <\/div>\n    <\/div>\n<\/div>\t\t\t<\/div>\n\t\t\t\t\t<div class=\"col-md-3 col-sm-4 col-xs-6 md-clearfix lg-clearfix  xs-clearfix  product type-product post-58874 status-publish first instock product_cat-noel product_cat-modal-fr product_cat-viscose has-post-thumbnail sale taxable shipping-taxable purchasable product-type-simple\">\n\t\t\t \t<div class=\"product-block grid-v4\" data-product-id=\"58874\">\n    <div class=\"grid-inner\">\n        <div class=\"block-inner\">\n            <figure class=\"image\">\n                        <a title=\"Viscose de lin fleurs 23940-15LI\" href=\"https:\/\/www.maisonschwind.lu\/fr\/produit\/viscose-de-lin-fleurs-23940-15li\/\" class=\"product-image\">\n            <img loading=\"lazy\" width=\"300\" height=\"300\" src=\"data:image\/svg+xml;charset=utf-8,%3Csvg%20xmlns%3D&#039;http%3A%2F%2Fwww.w3.org%2F2000%2Fsvg&#039;%20viewBox%3D&#039;0%200%20300%20300&#039;%2F%3E\" class=\"attachment-woocommerce_thumbnail size-woocommerce_thumbnail image-no-effect unveil-image\" alt=\"\" data-src=\"https:\/\/www.maisonschwind.lu\/shop\/wp-content\/uploads\/2025\/09\/IMG_20250917_174746_resized_20250917_055828175-300x300.jpg\" data-srcset=\"https:\/\/www.maisonschwind.lu\/shop\/wp-content\/uploads\/2025\/09\/IMG_20250917_174746_resized_20250917_055828175-300x300.jpg 300w, https:\/\/www.maisonschwind.lu\/shop\/wp-content\/uploads\/2025\/09\/IMG_20250917_174746_resized_20250917_055828175-150x150.jpg 150w, https:\/\/www.maisonschwind.lu\/shop\/wp-content\/uploads\/2025\/09\/IMG_20250917_174746_resized_20250917_055828175-160x160.jpg 160w, https:\/\/www.maisonschwind.lu\/shop\/wp-content\/uploads\/2025\/09\/IMG_20250917_174746_resized_20250917_055828175.jpg 400w\" data-sizes=\"(max-width: 300px) 100vw, 300px\" \/>        <\/a>\n        <div class='sale-perc'>-49%<\/div>            <\/figure>\n            <div class=\"groups-button flex-middle justify-content-center\">\n                \n                                    <div class=\"view\">\n                        <a href=\"javascript:void(0);\" class=\"quickview\" data-product_id=\"58874\">\n                            <i class=\"ti-eye\"><\/i>\n                        <\/a>\n                    <\/div>\n                \n                \n            <\/div> \n        <\/div>\n        <div class=\"metas clearfix\">\n            <div class=\"flex\">\n                <div class=\"clearfix\">\n                            <div class=\"product-cat\">\n        <a href=\"https:\/\/www.maisonschwind.lu\/fr\/categorie-produit\/noel\/\">***DESTOCKAGE***<\/a>        <\/div>\n    \n                    <h3 class=\"name\"><a href=\"https:\/\/www.maisonschwind.lu\/fr\/produit\/viscose-de-lin-fleurs-23940-15li\/\">Viscose de lin fleurs 23940-15LI<\/a><\/h3>\n                                    <\/div>\n                <div class=\"ali-right\">\n                        \n                <\/div>\n            <\/div>\n        <\/div>\n    <\/div>\n<\/div>\t\t\t<\/div>\n\t\t\t\t\t<div class=\"col-md-3 col-sm-4 col-xs-6 product type-product post-58866 status-publish instock product_cat-panneau has-post-thumbnail sale taxable shipping-taxable purchasable product-type-simple\">\n\t\t\t \t<div class=\"product-block grid-v4\" data-product-id=\"58866\">\n    <div class=\"grid-inner\">\n        <div class=\"block-inner\">\n            <figure class=\"image\">\n                        <a title=\"Panneau robe Lycra 25071\" href=\"https:\/\/www.maisonschwind.lu\/fr\/produit\/panneau-robe-lycra-25071\/\" class=\"product-image\">\n            <img loading=\"lazy\" width=\"300\" height=\"300\" src=\"data:image\/svg+xml;charset=utf-8,%3Csvg%20xmlns%3D&#039;http%3A%2F%2Fwww.w3.org%2F2000%2Fsvg&#039;%20viewBox%3D&#039;0%200%20300%20300&#039;%2F%3E\" class=\"attachment-woocommerce_thumbnail size-woocommerce_thumbnail image-effect unveil-image\" alt=\"\" data-src=\"https:\/\/www.maisonschwind.lu\/shop\/wp-content\/uploads\/2025\/09\/4ebaf6464a53d514220edebf5b3e0408-300x300.jpg\" data-srcset=\"https:\/\/www.maisonschwind.lu\/shop\/wp-content\/uploads\/2025\/09\/4ebaf6464a53d514220edebf5b3e0408-300x300.jpg 300w, https:\/\/www.maisonschwind.lu\/shop\/wp-content\/uploads\/2025\/09\/4ebaf6464a53d514220edebf5b3e0408-150x150.jpg 150w, https:\/\/www.maisonschwind.lu\/shop\/wp-content\/uploads\/2025\/09\/4ebaf6464a53d514220edebf5b3e0408-160x160.jpg 160w, https:\/\/www.maisonschwind.lu\/shop\/wp-content\/uploads\/2025\/09\/4ebaf6464a53d514220edebf5b3e0408.jpg 400w\" data-sizes=\"(max-width: 300px) 100vw, 300px\" \/><img loading=\"lazy\" width=\"300\" height=\"300\" src=\"data:image\/svg+xml;charset=utf-8,%3Csvg%20xmlns%3D&#039;http%3A%2F%2Fwww.w3.org%2F2000%2Fsvg&#039;%20viewBox%3D&#039;0%200%20300%20300&#039;%2F%3E\" class=\"attachment-woocommerce_thumbnail size-woocommerce_thumbnail image-hover unveil-image\" alt=\"\" data-src=\"https:\/\/www.maisonschwind.lu\/shop\/wp-content\/uploads\/2025\/09\/ad3144128c48ec2aa37e995e165e4154-300x300.jpg\" data-srcset=\"https:\/\/www.maisonschwind.lu\/shop\/wp-content\/uploads\/2025\/09\/ad3144128c48ec2aa37e995e165e4154-300x300.jpg 300w, https:\/\/www.maisonschwind.lu\/shop\/wp-content\/uploads\/2025\/09\/ad3144128c48ec2aa37e995e165e4154-150x150.jpg 150w, https:\/\/www.maisonschwind.lu\/shop\/wp-content\/uploads\/2025\/09\/ad3144128c48ec2aa37e995e165e4154-160x160.jpg 160w, https:\/\/www.maisonschwind.lu\/shop\/wp-content\/uploads\/2025\/09\/ad3144128c48ec2aa37e995e165e4154.jpg 400w\" data-sizes=\"(max-width: 300px) 100vw, 300px\" \/>        <\/a>\n        <div class='sale-perc'>-25%<\/div>            <\/figure>\n            <div class=\"groups-button flex-middle justify-content-center\">\n                \n                                    <div class=\"view\">\n                        <a href=\"javascript:void(0);\" class=\"quickview\" data-product_id=\"58866\">\n                            <i class=\"ti-eye\"><\/i>\n                        <\/a>\n                    <\/div>\n                \n                \n            <\/div> \n        <\/div>\n        <div class=\"metas clearfix\">\n            <div class=\"flex\">\n                <div class=\"clearfix\">\n                            <div class=\"product-cat\">\n        <a href=\"https:\/\/www.maisonschwind.lu\/fr\/categorie-produit\/tissus\/panneau\/\">PANNEAUX<\/a>        <\/div>\n    \n                    <h3 class=\"name\"><a href=\"https:\/\/www.maisonschwind.lu\/fr\/produit\/panneau-robe-lycra-25071\/\">Panneau robe Lycra 25071<\/a><\/h3>\n                                    <\/div>\n                <div class=\"ali-right\">\n                        \n                <\/div>\n            <\/div>\n        <\/div>\n    <\/div>\n<\/div>\t\t\t<\/div>\n\t\t\t\t\t<div class=\"col-md-3 col-sm-4 col-xs-6 sm-clearfix  xs-clearfix  product type-product post-58851 status-publish instock product_cat-noel product_cat-cotton has-post-thumbnail sale taxable shipping-taxable purchasable product-type-simple\">\n\t\t\t \t<div class=\"product-block grid-v4\" data-product-id=\"58851\">\n    <div class=\"grid-inner\">\n        <div class=\"block-inner\">\n            <figure class=\"image\">\n                        <a title=\"Canvas 23028-08CAN\" href=\"https:\/\/www.maisonschwind.lu\/fr\/produit\/canvas-23028-08can\/\" class=\"product-image\">\n            <img loading=\"lazy\" width=\"300\" height=\"300\" src=\"data:image\/svg+xml;charset=utf-8,%3Csvg%20xmlns%3D&#039;http%3A%2F%2Fwww.w3.org%2F2000%2Fsvg&#039;%20viewBox%3D&#039;0%200%20300%20300&#039;%2F%3E\" class=\"attachment-woocommerce_thumbnail size-woocommerce_thumbnail image-no-effect unveil-image\" alt=\"\" data-src=\"https:\/\/www.maisonschwind.lu\/shop\/wp-content\/uploads\/2025\/09\/IMG_20250917_175106_resized_20250917_055910043-300x300.jpg\" data-srcset=\"https:\/\/www.maisonschwind.lu\/shop\/wp-content\/uploads\/2025\/09\/IMG_20250917_175106_resized_20250917_055910043-300x300.jpg 300w, https:\/\/www.maisonschwind.lu\/shop\/wp-content\/uploads\/2025\/09\/IMG_20250917_175106_resized_20250917_055910043-150x150.jpg 150w, https:\/\/www.maisonschwind.lu\/shop\/wp-content\/uploads\/2025\/09\/IMG_20250917_175106_resized_20250917_055910043-160x160.jpg 160w, https:\/\/www.maisonschwind.lu\/shop\/wp-content\/uploads\/2025\/09\/IMG_20250917_175106_resized_20250917_055910043.jpg 400w\" data-sizes=\"(max-width: 300px) 100vw, 300px\" \/>        <\/a>\n        <div class='sale-perc'>-45%<\/div>            <\/figure>\n            <div class=\"groups-button flex-middle justify-content-center\">\n                \n                                    <div class=\"view\">\n                        <a href=\"javascript:void(0);\" class=\"quickview\" data-product_id=\"58851\">\n                            <i class=\"ti-eye\"><\/i>\n                        <\/a>\n                    <\/div>\n                \n                \n            <\/div> \n        <\/div>\n        <div class=\"metas clearfix\">\n            <div class=\"flex\">\n                <div class=\"clearfix\">\n                            <div class=\"product-cat\">\n        <a href=\"https:\/\/www.maisonschwind.lu\/fr\/categorie-produit\/noel\/\">***DESTOCKAGE***<\/a>        <\/div>\n    \n                    <h3 class=\"name\"><a href=\"https:\/\/www.maisonschwind.lu\/fr\/produit\/canvas-23028-08can\/\">Canvas 23028-08CAN<\/a><\/h3>\n                                    <\/div>\n                <div class=\"ali-right\">\n                        \n                <\/div>\n            <\/div>\n        <\/div>\n    <\/div>\n<\/div>\t\t\t<\/div>\n\t\t\t\t\t<div class=\"col-md-3 col-sm-4 col-xs-6 product type-product post-58843 status-publish last outofstock product_cat-noel product_cat-cotton has-post-thumbnail sale taxable shipping-taxable purchasable product-type-simple\">\n\t\t\t \t<div class=\"product-block grid-v4\" data-product-id=\"58843\">\n    <div class=\"grid-inner\">\n        <div class=\"block-inner\">\n            <figure class=\"image\">\n                        <a title=\"Pointoille Daisy 09806.004\" href=\"https:\/\/www.maisonschwind.lu\/fr\/produit\/pointoille-daisy-09806-004\/\" class=\"product-image\">\n            <img loading=\"lazy\" width=\"300\" height=\"300\" src=\"data:image\/svg+xml;charset=utf-8,%3Csvg%20xmlns%3D&#039;http%3A%2F%2Fwww.w3.org%2F2000%2Fsvg&#039;%20viewBox%3D&#039;0%200%20300%20300&#039;%2F%3E\" class=\"attachment-woocommerce_thumbnail size-woocommerce_thumbnail image-no-effect unveil-image\" alt=\"\" data-src=\"https:\/\/www.maisonschwind.lu\/shop\/wp-content\/uploads\/2025\/09\/IMG_20250917_174905_resized_20250917_055828754-300x300.jpg\" data-srcset=\"https:\/\/www.maisonschwind.lu\/shop\/wp-content\/uploads\/2025\/09\/IMG_20250917_174905_resized_20250917_055828754-300x300.jpg 300w, https:\/\/www.maisonschwind.lu\/shop\/wp-content\/uploads\/2025\/09\/IMG_20250917_174905_resized_20250917_055828754-150x150.jpg 150w, https:\/\/www.maisonschwind.lu\/shop\/wp-content\/uploads\/2025\/09\/IMG_20250917_174905_resized_20250917_055828754-160x160.jpg 160w, https:\/\/www.maisonschwind.lu\/shop\/wp-content\/uploads\/2025\/09\/IMG_20250917_174905_resized_20250917_055828754.jpg 400w\" data-sizes=\"(max-width: 300px) 100vw, 300px\" \/>        <\/a>\n        <p class=\"stock out-of-stock\">SOLD OUT<\/p><div class='sale-perc'>-63%<\/div>            <\/figure>\n            <div class=\"groups-button flex-middle justify-content-center\">\n                \n                                    <div class=\"view\">\n                        <a href=\"javascript:void(0);\" class=\"quickview\" data-product_id=\"58843\">\n                            <i class=\"ti-eye\"><\/i>\n                        <\/a>\n                    <\/div>\n                \n                \n            <\/div> \n        <\/div>\n        <div class=\"metas clearfix\">\n            <div class=\"flex\">\n                <div class=\"clearfix\">\n                            <div class=\"product-cat\">\n        <a href=\"https:\/\/www.maisonschwind.lu\/fr\/categorie-produit\/noel\/\">***DESTOCKAGE***<\/a>        <\/div>\n    \n                    <h3 class=\"name\"><a href=\"https:\/\/www.maisonschwind.lu\/fr\/produit\/pointoille-daisy-09806-004\/\">Pointoille Daisy 09806.004<\/a><\/h3>\n                                    <\/div>\n                <div class=\"ali-right\">\n                        \n                <\/div>\n            <\/div>\n        <\/div>\n    <\/div>\n<\/div>\t\t\t<\/div>\n\t\t\t\t\t<div class=\"col-md-3 col-sm-4 col-xs-6 md-clearfix lg-clearfix  xs-clearfix  product type-product post-58803 status-publish first instock product_cat-noel product_cat-jersey-fr has-post-thumbnail sale taxable shipping-taxable purchasable product-type-simple\">\n\t\t\t \t<div class=\"product-block grid-v4\" data-product-id=\"58803\">\n    <div class=\"grid-inner\">\n        <div class=\"block-inner\">\n            <figure class=\"image\">\n                        <a title=\"French-Terry auto tamponneuse de l&#8217;espace 18515\" href=\"https:\/\/www.maisonschwind.lu\/fr\/produit\/french-terry-auto-tamponneuse-de-lespace-18515\/\" class=\"product-image\">\n            <img loading=\"lazy\" width=\"300\" height=\"300\" src=\"data:image\/svg+xml;charset=utf-8,%3Csvg%20xmlns%3D&#039;http%3A%2F%2Fwww.w3.org%2F2000%2Fsvg&#039;%20viewBox%3D&#039;0%200%20300%20300&#039;%2F%3E\" class=\"attachment-woocommerce_thumbnail size-woocommerce_thumbnail image-no-effect unveil-image\" alt=\"\" data-src=\"https:\/\/www.maisonschwind.lu\/shop\/wp-content\/uploads\/2025\/09\/IMG_20250917_103042_resized_20250917_113527414-300x300.jpg\" data-srcset=\"https:\/\/www.maisonschwind.lu\/shop\/wp-content\/uploads\/2025\/09\/IMG_20250917_103042_resized_20250917_113527414-300x300.jpg 300w, https:\/\/www.maisonschwind.lu\/shop\/wp-content\/uploads\/2025\/09\/IMG_20250917_103042_resized_20250917_113527414-150x150.jpg 150w, https:\/\/www.maisonschwind.lu\/shop\/wp-content\/uploads\/2025\/09\/IMG_20250917_103042_resized_20250917_113527414-160x160.jpg 160w, https:\/\/www.maisonschwind.lu\/shop\/wp-content\/uploads\/2025\/09\/IMG_20250917_103042_resized_20250917_113527414.jpg 400w\" data-sizes=\"(max-width: 300px) 100vw, 300px\" \/>        <\/a>\n        <div class='sale-perc'>-75%<\/div>            <\/figure>\n            <div class=\"groups-button flex-middle justify-content-center\">\n                \n                                    <div class=\"view\">\n                        <a href=\"javascript:void(0);\" class=\"quickview\" data-product_id=\"58803\">\n                            <i class=\"ti-eye\"><\/i>\n                        <\/a>\n                    <\/div>\n                \n                \n            <\/div> \n        <\/div>\n        <div class=\"metas clearfix\">\n            <div class=\"flex\">\n                <div class=\"clearfix\">\n                            <div class=\"product-cat\">\n        <a href=\"https:\/\/www.maisonschwind.lu\/fr\/categorie-produit\/noel\/\">***DESTOCKAGE***<\/a>        <\/div>\n    \n                    <h3 class=\"name\"><a href=\"https:\/\/www.maisonschwind.lu\/fr\/produit\/french-terry-auto-tamponneuse-de-lespace-18515\/\">French-Terry auto tamponneuse de l&#8217;espace 18515<\/a><\/h3>\n                                    <\/div>\n                <div class=\"ali-right\">\n                        \n                <\/div>\n            <\/div>\n        <\/div>\n    <\/div>\n<\/div>\t\t\t<\/div>\n\t\t\t\t\t<div class=\"col-md-3 col-sm-4 col-xs-6 sm-clearfix  product type-product post-58799 status-publish instock product_cat-noel product_cat-jersey-fr has-post-thumbnail sale taxable shipping-taxable purchasable product-type-simple\">\n\t\t\t \t<div class=\"product-block grid-v4\" data-product-id=\"58799\">\n    <div class=\"grid-inner\">\n        <div class=\"block-inner\">\n            <figure class=\"image\">\n                        <a title=\"Jersey savane moutarde PN-0169215006\" href=\"https:\/\/www.maisonschwind.lu\/fr\/produit\/jersey-savane-moutarde-pn-0169215006\/\" class=\"product-image\">\n            <img loading=\"lazy\" width=\"300\" height=\"300\" src=\"data:image\/svg+xml;charset=utf-8,%3Csvg%20xmlns%3D&#039;http%3A%2F%2Fwww.w3.org%2F2000%2Fsvg&#039;%20viewBox%3D&#039;0%200%20300%20300&#039;%2F%3E\" class=\"attachment-woocommerce_thumbnail size-woocommerce_thumbnail image-no-effect unveil-image\" alt=\"\" data-src=\"https:\/\/www.maisonschwind.lu\/shop\/wp-content\/uploads\/2025\/09\/IMG_20250917_102817_resized_20250917_113529083-300x300.jpg\" data-srcset=\"https:\/\/www.maisonschwind.lu\/shop\/wp-content\/uploads\/2025\/09\/IMG_20250917_102817_resized_20250917_113529083-300x300.jpg 300w, https:\/\/www.maisonschwind.lu\/shop\/wp-content\/uploads\/2025\/09\/IMG_20250917_102817_resized_20250917_113529083-150x150.jpg 150w, https:\/\/www.maisonschwind.lu\/shop\/wp-content\/uploads\/2025\/09\/IMG_20250917_102817_resized_20250917_113529083-160x160.jpg 160w, https:\/\/www.maisonschwind.lu\/shop\/wp-content\/uploads\/2025\/09\/IMG_20250917_102817_resized_20250917_113529083.jpg 400w\" data-sizes=\"(max-width: 300px) 100vw, 300px\" \/>        <\/a>\n        <div class='sale-perc'>-71%<\/div>            <\/figure>\n            <div class=\"groups-button flex-middle justify-content-center\">\n                \n                                    <div class=\"view\">\n                        <a href=\"javascript:void(0);\" class=\"quickview\" data-product_id=\"58799\">\n                            <i class=\"ti-eye\"><\/i>\n                        <\/a>\n                    <\/div>\n                \n                \n            <\/div> \n        <\/div>\n        <div class=\"metas clearfix\">\n            <div class=\"flex\">\n                <div class=\"clearfix\">\n                            <div class=\"product-cat\">\n        <a href=\"https:\/\/www.maisonschwind.lu\/fr\/categorie-produit\/noel\/\">***DESTOCKAGE***<\/a>        <\/div>\n    \n                    <h3 class=\"name\"><a href=\"https:\/\/www.maisonschwind.lu\/fr\/produit\/jersey-savane-moutarde-pn-0169215006\/\">Jersey savane moutarde PN-0169215006<\/a><\/h3>\n                                    <\/div>\n                <div class=\"ali-right\">\n                        \n                <\/div>\n            <\/div>\n        <\/div>\n    <\/div>\n<\/div>\t\t\t<\/div>\n\t\t\t\t\t<div class=\"col-md-3 col-sm-4 col-xs-6 xs-clearfix  product type-product post-58796 status-publish instock product_cat-noel product_cat-jersey-fr has-post-thumbnail sale taxable shipping-taxable purchasable product-type-simple\">\n\t\t\t \t<div class=\"product-block grid-v4\" data-product-id=\"58796\">\n    <div class=\"grid-inner\">\n        <div class=\"block-inner\">\n            <figure class=\"image\">\n                        <a title=\"Jersey cam\u00e9l\u00e9on serpent 23260-99\" href=\"https:\/\/www.maisonschwind.lu\/fr\/produit\/jersey-cameleon-serpent-23260-99\/\" class=\"product-image\">\n            <img loading=\"lazy\" width=\"300\" height=\"300\" src=\"data:image\/svg+xml;charset=utf-8,%3Csvg%20xmlns%3D&#039;http%3A%2F%2Fwww.w3.org%2F2000%2Fsvg&#039;%20viewBox%3D&#039;0%200%20300%20300&#039;%2F%3E\" class=\"attachment-woocommerce_thumbnail size-woocommerce_thumbnail image-no-effect unveil-image\" alt=\"\" data-src=\"https:\/\/www.maisonschwind.lu\/shop\/wp-content\/uploads\/2025\/09\/IMG_20250917_102716_resized_20250917_113527903-300x300.jpg\" data-srcset=\"https:\/\/www.maisonschwind.lu\/shop\/wp-content\/uploads\/2025\/09\/IMG_20250917_102716_resized_20250917_113527903-300x300.jpg 300w, https:\/\/www.maisonschwind.lu\/shop\/wp-content\/uploads\/2025\/09\/IMG_20250917_102716_resized_20250917_113527903-150x150.jpg 150w, https:\/\/www.maisonschwind.lu\/shop\/wp-content\/uploads\/2025\/09\/IMG_20250917_102716_resized_20250917_113527903-160x160.jpg 160w, https:\/\/www.maisonschwind.lu\/shop\/wp-content\/uploads\/2025\/09\/IMG_20250917_102716_resized_20250917_113527903.jpg 400w\" data-sizes=\"(max-width: 300px) 100vw, 300px\" \/>        <\/a>\n        <div class='sale-perc'>-45%<\/div>            <\/figure>\n            <div class=\"groups-button flex-middle justify-content-center\">\n                \n                                    <div class=\"view\">\n                        <a href=\"javascript:void(0);\" class=\"quickview\" data-product_id=\"58796\">\n                            <i class=\"ti-eye\"><\/i>\n                        <\/a>\n                    <\/div>\n                \n                \n            <\/div> \n        <\/div>\n        <div class=\"metas clearfix\">\n            <div class=\"flex\">\n                <div class=\"clearfix\">\n                            <div class=\"product-cat\">\n        <a href=\"https:\/\/www.maisonschwind.lu\/fr\/categorie-produit\/noel\/\">***DESTOCKAGE***<\/a>        <\/div>\n    \n                    <h3 class=\"name\"><a href=\"https:\/\/www.maisonschwind.lu\/fr\/produit\/jersey-cameleon-serpent-23260-99\/\">Jersey cam\u00e9l\u00e9on serpent 23260-99<\/a><\/h3>\n                                    <\/div>\n                <div class=\"ali-right\">\n                        \n                <\/div>\n            <\/div>\n        <\/div>\n    <\/div>\n<\/div>\t\t\t<\/div>\n\t\t\t\t\t<div class=\"col-md-3 col-sm-4 col-xs-6 product type-product post-58792 status-publish last instock product_cat-noel product_cat-jersey-fr has-post-thumbnail sale taxable shipping-taxable purchasable product-type-simple\">\n\t\t\t \t<div class=\"product-block grid-v4\" data-product-id=\"58792\">\n    <div class=\"grid-inner\">\n        <div class=\"block-inner\">\n            <figure class=\"image\">\n                        <a title=\"Jersey panda marin 23073\" href=\"https:\/\/www.maisonschwind.lu\/fr\/produit\/jersey-panda-marin-23073\/\" class=\"product-image\">\n            <img loading=\"lazy\" width=\"300\" height=\"300\" src=\"data:image\/svg+xml;charset=utf-8,%3Csvg%20xmlns%3D&#039;http%3A%2F%2Fwww.w3.org%2F2000%2Fsvg&#039;%20viewBox%3D&#039;0%200%20300%20300&#039;%2F%3E\" class=\"attachment-woocommerce_thumbnail size-woocommerce_thumbnail image-no-effect unveil-image\" alt=\"\" data-src=\"https:\/\/www.maisonschwind.lu\/shop\/wp-content\/uploads\/2025\/09\/IMG_20250917_102926_resized_20250917_113528476-300x300.jpg\" data-srcset=\"https:\/\/www.maisonschwind.lu\/shop\/wp-content\/uploads\/2025\/09\/IMG_20250917_102926_resized_20250917_113528476-300x300.jpg 300w, https:\/\/www.maisonschwind.lu\/shop\/wp-content\/uploads\/2025\/09\/IMG_20250917_102926_resized_20250917_113528476-150x150.jpg 150w, https:\/\/www.maisonschwind.lu\/shop\/wp-content\/uploads\/2025\/09\/IMG_20250917_102926_resized_20250917_113528476-160x160.jpg 160w, https:\/\/www.maisonschwind.lu\/shop\/wp-content\/uploads\/2025\/09\/IMG_20250917_102926_resized_20250917_113528476.jpg 400w\" data-sizes=\"(max-width: 300px) 100vw, 300px\" \/>        <\/a>\n        <div class='sale-perc'>-45%<\/div>            <\/figure>\n            <div class=\"groups-button flex-middle justify-content-center\">\n                \n                                    <div class=\"view\">\n                        <a href=\"javascript:void(0);\" class=\"quickview\" data-product_id=\"58792\">\n                            <i class=\"ti-eye\"><\/i>\n                        <\/a>\n                    <\/div>\n                \n                \n            <\/div> \n        <\/div>\n        <div class=\"metas clearfix\">\n            <div class=\"flex\">\n                <div class=\"clearfix\">\n                            <div class=\"product-cat\">\n        <a href=\"https:\/\/www.maisonschwind.lu\/fr\/categorie-produit\/noel\/\">***DESTOCKAGE***<\/a>        <\/div>\n    \n                    <h3 class=\"name\"><a href=\"https:\/\/www.maisonschwind.lu\/fr\/produit\/jersey-panda-marin-23073\/\">Jersey panda marin 23073<\/a><\/h3>\n                                    <\/div>\n                <div class=\"ali-right\">\n                        \n                <\/div>\n            <\/div>\n        <\/div>\n    <\/div>\n<\/div>\t\t\t<\/div>\n\t\t\t\t\t<div class=\"col-md-3 col-sm-4 col-xs-6 md-clearfix lg-clearfix  sm-clearfix  xs-clearfix  product type-product post-58788 status-publish first instock product_cat-noel product_cat-jersey-fr has-post-thumbnail sale taxable shipping-taxable purchasable product-type-simple\">\n\t\t\t \t<div class=\"product-block grid-v4\" data-product-id=\"58788\">\n    <div class=\"grid-inner\">\n        <div class=\"block-inner\">\n            <figure class=\"image\">\n                        <a title=\"Jersey requin 21086\" href=\"https:\/\/www.maisonschwind.lu\/fr\/produit\/jersey-requin-21086\/\" class=\"product-image\">\n            <img loading=\"lazy\" width=\"300\" height=\"300\" src=\"data:image\/svg+xml;charset=utf-8,%3Csvg%20xmlns%3D&#039;http%3A%2F%2Fwww.w3.org%2F2000%2Fsvg&#039;%20viewBox%3D&#039;0%200%20300%20300&#039;%2F%3E\" class=\"attachment-woocommerce_thumbnail size-woocommerce_thumbnail image-no-effect unveil-image\" alt=\"\" data-src=\"https:\/\/www.maisonschwind.lu\/shop\/wp-content\/uploads\/2025\/09\/IMG-20250916-WA0008-300x300.jpg\" data-srcset=\"https:\/\/www.maisonschwind.lu\/shop\/wp-content\/uploads\/2025\/09\/IMG-20250916-WA0008-300x300.jpg 300w, https:\/\/www.maisonschwind.lu\/shop\/wp-content\/uploads\/2025\/09\/IMG-20250916-WA0008-150x150.jpg 150w, https:\/\/www.maisonschwind.lu\/shop\/wp-content\/uploads\/2025\/09\/IMG-20250916-WA0008-160x160.jpg 160w, https:\/\/www.maisonschwind.lu\/shop\/wp-content\/uploads\/2025\/09\/IMG-20250916-WA0008.jpg 400w\" data-sizes=\"(max-width: 300px) 100vw, 300px\" \/>        <\/a>\n        <div class='sale-perc'>-53%<\/div>            <\/figure>\n            <div class=\"groups-button flex-middle justify-content-center\">\n                \n                                    <div class=\"view\">\n                        <a href=\"javascript:void(0);\" class=\"quickview\" data-product_id=\"58788\">\n                            <i class=\"ti-eye\"><\/i>\n                        <\/a>\n                    <\/div>\n                \n                \n            <\/div> \n        <\/div>\n        <div class=\"metas clearfix\">\n            <div class=\"flex\">\n                <div class=\"clearfix\">\n                            <div class=\"product-cat\">\n        <a href=\"https:\/\/www.maisonschwind.lu\/fr\/categorie-produit\/noel\/\">***DESTOCKAGE***<\/a>        <\/div>\n    \n                    <h3 class=\"name\"><a href=\"https:\/\/www.maisonschwind.lu\/fr\/produit\/jersey-requin-21086\/\">Jersey requin 21086<\/a><\/h3>\n                                    <\/div>\n                <div class=\"ali-right\">\n                        \n                <\/div>\n            <\/div>\n        <\/div>\n    <\/div>\n<\/div>\t\t\t<\/div>\n\t\t\t\t\t<div class=\"col-md-3 col-sm-4 col-xs-6 product type-product post-58772 status-publish instock product_cat-noel product_cat-jersey-fr has-post-thumbnail sale taxable shipping-taxable purchasable product-type-simple\">\n\t\t\t \t<div class=\"product-block grid-v4\" data-product-id=\"58772\">\n    <div class=\"grid-inner\">\n        <div class=\"block-inner\">\n            <figure class=\"image\">\n                        <a title=\"Jersey sir\u00e8ne 06751.003\" href=\"https:\/\/www.maisonschwind.lu\/fr\/produit\/jersey-sirene-06751-003\/\" class=\"product-image\">\n            <img loading=\"lazy\" width=\"300\" height=\"300\" src=\"data:image\/svg+xml;charset=utf-8,%3Csvg%20xmlns%3D&#039;http%3A%2F%2Fwww.w3.org%2F2000%2Fsvg&#039;%20viewBox%3D&#039;0%200%20300%20300&#039;%2F%3E\" class=\"attachment-woocommerce_thumbnail size-woocommerce_thumbnail image-no-effect unveil-image\" alt=\"\" data-src=\"https:\/\/www.maisonschwind.lu\/shop\/wp-content\/uploads\/2025\/09\/IMG_20250916_154328_resized_20250916_034820338-300x300.jpg\" data-srcset=\"https:\/\/www.maisonschwind.lu\/shop\/wp-content\/uploads\/2025\/09\/IMG_20250916_154328_resized_20250916_034820338-300x300.jpg 300w, https:\/\/www.maisonschwind.lu\/shop\/wp-content\/uploads\/2025\/09\/IMG_20250916_154328_resized_20250916_034820338-150x150.jpg 150w, https:\/\/www.maisonschwind.lu\/shop\/wp-content\/uploads\/2025\/09\/IMG_20250916_154328_resized_20250916_034820338-160x160.jpg 160w, https:\/\/www.maisonschwind.lu\/shop\/wp-content\/uploads\/2025\/09\/IMG_20250916_154328_resized_20250916_034820338.jpg 400w\" data-sizes=\"(max-width: 300px) 100vw, 300px\" \/>        <\/a>\n        <div class='sale-perc'>-47%<\/div>            <\/figure>\n            <div class=\"groups-button flex-middle justify-content-center\">\n                \n                                    <div class=\"view\">\n                        <a href=\"javascript:void(0);\" class=\"quickview\" data-product_id=\"58772\">\n                            <i class=\"ti-eye\"><\/i>\n                        <\/a>\n                    <\/div>\n                \n                \n            <\/div> \n        <\/div>\n        <div class=\"metas clearfix\">\n            <div class=\"flex\">\n                <div class=\"clearfix\">\n                            <div class=\"product-cat\">\n        <a href=\"https:\/\/www.maisonschwind.lu\/fr\/categorie-produit\/noel\/\">***DESTOCKAGE***<\/a>        <\/div>\n    \n                    <h3 class=\"name\"><a href=\"https:\/\/www.maisonschwind.lu\/fr\/produit\/jersey-sirene-06751-003\/\">Jersey sir\u00e8ne 06751.003<\/a><\/h3>\n                                    <\/div>\n                <div class=\"ali-right\">\n                        \n                <\/div>\n            <\/div>\n        <\/div>\n    <\/div>\n<\/div>\t\t\t<\/div>\n\t\t\t\t\t<div class=\"col-md-3 col-sm-4 col-xs-6 xs-clearfix  product type-product post-58769 status-publish instock product_cat-noel product_cat-jersey-fr has-post-thumbnail sale taxable shipping-taxable purchasable product-type-simple\">\n\t\t\t \t<div class=\"product-block grid-v4\" data-product-id=\"58769\">\n    <div class=\"grid-inner\">\n        <div class=\"block-inner\">\n            <figure class=\"image\">\n                        <a title=\"Jersey cheval 23308\" href=\"https:\/\/www.maisonschwind.lu\/fr\/produit\/jersey-cheval-23308\/\" class=\"product-image\">\n            <img loading=\"lazy\" width=\"300\" height=\"300\" src=\"data:image\/svg+xml;charset=utf-8,%3Csvg%20xmlns%3D&#039;http%3A%2F%2Fwww.w3.org%2F2000%2Fsvg&#039;%20viewBox%3D&#039;0%200%20300%20300&#039;%2F%3E\" class=\"attachment-woocommerce_thumbnail size-woocommerce_thumbnail image-no-effect unveil-image\" alt=\"\" data-src=\"https:\/\/www.maisonschwind.lu\/shop\/wp-content\/uploads\/2025\/09\/IMG_20250916_154415_resized_20250916_034819764-300x300.jpg\" data-srcset=\"https:\/\/www.maisonschwind.lu\/shop\/wp-content\/uploads\/2025\/09\/IMG_20250916_154415_resized_20250916_034819764-300x300.jpg 300w, https:\/\/www.maisonschwind.lu\/shop\/wp-content\/uploads\/2025\/09\/IMG_20250916_154415_resized_20250916_034819764-150x150.jpg 150w, https:\/\/www.maisonschwind.lu\/shop\/wp-content\/uploads\/2025\/09\/IMG_20250916_154415_resized_20250916_034819764-160x160.jpg 160w, https:\/\/www.maisonschwind.lu\/shop\/wp-content\/uploads\/2025\/09\/IMG_20250916_154415_resized_20250916_034819764.jpg 400w\" data-sizes=\"(max-width: 300px) 100vw, 300px\" \/>        <\/a>\n        <div class='sale-perc'>-52%<\/div>            <\/figure>\n            <div class=\"groups-button flex-middle justify-content-center\">\n                \n                                    <div class=\"view\">\n                        <a href=\"javascript:void(0);\" class=\"quickview\" data-product_id=\"58769\">\n                            <i class=\"ti-eye\"><\/i>\n                        <\/a>\n                    <\/div>\n                \n                \n            <\/div> \n        <\/div>\n        <div class=\"metas clearfix\">\n            <div class=\"flex\">\n                <div class=\"clearfix\">\n                            <div class=\"product-cat\">\n        <a href=\"https:\/\/www.maisonschwind.lu\/fr\/categorie-produit\/noel\/\">***DESTOCKAGE***<\/a>        <\/div>\n    \n                    <h3 class=\"name\"><a href=\"https:\/\/www.maisonschwind.lu\/fr\/produit\/jersey-cheval-23308\/\">Jersey cheval 23308<\/a><\/h3>\n                                    <\/div>\n                <div class=\"ali-right\">\n                        \n                <\/div>\n            <\/div>\n        <\/div>\n    <\/div>\n<\/div>\t\t\t<\/div>\n\t\t\t\t\t<div class=\"col-md-3 col-sm-4 col-xs-6 sm-clearfix  product type-product post-58766 status-publish last instock product_cat-noel product_cat-jersey-fr has-post-thumbnail sale taxable shipping-taxable purchasable product-type-simple\">\n\t\t\t \t<div class=\"product-block grid-v4\" data-product-id=\"58766\">\n    <div class=\"grid-inner\">\n        <div class=\"block-inner\">\n            <figure class=\"image\">\n                        <a title=\"Jersey jungle 21299-02\" href=\"https:\/\/www.maisonschwind.lu\/fr\/produit\/jersey-jungle-21299-02\/\" class=\"product-image\">\n            <img loading=\"lazy\" width=\"300\" height=\"300\" src=\"data:image\/svg+xml;charset=utf-8,%3Csvg%20xmlns%3D&#039;http%3A%2F%2Fwww.w3.org%2F2000%2Fsvg&#039;%20viewBox%3D&#039;0%200%20300%20300&#039;%2F%3E\" class=\"attachment-woocommerce_thumbnail size-woocommerce_thumbnail image-no-effect unveil-image\" alt=\"\" data-src=\"https:\/\/www.maisonschwind.lu\/shop\/wp-content\/uploads\/2025\/09\/IMG_20250916_154528_resized_20250916_034819186-300x300.jpg\" data-srcset=\"https:\/\/www.maisonschwind.lu\/shop\/wp-content\/uploads\/2025\/09\/IMG_20250916_154528_resized_20250916_034819186-300x300.jpg 300w, https:\/\/www.maisonschwind.lu\/shop\/wp-content\/uploads\/2025\/09\/IMG_20250916_154528_resized_20250916_034819186-150x150.jpg 150w, https:\/\/www.maisonschwind.lu\/shop\/wp-content\/uploads\/2025\/09\/IMG_20250916_154528_resized_20250916_034819186-160x160.jpg 160w, https:\/\/www.maisonschwind.lu\/shop\/wp-content\/uploads\/2025\/09\/IMG_20250916_154528_resized_20250916_034819186.jpg 400w\" data-sizes=\"(max-width: 300px) 100vw, 300px\" \/>        <\/a>\n        <div class='sale-perc'>-60%<\/div>            <\/figure>\n            <div class=\"groups-button flex-middle justify-content-center\">\n                \n                                    <div class=\"view\">\n                        <a href=\"javascript:void(0);\" class=\"quickview\" data-product_id=\"58766\">\n                            <i class=\"ti-eye\"><\/i>\n                        <\/a>\n                    <\/div>\n                \n                \n            <\/div> \n        <\/div>\n        <div class=\"metas clearfix\">\n            <div class=\"flex\">\n                <div class=\"clearfix\">\n                            <div class=\"product-cat\">\n        <a href=\"https:\/\/www.maisonschwind.lu\/fr\/categorie-produit\/noel\/\">***DESTOCKAGE***<\/a>        <\/div>\n    \n                    <h3 class=\"name\"><a href=\"https:\/\/www.maisonschwind.lu\/fr\/produit\/jersey-jungle-21299-02\/\">Jersey jungle 21299-02<\/a><\/h3>\n                                    <\/div>\n                <div class=\"ali-right\">\n                        \n                <\/div>\n            <\/div>\n        <\/div>\n    <\/div>\n<\/div>\t\t\t<\/div>\n\t\t\t\t\t<div class=\"col-md-3 col-sm-4 col-xs-6 md-clearfix lg-clearfix  xs-clearfix  product type-product post-58757 status-publish first instock product_cat-noel product_cat-jersey-fr has-post-thumbnail sale taxable shipping-taxable purchasable product-type-simple\">\n\t\t\t \t<div class=\"product-block grid-v4\" data-product-id=\"58757\">\n    <div class=\"grid-inner\">\n        <div class=\"block-inner\">\n            <figure class=\"image\">\n                        <a title=\"Jersey fleurs PN01865457389\" href=\"https:\/\/www.maisonschwind.lu\/fr\/produit\/jersey-fleurs-pn01865457389\/\" class=\"product-image\">\n            <img loading=\"lazy\" width=\"300\" height=\"300\" src=\"data:image\/svg+xml;charset=utf-8,%3Csvg%20xmlns%3D&#039;http%3A%2F%2Fwww.w3.org%2F2000%2Fsvg&#039;%20viewBox%3D&#039;0%200%20300%20300&#039;%2F%3E\" class=\"attachment-woocommerce_thumbnail size-woocommerce_thumbnail image-no-effect unveil-image\" alt=\"\" data-src=\"https:\/\/www.maisonschwind.lu\/shop\/wp-content\/uploads\/2025\/09\/IMG_20250916_142120_resized_20250916_025625290-300x300.jpg\" data-srcset=\"https:\/\/www.maisonschwind.lu\/shop\/wp-content\/uploads\/2025\/09\/IMG_20250916_142120_resized_20250916_025625290-300x300.jpg 300w, https:\/\/www.maisonschwind.lu\/shop\/wp-content\/uploads\/2025\/09\/IMG_20250916_142120_resized_20250916_025625290-150x150.jpg 150w, https:\/\/www.maisonschwind.lu\/shop\/wp-content\/uploads\/2025\/09\/IMG_20250916_142120_resized_20250916_025625290-160x160.jpg 160w, https:\/\/www.maisonschwind.lu\/shop\/wp-content\/uploads\/2025\/09\/IMG_20250916_142120_resized_20250916_025625290.jpg 400w\" data-sizes=\"(max-width: 300px) 100vw, 300px\" \/>        <\/a>\n        <div class='sale-perc'>-67%<\/div>            <\/figure>\n            <div class=\"groups-button flex-middle justify-content-center\">\n                \n                                    <div class=\"view\">\n                        <a href=\"javascript:void(0);\" class=\"quickview\" data-product_id=\"58757\">\n                            <i class=\"ti-eye\"><\/i>\n                        <\/a>\n                    <\/div>\n                \n                \n            <\/div> \n        <\/div>\n        <div class=\"metas clearfix\">\n            <div class=\"flex\">\n                <div class=\"clearfix\">\n                            <div class=\"product-cat\">\n        <a href=\"https:\/\/www.maisonschwind.lu\/fr\/categorie-produit\/noel\/\">***DESTOCKAGE***<\/a>        <\/div>\n    \n                    <h3 class=\"name\"><a href=\"https:\/\/www.maisonschwind.lu\/fr\/produit\/jersey-fleurs-pn01865457389\/\">Jersey fleurs PN01865457389<\/a><\/h3>\n                                    <\/div>\n                <div class=\"ali-right\">\n                        \n                <\/div>\n            <\/div>\n        <\/div>\n    <\/div>\n<\/div>\t\t\t<\/div>\n\t\t\t\t\t<div class=\"col-md-3 col-sm-4 col-xs-6 product type-product post-58724 status-publish outofstock product_cat-modal-fr product_cat-viscose has-post-thumbnail sale taxable shipping-taxable purchasable product-type-simple\">\n\t\t\t \t<div class=\"product-block grid-v4\" data-product-id=\"58724\">\n    <div class=\"grid-inner\">\n        <div class=\"block-inner\">\n            <figure class=\"image\">\n                        <a title=\"Viscose lin cr\u00eape fleurs 05069.001\" href=\"https:\/\/www.maisonschwind.lu\/fr\/produit\/viscose-lin-crepe-fleurs-05069-001\/\" class=\"product-image\">\n            <img loading=\"lazy\" width=\"300\" height=\"300\" src=\"data:image\/svg+xml;charset=utf-8,%3Csvg%20xmlns%3D&#039;http%3A%2F%2Fwww.w3.org%2F2000%2Fsvg&#039;%20viewBox%3D&#039;0%200%20300%20300&#039;%2F%3E\" class=\"attachment-woocommerce_thumbnail size-woocommerce_thumbnail image-effect unveil-image\" alt=\"\" data-src=\"https:\/\/www.maisonschwind.lu\/shop\/wp-content\/uploads\/2025\/09\/05069.001_image6-300x300.jpg\" data-srcset=\"https:\/\/www.maisonschwind.lu\/shop\/wp-content\/uploads\/2025\/09\/05069.001_image6-300x300.jpg 300w, https:\/\/www.maisonschwind.lu\/shop\/wp-content\/uploads\/2025\/09\/05069.001_image6-150x150.jpg 150w, https:\/\/www.maisonschwind.lu\/shop\/wp-content\/uploads\/2025\/09\/05069.001_image6-160x160.jpg 160w, https:\/\/www.maisonschwind.lu\/shop\/wp-content\/uploads\/2025\/09\/05069.001_image6.jpg 400w\" data-sizes=\"(max-width: 300px) 100vw, 300px\" \/><img loading=\"lazy\" width=\"300\" height=\"300\" src=\"data:image\/svg+xml;charset=utf-8,%3Csvg%20xmlns%3D&#039;http%3A%2F%2Fwww.w3.org%2F2000%2Fsvg&#039;%20viewBox%3D&#039;0%200%20300%20300&#039;%2F%3E\" class=\"attachment-woocommerce_thumbnail size-woocommerce_thumbnail image-hover unveil-image\" alt=\"\" data-src=\"https:\/\/www.maisonschwind.lu\/shop\/wp-content\/uploads\/2025\/09\/05069.001_mainimage-300x300.jpg\" data-srcset=\"https:\/\/www.maisonschwind.lu\/shop\/wp-content\/uploads\/2025\/09\/05069.001_mainimage-300x300.jpg 300w, https:\/\/www.maisonschwind.lu\/shop\/wp-content\/uploads\/2025\/09\/05069.001_mainimage-150x150.jpg 150w, https:\/\/www.maisonschwind.lu\/shop\/wp-content\/uploads\/2025\/09\/05069.001_mainimage-160x160.jpg 160w, https:\/\/www.maisonschwind.lu\/shop\/wp-content\/uploads\/2025\/09\/05069.001_mainimage.jpg 400w\" data-sizes=\"(max-width: 300px) 100vw, 300px\" \/>        <\/a>\n        <p class=\"stock out-of-stock\">SOLD OUT<\/p><div class='sale-perc'>-45%<\/div>            <\/figure>\n            <div class=\"groups-button flex-middle justify-content-center\">\n                \n                                    <div class=\"view\">\n                        <a href=\"javascript:void(0);\" class=\"quickview\" data-product_id=\"58724\">\n                            <i class=\"ti-eye\"><\/i>\n                        <\/a>\n                    <\/div>\n                \n                \n            <\/div> \n        <\/div>\n        <div class=\"metas clearfix\">\n            <div class=\"flex\">\n                <div class=\"clearfix\">\n                            <div class=\"product-cat\">\n        <a href=\"https:\/\/www.maisonschwind.lu\/fr\/categorie-produit\/tissus\/modal-fr\/\">DIVERS<\/a>        <\/div>\n    \n                    <h3 class=\"name\"><a href=\"https:\/\/www.maisonschwind.lu\/fr\/produit\/viscose-lin-crepe-fleurs-05069-001\/\">Viscose lin cr\u00eape fleurs 05069.001<\/a><\/h3>\n                                    <\/div>\n                <div class=\"ali-right\">\n                        \n                <\/div>\n            <\/div>\n        <\/div>\n    <\/div>\n<\/div>\t\t\t<\/div>\n\t\t\t\t\t<div class=\"col-md-3 col-sm-4 col-xs-6 sm-clearfix  xs-clearfix  product type-product post-58720 status-publish outofstock product_cat-viscose has-post-thumbnail sale taxable shipping-taxable purchasable product-type-simple\">\n\t\t\t \t<div class=\"product-block grid-v4\" data-product-id=\"58720\">\n    <div class=\"grid-inner\">\n        <div class=\"block-inner\">\n            <figure class=\"image\">\n                        <a title=\"Viscose radiance lignes abstraites 05346.001\" href=\"https:\/\/www.maisonschwind.lu\/fr\/produit\/viscose-radiance-lignes-abstraites-05346-001\/\" class=\"product-image\">\n            <img loading=\"lazy\" width=\"300\" height=\"300\" src=\"data:image\/svg+xml;charset=utf-8,%3Csvg%20xmlns%3D&#039;http%3A%2F%2Fwww.w3.org%2F2000%2Fsvg&#039;%20viewBox%3D&#039;0%200%20300%20300&#039;%2F%3E\" class=\"attachment-woocommerce_thumbnail size-woocommerce_thumbnail image-effect unveil-image\" alt=\"\" data-src=\"https:\/\/www.maisonschwind.lu\/shop\/wp-content\/uploads\/2025\/09\/05346.001_image6-300x300.jpg\" data-srcset=\"https:\/\/www.maisonschwind.lu\/shop\/wp-content\/uploads\/2025\/09\/05346.001_image6-300x300.jpg 300w, https:\/\/www.maisonschwind.lu\/shop\/wp-content\/uploads\/2025\/09\/05346.001_image6-150x150.jpg 150w, https:\/\/www.maisonschwind.lu\/shop\/wp-content\/uploads\/2025\/09\/05346.001_image6-160x160.jpg 160w, https:\/\/www.maisonschwind.lu\/shop\/wp-content\/uploads\/2025\/09\/05346.001_image6.jpg 400w\" data-sizes=\"(max-width: 300px) 100vw, 300px\" \/><img loading=\"lazy\" width=\"300\" height=\"300\" src=\"data:image\/svg+xml;charset=utf-8,%3Csvg%20xmlns%3D&#039;http%3A%2F%2Fwww.w3.org%2F2000%2Fsvg&#039;%20viewBox%3D&#039;0%200%20300%20300&#039;%2F%3E\" class=\"attachment-woocommerce_thumbnail size-woocommerce_thumbnail image-hover unveil-image\" alt=\"\" data-src=\"https:\/\/www.maisonschwind.lu\/shop\/wp-content\/uploads\/2025\/09\/05346.001_mainimage-300x300.jpg\" data-srcset=\"https:\/\/www.maisonschwind.lu\/shop\/wp-content\/uploads\/2025\/09\/05346.001_mainimage-300x300.jpg 300w, https:\/\/www.maisonschwind.lu\/shop\/wp-content\/uploads\/2025\/09\/05346.001_mainimage-150x150.jpg 150w, https:\/\/www.maisonschwind.lu\/shop\/wp-content\/uploads\/2025\/09\/05346.001_mainimage-160x160.jpg 160w, https:\/\/www.maisonschwind.lu\/shop\/wp-content\/uploads\/2025\/09\/05346.001_mainimage.jpg 400w\" data-sizes=\"(max-width: 300px) 100vw, 300px\" \/>        <\/a>\n        <p class=\"stock out-of-stock\">SOLD OUT<\/p><div class='sale-perc'>-25%<\/div>            <\/figure>\n            <div class=\"groups-button flex-middle justify-content-center\">\n                \n                                    <div class=\"view\">\n                        <a href=\"javascript:void(0);\" class=\"quickview\" data-product_id=\"58720\">\n                            <i class=\"ti-eye\"><\/i>\n                        <\/a>\n                    <\/div>\n                \n                \n            <\/div> \n        <\/div>\n        <div class=\"metas clearfix\">\n            <div class=\"flex\">\n                <div class=\"clearfix\">\n                            <div class=\"product-cat\">\n        <a href=\"https:\/\/www.maisonschwind.lu\/fr\/categorie-produit\/tissus\/viscose\/\">VISCOSE<\/a>        <\/div>\n    \n                    <h3 class=\"name\"><a href=\"https:\/\/www.maisonschwind.lu\/fr\/produit\/viscose-radiance-lignes-abstraites-05346-001\/\">Viscose radiance lignes abstraites 05346.001<\/a><\/h3>\n                                    <\/div>\n                <div class=\"ali-right\">\n                        \n                <\/div>\n            <\/div>\n        <\/div>\n    <\/div>\n<\/div>\t\t\t<\/div>\n\t\t\t\t\t<div class=\"col-md-3 col-sm-4 col-xs-6 product type-product post-58208 status-publish last outofstock product_cat-collectio-hiver product_cat-jersey-fr has-post-thumbnail sale taxable shipping-taxable purchasable product-type-simple\">\n\t\t\t \t<div class=\"product-block grid-v4\" data-product-id=\"58208\">\n    <div class=\"grid-inner\">\n        <div class=\"block-inner\">\n            <figure class=\"image\">\n                        <a title=\"French Terry c\u0153ur l\u00e9opard noir 26520-20\" href=\"https:\/\/www.maisonschwind.lu\/fr\/produit\/french-terry-coeur-leopard-noir-26520-20\/\" class=\"product-image\">\n            <img loading=\"lazy\" width=\"300\" height=\"300\" src=\"data:image\/svg+xml;charset=utf-8,%3Csvg%20xmlns%3D&#039;http%3A%2F%2Fwww.w3.org%2F2000%2Fsvg&#039;%20viewBox%3D&#039;0%200%20300%20300&#039;%2F%3E\" class=\"attachment-woocommerce_thumbnail size-woocommerce_thumbnail image-effect unveil-image\" alt=\"\" data-src=\"https:\/\/www.maisonschwind.lu\/shop\/wp-content\/uploads\/2025\/09\/483dc2fe3d90bc1610922d0b614da86c-300x300.jpg\" data-srcset=\"https:\/\/www.maisonschwind.lu\/shop\/wp-content\/uploads\/2025\/09\/483dc2fe3d90bc1610922d0b614da86c-300x300.jpg 300w, https:\/\/www.maisonschwind.lu\/shop\/wp-content\/uploads\/2025\/09\/483dc2fe3d90bc1610922d0b614da86c-150x150.jpg 150w, https:\/\/www.maisonschwind.lu\/shop\/wp-content\/uploads\/2025\/09\/483dc2fe3d90bc1610922d0b614da86c-160x160.jpg 160w, https:\/\/www.maisonschwind.lu\/shop\/wp-content\/uploads\/2025\/09\/483dc2fe3d90bc1610922d0b614da86c.jpg 400w\" data-sizes=\"(max-width: 300px) 100vw, 300px\" \/><img loading=\"lazy\" width=\"300\" height=\"300\" src=\"data:image\/svg+xml;charset=utf-8,%3Csvg%20xmlns%3D&#039;http%3A%2F%2Fwww.w3.org%2F2000%2Fsvg&#039;%20viewBox%3D&#039;0%200%20300%20300&#039;%2F%3E\" class=\"attachment-woocommerce_thumbnail size-woocommerce_thumbnail image-hover unveil-image\" alt=\"\" data-src=\"https:\/\/www.maisonschwind.lu\/shop\/wp-content\/uploads\/2025\/09\/83f79c093dfe1b1f5646246d2f95056b-300x300.jpg\" data-srcset=\"https:\/\/www.maisonschwind.lu\/shop\/wp-content\/uploads\/2025\/09\/83f79c093dfe1b1f5646246d2f95056b-300x300.jpg 300w, https:\/\/www.maisonschwind.lu\/shop\/wp-content\/uploads\/2025\/09\/83f79c093dfe1b1f5646246d2f95056b-150x150.jpg 150w, https:\/\/www.maisonschwind.lu\/shop\/wp-content\/uploads\/2025\/09\/83f79c093dfe1b1f5646246d2f95056b-160x160.jpg 160w, https:\/\/www.maisonschwind.lu\/shop\/wp-content\/uploads\/2025\/09\/83f79c093dfe1b1f5646246d2f95056b.jpg 400w\" data-sizes=\"(max-width: 300px) 100vw, 300px\" \/>        <\/a>\n        <p class=\"stock out-of-stock\">SOLD OUT<\/p><div class='sale-perc'>-35%<\/div>            <\/figure>\n            <div class=\"groups-button flex-middle justify-content-center\">\n                \n                                    <div class=\"view\">\n                        <a href=\"javascript:void(0);\" class=\"quickview\" data-product_id=\"58208\">\n                            <i class=\"ti-eye\"><\/i>\n                        <\/a>\n                    <\/div>\n                \n                \n            <\/div> \n        <\/div>\n        <div class=\"metas clearfix\">\n            <div class=\"flex\">\n                <div class=\"clearfix\">\n                            <div class=\"product-cat\">\n        <a href=\"https:\/\/www.maisonschwind.lu\/fr\/categorie-produit\/tissus\/collectio-hiver\/\">Collection hiver 2025\/2026<\/a>        <\/div>\n    \n                    <h3 class=\"name\"><a href=\"https:\/\/www.maisonschwind.lu\/fr\/produit\/french-terry-coeur-leopard-noir-26520-20\/\">French Terry c\u0153ur l\u00e9opard noir 26520-20<\/a><\/h3>\n                                    <\/div>\n                <div class=\"ali-right\">\n                        \n                <\/div>\n            <\/div>\n        <\/div>\n    <\/div>\n<\/div>\t\t\t<\/div>\n\t\t\t\t\t<div class=\"col-md-3 col-sm-4 col-xs-6 md-clearfix lg-clearfix  xs-clearfix  product type-product post-58184 status-publish first instock product_cat-collectio-hiver product_cat-jersey-fr has-post-thumbnail sale taxable shipping-taxable purchasable product-type-simple\">\n\t\t\t \t<div class=\"product-block grid-v4\" data-product-id=\"58184\">\n    <div class=\"grid-inner\">\n        <div class=\"block-inner\">\n            <figure class=\"image\">\n                        <a title=\"Jersey rib petit lion 26313-22\" href=\"https:\/\/www.maisonschwind.lu\/fr\/produit\/jersey-rib-petit-lion-26313-22\/\" class=\"product-image\">\n            <img loading=\"lazy\" width=\"300\" height=\"300\" src=\"data:image\/svg+xml;charset=utf-8,%3Csvg%20xmlns%3D&#039;http%3A%2F%2Fwww.w3.org%2F2000%2Fsvg&#039;%20viewBox%3D&#039;0%200%20300%20300&#039;%2F%3E\" class=\"attachment-woocommerce_thumbnail size-woocommerce_thumbnail image-effect unveil-image\" alt=\"\" data-src=\"https:\/\/www.maisonschwind.lu\/shop\/wp-content\/uploads\/2025\/09\/26dddd14a21d32060654b2307f3e467e-300x300.jpg\" data-srcset=\"https:\/\/www.maisonschwind.lu\/shop\/wp-content\/uploads\/2025\/09\/26dddd14a21d32060654b2307f3e467e-300x300.jpg 300w, https:\/\/www.maisonschwind.lu\/shop\/wp-content\/uploads\/2025\/09\/26dddd14a21d32060654b2307f3e467e-150x150.jpg 150w, https:\/\/www.maisonschwind.lu\/shop\/wp-content\/uploads\/2025\/09\/26dddd14a21d32060654b2307f3e467e-160x160.jpg 160w, https:\/\/www.maisonschwind.lu\/shop\/wp-content\/uploads\/2025\/09\/26dddd14a21d32060654b2307f3e467e.jpg 400w\" data-sizes=\"(max-width: 300px) 100vw, 300px\" \/><img loading=\"lazy\" width=\"300\" height=\"300\" src=\"data:image\/svg+xml;charset=utf-8,%3Csvg%20xmlns%3D&#039;http%3A%2F%2Fwww.w3.org%2F2000%2Fsvg&#039;%20viewBox%3D&#039;0%200%20300%20300&#039;%2F%3E\" class=\"attachment-woocommerce_thumbnail size-woocommerce_thumbnail image-hover unveil-image\" alt=\"\" data-src=\"https:\/\/www.maisonschwind.lu\/shop\/wp-content\/uploads\/2025\/09\/22e8764aabe7b881a5911dc9c6c8b20d-300x300.jpg\" data-srcset=\"https:\/\/www.maisonschwind.lu\/shop\/wp-content\/uploads\/2025\/09\/22e8764aabe7b881a5911dc9c6c8b20d-300x300.jpg 300w, https:\/\/www.maisonschwind.lu\/shop\/wp-content\/uploads\/2025\/09\/22e8764aabe7b881a5911dc9c6c8b20d-150x150.jpg 150w, https:\/\/www.maisonschwind.lu\/shop\/wp-content\/uploads\/2025\/09\/22e8764aabe7b881a5911dc9c6c8b20d-160x160.jpg 160w, https:\/\/www.maisonschwind.lu\/shop\/wp-content\/uploads\/2025\/09\/22e8764aabe7b881a5911dc9c6c8b20d.jpg 400w\" data-sizes=\"(max-width: 300px) 100vw, 300px\" \/>        <\/a>\n        <div class='sale-perc'>-40%<\/div>            <\/figure>\n            <div class=\"groups-button flex-middle justify-content-center\">\n                \n                                    <div class=\"view\">\n                        <a href=\"javascript:void(0);\" class=\"quickview\" data-product_id=\"58184\">\n                            <i class=\"ti-eye\"><\/i>\n                        <\/a>\n                    <\/div>\n                \n                \n            <\/div> \n        <\/div>\n        <div class=\"metas clearfix\">\n            <div class=\"flex\">\n                <div class=\"clearfix\">\n                            <div class=\"product-cat\">\n        <a href=\"https:\/\/www.maisonschwind.lu\/fr\/categorie-produit\/tissus\/collectio-hiver\/\">Collection hiver 2025\/2026<\/a>        <\/div>\n    \n                    <h3 class=\"name\"><a href=\"https:\/\/www.maisonschwind.lu\/fr\/produit\/jersey-rib-petit-lion-26313-22\/\">Jersey rib petit lion 26313-22<\/a><\/h3>\n                                    <\/div>\n                <div class=\"ali-right\">\n                        \n                <\/div>\n            <\/div>\n        <\/div>\n    <\/div>\n<\/div>\t\t\t<\/div>\n\t\t\t\t\t<div class=\"col-md-3 col-sm-4 col-xs-6 sm-clearfix  product type-product post-58177 status-publish outofstock product_cat-collectio-hiver product_cat-cotton has-post-thumbnail sale taxable shipping-taxable purchasable product-type-simple\">\n\t\t\t \t<div class=\"product-block grid-v4\" data-product-id=\"58177\">\n    <div class=\"grid-inner\">\n        <div class=\"block-inner\">\n            <figure class=\"image\">\n                        <a title=\"Panneau canvas 3 coussins No\u00ebl 26411\" href=\"https:\/\/www.maisonschwind.lu\/fr\/produit\/panneau-canvas-3-coussins-noel-26411\/\" class=\"product-image\">\n            <img loading=\"lazy\" width=\"300\" height=\"300\" src=\"data:image\/svg+xml;charset=utf-8,%3Csvg%20xmlns%3D&#039;http%3A%2F%2Fwww.w3.org%2F2000%2Fsvg&#039;%20viewBox%3D&#039;0%200%20300%20300&#039;%2F%3E\" class=\"attachment-woocommerce_thumbnail size-woocommerce_thumbnail image-no-effect unveil-image\" alt=\"\" data-src=\"https:\/\/www.maisonschwind.lu\/shop\/wp-content\/uploads\/2025\/09\/9bd9f073dc4e920bbd6cb9566aea4b73-300x300.jpg\" data-srcset=\"https:\/\/www.maisonschwind.lu\/shop\/wp-content\/uploads\/2025\/09\/9bd9f073dc4e920bbd6cb9566aea4b73-300x300.jpg 300w, https:\/\/www.maisonschwind.lu\/shop\/wp-content\/uploads\/2025\/09\/9bd9f073dc4e920bbd6cb9566aea4b73-150x150.jpg 150w, https:\/\/www.maisonschwind.lu\/shop\/wp-content\/uploads\/2025\/09\/9bd9f073dc4e920bbd6cb9566aea4b73-160x160.jpg 160w, https:\/\/www.maisonschwind.lu\/shop\/wp-content\/uploads\/2025\/09\/9bd9f073dc4e920bbd6cb9566aea4b73.jpg 400w\" data-sizes=\"(max-width: 300px) 100vw, 300px\" \/>        <\/a>\n        <p class=\"stock out-of-stock\">SOLD OUT<\/p><div class='sale-perc'>-45%<\/div>            <\/figure>\n            <div class=\"groups-button flex-middle justify-content-center\">\n                \n                                    <div class=\"view\">\n                        <a href=\"javascript:void(0);\" class=\"quickview\" data-product_id=\"58177\">\n                            <i class=\"ti-eye\"><\/i>\n                        <\/a>\n                    <\/div>\n                \n                \n            <\/div> \n        <\/div>\n        <div class=\"metas clearfix\">\n            <div class=\"flex\">\n                <div class=\"clearfix\">\n                            <div class=\"product-cat\">\n        <a href=\"https:\/\/www.maisonschwind.lu\/fr\/categorie-produit\/tissus\/collectio-hiver\/\">Collection hiver 2025\/2026<\/a>        <\/div>\n    \n                    <h3 class=\"name\"><a href=\"https:\/\/www.maisonschwind.lu\/fr\/produit\/panneau-canvas-3-coussins-noel-26411\/\">Panneau canvas 3 coussins No\u00ebl 26411<\/a><\/h3>\n                                    <\/div>\n                <div class=\"ali-right\">\n                        \n                <\/div>\n            <\/div>\n        <\/div>\n    <\/div>\n<\/div>\t\t\t<\/div>\n\t\t\t\t\t<div class=\"col-md-3 col-sm-4 col-xs-6 xs-clearfix  product type-product post-58170 status-publish instock product_cat-noel product_cat-collectio-hiver product_cat-cotton has-post-thumbnail sale taxable shipping-taxable purchasable product-type-simple\">\n\t\t\t \t<div class=\"product-block grid-v4\" data-product-id=\"58170\">\n    <div class=\"grid-inner\">\n        <div class=\"block-inner\">\n            <figure class=\"image\">\n                        <a title=\"Coton popeline no\u00ebl 26427PL\" href=\"https:\/\/www.maisonschwind.lu\/fr\/produit\/coton-popeline-noel-26427pl\/\" class=\"product-image\">\n            <img loading=\"lazy\" width=\"300\" height=\"300\" src=\"data:image\/svg+xml;charset=utf-8,%3Csvg%20xmlns%3D&#039;http%3A%2F%2Fwww.w3.org%2F2000%2Fsvg&#039;%20viewBox%3D&#039;0%200%20300%20300&#039;%2F%3E\" class=\"attachment-woocommerce_thumbnail size-woocommerce_thumbnail image-no-effect unveil-image\" alt=\"\" data-src=\"https:\/\/www.maisonschwind.lu\/shop\/wp-content\/uploads\/2025\/09\/IMG_20250912_103521_resized_20250912_103632760-1-300x300.jpg\" data-srcset=\"https:\/\/www.maisonschwind.lu\/shop\/wp-content\/uploads\/2025\/09\/IMG_20250912_103521_resized_20250912_103632760-1-300x300.jpg 300w, https:\/\/www.maisonschwind.lu\/shop\/wp-content\/uploads\/2025\/09\/IMG_20250912_103521_resized_20250912_103632760-1-150x150.jpg 150w, https:\/\/www.maisonschwind.lu\/shop\/wp-content\/uploads\/2025\/09\/IMG_20250912_103521_resized_20250912_103632760-1-160x160.jpg 160w, https:\/\/www.maisonschwind.lu\/shop\/wp-content\/uploads\/2025\/09\/IMG_20250912_103521_resized_20250912_103632760-1.jpg 400w\" data-sizes=\"(max-width: 300px) 100vw, 300px\" \/>        <\/a>\n        <div class='sale-perc'>-45%<\/div>            <\/figure>\n            <div class=\"groups-button flex-middle justify-content-center\">\n                \n                                    <div class=\"view\">\n                        <a href=\"javascript:void(0);\" class=\"quickview\" data-product_id=\"58170\">\n                            <i class=\"ti-eye\"><\/i>\n                        <\/a>\n                    <\/div>\n                \n                \n            <\/div> \n        <\/div>\n        <div class=\"metas clearfix\">\n            <div class=\"flex\">\n                <div class=\"clearfix\">\n                            <div class=\"product-cat\">\n        <a href=\"https:\/\/www.maisonschwind.lu\/fr\/categorie-produit\/noel\/\">***DESTOCKAGE***<\/a>        <\/div>\n    \n                    <h3 class=\"name\"><a href=\"https:\/\/www.maisonschwind.lu\/fr\/produit\/coton-popeline-noel-26427pl\/\">Coton popeline no\u00ebl 26427PL<\/a><\/h3>\n                                    <\/div>\n                <div class=\"ali-right\">\n                        \n                <\/div>\n            <\/div>\n        <\/div>\n    <\/div>\n<\/div>\t\t\t<\/div>\n\t\t\t\t\t<div class=\"col-md-3 col-sm-4 col-xs-6 product type-product post-58166 status-publish last instock product_cat-noel product_cat-collectio-hiver product_cat-cotton has-post-thumbnail sale taxable shipping-taxable purchasable product-type-simple\">\n\t\t\t \t<div class=\"product-block grid-v4\" data-product-id=\"58166\">\n    <div class=\"grid-inner\">\n        <div class=\"block-inner\">\n            <figure class=\"image\">\n                        <a title=\"Coton popeline sapin et P\u00e8re No\u00ebl 26416PL\" href=\"https:\/\/www.maisonschwind.lu\/fr\/produit\/coton-popeline-sapin-et-pere-noel-26416pl\/\" class=\"product-image\">\n            <img loading=\"lazy\" width=\"300\" height=\"300\" src=\"data:image\/svg+xml;charset=utf-8,%3Csvg%20xmlns%3D&#039;http%3A%2F%2Fwww.w3.org%2F2000%2Fsvg&#039;%20viewBox%3D&#039;0%200%20300%20300&#039;%2F%3E\" class=\"attachment-woocommerce_thumbnail size-woocommerce_thumbnail image-effect unveil-image\" alt=\"\" data-src=\"https:\/\/www.maisonschwind.lu\/shop\/wp-content\/uploads\/2025\/09\/5317fd666b1aebdeea24130c8fcd036d-300x300.jpg\" data-srcset=\"https:\/\/www.maisonschwind.lu\/shop\/wp-content\/uploads\/2025\/09\/5317fd666b1aebdeea24130c8fcd036d-300x300.jpg 300w, https:\/\/www.maisonschwind.lu\/shop\/wp-content\/uploads\/2025\/09\/5317fd666b1aebdeea24130c8fcd036d-150x150.jpg 150w, https:\/\/www.maisonschwind.lu\/shop\/wp-content\/uploads\/2025\/09\/5317fd666b1aebdeea24130c8fcd036d-160x160.jpg 160w, https:\/\/www.maisonschwind.lu\/shop\/wp-content\/uploads\/2025\/09\/5317fd666b1aebdeea24130c8fcd036d.jpg 400w\" data-sizes=\"(max-width: 300px) 100vw, 300px\" \/><img loading=\"lazy\" width=\"300\" height=\"300\" src=\"data:image\/svg+xml;charset=utf-8,%3Csvg%20xmlns%3D&#039;http%3A%2F%2Fwww.w3.org%2F2000%2Fsvg&#039;%20viewBox%3D&#039;0%200%20300%20300&#039;%2F%3E\" class=\"attachment-woocommerce_thumbnail size-woocommerce_thumbnail image-hover unveil-image\" alt=\"\" data-src=\"https:\/\/www.maisonschwind.lu\/shop\/wp-content\/uploads\/2025\/09\/e7c4ec2f3570fcd5682a5ed8c150cc37-300x300.jpg\" data-srcset=\"https:\/\/www.maisonschwind.lu\/shop\/wp-content\/uploads\/2025\/09\/e7c4ec2f3570fcd5682a5ed8c150cc37-300x300.jpg 300w, https:\/\/www.maisonschwind.lu\/shop\/wp-content\/uploads\/2025\/09\/e7c4ec2f3570fcd5682a5ed8c150cc37-150x150.jpg 150w, https:\/\/www.maisonschwind.lu\/shop\/wp-content\/uploads\/2025\/09\/e7c4ec2f3570fcd5682a5ed8c150cc37-160x160.jpg 160w, https:\/\/www.maisonschwind.lu\/shop\/wp-content\/uploads\/2025\/09\/e7c4ec2f3570fcd5682a5ed8c150cc37.jpg 400w\" data-sizes=\"(max-width: 300px) 100vw, 300px\" \/>        <\/a>\n        <div class='sale-perc'>-45%<\/div>            <\/figure>\n            <div class=\"groups-button flex-middle justify-content-center\">\n                \n                                    <div class=\"view\">\n                        <a href=\"javascript:void(0);\" class=\"quickview\" data-product_id=\"58166\">\n                            <i class=\"ti-eye\"><\/i>\n                        <\/a>\n                    <\/div>\n                \n                \n            <\/div> \n        <\/div>\n        <div class=\"metas clearfix\">\n            <div class=\"flex\">\n                <div class=\"clearfix\">\n                            <div class=\"product-cat\">\n        <a href=\"https:\/\/www.maisonschwind.lu\/fr\/categorie-produit\/noel\/\">***DESTOCKAGE***<\/a>        <\/div>\n    \n                    <h3 class=\"name\"><a href=\"https:\/\/www.maisonschwind.lu\/fr\/produit\/coton-popeline-sapin-et-pere-noel-26416pl\/\">Coton popeline sapin et P\u00e8re No\u00ebl 26416PL<\/a><\/h3>\n                                    <\/div>\n                <div class=\"ali-right\">\n                        \n                <\/div>\n            <\/div>\n        <\/div>\n    <\/div>\n<\/div>\t\t\t<\/div>\n\t\t\t\t\t<div class=\"col-md-3 col-sm-4 col-xs-6 md-clearfix lg-clearfix  sm-clearfix  xs-clearfix  product type-product post-58157 status-publish first instock product_cat-collectio-hiver product_cat-modal-fr product_cat-viscose has-post-thumbnail sale taxable shipping-taxable purchasable product-type-simple\">\n\t\t\t \t<div class=\"product-block grid-v4\" data-product-id=\"58157\">\n    <div class=\"grid-inner\">\n        <div class=\"block-inner\">\n            <figure class=\"image\">\n                        <a title=\"Viscose serpent 22301998\" href=\"https:\/\/www.maisonschwind.lu\/fr\/produit\/viscose-serpent-22301998\/\" class=\"product-image\">\n            <img loading=\"lazy\" width=\"300\" height=\"300\" src=\"data:image\/svg+xml;charset=utf-8,%3Csvg%20xmlns%3D&#039;http%3A%2F%2Fwww.w3.org%2F2000%2Fsvg&#039;%20viewBox%3D&#039;0%200%20300%20300&#039;%2F%3E\" class=\"attachment-woocommerce_thumbnail size-woocommerce_thumbnail image-effect unveil-image\" alt=\"\" data-src=\"https:\/\/www.maisonschwind.lu\/shop\/wp-content\/uploads\/2025\/09\/22334178_3-Viskaci-Snake-Brown_800x800a-300x300.jpg\" data-srcset=\"https:\/\/www.maisonschwind.lu\/shop\/wp-content\/uploads\/2025\/09\/22334178_3-Viskaci-Snake-Brown_800x800a-300x300.jpg 300w, https:\/\/www.maisonschwind.lu\/shop\/wp-content\/uploads\/2025\/09\/22334178_3-Viskaci-Snake-Brown_800x800a-150x150.jpg 150w, https:\/\/www.maisonschwind.lu\/shop\/wp-content\/uploads\/2025\/09\/22334178_3-Viskaci-Snake-Brown_800x800a-160x160.jpg 160w, https:\/\/www.maisonschwind.lu\/shop\/wp-content\/uploads\/2025\/09\/22334178_3-Viskaci-Snake-Brown_800x800a.jpg 400w\" data-sizes=\"(max-width: 300px) 100vw, 300px\" \/><img loading=\"lazy\" width=\"300\" height=\"300\" src=\"data:image\/svg+xml;charset=utf-8,%3Csvg%20xmlns%3D&#039;http%3A%2F%2Fwww.w3.org%2F2000%2Fsvg&#039;%20viewBox%3D&#039;0%200%20300%20300&#039;%2F%3E\" class=\"attachment-woocommerce_thumbnail size-woocommerce_thumbnail image-hover unveil-image\" alt=\"\" data-src=\"https:\/\/www.maisonschwind.lu\/shop\/wp-content\/uploads\/2025\/09\/22334178_1-Viskaci-Snake-Brown_800x800a-300x300.jpg\" data-srcset=\"https:\/\/www.maisonschwind.lu\/shop\/wp-content\/uploads\/2025\/09\/22334178_1-Viskaci-Snake-Brown_800x800a-300x300.jpg 300w, https:\/\/www.maisonschwind.lu\/shop\/wp-content\/uploads\/2025\/09\/22334178_1-Viskaci-Snake-Brown_800x800a-150x150.jpg 150w, https:\/\/www.maisonschwind.lu\/shop\/wp-content\/uploads\/2025\/09\/22334178_1-Viskaci-Snake-Brown_800x800a-160x160.jpg 160w, https:\/\/www.maisonschwind.lu\/shop\/wp-content\/uploads\/2025\/09\/22334178_1-Viskaci-Snake-Brown_800x800a.jpg 400w\" data-sizes=\"(max-width: 300px) 100vw, 300px\" \/>        <\/a>\n        <div class='sale-perc'>-25%<\/div>            <\/figure>\n            <div class=\"groups-button flex-middle justify-content-center\">\n                \n                                    <div class=\"view\">\n                        <a href=\"javascript:void(0);\" class=\"quickview\" data-product_id=\"58157\">\n                            <i class=\"ti-eye\"><\/i>\n                        <\/a>\n                    <\/div>\n                \n                \n            <\/div> \n        <\/div>\n        <div class=\"metas clearfix\">\n            <div class=\"flex\">\n                <div class=\"clearfix\">\n                            <div class=\"product-cat\">\n        <a href=\"https:\/\/www.maisonschwind.lu\/fr\/categorie-produit\/tissus\/collectio-hiver\/\">Collection hiver 2025\/2026<\/a>        <\/div>\n    \n                    <h3 class=\"name\"><a href=\"https:\/\/www.maisonschwind.lu\/fr\/produit\/viscose-serpent-22301998\/\">Viscose serpent 22301998<\/a><\/h3>\n                                    <\/div>\n                <div class=\"ali-right\">\n                        \n                <\/div>\n            <\/div>\n        <\/div>\n    <\/div>\n<\/div>\t\t\t<\/div>\n\t\t\t\t\t<div class=\"col-md-3 col-sm-4 col-xs-6 product type-product post-58687 status-publish instock product_cat-viscose has-post-thumbnail sale taxable shipping-taxable purchasable product-type-simple\">\n\t\t\t \t<div class=\"product-block grid-v4\" data-product-id=\"58687\">\n    <div class=\"grid-inner\">\n        <div class=\"block-inner\">\n            <figure class=\"image\">\n                        <a title=\"Viscose satin animal skin black 05085.001\" href=\"https:\/\/www.maisonschwind.lu\/fr\/produit\/viscose-satin-animal-skin-black-05085-001\/\" class=\"product-image\">\n            <img loading=\"lazy\" width=\"300\" height=\"300\" src=\"data:image\/svg+xml;charset=utf-8,%3Csvg%20xmlns%3D&#039;http%3A%2F%2Fwww.w3.org%2F2000%2Fsvg&#039;%20viewBox%3D&#039;0%200%20300%20300&#039;%2F%3E\" class=\"attachment-woocommerce_thumbnail size-woocommerce_thumbnail image-effect unveil-image\" alt=\"\" data-src=\"https:\/\/www.maisonschwind.lu\/shop\/wp-content\/uploads\/2025\/09\/05085.001_image6-300x300.jpg\" data-srcset=\"https:\/\/www.maisonschwind.lu\/shop\/wp-content\/uploads\/2025\/09\/05085.001_image6-300x300.jpg 300w, https:\/\/www.maisonschwind.lu\/shop\/wp-content\/uploads\/2025\/09\/05085.001_image6-150x150.jpg 150w, https:\/\/www.maisonschwind.lu\/shop\/wp-content\/uploads\/2025\/09\/05085.001_image6-160x160.jpg 160w, https:\/\/www.maisonschwind.lu\/shop\/wp-content\/uploads\/2025\/09\/05085.001_image6.jpg 400w\" data-sizes=\"(max-width: 300px) 100vw, 300px\" \/><img loading=\"lazy\" width=\"300\" height=\"300\" src=\"data:image\/svg+xml;charset=utf-8,%3Csvg%20xmlns%3D&#039;http%3A%2F%2Fwww.w3.org%2F2000%2Fsvg&#039;%20viewBox%3D&#039;0%200%20300%20300&#039;%2F%3E\" class=\"attachment-woocommerce_thumbnail size-woocommerce_thumbnail image-hover unveil-image\" alt=\"\" data-src=\"https:\/\/www.maisonschwind.lu\/shop\/wp-content\/uploads\/2025\/09\/05085.001_mainimage-300x300.jpg\" data-srcset=\"https:\/\/www.maisonschwind.lu\/shop\/wp-content\/uploads\/2025\/09\/05085.001_mainimage-300x300.jpg 300w, https:\/\/www.maisonschwind.lu\/shop\/wp-content\/uploads\/2025\/09\/05085.001_mainimage-150x150.jpg 150w, https:\/\/www.maisonschwind.lu\/shop\/wp-content\/uploads\/2025\/09\/05085.001_mainimage-160x160.jpg 160w, https:\/\/www.maisonschwind.lu\/shop\/wp-content\/uploads\/2025\/09\/05085.001_mainimage.jpg 400w\" data-sizes=\"(max-width: 300px) 100vw, 300px\" \/>        <\/a>\n        <div class='sale-perc'>-25%<\/div>            <\/figure>\n            <div class=\"groups-button flex-middle justify-content-center\">\n                \n                                    <div class=\"view\">\n                        <a href=\"javascript:void(0);\" class=\"quickview\" data-product_id=\"58687\">\n                            <i class=\"ti-eye\"><\/i>\n                        <\/a>\n                    <\/div>\n                \n                \n            <\/div> \n        <\/div>\n        <div class=\"metas clearfix\">\n            <div class=\"flex\">\n                <div class=\"clearfix\">\n                            <div class=\"product-cat\">\n        <a href=\"https:\/\/www.maisonschwind.lu\/fr\/categorie-produit\/tissus\/viscose\/\">VISCOSE<\/a>        <\/div>\n    \n                    <h3 class=\"name\"><a href=\"https:\/\/www.maisonschwind.lu\/fr\/produit\/viscose-satin-animal-skin-black-05085-001\/\">Viscose satin animal skin black 05085.001<\/a><\/h3>\n                                    <\/div>\n                <div class=\"ali-right\">\n                        \n                <\/div>\n            <\/div>\n        <\/div>\n    <\/div>\n<\/div>\t\t\t<\/div>\n\t\t\t\t\t<div class=\"col-md-3 col-sm-4 col-xs-6 xs-clearfix  product type-product post-57969 status-publish instock product_cat-noel product_cat-collectio-hiver product_cat-jersey-fr has-post-thumbnail sale taxable shipping-taxable purchasable product-type-simple\">\n\t\t\t \t<div class=\"product-block grid-v4\" data-product-id=\"57969\">\n    <div class=\"grid-inner\">\n        <div class=\"block-inner\">\n            <figure class=\"image\">\n                        <a title=\"Jogging papillons 05654.116\" href=\"https:\/\/www.maisonschwind.lu\/fr\/produit\/jogging-papillons-05654-116\/\" class=\"product-image\">\n            <img loading=\"lazy\" width=\"300\" height=\"300\" src=\"data:image\/svg+xml;charset=utf-8,%3Csvg%20xmlns%3D&#039;http%3A%2F%2Fwww.w3.org%2F2000%2Fsvg&#039;%20viewBox%3D&#039;0%200%20300%20300&#039;%2F%3E\" class=\"attachment-woocommerce_thumbnail size-woocommerce_thumbnail image-effect unveil-image\" alt=\"\" data-src=\"https:\/\/www.maisonschwind.lu\/shop\/wp-content\/uploads\/2025\/09\/05654.006_image6-300x300.jpg\" data-srcset=\"https:\/\/www.maisonschwind.lu\/shop\/wp-content\/uploads\/2025\/09\/05654.006_image6-300x300.jpg 300w, https:\/\/www.maisonschwind.lu\/shop\/wp-content\/uploads\/2025\/09\/05654.006_image6-150x150.jpg 150w, https:\/\/www.maisonschwind.lu\/shop\/wp-content\/uploads\/2025\/09\/05654.006_image6-160x160.jpg 160w, https:\/\/www.maisonschwind.lu\/shop\/wp-content\/uploads\/2025\/09\/05654.006_image6.jpg 400w\" data-sizes=\"(max-width: 300px) 100vw, 300px\" \/><img loading=\"lazy\" width=\"300\" height=\"300\" src=\"data:image\/svg+xml;charset=utf-8,%3Csvg%20xmlns%3D&#039;http%3A%2F%2Fwww.w3.org%2F2000%2Fsvg&#039;%20viewBox%3D&#039;0%200%20300%20300&#039;%2F%3E\" class=\"attachment-woocommerce_thumbnail size-woocommerce_thumbnail image-hover unveil-image\" alt=\"\" data-src=\"https:\/\/www.maisonschwind.lu\/shop\/wp-content\/uploads\/2025\/09\/05654.006_mainimage-300x300.jpg\" data-srcset=\"https:\/\/www.maisonschwind.lu\/shop\/wp-content\/uploads\/2025\/09\/05654.006_mainimage-300x300.jpg 300w, https:\/\/www.maisonschwind.lu\/shop\/wp-content\/uploads\/2025\/09\/05654.006_mainimage-150x150.jpg 150w, https:\/\/www.maisonschwind.lu\/shop\/wp-content\/uploads\/2025\/09\/05654.006_mainimage-160x160.jpg 160w, https:\/\/www.maisonschwind.lu\/shop\/wp-content\/uploads\/2025\/09\/05654.006_mainimage.jpg 400w\" data-sizes=\"(max-width: 300px) 100vw, 300px\" \/>        <\/a>\n        <div class='sale-perc'>-45%<\/div>            <\/figure>\n            <div class=\"groups-button flex-middle justify-content-center\">\n                \n                                    <div class=\"view\">\n                        <a href=\"javascript:void(0);\" class=\"quickview\" data-product_id=\"57969\">\n                            <i class=\"ti-eye\"><\/i>\n                        <\/a>\n                    <\/div>\n                \n                \n            <\/div> \n        <\/div>\n        <div class=\"metas clearfix\">\n            <div class=\"flex\">\n                <div class=\"clearfix\">\n                            <div class=\"product-cat\">\n        <a href=\"https:\/\/www.maisonschwind.lu\/fr\/categorie-produit\/noel\/\">***DESTOCKAGE***<\/a>        <\/div>\n    \n                    <h3 class=\"name\"><a href=\"https:\/\/www.maisonschwind.lu\/fr\/produit\/jogging-papillons-05654-116\/\">Jogging papillons 05654.116<\/a><\/h3>\n                                    <\/div>\n                <div class=\"ali-right\">\n                        \n                <\/div>\n            <\/div>\n        <\/div>\n    <\/div>\n<\/div>\t\t\t<\/div>\n\t\t\t\t\t<div class=\"col-md-3 col-sm-4 col-xs-6 sm-clearfix  product type-product post-57890 status-publish last instock product_cat-noel product_cat-collectio-hiver product_cat-modal-fr has-post-thumbnail sale taxable shipping-taxable purchasable product-type-simple\">\n\t\t\t \t<div class=\"product-block grid-v4\" data-product-id=\"57890\">\n    <div class=\"grid-inner\">\n        <div class=\"block-inner\">\n            <figure class=\"image\">\n                        <a title=\"Tissu imperm\u00e9able coeur rose 05399.007\" href=\"https:\/\/www.maisonschwind.lu\/fr\/produit\/tissu-impermeable-coeur-rose-05399-007\/\" class=\"product-image\">\n            <img loading=\"lazy\" width=\"300\" height=\"300\" src=\"data:image\/svg+xml;charset=utf-8,%3Csvg%20xmlns%3D&#039;http%3A%2F%2Fwww.w3.org%2F2000%2Fsvg&#039;%20viewBox%3D&#039;0%200%20300%20300&#039;%2F%3E\" class=\"attachment-woocommerce_thumbnail size-woocommerce_thumbnail image-effect unveil-image\" alt=\"\" data-src=\"https:\/\/www.maisonschwind.lu\/shop\/wp-content\/uploads\/2025\/09\/05399.007_image6-300x300.jpg\" data-srcset=\"https:\/\/www.maisonschwind.lu\/shop\/wp-content\/uploads\/2025\/09\/05399.007_image6-300x300.jpg 300w, https:\/\/www.maisonschwind.lu\/shop\/wp-content\/uploads\/2025\/09\/05399.007_image6-150x150.jpg 150w, https:\/\/www.maisonschwind.lu\/shop\/wp-content\/uploads\/2025\/09\/05399.007_image6-160x160.jpg 160w, https:\/\/www.maisonschwind.lu\/shop\/wp-content\/uploads\/2025\/09\/05399.007_image6.jpg 400w\" data-sizes=\"(max-width: 300px) 100vw, 300px\" \/><img loading=\"lazy\" width=\"300\" height=\"300\" src=\"data:image\/svg+xml;charset=utf-8,%3Csvg%20xmlns%3D&#039;http%3A%2F%2Fwww.w3.org%2F2000%2Fsvg&#039;%20viewBox%3D&#039;0%200%20300%20300&#039;%2F%3E\" class=\"attachment-woocommerce_thumbnail size-woocommerce_thumbnail image-hover unveil-image\" alt=\"\" data-src=\"https:\/\/www.maisonschwind.lu\/shop\/wp-content\/uploads\/2025\/09\/05399.007_mainimage-300x300.jpg\" data-srcset=\"https:\/\/www.maisonschwind.lu\/shop\/wp-content\/uploads\/2025\/09\/05399.007_mainimage-300x300.jpg 300w, https:\/\/www.maisonschwind.lu\/shop\/wp-content\/uploads\/2025\/09\/05399.007_mainimage-150x150.jpg 150w, https:\/\/www.maisonschwind.lu\/shop\/wp-content\/uploads\/2025\/09\/05399.007_mainimage-160x160.jpg 160w, https:\/\/www.maisonschwind.lu\/shop\/wp-content\/uploads\/2025\/09\/05399.007_mainimage.jpg 400w\" data-sizes=\"(max-width: 300px) 100vw, 300px\" \/>        <\/a>\n        <div class='sale-perc'>-40%<\/div>            <\/figure>\n            <div class=\"groups-button flex-middle justify-content-center\">\n                \n                                    <div class=\"view\">\n                        <a href=\"javascript:void(0);\" class=\"quickview\" data-product_id=\"57890\">\n                            <i class=\"ti-eye\"><\/i>\n                        <\/a>\n                    <\/div>\n                \n                \n            <\/div> \n        <\/div>\n        <div class=\"metas clearfix\">\n            <div class=\"flex\">\n                <div class=\"clearfix\">\n                            <div class=\"product-cat\">\n        <a href=\"https:\/\/www.maisonschwind.lu\/fr\/categorie-produit\/noel\/\">***DESTOCKAGE***<\/a>        <\/div>\n    \n                    <h3 class=\"name\"><a href=\"https:\/\/www.maisonschwind.lu\/fr\/produit\/tissu-impermeable-coeur-rose-05399-007\/\">Tissu imperm\u00e9able coeur rose 05399.007<\/a><\/h3>\n                                    <\/div>\n                <div class=\"ali-right\">\n                        \n                <\/div>\n            <\/div>\n        <\/div>\n    <\/div>\n<\/div>\t\t\t<\/div>\n\t\t\t\t\t<div class=\"col-md-3 col-sm-4 col-xs-6 md-clearfix lg-clearfix  xs-clearfix  product type-product post-57886 status-publish first instock product_cat-jersey-fr has-post-thumbnail sale taxable shipping-taxable purchasable product-type-simple\">\n\t\t\t \t<div class=\"product-block grid-v4\" data-product-id=\"57886\">\n    <div class=\"grid-inner\">\n        <div class=\"block-inner\">\n            <figure class=\"image\">\n                        <a title=\"Jersey rib fleurs 05223.002\" href=\"https:\/\/www.maisonschwind.lu\/fr\/produit\/jersey-rib-fleurs-05223-002\/\" class=\"product-image\">\n            <img loading=\"lazy\" width=\"300\" height=\"300\" src=\"data:image\/svg+xml;charset=utf-8,%3Csvg%20xmlns%3D&#039;http%3A%2F%2Fwww.w3.org%2F2000%2Fsvg&#039;%20viewBox%3D&#039;0%200%20300%20300&#039;%2F%3E\" class=\"attachment-woocommerce_thumbnail size-woocommerce_thumbnail image-effect unveil-image\" alt=\"\" data-src=\"https:\/\/www.maisonschwind.lu\/shop\/wp-content\/uploads\/2025\/09\/05223.002_image5-300x300.jpg\" data-srcset=\"https:\/\/www.maisonschwind.lu\/shop\/wp-content\/uploads\/2025\/09\/05223.002_image5-300x300.jpg 300w, https:\/\/www.maisonschwind.lu\/shop\/wp-content\/uploads\/2025\/09\/05223.002_image5-150x150.jpg 150w, https:\/\/www.maisonschwind.lu\/shop\/wp-content\/uploads\/2025\/09\/05223.002_image5-160x160.jpg 160w, https:\/\/www.maisonschwind.lu\/shop\/wp-content\/uploads\/2025\/09\/05223.002_image5.jpg 400w\" data-sizes=\"(max-width: 300px) 100vw, 300px\" \/><img loading=\"lazy\" width=\"300\" height=\"300\" src=\"data:image\/svg+xml;charset=utf-8,%3Csvg%20xmlns%3D&#039;http%3A%2F%2Fwww.w3.org%2F2000%2Fsvg&#039;%20viewBox%3D&#039;0%200%20300%20300&#039;%2F%3E\" class=\"attachment-woocommerce_thumbnail size-woocommerce_thumbnail image-hover unveil-image\" alt=\"\" data-src=\"https:\/\/www.maisonschwind.lu\/shop\/wp-content\/uploads\/2025\/09\/05223.002_mainimage-300x300.jpg\" data-srcset=\"https:\/\/www.maisonschwind.lu\/shop\/wp-content\/uploads\/2025\/09\/05223.002_mainimage-300x300.jpg 300w, https:\/\/www.maisonschwind.lu\/shop\/wp-content\/uploads\/2025\/09\/05223.002_mainimage-150x150.jpg 150w, https:\/\/www.maisonschwind.lu\/shop\/wp-content\/uploads\/2025\/09\/05223.002_mainimage-160x160.jpg 160w, https:\/\/www.maisonschwind.lu\/shop\/wp-content\/uploads\/2025\/09\/05223.002_mainimage.jpg 400w\" data-sizes=\"(max-width: 300px) 100vw, 300px\" \/>        <\/a>\n        <div class='sale-perc'>-40%<\/div>            <\/figure>\n            <div class=\"groups-button flex-middle justify-content-center\">\n                \n                                    <div class=\"view\">\n                        <a href=\"javascript:void(0);\" class=\"quickview\" data-product_id=\"57886\">\n                            <i class=\"ti-eye\"><\/i>\n                        <\/a>\n                    <\/div>\n                \n                \n            <\/div> \n        <\/div>\n        <div class=\"metas clearfix\">\n            <div class=\"flex\">\n                <div class=\"clearfix\">\n                            <div class=\"product-cat\">\n        <a href=\"https:\/\/www.maisonschwind.lu\/fr\/categorie-produit\/tissus\/jersey-fr\/\">JERSEY &amp; FRENCH TERRY<\/a>        <\/div>\n    \n                    <h3 class=\"name\"><a href=\"https:\/\/www.maisonschwind.lu\/fr\/produit\/jersey-rib-fleurs-05223-002\/\">Jersey rib fleurs 05223.002<\/a><\/h3>\n                                    <\/div>\n                <div class=\"ali-right\">\n                        \n                <\/div>\n            <\/div>\n        <\/div>\n    <\/div>\n<\/div>\t\t\t<\/div>\n\t\t\t\t\t<div class=\"col-md-3 col-sm-4 col-xs-6 product type-product post-57874 status-publish instock product_cat-modal-fr has-post-thumbnail sale taxable shipping-taxable purchasable product-type-simple\">\n\t\t\t \t<div class=\"product-block grid-v4\" data-product-id=\"57874\">\n    <div class=\"grid-inner\">\n        <div class=\"block-inner\">\n            <figure class=\"image\">\n                        <a title=\"Coton Ecovero imprim\u00e9 animal 05442.001\" href=\"https:\/\/www.maisonschwind.lu\/fr\/produit\/coton-ecovero-imprime-animal-05442-001\/\" class=\"product-image\">\n            <img loading=\"lazy\" width=\"300\" height=\"300\" src=\"data:image\/svg+xml;charset=utf-8,%3Csvg%20xmlns%3D&#039;http%3A%2F%2Fwww.w3.org%2F2000%2Fsvg&#039;%20viewBox%3D&#039;0%200%20300%20300&#039;%2F%3E\" class=\"attachment-woocommerce_thumbnail size-woocommerce_thumbnail image-effect unveil-image\" alt=\"\" data-src=\"https:\/\/www.maisonschwind.lu\/shop\/wp-content\/uploads\/2025\/09\/05442.001_image6-300x300.jpg\" data-srcset=\"https:\/\/www.maisonschwind.lu\/shop\/wp-content\/uploads\/2025\/09\/05442.001_image6-300x300.jpg 300w, https:\/\/www.maisonschwind.lu\/shop\/wp-content\/uploads\/2025\/09\/05442.001_image6-150x150.jpg 150w, https:\/\/www.maisonschwind.lu\/shop\/wp-content\/uploads\/2025\/09\/05442.001_image6-160x160.jpg 160w, https:\/\/www.maisonschwind.lu\/shop\/wp-content\/uploads\/2025\/09\/05442.001_image6.jpg 400w\" data-sizes=\"(max-width: 300px) 100vw, 300px\" \/><img loading=\"lazy\" width=\"300\" height=\"300\" src=\"data:image\/svg+xml;charset=utf-8,%3Csvg%20xmlns%3D&#039;http%3A%2F%2Fwww.w3.org%2F2000%2Fsvg&#039;%20viewBox%3D&#039;0%200%20300%20300&#039;%2F%3E\" class=\"attachment-woocommerce_thumbnail size-woocommerce_thumbnail image-hover unveil-image\" alt=\"\" data-src=\"https:\/\/www.maisonschwind.lu\/shop\/wp-content\/uploads\/2025\/09\/05442.001_mainimage-300x300.jpg\" data-srcset=\"https:\/\/www.maisonschwind.lu\/shop\/wp-content\/uploads\/2025\/09\/05442.001_mainimage-300x300.jpg 300w, https:\/\/www.maisonschwind.lu\/shop\/wp-content\/uploads\/2025\/09\/05442.001_mainimage-150x150.jpg 150w, https:\/\/www.maisonschwind.lu\/shop\/wp-content\/uploads\/2025\/09\/05442.001_mainimage-160x160.jpg 160w, https:\/\/www.maisonschwind.lu\/shop\/wp-content\/uploads\/2025\/09\/05442.001_mainimage.jpg 400w\" data-sizes=\"(max-width: 300px) 100vw, 300px\" \/>        <\/a>\n        <div class='sale-perc'>-25%<\/div>            <\/figure>\n            <div class=\"groups-button flex-middle justify-content-center\">\n                \n                                    <div class=\"view\">\n                        <a href=\"javascript:void(0);\" class=\"quickview\" data-product_id=\"57874\">\n                            <i class=\"ti-eye\"><\/i>\n                        <\/a>\n                    <\/div>\n                \n                \n            <\/div> \n        <\/div>\n        <div class=\"metas clearfix\">\n            <div class=\"flex\">\n                <div class=\"clearfix\">\n                            <div class=\"product-cat\">\n        <a href=\"https:\/\/www.maisonschwind.lu\/fr\/categorie-produit\/tissus\/modal-fr\/\">DIVERS<\/a>        <\/div>\n    \n                    <h3 class=\"name\"><a href=\"https:\/\/www.maisonschwind.lu\/fr\/produit\/coton-ecovero-imprime-animal-05442-001\/\">Coton Ecovero imprim\u00e9 animal 05442.001<\/a><\/h3>\n                                    <\/div>\n                <div class=\"ali-right\">\n                        \n                <\/div>\n            <\/div>\n        <\/div>\n    <\/div>\n<\/div>\t\t\t<\/div>\n\t\t\t\t\t<div class=\"col-md-3 col-sm-4 col-xs-6 sm-clearfix  xs-clearfix  product type-product post-57734 status-publish instock product_cat-noel product_cat-collectio-hiver product_cat-modal-fr has-post-thumbnail sale taxable shipping-taxable purchasable product-type-simple\">\n\t\t\t \t<div class=\"product-block grid-v4\" data-product-id=\"57734\">\n    <div class=\"grid-inner\">\n        <div class=\"block-inner\">\n            <figure class=\"image\">\n                        <a title=\"Tricot \u00e0 rayures 03747.001\" href=\"https:\/\/www.maisonschwind.lu\/fr\/produit\/tricot-a-rayures-03747-001\/\" class=\"product-image\">\n            <img loading=\"lazy\" width=\"300\" height=\"300\" src=\"data:image\/svg+xml;charset=utf-8,%3Csvg%20xmlns%3D&#039;http%3A%2F%2Fwww.w3.org%2F2000%2Fsvg&#039;%20viewBox%3D&#039;0%200%20300%20300&#039;%2F%3E\" class=\"attachment-woocommerce_thumbnail size-woocommerce_thumbnail image-effect unveil-image\" alt=\"\" data-src=\"https:\/\/www.maisonschwind.lu\/shop\/wp-content\/uploads\/2025\/09\/03747.001_image5-300x300.jpg\" data-srcset=\"https:\/\/www.maisonschwind.lu\/shop\/wp-content\/uploads\/2025\/09\/03747.001_image5-300x300.jpg 300w, https:\/\/www.maisonschwind.lu\/shop\/wp-content\/uploads\/2025\/09\/03747.001_image5-150x150.jpg 150w, https:\/\/www.maisonschwind.lu\/shop\/wp-content\/uploads\/2025\/09\/03747.001_image5-160x160.jpg 160w, https:\/\/www.maisonschwind.lu\/shop\/wp-content\/uploads\/2025\/09\/03747.001_image5.jpg 400w\" data-sizes=\"(max-width: 300px) 100vw, 300px\" \/><img loading=\"lazy\" width=\"300\" height=\"300\" src=\"data:image\/svg+xml;charset=utf-8,%3Csvg%20xmlns%3D&#039;http%3A%2F%2Fwww.w3.org%2F2000%2Fsvg&#039;%20viewBox%3D&#039;0%200%20300%20300&#039;%2F%3E\" class=\"attachment-woocommerce_thumbnail size-woocommerce_thumbnail image-hover unveil-image\" alt=\"\" data-src=\"https:\/\/www.maisonschwind.lu\/shop\/wp-content\/uploads\/2025\/09\/03747.001_mainimage-300x300.jpg\" data-srcset=\"https:\/\/www.maisonschwind.lu\/shop\/wp-content\/uploads\/2025\/09\/03747.001_mainimage-300x300.jpg 300w, https:\/\/www.maisonschwind.lu\/shop\/wp-content\/uploads\/2025\/09\/03747.001_mainimage-150x150.jpg 150w, https:\/\/www.maisonschwind.lu\/shop\/wp-content\/uploads\/2025\/09\/03747.001_mainimage-160x160.jpg 160w, https:\/\/www.maisonschwind.lu\/shop\/wp-content\/uploads\/2025\/09\/03747.001_mainimage.jpg 400w\" data-sizes=\"(max-width: 300px) 100vw, 300px\" \/>        <\/a>\n        <div class='sale-perc'>-45%<\/div>            <\/figure>\n            <div class=\"groups-button flex-middle justify-content-center\">\n                \n                                    <div class=\"view\">\n                        <a href=\"javascript:void(0);\" class=\"quickview\" data-product_id=\"57734\">\n                            <i class=\"ti-eye\"><\/i>\n                        <\/a>\n                    <\/div>\n                \n                \n            <\/div> \n        <\/div>\n        <div class=\"metas clearfix\">\n            <div class=\"flex\">\n                <div class=\"clearfix\">\n                            <div class=\"product-cat\">\n        <a href=\"https:\/\/www.maisonschwind.lu\/fr\/categorie-produit\/noel\/\">***DESTOCKAGE***<\/a>        <\/div>\n    \n                    <h3 class=\"name\"><a href=\"https:\/\/www.maisonschwind.lu\/fr\/produit\/tricot-a-rayures-03747-001\/\">Tricot \u00e0 rayures 03747.001<\/a><\/h3>\n                                    <\/div>\n                <div class=\"ali-right\">\n                        \n                <\/div>\n            <\/div>\n        <\/div>\n    <\/div>\n<\/div>\t\t\t<\/div>\n\t\t\t\t\t<div class=\"col-md-3 col-sm-4 col-xs-6 product type-product post-57700 status-publish last instock product_cat-noel product_cat-collectio-hiver product_cat-eponge has-post-thumbnail sale taxable shipping-taxable purchasable product-type-simple\">\n\t\t\t \t<div class=\"product-block grid-v4\" data-product-id=\"57700\">\n    <div class=\"grid-inner\">\n        <div class=\"block-inner\">\n            <figure class=\"image\">\n                        <a title=\"Tricot coton \u00e9ponge l\u00e9opard 03740.002\" href=\"https:\/\/www.maisonschwind.lu\/fr\/produit\/tricot-coton-eponge-leopard-03740-002\/\" class=\"product-image\">\n            <img loading=\"lazy\" width=\"300\" height=\"300\" src=\"data:image\/svg+xml;charset=utf-8,%3Csvg%20xmlns%3D&#039;http%3A%2F%2Fwww.w3.org%2F2000%2Fsvg&#039;%20viewBox%3D&#039;0%200%20300%20300&#039;%2F%3E\" class=\"attachment-woocommerce_thumbnail size-woocommerce_thumbnail image-effect unveil-image\" alt=\"\" data-src=\"https:\/\/www.maisonschwind.lu\/shop\/wp-content\/uploads\/2025\/09\/03740.002_image2-300x300.jpg\" data-srcset=\"https:\/\/www.maisonschwind.lu\/shop\/wp-content\/uploads\/2025\/09\/03740.002_image2-300x300.jpg 300w, https:\/\/www.maisonschwind.lu\/shop\/wp-content\/uploads\/2025\/09\/03740.002_image2-150x150.jpg 150w, https:\/\/www.maisonschwind.lu\/shop\/wp-content\/uploads\/2025\/09\/03740.002_image2-160x160.jpg 160w, https:\/\/www.maisonschwind.lu\/shop\/wp-content\/uploads\/2025\/09\/03740.002_image2.jpg 400w\" data-sizes=\"(max-width: 300px) 100vw, 300px\" \/><img loading=\"lazy\" width=\"300\" height=\"300\" src=\"data:image\/svg+xml;charset=utf-8,%3Csvg%20xmlns%3D&#039;http%3A%2F%2Fwww.w3.org%2F2000%2Fsvg&#039;%20viewBox%3D&#039;0%200%20300%20300&#039;%2F%3E\" class=\"attachment-woocommerce_thumbnail size-woocommerce_thumbnail image-hover unveil-image\" alt=\"\" data-src=\"https:\/\/www.maisonschwind.lu\/shop\/wp-content\/uploads\/2025\/09\/03740.002_mainimage-300x300.jpg\" data-srcset=\"https:\/\/www.maisonschwind.lu\/shop\/wp-content\/uploads\/2025\/09\/03740.002_mainimage-300x300.jpg 300w, https:\/\/www.maisonschwind.lu\/shop\/wp-content\/uploads\/2025\/09\/03740.002_mainimage-150x150.jpg 150w, https:\/\/www.maisonschwind.lu\/shop\/wp-content\/uploads\/2025\/09\/03740.002_mainimage-160x160.jpg 160w, https:\/\/www.maisonschwind.lu\/shop\/wp-content\/uploads\/2025\/09\/03740.002_mainimage.jpg 400w\" data-sizes=\"(max-width: 300px) 100vw, 300px\" \/>        <\/a>\n        <div class='sale-perc'>-45%<\/div>            <\/figure>\n            <div class=\"groups-button flex-middle justify-content-center\">\n                \n                                    <div class=\"view\">\n                        <a href=\"javascript:void(0);\" class=\"quickview\" data-product_id=\"57700\">\n                            <i class=\"ti-eye\"><\/i>\n                        <\/a>\n                    <\/div>\n                \n                \n            <\/div> \n        <\/div>\n        <div class=\"metas clearfix\">\n            <div class=\"flex\">\n                <div class=\"clearfix\">\n                            <div class=\"product-cat\">\n        <a href=\"https:\/\/www.maisonschwind.lu\/fr\/categorie-produit\/noel\/\">***DESTOCKAGE***<\/a>        <\/div>\n    \n                    <h3 class=\"name\"><a href=\"https:\/\/www.maisonschwind.lu\/fr\/produit\/tricot-coton-eponge-leopard-03740-002\/\">Tricot coton \u00e9ponge l\u00e9opard 03740.002<\/a><\/h3>\n                                    <\/div>\n                <div class=\"ali-right\">\n                        \n                <\/div>\n            <\/div>\n        <\/div>\n    <\/div>\n<\/div>\t\t\t<\/div>\n\t\t\t\t\t<div class=\"col-md-3 col-sm-4 col-xs-6 md-clearfix lg-clearfix  xs-clearfix  product type-product post-57014 status-publish first instock product_cat-noel product_cat-collectio-hiver product_cat-modal-fr has-post-thumbnail sale taxable shipping-taxable purchasable product-type-simple\">\n\t\t\t \t<div class=\"product-block grid-v4\" data-product-id=\"57014\">\n    <div class=\"grid-inner\">\n        <div class=\"block-inner\">\n            <figure class=\"image\">\n                        <a title=\"Teddy tweed vieux vert 03742.002\" href=\"https:\/\/www.maisonschwind.lu\/fr\/produit\/teddy-tweed-vieux-vert-03742-002\/\" class=\"product-image\">\n            <img loading=\"lazy\" width=\"300\" height=\"300\" src=\"data:image\/svg+xml;charset=utf-8,%3Csvg%20xmlns%3D&#039;http%3A%2F%2Fwww.w3.org%2F2000%2Fsvg&#039;%20viewBox%3D&#039;0%200%20300%20300&#039;%2F%3E\" class=\"attachment-woocommerce_thumbnail size-woocommerce_thumbnail image-effect unveil-image\" alt=\"\" data-src=\"https:\/\/www.maisonschwind.lu\/shop\/wp-content\/uploads\/2025\/09\/03742.002-300x300.png\" data-srcset=\"https:\/\/www.maisonschwind.lu\/shop\/wp-content\/uploads\/2025\/09\/03742.002-300x300.png 300w, https:\/\/www.maisonschwind.lu\/shop\/wp-content\/uploads\/2025\/09\/03742.002-150x150.png 150w, https:\/\/www.maisonschwind.lu\/shop\/wp-content\/uploads\/2025\/09\/03742.002-160x160.png 160w, https:\/\/www.maisonschwind.lu\/shop\/wp-content\/uploads\/2025\/09\/03742.002.png 400w\" data-sizes=\"(max-width: 300px) 100vw, 300px\" \/><img loading=\"lazy\" width=\"300\" height=\"300\" src=\"data:image\/svg+xml;charset=utf-8,%3Csvg%20xmlns%3D&#039;http%3A%2F%2Fwww.w3.org%2F2000%2Fsvg&#039;%20viewBox%3D&#039;0%200%20300%20300&#039;%2F%3E\" class=\"attachment-woocommerce_thumbnail size-woocommerce_thumbnail image-hover unveil-image\" alt=\"\" data-src=\"https:\/\/www.maisonschwind.lu\/shop\/wp-content\/uploads\/2025\/09\/03742.002_mainimage-300x300.jpg\" data-srcset=\"https:\/\/www.maisonschwind.lu\/shop\/wp-content\/uploads\/2025\/09\/03742.002_mainimage-300x300.jpg 300w, https:\/\/www.maisonschwind.lu\/shop\/wp-content\/uploads\/2025\/09\/03742.002_mainimage-150x150.jpg 150w, https:\/\/www.maisonschwind.lu\/shop\/wp-content\/uploads\/2025\/09\/03742.002_mainimage-160x160.jpg 160w, https:\/\/www.maisonschwind.lu\/shop\/wp-content\/uploads\/2025\/09\/03742.002_mainimage.jpg 400w\" data-sizes=\"(max-width: 300px) 100vw, 300px\" \/>        <\/a>\n        <div class='sale-perc'>-45%<\/div>            <\/figure>\n            <div class=\"groups-button flex-middle justify-content-center\">\n                \n                                    <div class=\"view\">\n                        <a href=\"javascript:void(0);\" class=\"quickview\" data-product_id=\"57014\">\n                            <i class=\"ti-eye\"><\/i>\n                        <\/a>\n                    <\/div>\n                \n                \n            <\/div> \n        <\/div>\n        <div class=\"metas clearfix\">\n            <div class=\"flex\">\n                <div class=\"clearfix\">\n                            <div class=\"product-cat\">\n        <a href=\"https:\/\/www.maisonschwind.lu\/fr\/categorie-produit\/noel\/\">***DESTOCKAGE***<\/a>        <\/div>\n    \n                    <h3 class=\"name\"><a href=\"https:\/\/www.maisonschwind.lu\/fr\/produit\/teddy-tweed-vieux-vert-03742-002\/\">Teddy tweed vieux vert 03742.002<\/a><\/h3>\n                                    <\/div>\n                <div class=\"ali-right\">\n                        \n                <\/div>\n            <\/div>\n        <\/div>\n    <\/div>\n<\/div>\t\t\t<\/div>\n\t\t\t\t\t<div class=\"col-md-3 col-sm-4 col-xs-6 sm-clearfix  product type-product post-57002 status-publish instock product_cat-noel product_cat-collectio-hiver product_cat-modal-fr has-post-thumbnail sale taxable shipping-taxable purchasable product-type-simple\">\n\t\t\t \t<div class=\"product-block grid-v4\" data-product-id=\"57002\">\n    <div class=\"grid-inner\">\n        <div class=\"block-inner\">\n            <figure class=\"image\">\n                        <a title=\"Teddy tweed beige 03742.001\" href=\"https:\/\/www.maisonschwind.lu\/fr\/produit\/teddy-tweed-beige-03742-001\/\" class=\"product-image\">\n            <img loading=\"lazy\" width=\"300\" height=\"300\" src=\"data:image\/svg+xml;charset=utf-8,%3Csvg%20xmlns%3D&#039;http%3A%2F%2Fwww.w3.org%2F2000%2Fsvg&#039;%20viewBox%3D&#039;0%200%20300%20300&#039;%2F%3E\" class=\"attachment-woocommerce_thumbnail size-woocommerce_thumbnail image-effect unveil-image\" alt=\"\" data-src=\"https:\/\/www.maisonschwind.lu\/shop\/wp-content\/uploads\/2025\/09\/03742.001_image2-300x300.jpg\" data-srcset=\"https:\/\/www.maisonschwind.lu\/shop\/wp-content\/uploads\/2025\/09\/03742.001_image2-300x300.jpg 300w, https:\/\/www.maisonschwind.lu\/shop\/wp-content\/uploads\/2025\/09\/03742.001_image2-150x150.jpg 150w, https:\/\/www.maisonschwind.lu\/shop\/wp-content\/uploads\/2025\/09\/03742.001_image2-160x160.jpg 160w, https:\/\/www.maisonschwind.lu\/shop\/wp-content\/uploads\/2025\/09\/03742.001_image2.jpg 400w\" data-sizes=\"(max-width: 300px) 100vw, 300px\" \/><img loading=\"lazy\" width=\"300\" height=\"300\" src=\"data:image\/svg+xml;charset=utf-8,%3Csvg%20xmlns%3D&#039;http%3A%2F%2Fwww.w3.org%2F2000%2Fsvg&#039;%20viewBox%3D&#039;0%200%20300%20300&#039;%2F%3E\" class=\"attachment-woocommerce_thumbnail size-woocommerce_thumbnail image-hover unveil-image\" alt=\"\" data-src=\"https:\/\/www.maisonschwind.lu\/shop\/wp-content\/uploads\/2025\/09\/03742.001_mainimage-300x300.jpg\" data-srcset=\"https:\/\/www.maisonschwind.lu\/shop\/wp-content\/uploads\/2025\/09\/03742.001_mainimage-300x300.jpg 300w, https:\/\/www.maisonschwind.lu\/shop\/wp-content\/uploads\/2025\/09\/03742.001_mainimage-150x150.jpg 150w, https:\/\/www.maisonschwind.lu\/shop\/wp-content\/uploads\/2025\/09\/03742.001_mainimage-768x768.jpg 768w, https:\/\/www.maisonschwind.lu\/shop\/wp-content\/uploads\/2025\/09\/03742.001_mainimage-850x850.jpg 850w, https:\/\/www.maisonschwind.lu\/shop\/wp-content\/uploads\/2025\/09\/03742.001_mainimage-410x410.jpg 410w, https:\/\/www.maisonschwind.lu\/shop\/wp-content\/uploads\/2025\/09\/03742.001_mainimage-600x600.jpg 600w, https:\/\/www.maisonschwind.lu\/shop\/wp-content\/uploads\/2025\/09\/03742.001_mainimage-160x160.jpg 160w, https:\/\/www.maisonschwind.lu\/shop\/wp-content\/uploads\/2025\/09\/03742.001_mainimage.jpg 1000w\" data-sizes=\"(max-width: 300px) 100vw, 300px\" \/>        <\/a>\n        <div class='sale-perc'>-45%<\/div>            <\/figure>\n            <div class=\"groups-button flex-middle justify-content-center\">\n                \n                                    <div class=\"view\">\n                        <a href=\"javascript:void(0);\" class=\"quickview\" data-product_id=\"57002\">\n                            <i class=\"ti-eye\"><\/i>\n                        <\/a>\n                    <\/div>\n                \n                \n            <\/div> \n        <\/div>\n        <div class=\"metas clearfix\">\n            <div class=\"flex\">\n                <div class=\"clearfix\">\n                            <div class=\"product-cat\">\n        <a href=\"https:\/\/www.maisonschwind.lu\/fr\/categorie-produit\/noel\/\">***DESTOCKAGE***<\/a>        <\/div>\n    \n                    <h3 class=\"name\"><a href=\"https:\/\/www.maisonschwind.lu\/fr\/produit\/teddy-tweed-beige-03742-001\/\">Teddy tweed beige 03742.001<\/a><\/h3>\n                                    <\/div>\n                <div class=\"ali-right\">\n                        \n                <\/div>\n            <\/div>\n        <\/div>\n    <\/div>\n<\/div>\t\t\t<\/div>\n\t\t\t\t\t<div class=\"col-md-3 col-sm-4 col-xs-6 xs-clearfix  product type-product post-56991 status-publish instock product_cat-noel product_cat-collectio-hiver product_cat-modal-fr has-post-thumbnail sale taxable shipping-taxable purchasable product-type-simple\">\n\t\t\t \t<div class=\"product-block grid-v4\" data-product-id=\"56991\">\n    <div class=\"grid-inner\">\n        <div class=\"block-inner\">\n            <figure class=\"image\">\n                        <a title=\"Teddy fleurs brod\u00e9es 03349.001\" href=\"https:\/\/www.maisonschwind.lu\/fr\/produit\/teddy-fleurs-brodees-03349-001\/\" class=\"product-image\">\n            <img loading=\"lazy\" width=\"300\" height=\"300\" src=\"data:image\/svg+xml;charset=utf-8,%3Csvg%20xmlns%3D&#039;http%3A%2F%2Fwww.w3.org%2F2000%2Fsvg&#039;%20viewBox%3D&#039;0%200%20300%20300&#039;%2F%3E\" class=\"attachment-woocommerce_thumbnail size-woocommerce_thumbnail image-effect unveil-image\" alt=\"\" data-src=\"https:\/\/www.maisonschwind.lu\/shop\/wp-content\/uploads\/2025\/09\/03349-300x300.png\" data-srcset=\"https:\/\/www.maisonschwind.lu\/shop\/wp-content\/uploads\/2025\/09\/03349-300x300.png 300w, https:\/\/www.maisonschwind.lu\/shop\/wp-content\/uploads\/2025\/09\/03349-150x150.png 150w, https:\/\/www.maisonschwind.lu\/shop\/wp-content\/uploads\/2025\/09\/03349-160x160.png 160w, https:\/\/www.maisonschwind.lu\/shop\/wp-content\/uploads\/2025\/09\/03349.png 400w\" data-sizes=\"(max-width: 300px) 100vw, 300px\" \/><img loading=\"lazy\" width=\"300\" height=\"300\" src=\"data:image\/svg+xml;charset=utf-8,%3Csvg%20xmlns%3D&#039;http%3A%2F%2Fwww.w3.org%2F2000%2Fsvg&#039;%20viewBox%3D&#039;0%200%20300%20300&#039;%2F%3E\" class=\"attachment-woocommerce_thumbnail size-woocommerce_thumbnail image-hover unveil-image\" alt=\"\" data-src=\"https:\/\/www.maisonschwind.lu\/shop\/wp-content\/uploads\/2025\/09\/03349.001_mainimage-300x300.jpg\" data-srcset=\"https:\/\/www.maisonschwind.lu\/shop\/wp-content\/uploads\/2025\/09\/03349.001_mainimage-300x300.jpg 300w, https:\/\/www.maisonschwind.lu\/shop\/wp-content\/uploads\/2025\/09\/03349.001_mainimage-150x150.jpg 150w, https:\/\/www.maisonschwind.lu\/shop\/wp-content\/uploads\/2025\/09\/03349.001_mainimage-160x160.jpg 160w, https:\/\/www.maisonschwind.lu\/shop\/wp-content\/uploads\/2025\/09\/03349.001_mainimage.jpg 400w\" data-sizes=\"(max-width: 300px) 100vw, 300px\" \/>        <\/a>\n        <div class='sale-perc'>-45%<\/div>            <\/figure>\n            <div class=\"groups-button flex-middle justify-content-center\">\n                \n                                    <div class=\"view\">\n                        <a href=\"javascript:void(0);\" class=\"quickview\" data-product_id=\"56991\">\n                            <i class=\"ti-eye\"><\/i>\n                        <\/a>\n                    <\/div>\n                \n                \n            <\/div> \n        <\/div>\n        <div class=\"metas clearfix\">\n            <div class=\"flex\">\n                <div class=\"clearfix\">\n                            <div class=\"product-cat\">\n        <a href=\"https:\/\/www.maisonschwind.lu\/fr\/categorie-produit\/noel\/\">***DESTOCKAGE***<\/a>        <\/div>\n    \n                    <h3 class=\"name\"><a href=\"https:\/\/www.maisonschwind.lu\/fr\/produit\/teddy-fleurs-brodees-03349-001\/\">Teddy fleurs brod\u00e9es 03349.001<\/a><\/h3>\n                                    <\/div>\n                <div class=\"ali-right\">\n                        \n                <\/div>\n            <\/div>\n        <\/div>\n    <\/div>\n<\/div>\t\t\t<\/div>\n\t\t\t\t\t<div class=\"col-md-3 col-sm-4 col-xs-6 product type-product post-56337 status-publish last instock product_cat-noel product_cat-collectio-hiver product_cat-panneau has-post-thumbnail sale taxable shipping-taxable purchasable product-type-simple\">\n\t\t\t \t<div class=\"product-block grid-v4\" data-product-id=\"56337\">\n    <div class=\"grid-inner\">\n        <div class=\"block-inner\">\n            <figure class=\"image\">\n                        <a title=\"Panneau housses de coussin &#8220;No\u00ebl&#8221; 26409\" href=\"https:\/\/www.maisonschwind.lu\/fr\/produit\/panneau-housses-de-coussin-noel-26409\/\" class=\"product-image\">\n            <img loading=\"lazy\" width=\"300\" height=\"300\" src=\"data:image\/svg+xml;charset=utf-8,%3Csvg%20xmlns%3D&#039;http%3A%2F%2Fwww.w3.org%2F2000%2Fsvg&#039;%20viewBox%3D&#039;0%200%20300%20300&#039;%2F%3E\" class=\"attachment-woocommerce_thumbnail size-woocommerce_thumbnail image-no-effect unveil-image\" alt=\"\" data-src=\"https:\/\/www.maisonschwind.lu\/shop\/wp-content\/uploads\/2025\/08\/26409-300x300.jpg\" data-srcset=\"https:\/\/www.maisonschwind.lu\/shop\/wp-content\/uploads\/2025\/08\/26409-300x300.jpg 300w, https:\/\/www.maisonschwind.lu\/shop\/wp-content\/uploads\/2025\/08\/26409-150x150.jpg 150w, https:\/\/www.maisonschwind.lu\/shop\/wp-content\/uploads\/2025\/08\/26409-160x160.jpg 160w, https:\/\/www.maisonschwind.lu\/shop\/wp-content\/uploads\/2025\/08\/26409.jpg 400w\" data-sizes=\"(max-width: 300px) 100vw, 300px\" \/>        <\/a>\n        <div class='sale-perc'>-35%<\/div>            <\/figure>\n            <div class=\"groups-button flex-middle justify-content-center\">\n                \n                                    <div class=\"view\">\n                        <a href=\"javascript:void(0);\" class=\"quickview\" data-product_id=\"56337\">\n                            <i class=\"ti-eye\"><\/i>\n                        <\/a>\n                    <\/div>\n                \n                \n            <\/div> \n        <\/div>\n        <div class=\"metas clearfix\">\n            <div class=\"flex\">\n                <div class=\"clearfix\">\n                            <div class=\"product-cat\">\n        <a href=\"https:\/\/www.maisonschwind.lu\/fr\/categorie-produit\/noel\/\">***DESTOCKAGE***<\/a>        <\/div>\n    \n                    <h3 class=\"name\"><a href=\"https:\/\/www.maisonschwind.lu\/fr\/produit\/panneau-housses-de-coussin-noel-26409\/\">Panneau housses de coussin &#8220;No\u00ebl&#8221; 26409<\/a><\/h3>\n                                    <\/div>\n                <div class=\"ali-right\">\n                        \n                <\/div>\n            <\/div>\n        <\/div>\n    <\/div>\n<\/div>\t\t\t<\/div>\n\t\t\t\t\t<div class=\"col-md-3 col-sm-4 col-xs-6 md-clearfix lg-clearfix  sm-clearfix  xs-clearfix  product type-product post-55803 status-publish first onbackorder product_cat-machines-combinees product_cat-offre-speciale-home product_tag-best-fr has-post-thumbnail sale taxable shipping-taxable purchasable product-type-simple\">\n\t\t\t \t<div class=\"product-block grid-v4\" data-product-id=\"55803\">\n    <div class=\"grid-inner\">\n        <div class=\"block-inner\">\n            <figure class=\"image\">\n                        <a title=\"Babylock Aspire\" href=\"https:\/\/www.maisonschwind.lu\/fr\/produit\/babylock-aspire\/\" class=\"product-image\">\n            <img loading=\"lazy\" width=\"300\" height=\"300\" src=\"data:image\/svg+xml;charset=utf-8,%3Csvg%20xmlns%3D&#039;http%3A%2F%2Fwww.w3.org%2F2000%2Fsvg&#039;%20viewBox%3D&#039;0%200%20300%20300&#039;%2F%3E\" class=\"attachment-woocommerce_thumbnail size-woocommerce_thumbnail image-effect unveil-image\" alt=\"\" data-src=\"https:\/\/www.maisonschwind.lu\/shop\/wp-content\/uploads\/2025\/08\/TO-SEE-IN-S.-300x300.png\" data-srcset=\"https:\/\/www.maisonschwind.lu\/shop\/wp-content\/uploads\/2025\/08\/TO-SEE-IN-S.-300x300.png 300w, https:\/\/www.maisonschwind.lu\/shop\/wp-content\/uploads\/2025\/08\/TO-SEE-IN-S.-150x150.png 150w, https:\/\/www.maisonschwind.lu\/shop\/wp-content\/uploads\/2025\/08\/TO-SEE-IN-S.-160x160.png 160w, https:\/\/www.maisonschwind.lu\/shop\/wp-content\/uploads\/2025\/08\/TO-SEE-IN-S..png 400w\" data-sizes=\"(max-width: 300px) 100vw, 300px\" \/><img loading=\"lazy\" width=\"300\" height=\"300\" src=\"data:image\/svg+xml;charset=utf-8,%3Csvg%20xmlns%3D&#039;http%3A%2F%2Fwww.w3.org%2F2000%2Fsvg&#039;%20viewBox%3D&#039;0%200%20300%20300&#039;%2F%3E\" class=\"attachment-woocommerce_thumbnail size-woocommerce_thumbnail image-hover unveil-image\" alt=\"\" data-src=\"https:\/\/www.maisonschwind.lu\/shop\/wp-content\/uploads\/2025\/08\/mTTxUx3w-300x300.png\" data-srcset=\"https:\/\/www.maisonschwind.lu\/shop\/wp-content\/uploads\/2025\/08\/mTTxUx3w-300x300.png 300w, https:\/\/www.maisonschwind.lu\/shop\/wp-content\/uploads\/2025\/08\/mTTxUx3w-150x150.png 150w, https:\/\/www.maisonschwind.lu\/shop\/wp-content\/uploads\/2025\/08\/mTTxUx3w-160x160.png 160w, https:\/\/www.maisonschwind.lu\/shop\/wp-content\/uploads\/2025\/08\/mTTxUx3w.png 400w\" data-sizes=\"(max-width: 300px) 100vw, 300px\" \/>        <\/a>\n        <div class='sale-perc'>-10%<\/div><span class=\"acoplw-badge acoplw-textBlock\"><span class=\"acoplw-badge-icon acoplw-bseight acoplwRightAlign acoplw-best-seller-custom\" style=\"opacity:1;width:60px;font-size:14px;line-height:px;height:60px;transform:rotateX(0deg) rotateY(0deg) rotateZ(0deg);top:20px;bottom:auto;background:rgba(255, 68, 103, 1);\"><span class=\"acoplw-blockText\" style=\"color:rgba(255, 255, 255, 1);\">BEST SELLER !<\/span><\/span><\/span>            <\/figure>\n            <div class=\"groups-button flex-middle justify-content-center\">\n                <span class=\"acoplw-badge acoplw-textBlock acoplw-elemBlock acoplw-badge-listing-hide\"><span class=\"acoplw-badge-icon acoplw-bseight acoplwRightAlign acoplw-best-seller-custom\" style=\"opacity:1;width:60px;font-size:14px;line-height:px;height:60px;transform:rotateX(0deg) rotateY(0deg) rotateZ(0deg);top:20px;bottom:auto;background:rgba(255, 68, 103, 1);\"><span class=\"acoplw-blockText\" style=\"color:rgba(255, 255, 255, 1);\">BEST SELLER !<\/span><\/span><\/span>\n                                    <div class=\"view\">\n                        <a href=\"javascript:void(0);\" class=\"quickview\" data-product_id=\"55803\">\n                            <i class=\"ti-eye\"><\/i>\n                        <\/a>\n                    <\/div>\n                \n                \n            <\/div> \n        <\/div>\n        <div class=\"metas clearfix\">\n            <div class=\"flex\">\n                <div class=\"clearfix\">\n                            <div class=\"product-cat\">\n        <a href=\"https:\/\/www.maisonschwind.lu\/fr\/categorie-produit\/machines-combinees\/\">COVERLOCK<\/a>        <\/div>\n    \n                    <h3 class=\"name\"><a href=\"https:\/\/www.maisonschwind.lu\/fr\/produit\/babylock-aspire\/\">Babylock Aspire<\/a><\/h3>\n                                    <\/div>\n                <div class=\"ali-right\">\n                        \n                <\/div>\n            <\/div>\n        <\/div>\n    <\/div>\n<\/div>\t\t\t<\/div>\n\t\t\t\t\t<div class=\"col-md-3 col-sm-4 col-xs-6 product type-product post-55766 status-publish instock product_cat-noel product_cat-jersey-fr product_cat-licences has-post-thumbnail sale taxable shipping-taxable purchasable product-type-simple\">\n\t\t\t \t<div class=\"product-block grid-v4\" data-product-id=\"55766\">\n    <div class=\"grid-inner\">\n        <div class=\"block-inner\">\n            <figure class=\"image\">\n                        <a title=\"French Terry Spider-man\u00a9 gris 207578.0001\" href=\"https:\/\/www.maisonschwind.lu\/fr\/produit\/french-terry-spider-man-gris-207578-0001\/\" class=\"product-image\">\n            <img loading=\"lazy\" width=\"300\" height=\"300\" src=\"data:image\/svg+xml;charset=utf-8,%3Csvg%20xmlns%3D&#039;http%3A%2F%2Fwww.w3.org%2F2000%2Fsvg&#039;%20viewBox%3D&#039;0%200%20300%20300&#039;%2F%3E\" class=\"attachment-woocommerce_thumbnail size-woocommerce_thumbnail image-effect unveil-image\" alt=\"\" data-src=\"https:\/\/www.maisonschwind.lu\/shop\/wp-content\/uploads\/2025\/07\/8653ef7f4daec1db019958dc4ff78943-300x300.jpg\" data-srcset=\"https:\/\/www.maisonschwind.lu\/shop\/wp-content\/uploads\/2025\/07\/8653ef7f4daec1db019958dc4ff78943-300x300.jpg 300w, https:\/\/www.maisonschwind.lu\/shop\/wp-content\/uploads\/2025\/07\/8653ef7f4daec1db019958dc4ff78943-150x150.jpg 150w, https:\/\/www.maisonschwind.lu\/shop\/wp-content\/uploads\/2025\/07\/8653ef7f4daec1db019958dc4ff78943-160x160.jpg 160w, https:\/\/www.maisonschwind.lu\/shop\/wp-content\/uploads\/2025\/07\/8653ef7f4daec1db019958dc4ff78943.jpg 400w\" data-sizes=\"(max-width: 300px) 100vw, 300px\" \/><img loading=\"lazy\" width=\"300\" height=\"300\" src=\"data:image\/svg+xml;charset=utf-8,%3Csvg%20xmlns%3D&#039;http%3A%2F%2Fwww.w3.org%2F2000%2Fsvg&#039;%20viewBox%3D&#039;0%200%20300%20300&#039;%2F%3E\" class=\"attachment-woocommerce_thumbnail size-woocommerce_thumbnail image-hover unveil-image\" alt=\"\" data-src=\"https:\/\/www.maisonschwind.lu\/shop\/wp-content\/uploads\/2025\/07\/d1bb75c6e24b8b971296bef79605d8b0-300x300.jpg\" data-srcset=\"https:\/\/www.maisonschwind.lu\/shop\/wp-content\/uploads\/2025\/07\/d1bb75c6e24b8b971296bef79605d8b0-300x300.jpg 300w, https:\/\/www.maisonschwind.lu\/shop\/wp-content\/uploads\/2025\/07\/d1bb75c6e24b8b971296bef79605d8b0-150x150.jpg 150w, https:\/\/www.maisonschwind.lu\/shop\/wp-content\/uploads\/2025\/07\/d1bb75c6e24b8b971296bef79605d8b0-160x160.jpg 160w, https:\/\/www.maisonschwind.lu\/shop\/wp-content\/uploads\/2025\/07\/d1bb75c6e24b8b971296bef79605d8b0.jpg 400w\" data-sizes=\"(max-width: 300px) 100vw, 300px\" \/>        <\/a>\n        <div class='sale-perc'>-25%<\/div>            <\/figure>\n            <div class=\"groups-button flex-middle justify-content-center\">\n                \n                                    <div class=\"view\">\n                        <a href=\"javascript:void(0);\" class=\"quickview\" data-product_id=\"55766\">\n                            <i class=\"ti-eye\"><\/i>\n                        <\/a>\n                    <\/div>\n                \n                \n            <\/div> \n        <\/div>\n        <div class=\"metas clearfix\">\n            <div class=\"flex\">\n                <div class=\"clearfix\">\n                            <div class=\"product-cat\">\n        <a href=\"https:\/\/www.maisonschwind.lu\/fr\/categorie-produit\/noel\/\">***DESTOCKAGE***<\/a>        <\/div>\n    \n                    <h3 class=\"name\"><a href=\"https:\/\/www.maisonschwind.lu\/fr\/produit\/french-terry-spider-man-gris-207578-0001\/\">French Terry Spider-man\u00a9 gris 207578.0001<\/a><\/h3>\n                                    <\/div>\n                <div class=\"ali-right\">\n                        \n                <\/div>\n            <\/div>\n        <\/div>\n    <\/div>\n<\/div>\t\t\t<\/div>\n\t\t\t\t\t<div class=\"col-md-3 col-sm-4 col-xs-6 xs-clearfix  product type-product post-53719 status-publish instock product_cat-offre-speciale-home product_cat-repassage_soin-du-linge has-post-thumbnail sale taxable shipping-taxable purchasable product-type-simple\">\n\t\t\t \t<div class=\"product-block grid-v4\" data-product-id=\"53719\">\n    <div class=\"grid-inner\">\n        <div class=\"block-inner\">\n            <figure class=\"image\">\n                        <a title=\"SAKURA IRON\" href=\"https:\/\/www.maisonschwind.lu\/fr\/produit\/sakura-iron\/\" class=\"product-image\">\n            <img loading=\"lazy\" width=\"300\" height=\"300\" src=\"data:image\/svg+xml;charset=utf-8,%3Csvg%20xmlns%3D&#039;http%3A%2F%2Fwww.w3.org%2F2000%2Fsvg&#039;%20viewBox%3D&#039;0%200%20300%20300&#039;%2F%3E\" class=\"attachment-woocommerce_thumbnail size-woocommerce_thumbnail image-effect unveil-image\" alt=\"\" data-src=\"https:\/\/www.maisonschwind.lu\/shop\/wp-content\/uploads\/2025\/06\/sakura-iron-2-300x300.jpg\" data-srcset=\"https:\/\/www.maisonschwind.lu\/shop\/wp-content\/uploads\/2025\/06\/sakura-iron-2-300x300.jpg 300w, https:\/\/www.maisonschwind.lu\/shop\/wp-content\/uploads\/2025\/06\/sakura-iron-2-150x150.jpg 150w, https:\/\/www.maisonschwind.lu\/shop\/wp-content\/uploads\/2025\/06\/sakura-iron-2-160x160.jpg 160w, https:\/\/www.maisonschwind.lu\/shop\/wp-content\/uploads\/2025\/06\/sakura-iron-2.jpg 400w\" data-sizes=\"(max-width: 300px) 100vw, 300px\" \/><img loading=\"lazy\" width=\"300\" height=\"300\" src=\"data:image\/svg+xml;charset=utf-8,%3Csvg%20xmlns%3D&#039;http%3A%2F%2Fwww.w3.org%2F2000%2Fsvg&#039;%20viewBox%3D&#039;0%200%20300%20300&#039;%2F%3E\" class=\"attachment-woocommerce_thumbnail size-woocommerce_thumbnail image-hover unveil-image\" alt=\"\" data-src=\"https:\/\/www.maisonschwind.lu\/shop\/wp-content\/uploads\/2025\/06\/sakura-iron-1-300x300.jpg\" data-srcset=\"https:\/\/www.maisonschwind.lu\/shop\/wp-content\/uploads\/2025\/06\/sakura-iron-1-300x300.jpg 300w, https:\/\/www.maisonschwind.lu\/shop\/wp-content\/uploads\/2025\/06\/sakura-iron-1-150x150.jpg 150w, https:\/\/www.maisonschwind.lu\/shop\/wp-content\/uploads\/2025\/06\/sakura-iron-1-160x160.jpg 160w, https:\/\/www.maisonschwind.lu\/shop\/wp-content\/uploads\/2025\/06\/sakura-iron-1.jpg 400w\" data-sizes=\"(max-width: 300px) 100vw, 300px\" \/>        <\/a>\n        <div class='sale-perc'>-40%<\/div>            <\/figure>\n            <div class=\"groups-button flex-middle justify-content-center\">\n                \n                                    <div class=\"view\">\n                        <a href=\"javascript:void(0);\" class=\"quickview\" data-product_id=\"53719\">\n                            <i class=\"ti-eye\"><\/i>\n                        <\/a>\n                    <\/div>\n                \n                \n            <\/div> \n        <\/div>\n        <div class=\"metas clearfix\">\n            <div class=\"flex\">\n                <div class=\"clearfix\">\n                            <div class=\"product-cat\">\n        <a href=\"https:\/\/www.maisonschwind.lu\/fr\/categorie-produit\/offre-speciale\/offre-speciale-home\/\">Offre sp\u00e9ciale-Home<\/a>        <\/div>\n    \n                    <h3 class=\"name\"><a href=\"https:\/\/www.maisonschwind.lu\/fr\/produit\/sakura-iron\/\">SAKURA IRON<\/a><\/h3>\n                                    <\/div>\n                <div class=\"ali-right\">\n                        \n                <\/div>\n            <\/div>\n        <\/div>\n    <\/div>\n<\/div>\t\t\t<\/div>\n\t\t\t\t\t<div class=\"col-md-3 col-sm-4 col-xs-6 sm-clearfix  product type-product post-53570 status-publish last onbackorder product_cat-bernina-fr product_cat-pieds-de-biche has-post-thumbnail sale taxable shipping-taxable purchasable product-type-simple\">\n\t\t\t \t<div class=\"product-block grid-v4\" data-product-id=\"53570\">\n    <div class=\"grid-inner\">\n        <div class=\"block-inner\">\n            <figure class=\"image\">\n                        <a title=\"Table rallonge quilt en plexiglas BERNINA 030129.72.06\" href=\"https:\/\/www.maisonschwind.lu\/fr\/produit\/table-rallonge-quilt-en-plexiglas-bernina-030129-72-06\/\" class=\"product-image\">\n            <img loading=\"lazy\" width=\"300\" height=\"300\" src=\"data:image\/svg+xml;charset=utf-8,%3Csvg%20xmlns%3D&#039;http%3A%2F%2Fwww.w3.org%2F2000%2Fsvg&#039;%20viewBox%3D&#039;0%200%20300%20300&#039;%2F%3E\" class=\"attachment-woocommerce_thumbnail size-woocommerce_thumbnail image-no-effect unveil-image\" alt=\"\" data-src=\"https:\/\/www.maisonschwind.lu\/shop\/wp-content\/uploads\/2025\/05\/030129.72.08_Quiltanschiebetisch-aus-Plexiglas_1-300x300.jpg\" data-srcset=\"https:\/\/www.maisonschwind.lu\/shop\/wp-content\/uploads\/2025\/05\/030129.72.08_Quiltanschiebetisch-aus-Plexiglas_1-300x300.jpg 300w, https:\/\/www.maisonschwind.lu\/shop\/wp-content\/uploads\/2025\/05\/030129.72.08_Quiltanschiebetisch-aus-Plexiglas_1-150x150.jpg 150w, https:\/\/www.maisonschwind.lu\/shop\/wp-content\/uploads\/2025\/05\/030129.72.08_Quiltanschiebetisch-aus-Plexiglas_1-160x160.jpg 160w, https:\/\/www.maisonschwind.lu\/shop\/wp-content\/uploads\/2025\/05\/030129.72.08_Quiltanschiebetisch-aus-Plexiglas_1.jpg 400w\" data-sizes=\"(max-width: 300px) 100vw, 300px\" \/>        <\/a>\n        <div class='sale-perc'>-15%<\/div>            <\/figure>\n            <div class=\"groups-button flex-middle justify-content-center\">\n                \n                                    <div class=\"view\">\n                        <a href=\"javascript:void(0);\" class=\"quickview\" data-product_id=\"53570\">\n                            <i class=\"ti-eye\"><\/i>\n                        <\/a>\n                    <\/div>\n                \n                \n            <\/div> \n        <\/div>\n        <div class=\"metas clearfix\">\n            <div class=\"flex\">\n                <div class=\"clearfix\">\n                            <div class=\"product-cat\">\n        <a href=\"https:\/\/www.maisonschwind.lu\/fr\/categorie-produit\/marques\/bernina-fr\/\">Bernina<\/a>        <\/div>\n    \n                    <h3 class=\"name\"><a href=\"https:\/\/www.maisonschwind.lu\/fr\/produit\/table-rallonge-quilt-en-plexiglas-bernina-030129-72-06\/\">Table rallonge quilt en plexiglas BERNINA 030129.72.06<\/a><\/h3>\n                                    <\/div>\n                <div class=\"ali-right\">\n                        \n                <\/div>\n            <\/div>\n        <\/div>\n    <\/div>\n<\/div>\t\t\t<\/div>\n\t\t\t\t\t<div class=\"col-md-3 col-sm-4 col-xs-6 md-clearfix lg-clearfix  xs-clearfix  product type-product post-53582 status-publish first onbackorder product_cat-bernina-fr product_cat-pieds-de-biche has-post-thumbnail sale taxable shipping-taxable purchasable product-type-simple\">\n\t\t\t \t<div class=\"product-block grid-v4\" data-product-id=\"53582\">\n    <div class=\"grid-inner\">\n        <div class=\"block-inner\">\n            <figure class=\"image\">\n                        <a title=\"Table rallonge quilt en plexiglas BERNINA 030129.70.11\" href=\"https:\/\/www.maisonschwind.lu\/fr\/produit\/table-rallonge-quilt-en-plexiglas-bernina-030129-70-11\/\" class=\"product-image\">\n            <img loading=\"lazy\" width=\"300\" height=\"300\" src=\"data:image\/svg+xml;charset=utf-8,%3Csvg%20xmlns%3D&#039;http%3A%2F%2Fwww.w3.org%2F2000%2Fsvg&#039;%20viewBox%3D&#039;0%200%20300%20300&#039;%2F%3E\" class=\"attachment-woocommerce_thumbnail size-woocommerce_thumbnail image-no-effect unveil-image\" alt=\"\" data-src=\"https:\/\/www.maisonschwind.lu\/shop\/wp-content\/uploads\/2025\/05\/030129.72.08_Quiltanschiebetisch-aus-Plexiglas_1-300x300.jpg\" data-srcset=\"https:\/\/www.maisonschwind.lu\/shop\/wp-content\/uploads\/2025\/05\/030129.72.08_Quiltanschiebetisch-aus-Plexiglas_1-300x300.jpg 300w, https:\/\/www.maisonschwind.lu\/shop\/wp-content\/uploads\/2025\/05\/030129.72.08_Quiltanschiebetisch-aus-Plexiglas_1-150x150.jpg 150w, https:\/\/www.maisonschwind.lu\/shop\/wp-content\/uploads\/2025\/05\/030129.72.08_Quiltanschiebetisch-aus-Plexiglas_1-160x160.jpg 160w, https:\/\/www.maisonschwind.lu\/shop\/wp-content\/uploads\/2025\/05\/030129.72.08_Quiltanschiebetisch-aus-Plexiglas_1.jpg 400w\" data-sizes=\"(max-width: 300px) 100vw, 300px\" \/>        <\/a>\n        <div class='sale-perc'>-15%<\/div>            <\/figure>\n            <div class=\"groups-button flex-middle justify-content-center\">\n                \n                                    <div class=\"view\">\n                        <a href=\"javascript:void(0);\" class=\"quickview\" data-product_id=\"53582\">\n                            <i class=\"ti-eye\"><\/i>\n                        <\/a>\n                    <\/div>\n                \n                \n            <\/div> \n        <\/div>\n        <div class=\"metas clearfix\">\n            <div class=\"flex\">\n                <div class=\"clearfix\">\n                            <div class=\"product-cat\">\n        <a href=\"https:\/\/www.maisonschwind.lu\/fr\/categorie-produit\/marques\/bernina-fr\/\">Bernina<\/a>        <\/div>\n    \n                    <h3 class=\"name\"><a href=\"https:\/\/www.maisonschwind.lu\/fr\/produit\/table-rallonge-quilt-en-plexiglas-bernina-030129-70-11\/\">Table rallonge quilt en plexiglas BERNINA 030129.70.11<\/a><\/h3>\n                                    <\/div>\n                <div class=\"ali-right\">\n                        \n                <\/div>\n            <\/div>\n        <\/div>\n    <\/div>\n<\/div>\t\t\t<\/div>\n\t\t\t\t\t<div class=\"col-md-3 col-sm-4 col-xs-6 product type-product post-53592 status-publish onbackorder product_cat-bernina-fr product_cat-pieds-de-biche has-post-thumbnail sale taxable shipping-taxable purchasable product-type-simple\">\n\t\t\t \t<div class=\"product-block grid-v4\" data-product-id=\"53592\">\n    <div class=\"grid-inner\">\n        <div class=\"block-inner\">\n            <figure class=\"image\">\n                        <a title=\"Table rallonge quilt en plexiglas BERNINA 030129.70.10\" href=\"https:\/\/www.maisonschwind.lu\/fr\/produit\/table-rallonge-quilt-en-plexiglas-bernina-030129-70-10\/\" class=\"product-image\">\n            <img loading=\"lazy\" width=\"300\" height=\"300\" src=\"data:image\/svg+xml;charset=utf-8,%3Csvg%20xmlns%3D&#039;http%3A%2F%2Fwww.w3.org%2F2000%2Fsvg&#039;%20viewBox%3D&#039;0%200%20300%20300&#039;%2F%3E\" class=\"attachment-woocommerce_thumbnail size-woocommerce_thumbnail image-no-effect unveil-image\" alt=\"\" data-src=\"https:\/\/www.maisonschwind.lu\/shop\/wp-content\/uploads\/2025\/05\/030129.72.08_Quiltanschiebetisch-aus-Plexiglas_1-300x300.jpg\" data-srcset=\"https:\/\/www.maisonschwind.lu\/shop\/wp-content\/uploads\/2025\/05\/030129.72.08_Quiltanschiebetisch-aus-Plexiglas_1-300x300.jpg 300w, https:\/\/www.maisonschwind.lu\/shop\/wp-content\/uploads\/2025\/05\/030129.72.08_Quiltanschiebetisch-aus-Plexiglas_1-150x150.jpg 150w, https:\/\/www.maisonschwind.lu\/shop\/wp-content\/uploads\/2025\/05\/030129.72.08_Quiltanschiebetisch-aus-Plexiglas_1-160x160.jpg 160w, https:\/\/www.maisonschwind.lu\/shop\/wp-content\/uploads\/2025\/05\/030129.72.08_Quiltanschiebetisch-aus-Plexiglas_1.jpg 400w\" data-sizes=\"(max-width: 300px) 100vw, 300px\" \/>        <\/a>\n        <div class='sale-perc'>-15%<\/div>            <\/figure>\n            <div class=\"groups-button flex-middle justify-content-center\">\n                \n                                    <div class=\"view\">\n                        <a href=\"javascript:void(0);\" class=\"quickview\" data-product_id=\"53592\">\n                            <i class=\"ti-eye\"><\/i>\n                        <\/a>\n                    <\/div>\n                \n                \n            <\/div> \n        <\/div>\n        <div class=\"metas clearfix\">\n            <div class=\"flex\">\n                <div class=\"clearfix\">\n                            <div class=\"product-cat\">\n        <a href=\"https:\/\/www.maisonschwind.lu\/fr\/categorie-produit\/marques\/bernina-fr\/\">Bernina<\/a>        <\/div>\n    \n                    <h3 class=\"name\"><a href=\"https:\/\/www.maisonschwind.lu\/fr\/produit\/table-rallonge-quilt-en-plexiglas-bernina-030129-70-10\/\">Table rallonge quilt en plexiglas BERNINA 030129.70.10<\/a><\/h3>\n                                    <\/div>\n                <div class=\"ali-right\">\n                        \n                <\/div>\n            <\/div>\n        <\/div>\n    <\/div>\n<\/div>\t\t\t<\/div>\n\t\t\t\t\t<div class=\"col-md-3 col-sm-4 col-xs-6 sm-clearfix  xs-clearfix  product type-product post-53603 status-publish onbackorder product_cat-bernina-fr product_cat-pieds-de-biche has-post-thumbnail sale taxable shipping-taxable purchasable product-type-simple\">\n\t\t\t \t<div class=\"product-block grid-v4\" data-product-id=\"53603\">\n    <div class=\"grid-inner\">\n        <div class=\"block-inner\">\n            <figure class=\"image\">\n                        <a title=\"Table rallonge quilt en plexiglas BERNINA 030129.72.08\" href=\"https:\/\/www.maisonschwind.lu\/fr\/produit\/table-rallonge-quilt-en-plexiglas-bernina-030129-72-08\/\" class=\"product-image\">\n            <img loading=\"lazy\" width=\"300\" height=\"300\" src=\"data:image\/svg+xml;charset=utf-8,%3Csvg%20xmlns%3D&#039;http%3A%2F%2Fwww.w3.org%2F2000%2Fsvg&#039;%20viewBox%3D&#039;0%200%20300%20300&#039;%2F%3E\" class=\"attachment-woocommerce_thumbnail size-woocommerce_thumbnail image-no-effect unveil-image\" alt=\"\" data-src=\"https:\/\/www.maisonschwind.lu\/shop\/wp-content\/uploads\/2025\/05\/030129.72.08_Quiltanschiebetisch-aus-Plexiglas_1-300x300.jpg\" data-srcset=\"https:\/\/www.maisonschwind.lu\/shop\/wp-content\/uploads\/2025\/05\/030129.72.08_Quiltanschiebetisch-aus-Plexiglas_1-300x300.jpg 300w, https:\/\/www.maisonschwind.lu\/shop\/wp-content\/uploads\/2025\/05\/030129.72.08_Quiltanschiebetisch-aus-Plexiglas_1-150x150.jpg 150w, https:\/\/www.maisonschwind.lu\/shop\/wp-content\/uploads\/2025\/05\/030129.72.08_Quiltanschiebetisch-aus-Plexiglas_1-160x160.jpg 160w, https:\/\/www.maisonschwind.lu\/shop\/wp-content\/uploads\/2025\/05\/030129.72.08_Quiltanschiebetisch-aus-Plexiglas_1.jpg 400w\" data-sizes=\"(max-width: 300px) 100vw, 300px\" \/>        <\/a>\n        <div class='sale-perc'>-15%<\/div>            <\/figure>\n            <div class=\"groups-button flex-middle justify-content-center\">\n                \n                                    <div class=\"view\">\n                        <a href=\"javascript:void(0);\" class=\"quickview\" data-product_id=\"53603\">\n                            <i class=\"ti-eye\"><\/i>\n                        <\/a>\n                    <\/div>\n                \n                \n            <\/div> \n        <\/div>\n        <div class=\"metas clearfix\">\n            <div class=\"flex\">\n                <div class=\"clearfix\">\n                            <div class=\"product-cat\">\n        <a href=\"https:\/\/www.maisonschwind.lu\/fr\/categorie-produit\/marques\/bernina-fr\/\">Bernina<\/a>        <\/div>\n    \n                    <h3 class=\"name\"><a href=\"https:\/\/www.maisonschwind.lu\/fr\/produit\/table-rallonge-quilt-en-plexiglas-bernina-030129-72-08\/\">Table rallonge quilt en plexiglas BERNINA 030129.72.08<\/a><\/h3>\n                                    <\/div>\n                <div class=\"ali-right\">\n                        \n                <\/div>\n            <\/div>\n        <\/div>\n    <\/div>\n<\/div>\t\t\t<\/div>\n\t\t\t\t\t<div class=\"col-md-3 col-sm-4 col-xs-6 product type-product post-53613 status-publish last onbackorder product_cat-bernina-fr product_cat-pieds-de-biche has-post-thumbnail sale taxable shipping-taxable purchasable product-type-simple\">\n\t\t\t \t<div class=\"product-block grid-v4\" data-product-id=\"53613\">\n    <div class=\"grid-inner\">\n        <div class=\"block-inner\">\n            <figure class=\"image\">\n                        <a title=\"Table rallonge quilt en plexiglas BERNINA 030129.72.04\" href=\"https:\/\/www.maisonschwind.lu\/fr\/produit\/table-rallonge-quilt-en-plexiglas-bernina-030129-72-04\/\" class=\"product-image\">\n            <img loading=\"lazy\" width=\"300\" height=\"300\" src=\"data:image\/svg+xml;charset=utf-8,%3Csvg%20xmlns%3D&#039;http%3A%2F%2Fwww.w3.org%2F2000%2Fsvg&#039;%20viewBox%3D&#039;0%200%20300%20300&#039;%2F%3E\" class=\"attachment-woocommerce_thumbnail size-woocommerce_thumbnail image-no-effect unveil-image\" alt=\"\" data-src=\"https:\/\/www.maisonschwind.lu\/shop\/wp-content\/uploads\/2025\/05\/030129.72.08_Quiltanschiebetisch-aus-Plexiglas_1-300x300.jpg\" data-srcset=\"https:\/\/www.maisonschwind.lu\/shop\/wp-content\/uploads\/2025\/05\/030129.72.08_Quiltanschiebetisch-aus-Plexiglas_1-300x300.jpg 300w, https:\/\/www.maisonschwind.lu\/shop\/wp-content\/uploads\/2025\/05\/030129.72.08_Quiltanschiebetisch-aus-Plexiglas_1-150x150.jpg 150w, https:\/\/www.maisonschwind.lu\/shop\/wp-content\/uploads\/2025\/05\/030129.72.08_Quiltanschiebetisch-aus-Plexiglas_1-160x160.jpg 160w, https:\/\/www.maisonschwind.lu\/shop\/wp-content\/uploads\/2025\/05\/030129.72.08_Quiltanschiebetisch-aus-Plexiglas_1.jpg 400w\" data-sizes=\"(max-width: 300px) 100vw, 300px\" \/>        <\/a>\n        <div class='sale-perc'>-16%<\/div>            <\/figure>\n            <div class=\"groups-button flex-middle justify-content-center\">\n                \n                                    <div class=\"view\">\n                        <a href=\"javascript:void(0);\" class=\"quickview\" data-product_id=\"53613\">\n                            <i class=\"ti-eye\"><\/i>\n                        <\/a>\n                    <\/div>\n                \n                \n            <\/div> \n        <\/div>\n        <div class=\"metas clearfix\">\n            <div class=\"flex\">\n                <div class=\"clearfix\">\n                            <div class=\"product-cat\">\n        <a href=\"https:\/\/www.maisonschwind.lu\/fr\/categorie-produit\/marques\/bernina-fr\/\">Bernina<\/a>        <\/div>\n    \n                    <h3 class=\"name\"><a href=\"https:\/\/www.maisonschwind.lu\/fr\/produit\/table-rallonge-quilt-en-plexiglas-bernina-030129-72-04\/\">Table rallonge quilt en plexiglas BERNINA 030129.72.04<\/a><\/h3>\n                                    <\/div>\n                <div class=\"ali-right\">\n                        \n                <\/div>\n            <\/div>\n        <\/div>\n    <\/div>\n<\/div>\t\t\t<\/div>\n\t\t\t\t\t<div class=\"col-md-3 col-sm-4 col-xs-6 md-clearfix lg-clearfix  xs-clearfix  product type-product post-53623 status-publish first onbackorder product_cat-bernina-fr product_cat-pieds-de-biche has-post-thumbnail sale taxable shipping-taxable purchasable product-type-simple\">\n\t\t\t \t<div class=\"product-block grid-v4\" data-product-id=\"53623\">\n    <div class=\"grid-inner\">\n        <div class=\"block-inner\">\n            <figure class=\"image\">\n                        <a title=\"Table rallonge quilt en plexiglas BERNINA 030129.72.09\" href=\"https:\/\/www.maisonschwind.lu\/fr\/produit\/table-rallonge-quilt-en-plexiglas-bernina-030129-72-09\/\" class=\"product-image\">\n            <img loading=\"lazy\" width=\"300\" height=\"300\" src=\"data:image\/svg+xml;charset=utf-8,%3Csvg%20xmlns%3D&#039;http%3A%2F%2Fwww.w3.org%2F2000%2Fsvg&#039;%20viewBox%3D&#039;0%200%20300%20300&#039;%2F%3E\" class=\"attachment-woocommerce_thumbnail size-woocommerce_thumbnail image-no-effect unveil-image\" alt=\"\" data-src=\"https:\/\/www.maisonschwind.lu\/shop\/wp-content\/uploads\/2025\/05\/030129.72.08_Quiltanschiebetisch-aus-Plexiglas_1-300x300.jpg\" data-srcset=\"https:\/\/www.maisonschwind.lu\/shop\/wp-content\/uploads\/2025\/05\/030129.72.08_Quiltanschiebetisch-aus-Plexiglas_1-300x300.jpg 300w, https:\/\/www.maisonschwind.lu\/shop\/wp-content\/uploads\/2025\/05\/030129.72.08_Quiltanschiebetisch-aus-Plexiglas_1-150x150.jpg 150w, https:\/\/www.maisonschwind.lu\/shop\/wp-content\/uploads\/2025\/05\/030129.72.08_Quiltanschiebetisch-aus-Plexiglas_1-160x160.jpg 160w, https:\/\/www.maisonschwind.lu\/shop\/wp-content\/uploads\/2025\/05\/030129.72.08_Quiltanschiebetisch-aus-Plexiglas_1.jpg 400w\" data-sizes=\"(max-width: 300px) 100vw, 300px\" \/>        <\/a>\n        <div class='sale-perc'>-15%<\/div>            <\/figure>\n            <div class=\"groups-button flex-middle justify-content-center\">\n                \n                                    <div class=\"view\">\n                        <a href=\"javascript:void(0);\" class=\"quickview\" data-product_id=\"53623\">\n                            <i class=\"ti-eye\"><\/i>\n                        <\/a>\n                    <\/div>\n                \n                \n            <\/div> \n        <\/div>\n        <div class=\"metas clearfix\">\n            <div class=\"flex\">\n                <div class=\"clearfix\">\n                            <div class=\"product-cat\">\n        <a href=\"https:\/\/www.maisonschwind.lu\/fr\/categorie-produit\/marques\/bernina-fr\/\">Bernina<\/a>        <\/div>\n    \n                    <h3 class=\"name\"><a href=\"https:\/\/www.maisonschwind.lu\/fr\/produit\/table-rallonge-quilt-en-plexiglas-bernina-030129-72-09\/\">Table rallonge quilt en plexiglas BERNINA 030129.72.09<\/a><\/h3>\n                                    <\/div>\n                <div class=\"ali-right\">\n                        \n                <\/div>\n            <\/div>\n        <\/div>\n    <\/div>\n<\/div>\t\t\t<\/div>\n\t\t\t\t\t<div class=\"col-md-3 col-sm-4 col-xs-6 sm-clearfix  product type-product post-53633 status-publish onbackorder product_cat-bernina-fr product_cat-pieds-de-biche has-post-thumbnail sale taxable shipping-taxable purchasable product-type-simple\">\n\t\t\t \t<div class=\"product-block grid-v4\" data-product-id=\"53633\">\n    <div class=\"grid-inner\">\n        <div class=\"block-inner\">\n            <figure class=\"image\">\n                        <a title=\"But\u00e9e guide-lisi\u00e8res sur la table rallonge BERNINA 032527.71.00\" href=\"https:\/\/www.maisonschwind.lu\/fr\/produit\/butee-guide-lisieres-sur-la-table-rallonge-bernina-032527-71-00\/\" class=\"product-image\">\n            <img loading=\"lazy\" width=\"300\" height=\"300\" src=\"data:image\/svg+xml;charset=utf-8,%3Csvg%20xmlns%3D&#039;http%3A%2F%2Fwww.w3.org%2F2000%2Fsvg&#039;%20viewBox%3D&#039;0%200%20300%20300&#039;%2F%3E\" class=\"attachment-woocommerce_thumbnail size-woocommerce_thumbnail image-no-effect unveil-image\" alt=\"\" data-src=\"https:\/\/www.maisonschwind.lu\/shop\/wp-content\/uploads\/2025\/05\/kantenanschlag-ng_1-300x300.jpg\" data-srcset=\"https:\/\/www.maisonschwind.lu\/shop\/wp-content\/uploads\/2025\/05\/kantenanschlag-ng_1-300x300.jpg 300w, https:\/\/www.maisonschwind.lu\/shop\/wp-content\/uploads\/2025\/05\/kantenanschlag-ng_1-150x150.jpg 150w, https:\/\/www.maisonschwind.lu\/shop\/wp-content\/uploads\/2025\/05\/kantenanschlag-ng_1-160x160.jpg 160w, https:\/\/www.maisonschwind.lu\/shop\/wp-content\/uploads\/2025\/05\/kantenanschlag-ng_1.jpg 400w\" data-sizes=\"(max-width: 300px) 100vw, 300px\" \/>        <\/a>\n        <div class='sale-perc'>-10%<\/div>            <\/figure>\n            <div class=\"groups-button flex-middle justify-content-center\">\n                \n                                    <div class=\"view\">\n                        <a href=\"javascript:void(0);\" class=\"quickview\" data-product_id=\"53633\">\n                            <i class=\"ti-eye\"><\/i>\n                        <\/a>\n                    <\/div>\n                \n                \n            <\/div> \n        <\/div>\n        <div class=\"metas clearfix\">\n            <div class=\"flex\">\n                <div class=\"clearfix\">\n                            <div class=\"product-cat\">\n        <a href=\"https:\/\/www.maisonschwind.lu\/fr\/categorie-produit\/marques\/bernina-fr\/\">Bernina<\/a>        <\/div>\n    \n                    <h3 class=\"name\"><a href=\"https:\/\/www.maisonschwind.lu\/fr\/produit\/butee-guide-lisieres-sur-la-table-rallonge-bernina-032527-71-00\/\">But\u00e9e guide-lisi\u00e8res sur la table rallonge BERNINA 032527.71.00<\/a><\/h3>\n                                    <\/div>\n                <div class=\"ali-right\">\n                        \n                <\/div>\n            <\/div>\n        <\/div>\n    <\/div>\n<\/div>\t\t\t<\/div>\n\t\t\t\t\t<div class=\"col-md-3 col-sm-4 col-xs-6 xs-clearfix  product type-product post-53645 status-publish onbackorder product_cat-bernina-fr product_cat-pieds-de-biche has-post-thumbnail sale taxable shipping-taxable purchasable product-type-simple\">\n\t\t\t \t<div class=\"product-block grid-v4\" data-product-id=\"53645\">\n    <div class=\"grid-inner\">\n        <div class=\"block-inner\">\n            <figure class=\"image\">\n                        <a title=\"But\u00e9e guide-lisi\u00e8res sur la table rallonge BERNINA 030726.70.00\" href=\"https:\/\/www.maisonschwind.lu\/fr\/produit\/butee-guide-lisieres-sur-la-table-rallonge-bernina-030726-70-00\/\" class=\"product-image\">\n            <img loading=\"lazy\" width=\"300\" height=\"300\" src=\"data:image\/svg+xml;charset=utf-8,%3Csvg%20xmlns%3D&#039;http%3A%2F%2Fwww.w3.org%2F2000%2Fsvg&#039;%20viewBox%3D&#039;0%200%20300%20300&#039;%2F%3E\" class=\"attachment-woocommerce_thumbnail size-woocommerce_thumbnail image-no-effect unveil-image\" alt=\"\" data-src=\"https:\/\/www.maisonschwind.lu\/shop\/wp-content\/uploads\/2025\/05\/kantenanschlag-ng_1-300x300.jpg\" data-srcset=\"https:\/\/www.maisonschwind.lu\/shop\/wp-content\/uploads\/2025\/05\/kantenanschlag-ng_1-300x300.jpg 300w, https:\/\/www.maisonschwind.lu\/shop\/wp-content\/uploads\/2025\/05\/kantenanschlag-ng_1-150x150.jpg 150w, https:\/\/www.maisonschwind.lu\/shop\/wp-content\/uploads\/2025\/05\/kantenanschlag-ng_1-160x160.jpg 160w, https:\/\/www.maisonschwind.lu\/shop\/wp-content\/uploads\/2025\/05\/kantenanschlag-ng_1.jpg 400w\" data-sizes=\"(max-width: 300px) 100vw, 300px\" \/>        <\/a>\n        <div class='sale-perc'>-10%<\/div>            <\/figure>\n            <div class=\"groups-button flex-middle justify-content-center\">\n                \n                                    <div class=\"view\">\n                        <a href=\"javascript:void(0);\" class=\"quickview\" data-product_id=\"53645\">\n                            <i class=\"ti-eye\"><\/i>\n                        <\/a>\n                    <\/div>\n                \n                \n            <\/div> \n        <\/div>\n        <div class=\"metas clearfix\">\n            <div class=\"flex\">\n                <div class=\"clearfix\">\n                            <div class=\"product-cat\">\n        <a href=\"https:\/\/www.maisonschwind.lu\/fr\/categorie-produit\/marques\/bernina-fr\/\">Bernina<\/a>        <\/div>\n    \n                    <h3 class=\"name\"><a href=\"https:\/\/www.maisonschwind.lu\/fr\/produit\/butee-guide-lisieres-sur-la-table-rallonge-bernina-030726-70-00\/\">But\u00e9e guide-lisi\u00e8res sur la table rallonge BERNINA 030726.70.00<\/a><\/h3>\n                                    <\/div>\n                <div class=\"ali-right\">\n                        \n                <\/div>\n            <\/div>\n        <\/div>\n    <\/div>\n<\/div>\t\t\t<\/div>\n\t\t\t\t\t<div class=\"col-md-3 col-sm-4 col-xs-6 product type-product post-53655 status-publish last onbackorder product_cat-bernina-fr product_cat-pieds-de-biche has-post-thumbnail sale taxable shipping-taxable purchasable product-type-simple\">\n\t\t\t \t<div class=\"product-block grid-v4\" data-product-id=\"53655\">\n    <div class=\"grid-inner\">\n        <div class=\"block-inner\">\n            <figure class=\"image\">\n                        <a title=\"But\u00e9e guide-lisi\u00e8res sur la table rallonge BERNINA 033046.70.00\" href=\"https:\/\/www.maisonschwind.lu\/fr\/produit\/butee-guide-lisieres-sur-la-table-rallonge-bernina-033046-70-00\/\" class=\"product-image\">\n            <img loading=\"lazy\" width=\"300\" height=\"300\" src=\"data:image\/svg+xml;charset=utf-8,%3Csvg%20xmlns%3D&#039;http%3A%2F%2Fwww.w3.org%2F2000%2Fsvg&#039;%20viewBox%3D&#039;0%200%20300%20300&#039;%2F%3E\" class=\"attachment-woocommerce_thumbnail size-woocommerce_thumbnail image-no-effect unveil-image\" alt=\"\" data-src=\"https:\/\/www.maisonschwind.lu\/shop\/wp-content\/uploads\/2025\/05\/kantenanschlag-ng_1-300x300.jpg\" data-srcset=\"https:\/\/www.maisonschwind.lu\/shop\/wp-content\/uploads\/2025\/05\/kantenanschlag-ng_1-300x300.jpg 300w, https:\/\/www.maisonschwind.lu\/shop\/wp-content\/uploads\/2025\/05\/kantenanschlag-ng_1-150x150.jpg 150w, https:\/\/www.maisonschwind.lu\/shop\/wp-content\/uploads\/2025\/05\/kantenanschlag-ng_1-160x160.jpg 160w, https:\/\/www.maisonschwind.lu\/shop\/wp-content\/uploads\/2025\/05\/kantenanschlag-ng_1.jpg 400w\" data-sizes=\"(max-width: 300px) 100vw, 300px\" \/>        <\/a>\n        <div class='sale-perc'>-10%<\/div>            <\/figure>\n            <div class=\"groups-button flex-middle justify-content-center\">\n                \n                                    <div class=\"view\">\n                        <a href=\"javascript:void(0);\" class=\"quickview\" data-product_id=\"53655\">\n                            <i class=\"ti-eye\"><\/i>\n                        <\/a>\n                    <\/div>\n                \n                \n            <\/div> \n        <\/div>\n        <div class=\"metas clearfix\">\n            <div class=\"flex\">\n                <div class=\"clearfix\">\n                            <div class=\"product-cat\">\n        <a href=\"https:\/\/www.maisonschwind.lu\/fr\/categorie-produit\/marques\/bernina-fr\/\">Bernina<\/a>        <\/div>\n    \n                    <h3 class=\"name\"><a href=\"https:\/\/www.maisonschwind.lu\/fr\/produit\/butee-guide-lisieres-sur-la-table-rallonge-bernina-033046-70-00\/\">But\u00e9e guide-lisi\u00e8res sur la table rallonge BERNINA 033046.70.00<\/a><\/h3>\n                                    <\/div>\n                <div class=\"ali-right\">\n                        \n                <\/div>\n            <\/div>\n        <\/div>\n    <\/div>\n<\/div>\t\t\t<\/div>\n\t\t\t\t\t<div class=\"col-md-3 col-sm-4 col-xs-6 md-clearfix lg-clearfix  sm-clearfix  xs-clearfix  product type-product post-53420 status-publish first onbackorder product_cat-bernina-fr product_cat-pieds-de-biche has-post-thumbnail sale taxable shipping-taxable purchasable product-type-simple\">\n\t\t\t \t<div class=\"product-block grid-v4\" data-product-id=\"53420\">\n    <div class=\"grid-inner\">\n        <div class=\"block-inner\">\n            <figure class=\"image\">\n                        <a title=\"Table rallonge BERNINA 103285.70.00\" href=\"https:\/\/www.maisonschwind.lu\/fr\/produit\/table-rallonge-bernina-103285-70-00\/\" class=\"product-image\">\n            <img loading=\"lazy\" width=\"300\" height=\"300\" src=\"data:image\/svg+xml;charset=utf-8,%3Csvg%20xmlns%3D&#039;http%3A%2F%2Fwww.w3.org%2F2000%2Fsvg&#039;%20viewBox%3D&#039;0%200%20300%20300&#039;%2F%3E\" class=\"attachment-woocommerce_thumbnail size-woocommerce_thumbnail image-no-effect unveil-image\" alt=\"\" data-src=\"https:\/\/www.maisonschwind.lu\/shop\/wp-content\/uploads\/2025\/05\/103\u2009285\u200970\u200900-300x300.jpeg\" data-srcset=\"https:\/\/www.maisonschwind.lu\/shop\/wp-content\/uploads\/2025\/05\/103\u2009285\u200970\u200900-300x300.jpeg 300w, https:\/\/www.maisonschwind.lu\/shop\/wp-content\/uploads\/2025\/05\/103\u2009285\u200970\u200900-150x150.jpeg 150w, https:\/\/www.maisonschwind.lu\/shop\/wp-content\/uploads\/2025\/05\/103\u2009285\u200970\u200900-160x160.jpeg 160w, https:\/\/www.maisonschwind.lu\/shop\/wp-content\/uploads\/2025\/05\/103\u2009285\u200970\u200900.jpeg 400w\" data-sizes=\"(max-width: 300px) 100vw, 300px\" \/>        <\/a>\n        <div class='sale-perc'>-10%<\/div>            <\/figure>\n            <div class=\"groups-button flex-middle justify-content-center\">\n                \n                                    <div class=\"view\">\n                        <a href=\"javascript:void(0);\" class=\"quickview\" data-product_id=\"53420\">\n                            <i class=\"ti-eye\"><\/i>\n                        <\/a>\n                    <\/div>\n                \n                \n            <\/div> \n        <\/div>\n        <div class=\"metas clearfix\">\n            <div class=\"flex\">\n                <div class=\"clearfix\">\n                            <div class=\"product-cat\">\n        <a href=\"https:\/\/www.maisonschwind.lu\/fr\/categorie-produit\/marques\/bernina-fr\/\">Bernina<\/a>        <\/div>\n    \n                    <h3 class=\"name\"><a href=\"https:\/\/www.maisonschwind.lu\/fr\/produit\/table-rallonge-bernina-103285-70-00\/\">Table rallonge BERNINA 103285.70.00<\/a><\/h3>\n                                    <\/div>\n                <div class=\"ali-right\">\n                        \n                <\/div>\n            <\/div>\n        <\/div>\n    <\/div>\n<\/div>\t\t\t<\/div>\n\t\t\t\t\t<div class=\"col-md-3 col-sm-4 col-xs-6 product type-product post-53432 status-publish onbackorder product_cat-bernina-fr product_cat-pieds-de-biche has-post-thumbnail sale taxable shipping-taxable purchasable product-type-simple\">\n\t\t\t \t<div class=\"product-block grid-v4\" data-product-id=\"53432\">\n    <div class=\"grid-inner\">\n        <div class=\"block-inner\">\n            <figure class=\"image\">\n                        <a title=\"Table rallonge BERNINA 031846.72.00\" href=\"https:\/\/www.maisonschwind.lu\/fr\/produit\/table-rallonge-bernina-031846-72-00\/\" class=\"product-image\">\n            <img loading=\"lazy\" width=\"300\" height=\"300\" src=\"data:image\/svg+xml;charset=utf-8,%3Csvg%20xmlns%3D&#039;http%3A%2F%2Fwww.w3.org%2F2000%2Fsvg&#039;%20viewBox%3D&#039;0%200%20300%20300&#039;%2F%3E\" class=\"attachment-woocommerce_thumbnail size-woocommerce_thumbnail image-no-effect unveil-image\" alt=\"\" data-src=\"https:\/\/www.maisonschwind.lu\/shop\/wp-content\/uploads\/2025\/05\/Bernina_Anschiebetisch_1-300x300.jpg\" data-srcset=\"https:\/\/www.maisonschwind.lu\/shop\/wp-content\/uploads\/2025\/05\/Bernina_Anschiebetisch_1-300x300.jpg 300w, https:\/\/www.maisonschwind.lu\/shop\/wp-content\/uploads\/2025\/05\/Bernina_Anschiebetisch_1-150x150.jpg 150w, https:\/\/www.maisonschwind.lu\/shop\/wp-content\/uploads\/2025\/05\/Bernina_Anschiebetisch_1-160x160.jpg 160w, https:\/\/www.maisonschwind.lu\/shop\/wp-content\/uploads\/2025\/05\/Bernina_Anschiebetisch_1.jpg 400w\" data-sizes=\"(max-width: 300px) 100vw, 300px\" \/>        <\/a>\n        <div class='sale-perc'>-15%<\/div>            <\/figure>\n            <div class=\"groups-button flex-middle justify-content-center\">\n                \n                                    <div class=\"view\">\n                        <a href=\"javascript:void(0);\" class=\"quickview\" data-product_id=\"53432\">\n                            <i class=\"ti-eye\"><\/i>\n                        <\/a>\n                    <\/div>\n                \n                \n            <\/div> \n        <\/div>\n        <div class=\"metas clearfix\">\n            <div class=\"flex\">\n                <div class=\"clearfix\">\n                            <div class=\"product-cat\">\n        <a href=\"https:\/\/www.maisonschwind.lu\/fr\/categorie-produit\/marques\/bernina-fr\/\">Bernina<\/a>        <\/div>\n    \n                    <h3 class=\"name\"><a href=\"https:\/\/www.maisonschwind.lu\/fr\/produit\/table-rallonge-bernina-031846-72-00\/\">Table rallonge BERNINA 031846.72.00<\/a><\/h3>\n                                    <\/div>\n                <div class=\"ali-right\">\n                        \n                <\/div>\n            <\/div>\n        <\/div>\n    <\/div>\n<\/div>\t\t\t<\/div>\n\t\t\t\t\t<div class=\"col-md-3 col-sm-4 col-xs-6 xs-clearfix  product type-product post-53442 status-publish onbackorder product_cat-bernina-fr product_cat-pieds-de-biche has-post-thumbnail sale taxable shipping-taxable purchasable product-type-simple\">\n\t\t\t \t<div class=\"product-block grid-v4\" data-product-id=\"53442\">\n    <div class=\"grid-inner\">\n        <div class=\"block-inner\">\n            <figure class=\"image\">\n                        <a title=\"Table rallonge BERNINA 103493.71.00\" href=\"https:\/\/www.maisonschwind.lu\/fr\/produit\/table-rallonge-bernina-103493-71-00\/\" class=\"product-image\">\n            <img loading=\"lazy\" width=\"300\" height=\"300\" src=\"data:image\/svg+xml;charset=utf-8,%3Csvg%20xmlns%3D&#039;http%3A%2F%2Fwww.w3.org%2F2000%2Fsvg&#039;%20viewBox%3D&#039;0%200%20300%20300&#039;%2F%3E\" class=\"attachment-woocommerce_thumbnail size-woocommerce_thumbnail image-no-effect unveil-image\" alt=\"\" data-src=\"https:\/\/www.maisonschwind.lu\/shop\/wp-content\/uploads\/2025\/05\/Bernina_Anschiebetisch_1-300x300.jpg\" data-srcset=\"https:\/\/www.maisonschwind.lu\/shop\/wp-content\/uploads\/2025\/05\/Bernina_Anschiebetisch_1-300x300.jpg 300w, https:\/\/www.maisonschwind.lu\/shop\/wp-content\/uploads\/2025\/05\/Bernina_Anschiebetisch_1-150x150.jpg 150w, https:\/\/www.maisonschwind.lu\/shop\/wp-content\/uploads\/2025\/05\/Bernina_Anschiebetisch_1-160x160.jpg 160w, https:\/\/www.maisonschwind.lu\/shop\/wp-content\/uploads\/2025\/05\/Bernina_Anschiebetisch_1.jpg 400w\" data-sizes=\"(max-width: 300px) 100vw, 300px\" \/>        <\/a>\n        <div class='sale-perc'>-10%<\/div>            <\/figure>\n            <div class=\"groups-button flex-middle justify-content-center\">\n                \n                                    <div class=\"view\">\n                        <a href=\"javascript:void(0);\" class=\"quickview\" data-product_id=\"53442\">\n                            <i class=\"ti-eye\"><\/i>\n                        <\/a>\n                    <\/div>\n                \n                \n            <\/div> \n        <\/div>\n        <div class=\"metas clearfix\">\n            <div class=\"flex\">\n                <div class=\"clearfix\">\n                            <div class=\"product-cat\">\n        <a href=\"https:\/\/www.maisonschwind.lu\/fr\/categorie-produit\/marques\/bernina-fr\/\">Bernina<\/a>        <\/div>\n    \n                    <h3 class=\"name\"><a href=\"https:\/\/www.maisonschwind.lu\/fr\/produit\/table-rallonge-bernina-103493-71-00\/\">Table rallonge BERNINA 103493.71.00<\/a><\/h3>\n                                    <\/div>\n                <div class=\"ali-right\">\n                        \n                <\/div>\n            <\/div>\n        <\/div>\n    <\/div>\n<\/div>\t\t\t<\/div>\n\t\t\t\t\t<div class=\"col-md-3 col-sm-4 col-xs-6 sm-clearfix  product type-product post-53452 status-publish last onbackorder product_cat-bernina-fr product_cat-pieds-de-biche has-post-thumbnail sale taxable shipping-taxable purchasable product-type-simple\">\n\t\t\t \t<div class=\"product-block grid-v4\" data-product-id=\"53452\">\n    <div class=\"grid-inner\">\n        <div class=\"block-inner\">\n            <figure class=\"image\">\n                        <a title=\"Table rallonge BERNINA 103254.70.00\" href=\"https:\/\/www.maisonschwind.lu\/fr\/produit\/table-rallonge-bernina-103254-70-00\/\" class=\"product-image\">\n            <img loading=\"lazy\" width=\"300\" height=\"300\" src=\"data:image\/svg+xml;charset=utf-8,%3Csvg%20xmlns%3D&#039;http%3A%2F%2Fwww.w3.org%2F2000%2Fsvg&#039;%20viewBox%3D&#039;0%200%20300%20300&#039;%2F%3E\" class=\"attachment-woocommerce_thumbnail size-woocommerce_thumbnail image-no-effect unveil-image\" alt=\"\" data-src=\"https:\/\/www.maisonschwind.lu\/shop\/wp-content\/uploads\/2025\/05\/Bernina_Anschiebetisch_1-300x300.jpg\" data-srcset=\"https:\/\/www.maisonschwind.lu\/shop\/wp-content\/uploads\/2025\/05\/Bernina_Anschiebetisch_1-300x300.jpg 300w, https:\/\/www.maisonschwind.lu\/shop\/wp-content\/uploads\/2025\/05\/Bernina_Anschiebetisch_1-150x150.jpg 150w, https:\/\/www.maisonschwind.lu\/shop\/wp-content\/uploads\/2025\/05\/Bernina_Anschiebetisch_1-160x160.jpg 160w, https:\/\/www.maisonschwind.lu\/shop\/wp-content\/uploads\/2025\/05\/Bernina_Anschiebetisch_1.jpg 400w\" data-sizes=\"(max-width: 300px) 100vw, 300px\" \/>        <\/a>\n        <div class='sale-perc'>-12%<\/div>            <\/figure>\n            <div class=\"groups-button flex-middle justify-content-center\">\n                \n                                    <div class=\"view\">\n                        <a href=\"javascript:void(0);\" class=\"quickview\" data-product_id=\"53452\">\n                            <i class=\"ti-eye\"><\/i>\n                        <\/a>\n                    <\/div>\n                \n                \n            <\/div> \n        <\/div>\n        <div class=\"metas clearfix\">\n            <div class=\"flex\">\n                <div class=\"clearfix\">\n                            <div class=\"product-cat\">\n        <a href=\"https:\/\/www.maisonschwind.lu\/fr\/categorie-produit\/marques\/bernina-fr\/\">Bernina<\/a>        <\/div>\n    \n                    <h3 class=\"name\"><a href=\"https:\/\/www.maisonschwind.lu\/fr\/produit\/table-rallonge-bernina-103254-70-00\/\">Table rallonge BERNINA 103254.70.00<\/a><\/h3>\n                                    <\/div>\n                <div class=\"ali-right\">\n                        \n                <\/div>\n            <\/div>\n        <\/div>\n    <\/div>\n<\/div>\t\t\t<\/div>\n\t\t\t\t\t<div class=\"col-md-3 col-sm-4 col-xs-6 md-clearfix lg-clearfix  xs-clearfix  product type-product post-53463 status-publish first onbackorder product_cat-bernina-fr product_cat-pieds-de-biche has-post-thumbnail sale taxable shipping-taxable purchasable product-type-simple\">\n\t\t\t \t<div class=\"product-block grid-v4\" data-product-id=\"53463\">\n    <div class=\"grid-inner\">\n        <div class=\"block-inner\">\n            <figure class=\"image\">\n                        <a title=\"Table rallonge BERNINA 033131.70.00\" href=\"https:\/\/www.maisonschwind.lu\/fr\/produit\/table-rallonge-bernina-033131-70-00\/\" class=\"product-image\">\n            <img loading=\"lazy\" width=\"300\" height=\"300\" src=\"data:image\/svg+xml;charset=utf-8,%3Csvg%20xmlns%3D&#039;http%3A%2F%2Fwww.w3.org%2F2000%2Fsvg&#039;%20viewBox%3D&#039;0%200%20300%20300&#039;%2F%3E\" class=\"attachment-woocommerce_thumbnail size-woocommerce_thumbnail image-no-effect unveil-image\" alt=\"\" data-src=\"https:\/\/www.maisonschwind.lu\/shop\/wp-content\/uploads\/2025\/05\/Bernina_Anschiebetisch_1-300x300.jpg\" data-srcset=\"https:\/\/www.maisonschwind.lu\/shop\/wp-content\/uploads\/2025\/05\/Bernina_Anschiebetisch_1-300x300.jpg 300w, https:\/\/www.maisonschwind.lu\/shop\/wp-content\/uploads\/2025\/05\/Bernina_Anschiebetisch_1-150x150.jpg 150w, https:\/\/www.maisonschwind.lu\/shop\/wp-content\/uploads\/2025\/05\/Bernina_Anschiebetisch_1-160x160.jpg 160w, https:\/\/www.maisonschwind.lu\/shop\/wp-content\/uploads\/2025\/05\/Bernina_Anschiebetisch_1.jpg 400w\" data-sizes=\"(max-width: 300px) 100vw, 300px\" \/>        <\/a>\n        <div class='sale-perc'>-15%<\/div>            <\/figure>\n            <div class=\"groups-button flex-middle justify-content-center\">\n                \n                                    <div class=\"view\">\n                        <a href=\"javascript:void(0);\" class=\"quickview\" data-product_id=\"53463\">\n                            <i class=\"ti-eye\"><\/i>\n                        <\/a>\n                    <\/div>\n                \n                \n            <\/div> \n        <\/div>\n        <div class=\"metas clearfix\">\n            <div class=\"flex\">\n                <div class=\"clearfix\">\n                            <div class=\"product-cat\">\n        <a href=\"https:\/\/www.maisonschwind.lu\/fr\/categorie-produit\/marques\/bernina-fr\/\">Bernina<\/a>        <\/div>\n    \n                    <h3 class=\"name\"><a href=\"https:\/\/www.maisonschwind.lu\/fr\/produit\/table-rallonge-bernina-033131-70-00\/\">Table rallonge BERNINA 033131.70.00<\/a><\/h3>\n                                    <\/div>\n                <div class=\"ali-right\">\n                        \n                <\/div>\n            <\/div>\n        <\/div>\n    <\/div>\n<\/div>\t\t\t<\/div>\n\t\t\t\t\t<div class=\"col-md-3 col-sm-4 col-xs-6 product type-product post-53474 status-publish onbackorder product_cat-bernina-fr product_cat-pieds-de-biche has-post-thumbnail sale taxable shipping-taxable purchasable product-type-simple\">\n\t\t\t \t<div class=\"product-block grid-v4\" data-product-id=\"53474\">\n    <div class=\"grid-inner\">\n        <div class=\"block-inner\">\n            <figure class=\"image\">\n                        <a title=\"Table rallonge BERNINA 008868.50.00\" href=\"https:\/\/www.maisonschwind.lu\/fr\/produit\/table-rallonge-bernina-008868-50-00\/\" class=\"product-image\">\n            <img loading=\"lazy\" width=\"300\" height=\"300\" src=\"data:image\/svg+xml;charset=utf-8,%3Csvg%20xmlns%3D&#039;http%3A%2F%2Fwww.w3.org%2F2000%2Fsvg&#039;%20viewBox%3D&#039;0%200%20300%20300&#039;%2F%3E\" class=\"attachment-woocommerce_thumbnail size-woocommerce_thumbnail image-no-effect unveil-image\" alt=\"\" data-src=\"https:\/\/www.maisonschwind.lu\/shop\/wp-content\/uploads\/2025\/05\/Bernina_Anschiebetisch_1-300x300.jpg\" data-srcset=\"https:\/\/www.maisonschwind.lu\/shop\/wp-content\/uploads\/2025\/05\/Bernina_Anschiebetisch_1-300x300.jpg 300w, https:\/\/www.maisonschwind.lu\/shop\/wp-content\/uploads\/2025\/05\/Bernina_Anschiebetisch_1-150x150.jpg 150w, https:\/\/www.maisonschwind.lu\/shop\/wp-content\/uploads\/2025\/05\/Bernina_Anschiebetisch_1-160x160.jpg 160w, https:\/\/www.maisonschwind.lu\/shop\/wp-content\/uploads\/2025\/05\/Bernina_Anschiebetisch_1.jpg 400w\" data-sizes=\"(max-width: 300px) 100vw, 300px\" \/>        <\/a>\n        <div class='sale-perc'>-15%<\/div>            <\/figure>\n            <div class=\"groups-button flex-middle justify-content-center\">\n                \n                                    <div class=\"view\">\n                        <a href=\"javascript:void(0);\" class=\"quickview\" data-product_id=\"53474\">\n                            <i class=\"ti-eye\"><\/i>\n                        <\/a>\n                    <\/div>\n                \n                \n            <\/div> \n        <\/div>\n        <div class=\"metas clearfix\">\n            <div class=\"flex\">\n                <div class=\"clearfix\">\n                            <div class=\"product-cat\">\n        <a href=\"https:\/\/www.maisonschwind.lu\/fr\/categorie-produit\/marques\/bernina-fr\/\">Bernina<\/a>        <\/div>\n    \n                    <h3 class=\"name\"><a href=\"https:\/\/www.maisonschwind.lu\/fr\/produit\/table-rallonge-bernina-008868-50-00\/\">Table rallonge BERNINA 008868.50.00<\/a><\/h3>\n                                    <\/div>\n                <div class=\"ali-right\">\n                        \n                <\/div>\n            <\/div>\n        <\/div>\n    <\/div>\n<\/div>\t\t\t<\/div>\n\t\t\t\t\t<div class=\"col-md-3 col-sm-4 col-xs-6 sm-clearfix  xs-clearfix  product type-product post-53485 status-publish onbackorder product_cat-bernina-fr product_cat-pieds-de-biche has-post-thumbnail sale taxable shipping-taxable purchasable product-type-simple\">\n\t\t\t \t<div class=\"product-block grid-v4\" data-product-id=\"53485\">\n    <div class=\"grid-inner\">\n        <div class=\"block-inner\">\n            <figure class=\"image\">\n                        <a title=\"Table rallonge BERNINA 033114.71.00\" href=\"https:\/\/www.maisonschwind.lu\/fr\/produit\/table-rallonge-bernina-033114-71-00\/\" class=\"product-image\">\n            <img loading=\"lazy\" width=\"300\" height=\"300\" src=\"data:image\/svg+xml;charset=utf-8,%3Csvg%20xmlns%3D&#039;http%3A%2F%2Fwww.w3.org%2F2000%2Fsvg&#039;%20viewBox%3D&#039;0%200%20300%20300&#039;%2F%3E\" class=\"attachment-woocommerce_thumbnail size-woocommerce_thumbnail image-no-effect unveil-image\" alt=\"\" data-src=\"https:\/\/www.maisonschwind.lu\/shop\/wp-content\/uploads\/2025\/05\/Anschiebetische-aurora-activa_1-300x300.jpg\" data-srcset=\"https:\/\/www.maisonschwind.lu\/shop\/wp-content\/uploads\/2025\/05\/Anschiebetische-aurora-activa_1-300x300.jpg 300w, https:\/\/www.maisonschwind.lu\/shop\/wp-content\/uploads\/2025\/05\/Anschiebetische-aurora-activa_1-150x150.jpg 150w, https:\/\/www.maisonschwind.lu\/shop\/wp-content\/uploads\/2025\/05\/Anschiebetische-aurora-activa_1-160x160.jpg 160w, https:\/\/www.maisonschwind.lu\/shop\/wp-content\/uploads\/2025\/05\/Anschiebetische-aurora-activa_1.jpg 400w\" data-sizes=\"(max-width: 300px) 100vw, 300px\" \/>        <\/a>\n        <div class='sale-perc'>-15%<\/div>            <\/figure>\n            <div class=\"groups-button flex-middle justify-content-center\">\n                \n                                    <div class=\"view\">\n                        <a href=\"javascript:void(0);\" class=\"quickview\" data-product_id=\"53485\">\n                            <i class=\"ti-eye\"><\/i>\n                        <\/a>\n                    <\/div>\n                \n                \n            <\/div> \n        <\/div>\n        <div class=\"metas clearfix\">\n            <div class=\"flex\">\n                <div class=\"clearfix\">\n                            <div class=\"product-cat\">\n        <a href=\"https:\/\/www.maisonschwind.lu\/fr\/categorie-produit\/marques\/bernina-fr\/\">Bernina<\/a>        <\/div>\n    \n                    <h3 class=\"name\"><a href=\"https:\/\/www.maisonschwind.lu\/fr\/produit\/table-rallonge-bernina-033114-71-00\/\">Table rallonge BERNINA 033114.71.00<\/a><\/h3>\n                                    <\/div>\n                <div class=\"ali-right\">\n                        \n                <\/div>\n            <\/div>\n        <\/div>\n    <\/div>\n<\/div>\t\t\t<\/div>\n\t\t\t\t\t<div class=\"col-md-3 col-sm-4 col-xs-6 product type-product post-53495 status-publish last onbackorder product_cat-bernina-fr product_cat-pieds-de-biche has-post-thumbnail sale taxable shipping-taxable purchasable product-type-simple\">\n\t\t\t \t<div class=\"product-block grid-v4\" data-product-id=\"53495\">\n    <div class=\"grid-inner\">\n        <div class=\"block-inner\">\n            <figure class=\"image\">\n                        <a title=\"Table rallonge BERNINA 031073.52.01\" href=\"https:\/\/www.maisonschwind.lu\/fr\/produit\/table-rallonge-bernina-031073-52-01\/\" class=\"product-image\">\n            <img loading=\"lazy\" width=\"300\" height=\"300\" src=\"data:image\/svg+xml;charset=utf-8,%3Csvg%20xmlns%3D&#039;http%3A%2F%2Fwww.w3.org%2F2000%2Fsvg&#039;%20viewBox%3D&#039;0%200%20300%20300&#039;%2F%3E\" class=\"attachment-woocommerce_thumbnail size-woocommerce_thumbnail image-no-effect unveil-image\" alt=\"\" data-src=\"https:\/\/www.maisonschwind.lu\/shop\/wp-content\/uploads\/2025\/05\/3499499403_All_Web_Anschiebetisch-300x300.png\" data-srcset=\"https:\/\/www.maisonschwind.lu\/shop\/wp-content\/uploads\/2025\/05\/3499499403_All_Web_Anschiebetisch-300x300.png 300w, https:\/\/www.maisonschwind.lu\/shop\/wp-content\/uploads\/2025\/05\/3499499403_All_Web_Anschiebetisch-150x150.png 150w, https:\/\/www.maisonschwind.lu\/shop\/wp-content\/uploads\/2025\/05\/3499499403_All_Web_Anschiebetisch-160x160.png 160w, https:\/\/www.maisonschwind.lu\/shop\/wp-content\/uploads\/2025\/05\/3499499403_All_Web_Anschiebetisch.png 400w\" data-sizes=\"(max-width: 300px) 100vw, 300px\" \/>        <\/a>\n        <div class='sale-perc'>-13%<\/div>            <\/figure>\n            <div class=\"groups-button flex-middle justify-content-center\">\n                \n                                    <div class=\"view\">\n                        <a href=\"javascript:void(0);\" class=\"quickview\" data-product_id=\"53495\">\n                            <i class=\"ti-eye\"><\/i>\n                        <\/a>\n                    <\/div>\n                \n                \n            <\/div> \n        <\/div>\n        <div class=\"metas clearfix\">\n            <div class=\"flex\">\n                <div class=\"clearfix\">\n                            <div class=\"product-cat\">\n        <a href=\"https:\/\/www.maisonschwind.lu\/fr\/categorie-produit\/marques\/bernina-fr\/\">Bernina<\/a>        <\/div>\n    \n                    <h3 class=\"name\"><a href=\"https:\/\/www.maisonschwind.lu\/fr\/produit\/table-rallonge-bernina-031073-52-01\/\">Table rallonge BERNINA 031073.52.01<\/a><\/h3>\n                                    <\/div>\n                <div class=\"ali-right\">\n                        \n                <\/div>\n            <\/div>\n        <\/div>\n    <\/div>\n<\/div>\t\t\t<\/div>\n\t\t\t\t\t<div class=\"col-md-3 col-sm-4 col-xs-6 md-clearfix lg-clearfix  xs-clearfix  product type-product post-53506 status-publish first onbackorder product_cat-bernina-fr product_cat-pieds-de-biche has-post-thumbnail sale taxable shipping-taxable purchasable product-type-simple\">\n\t\t\t \t<div class=\"product-block grid-v4\" data-product-id=\"53506\">\n    <div class=\"grid-inner\">\n        <div class=\"block-inner\">\n            <figure class=\"image\">\n                        <a title=\"Table rallonge BERNINA 033045.70.00\" href=\"https:\/\/www.maisonschwind.lu\/fr\/produit\/table-rallonge-bernina-033045-70-00\/\" class=\"product-image\">\n            <img loading=\"lazy\" width=\"300\" height=\"300\" src=\"data:image\/svg+xml;charset=utf-8,%3Csvg%20xmlns%3D&#039;http%3A%2F%2Fwww.w3.org%2F2000%2Fsvg&#039;%20viewBox%3D&#039;0%200%20300%20300&#039;%2F%3E\" class=\"attachment-woocommerce_thumbnail size-woocommerce_thumbnail image-no-effect unveil-image\" alt=\"\" data-src=\"https:\/\/www.maisonschwind.lu\/shop\/wp-content\/uploads\/2025\/05\/Anschiebetische-aurora-activa_1-300x300.jpg\" data-srcset=\"https:\/\/www.maisonschwind.lu\/shop\/wp-content\/uploads\/2025\/05\/Anschiebetische-aurora-activa_1-300x300.jpg 300w, https:\/\/www.maisonschwind.lu\/shop\/wp-content\/uploads\/2025\/05\/Anschiebetische-aurora-activa_1-150x150.jpg 150w, https:\/\/www.maisonschwind.lu\/shop\/wp-content\/uploads\/2025\/05\/Anschiebetische-aurora-activa_1-160x160.jpg 160w, https:\/\/www.maisonschwind.lu\/shop\/wp-content\/uploads\/2025\/05\/Anschiebetische-aurora-activa_1.jpg 400w\" data-sizes=\"(max-width: 300px) 100vw, 300px\" \/>        <\/a>\n        <div class='sale-perc'>-12%<\/div>            <\/figure>\n            <div class=\"groups-button flex-middle justify-content-center\">\n                \n                                    <div class=\"view\">\n                        <a href=\"javascript:void(0);\" class=\"quickview\" data-product_id=\"53506\">\n                            <i class=\"ti-eye\"><\/i>\n                        <\/a>\n                    <\/div>\n                \n                \n            <\/div> \n        <\/div>\n        <div class=\"metas clearfix\">\n            <div class=\"flex\">\n                <div class=\"clearfix\">\n                            <div class=\"product-cat\">\n        <a href=\"https:\/\/www.maisonschwind.lu\/fr\/categorie-produit\/marques\/bernina-fr\/\">Bernina<\/a>        <\/div>\n    \n                    <h3 class=\"name\"><a href=\"https:\/\/www.maisonschwind.lu\/fr\/produit\/table-rallonge-bernina-033045-70-00\/\">Table rallonge BERNINA 033045.70.00<\/a><\/h3>\n                                    <\/div>\n                <div class=\"ali-right\">\n                        \n                <\/div>\n            <\/div>\n        <\/div>\n    <\/div>\n<\/div>\t\t\t<\/div>\n\t\t\t\t\t<div class=\"col-md-3 col-sm-4 col-xs-6 sm-clearfix  product type-product post-53517 status-publish onbackorder product_cat-bernina-fr product_cat-pieds-de-biche has-post-thumbnail sale taxable shipping-taxable purchasable product-type-simple\">\n\t\t\t \t<div class=\"product-block grid-v4\" data-product-id=\"53517\">\n    <div class=\"grid-inner\">\n        <div class=\"block-inner\">\n            <figure class=\"image\">\n                        <a title=\"Table rallonge BERNINA 030347.51.01\" href=\"https:\/\/www.maisonschwind.lu\/fr\/produit\/table-rallonge-bernina-030347-51-01\/\" class=\"product-image\">\n            <img loading=\"lazy\" width=\"300\" height=\"300\" src=\"data:image\/svg+xml;charset=utf-8,%3Csvg%20xmlns%3D&#039;http%3A%2F%2Fwww.w3.org%2F2000%2Fsvg&#039;%20viewBox%3D&#039;0%200%20300%20300&#039;%2F%3E\" class=\"attachment-woocommerce_thumbnail size-woocommerce_thumbnail image-no-effect unveil-image\" alt=\"\" data-src=\"https:\/\/www.maisonschwind.lu\/shop\/wp-content\/uploads\/2025\/05\/Anschiebetische-aurora-activa_1-300x300.jpg\" data-srcset=\"https:\/\/www.maisonschwind.lu\/shop\/wp-content\/uploads\/2025\/05\/Anschiebetische-aurora-activa_1-300x300.jpg 300w, https:\/\/www.maisonschwind.lu\/shop\/wp-content\/uploads\/2025\/05\/Anschiebetische-aurora-activa_1-150x150.jpg 150w, https:\/\/www.maisonschwind.lu\/shop\/wp-content\/uploads\/2025\/05\/Anschiebetische-aurora-activa_1-160x160.jpg 160w, https:\/\/www.maisonschwind.lu\/shop\/wp-content\/uploads\/2025\/05\/Anschiebetische-aurora-activa_1.jpg 400w\" data-sizes=\"(max-width: 300px) 100vw, 300px\" \/>        <\/a>\n        <div class='sale-perc'>-10%<\/div>            <\/figure>\n            <div class=\"groups-button flex-middle justify-content-center\">\n                \n                                    <div class=\"view\">\n                        <a href=\"javascript:void(0);\" class=\"quickview\" data-product_id=\"53517\">\n                            <i class=\"ti-eye\"><\/i>\n                        <\/a>\n                    <\/div>\n                \n                \n            <\/div> \n        <\/div>\n        <div class=\"metas clearfix\">\n            <div class=\"flex\">\n                <div class=\"clearfix\">\n                            <div class=\"product-cat\">\n        <a href=\"https:\/\/www.maisonschwind.lu\/fr\/categorie-produit\/marques\/bernina-fr\/\">Bernina<\/a>        <\/div>\n    \n                    <h3 class=\"name\"><a href=\"https:\/\/www.maisonschwind.lu\/fr\/produit\/table-rallonge-bernina-030347-51-01\/\">Table rallonge BERNINA 030347.51.01<\/a><\/h3>\n                                    <\/div>\n                <div class=\"ali-right\">\n                        \n                <\/div>\n            <\/div>\n        <\/div>\n    <\/div>\n<\/div>\t\t\t<\/div>\n\t\t\t\t\t<div class=\"col-md-3 col-sm-4 col-xs-6 xs-clearfix  product type-product post-53527 status-publish onbackorder product_cat-bernina-fr product_cat-pieds-de-biche has-post-thumbnail sale taxable shipping-taxable purchasable product-type-simple\">\n\t\t\t \t<div class=\"product-block grid-v4\" data-product-id=\"53527\">\n    <div class=\"grid-inner\">\n        <div class=\"block-inner\">\n            <figure class=\"image\">\n                        <a title=\"Table rallonge BERNINA 003175.70.00\" href=\"https:\/\/www.maisonschwind.lu\/fr\/produit\/table-rallonge-bernina-003175-70-00\/\" class=\"product-image\">\n            <img loading=\"lazy\" width=\"300\" height=\"300\" src=\"data:image\/svg+xml;charset=utf-8,%3Csvg%20xmlns%3D&#039;http%3A%2F%2Fwww.w3.org%2F2000%2Fsvg&#039;%20viewBox%3D&#039;0%200%20300%20300&#039;%2F%3E\" class=\"attachment-woocommerce_thumbnail size-woocommerce_thumbnail image-no-effect unveil-image\" alt=\"\" data-src=\"https:\/\/www.maisonschwind.lu\/shop\/wp-content\/uploads\/2025\/05\/GK_slide-on-table_003175.70.00-300x300.jpg\" data-srcset=\"https:\/\/www.maisonschwind.lu\/shop\/wp-content\/uploads\/2025\/05\/GK_slide-on-table_003175.70.00-300x300.jpg 300w, https:\/\/www.maisonschwind.lu\/shop\/wp-content\/uploads\/2025\/05\/GK_slide-on-table_003175.70.00-150x150.jpg 150w, https:\/\/www.maisonschwind.lu\/shop\/wp-content\/uploads\/2025\/05\/GK_slide-on-table_003175.70.00-160x160.jpg 160w, https:\/\/www.maisonschwind.lu\/shop\/wp-content\/uploads\/2025\/05\/GK_slide-on-table_003175.70.00.jpg 400w\" data-sizes=\"(max-width: 300px) 100vw, 300px\" \/>        <\/a>\n        <div class='sale-perc'>-16%<\/div>            <\/figure>\n            <div class=\"groups-button flex-middle justify-content-center\">\n                \n                                    <div class=\"view\">\n                        <a href=\"javascript:void(0);\" class=\"quickview\" data-product_id=\"53527\">\n                            <i class=\"ti-eye\"><\/i>\n                        <\/a>\n                    <\/div>\n                \n                \n            <\/div> \n        <\/div>\n        <div class=\"metas clearfix\">\n            <div class=\"flex\">\n                <div class=\"clearfix\">\n                            <div class=\"product-cat\">\n        <a href=\"https:\/\/www.maisonschwind.lu\/fr\/categorie-produit\/marques\/bernina-fr\/\">Bernina<\/a>        <\/div>\n    \n                    <h3 class=\"name\"><a href=\"https:\/\/www.maisonschwind.lu\/fr\/produit\/table-rallonge-bernina-003175-70-00\/\">Table rallonge BERNINA 003175.70.00<\/a><\/h3>\n                                    <\/div>\n                <div class=\"ali-right\">\n                        \n                <\/div>\n            <\/div>\n        <\/div>\n    <\/div>\n<\/div>\t\t\t<\/div>\n\t\t\t\t\t<div class=\"col-md-3 col-sm-4 col-xs-6 product type-product post-53276 status-publish last instock product_cat-bernina-fr product_cat-pieds-de-biche product_tag-best-fr has-post-thumbnail sale taxable shipping-taxable purchasable product-type-simple\">\n\t\t\t \t<div class=\"product-block grid-v4\" data-product-id=\"53276\">\n    <div class=\"grid-inner\">\n        <div class=\"block-inner\">\n            <figure class=\"image\">\n                        <a title=\"Poin\u00e7on pour l\u2019ouverture des boutonni\u00e8res BERNINA 032580.71.00\" href=\"https:\/\/www.maisonschwind.lu\/fr\/produit\/poincon-pour-louverture-des-boutonnieres-bernina-032580-71-00\/\" class=\"product-image\">\n            <img loading=\"lazy\" width=\"300\" height=\"300\" src=\"data:image\/svg+xml;charset=utf-8,%3Csvg%20xmlns%3D&#039;http%3A%2F%2Fwww.w3.org%2F2000%2Fsvg&#039;%20viewBox%3D&#039;0%200%20300%20300&#039;%2F%3E\" class=\"attachment-woocommerce_thumbnail size-woocommerce_thumbnail image-no-effect unveil-image\" alt=\"\" data-src=\"https:\/\/www.maisonschwind.lu\/shop\/wp-content\/uploads\/2025\/05\/Knopflochstecher_1-300x300.jpg\" data-srcset=\"https:\/\/www.maisonschwind.lu\/shop\/wp-content\/uploads\/2025\/05\/Knopflochstecher_1-300x300.jpg 300w, https:\/\/www.maisonschwind.lu\/shop\/wp-content\/uploads\/2025\/05\/Knopflochstecher_1-150x150.jpg 150w, https:\/\/www.maisonschwind.lu\/shop\/wp-content\/uploads\/2025\/05\/Knopflochstecher_1-160x160.jpg 160w, https:\/\/www.maisonschwind.lu\/shop\/wp-content\/uploads\/2025\/05\/Knopflochstecher_1.jpg 400w\" data-sizes=\"(max-width: 300px) 100vw, 300px\" \/>        <\/a>\n        <div class='sale-perc'>-10%<\/div><span class=\"acoplw-badge acoplw-textBlock\"><span class=\"acoplw-badge-icon acoplw-bseight acoplwRightAlign acoplw-best-seller-custom\" style=\"opacity:1;width:60px;font-size:14px;line-height:px;height:60px;transform:rotateX(0deg) rotateY(0deg) rotateZ(0deg);top:20px;bottom:auto;background:rgba(255, 68, 103, 1);\"><span class=\"acoplw-blockText\" style=\"color:rgba(255, 255, 255, 1);\">BEST SELLER !<\/span><\/span><\/span>            <\/figure>\n            <div class=\"groups-button flex-middle justify-content-center\">\n                <span class=\"acoplw-badge acoplw-textBlock acoplw-elemBlock acoplw-badge-listing-hide\"><span class=\"acoplw-badge-icon acoplw-bseight acoplwRightAlign acoplw-best-seller-custom\" style=\"opacity:1;width:60px;font-size:14px;line-height:px;height:60px;transform:rotateX(0deg) rotateY(0deg) rotateZ(0deg);top:20px;bottom:auto;background:rgba(255, 68, 103, 1);\"><span class=\"acoplw-blockText\" style=\"color:rgba(255, 255, 255, 1);\">BEST SELLER !<\/span><\/span><\/span>\n                                    <div class=\"view\">\n                        <a href=\"javascript:void(0);\" class=\"quickview\" data-product_id=\"53276\">\n                            <i class=\"ti-eye\"><\/i>\n                        <\/a>\n                    <\/div>\n                \n                \n            <\/div> \n        <\/div>\n        <div class=\"metas clearfix\">\n            <div class=\"flex\">\n                <div class=\"clearfix\">\n                            <div class=\"product-cat\">\n        <a href=\"https:\/\/www.maisonschwind.lu\/fr\/categorie-produit\/marques\/bernina-fr\/\">Bernina<\/a>        <\/div>\n    \n                    <h3 class=\"name\"><a href=\"https:\/\/www.maisonschwind.lu\/fr\/produit\/poincon-pour-louverture-des-boutonnieres-bernina-032580-71-00\/\">Poin\u00e7on pour l\u2019ouverture des boutonni\u00e8res BERNINA 032580.71.00<\/a><\/h3>\n                                    <\/div>\n                <div class=\"ali-right\">\n                        \n                <\/div>\n            <\/div>\n        <\/div>\n    <\/div>\n<\/div>\t\t\t<\/div>\n\t\t\t\t\t<div class=\"col-md-3 col-sm-4 col-xs-6 md-clearfix lg-clearfix  sm-clearfix  xs-clearfix  product type-product post-53289 status-publish first onbackorder product_cat-bernina-fr product_cat-pieds-de-biche has-post-thumbnail sale taxable shipping-taxable purchasable product-type-simple\">\n\t\t\t \t<div class=\"product-block grid-v4\" data-product-id=\"53289\">\n    <div class=\"grid-inner\">\n        <div class=\"block-inner\">\n            <figure class=\"image\">\n                        <a title=\"Plaquettes d\u2019\u00e9quilibrage de la hauteur pour boutonni\u00e8res BERNINA 033332.71.01\" href=\"https:\/\/www.maisonschwind.lu\/fr\/produit\/plaquettes-dequilibrage-de-la-hauteur-pour-boutonnieres-bernina-033332-71-01\/\" class=\"product-image\">\n            <img loading=\"lazy\" width=\"300\" height=\"300\" src=\"data:image\/svg+xml;charset=utf-8,%3Csvg%20xmlns%3D&#039;http%3A%2F%2Fwww.w3.org%2F2000%2Fsvg&#039;%20viewBox%3D&#039;0%200%20300%20300&#039;%2F%3E\" class=\"attachment-woocommerce_thumbnail size-woocommerce_thumbnail image-no-effect unveil-image\" alt=\"\" data-src=\"https:\/\/www.maisonschwind.lu\/shop\/wp-content\/uploads\/2025\/05\/3499525771_All_Web_Hohenausgleich-fur-Knopflocher-300x300.png\" data-srcset=\"https:\/\/www.maisonschwind.lu\/shop\/wp-content\/uploads\/2025\/05\/3499525771_All_Web_Hohenausgleich-fur-Knopflocher-300x300.png 300w, https:\/\/www.maisonschwind.lu\/shop\/wp-content\/uploads\/2025\/05\/3499525771_All_Web_Hohenausgleich-fur-Knopflocher-150x150.png 150w, https:\/\/www.maisonschwind.lu\/shop\/wp-content\/uploads\/2025\/05\/3499525771_All_Web_Hohenausgleich-fur-Knopflocher-160x160.png 160w, https:\/\/www.maisonschwind.lu\/shop\/wp-content\/uploads\/2025\/05\/3499525771_All_Web_Hohenausgleich-fur-Knopflocher.png 400w\" data-sizes=\"(max-width: 300px) 100vw, 300px\" \/>        <\/a>\n        <div class='sale-perc'>-10%<\/div>            <\/figure>\n            <div class=\"groups-button flex-middle justify-content-center\">\n                \n                                    <div class=\"view\">\n                        <a href=\"javascript:void(0);\" class=\"quickview\" data-product_id=\"53289\">\n                            <i class=\"ti-eye\"><\/i>\n                        <\/a>\n                    <\/div>\n                \n                \n            <\/div> \n        <\/div>\n        <div class=\"metas clearfix\">\n            <div class=\"flex\">\n                <div class=\"clearfix\">\n                            <div class=\"product-cat\">\n        <a href=\"https:\/\/www.maisonschwind.lu\/fr\/categorie-produit\/marques\/bernina-fr\/\">Bernina<\/a>        <\/div>\n    \n                    <h3 class=\"name\"><a href=\"https:\/\/www.maisonschwind.lu\/fr\/produit\/plaquettes-dequilibrage-de-la-hauteur-pour-boutonnieres-bernina-033332-71-01\/\">Plaquettes d\u2019\u00e9quilibrage de la hauteur pour boutonni\u00e8res BERNINA 033332.71.01<\/a><\/h3>\n                                    <\/div>\n                <div class=\"ali-right\">\n                        \n                <\/div>\n            <\/div>\n        <\/div>\n    <\/div>\n<\/div>\t\t\t<\/div>\n\t\t\t\t\t<div class=\"col-md-3 col-sm-4 col-xs-6 product type-product post-53301 status-publish onbackorder product_cat-bernina-fr product_cat-pieds-de-biche has-post-thumbnail sale taxable shipping-taxable purchasable product-type-simple\">\n\t\t\t \t<div class=\"product-block grid-v4\" data-product-id=\"53301\">\n    <div class=\"grid-inner\">\n        <div class=\"block-inner\">\n            <figure class=\"image\">\n                        <a title=\"Aide d\u2019avancement pour la couture des boutonni\u00e8res BERNINA 031247.71.00\" href=\"https:\/\/www.maisonschwind.lu\/fr\/produit\/aide-davancement-pour-la-couture-des-boutonnieres-bernina-031247-71-00\/\" class=\"product-image\">\n            <img loading=\"lazy\" width=\"300\" height=\"300\" src=\"data:image\/svg+xml;charset=utf-8,%3Csvg%20xmlns%3D&#039;http%3A%2F%2Fwww.w3.org%2F2000%2Fsvg&#039;%20viewBox%3D&#039;0%200%20300%20300&#039;%2F%3E\" class=\"attachment-woocommerce_thumbnail size-woocommerce_thumbnail image-no-effect unveil-image\" alt=\"\" data-src=\"https:\/\/www.maisonschwind.lu\/shop\/wp-content\/uploads\/2025\/05\/3499826827_All_Web_Transporthilfe-zum-Knopflochnahen-300x300.png\" data-srcset=\"https:\/\/www.maisonschwind.lu\/shop\/wp-content\/uploads\/2025\/05\/3499826827_All_Web_Transporthilfe-zum-Knopflochnahen-300x300.png 300w, https:\/\/www.maisonschwind.lu\/shop\/wp-content\/uploads\/2025\/05\/3499826827_All_Web_Transporthilfe-zum-Knopflochnahen-150x150.png 150w, https:\/\/www.maisonschwind.lu\/shop\/wp-content\/uploads\/2025\/05\/3499826827_All_Web_Transporthilfe-zum-Knopflochnahen-160x160.png 160w, https:\/\/www.maisonschwind.lu\/shop\/wp-content\/uploads\/2025\/05\/3499826827_All_Web_Transporthilfe-zum-Knopflochnahen.png 400w\" data-sizes=\"(max-width: 300px) 100vw, 300px\" \/>        <\/a>\n        <div class='sale-perc'>-12%<\/div>            <\/figure>\n            <div class=\"groups-button flex-middle justify-content-center\">\n                \n                                    <div class=\"view\">\n                        <a href=\"javascript:void(0);\" class=\"quickview\" data-product_id=\"53301\">\n                            <i class=\"ti-eye\"><\/i>\n                        <\/a>\n                    <\/div>\n                \n                \n            <\/div> \n        <\/div>\n        <div class=\"metas clearfix\">\n            <div class=\"flex\">\n                <div class=\"clearfix\">\n                            <div class=\"product-cat\">\n        <a href=\"https:\/\/www.maisonschwind.lu\/fr\/categorie-produit\/marques\/bernina-fr\/\">Bernina<\/a>        <\/div>\n    \n                    <h3 class=\"name\"><a href=\"https:\/\/www.maisonschwind.lu\/fr\/produit\/aide-davancement-pour-la-couture-des-boutonnieres-bernina-031247-71-00\/\">Aide d\u2019avancement pour la couture des boutonni\u00e8res BERNINA 031247.71.00<\/a><\/h3>\n                                    <\/div>\n                <div class=\"ali-right\">\n                        \n                <\/div>\n            <\/div>\n        <\/div>\n    <\/div>\n<\/div>\t\t\t<\/div>\n\t\t\t\t\t<div class=\"col-md-3 col-sm-4 col-xs-6 xs-clearfix  product type-product post-53313 status-publish onbackorder product_cat-bernina-fr product_cat-pieds-de-biche has-post-thumbnail sale taxable shipping-taxable purchasable product-type-simple\">\n\t\t\t \t<div class=\"product-block grid-v4\" data-product-id=\"53313\">\n    <div class=\"grid-inner\">\n        <div class=\"block-inner\">\n            <figure class=\"image\">\n                        <a title=\"Guide avec graduation BERNINA 003027.71.00\" href=\"https:\/\/www.maisonschwind.lu\/fr\/produit\/guide-avec-graduation-bernina-003027-71-00\/\" class=\"product-image\">\n            <img loading=\"lazy\" width=\"300\" height=\"300\" src=\"data:image\/svg+xml;charset=utf-8,%3Csvg%20xmlns%3D&#039;http%3A%2F%2Fwww.w3.org%2F2000%2Fsvg&#039;%20viewBox%3D&#039;0%200%20300%20300&#039;%2F%3E\" class=\"attachment-woocommerce_thumbnail size-woocommerce_thumbnail image-no-effect unveil-image\" alt=\"\" data-src=\"https:\/\/www.maisonschwind.lu\/shop\/wp-content\/uploads\/2025\/05\/Kantenlineal-mit-Skala_1-300x300.jpg\" data-srcset=\"https:\/\/www.maisonschwind.lu\/shop\/wp-content\/uploads\/2025\/05\/Kantenlineal-mit-Skala_1-300x300.jpg 300w, https:\/\/www.maisonschwind.lu\/shop\/wp-content\/uploads\/2025\/05\/Kantenlineal-mit-Skala_1-150x150.jpg 150w, https:\/\/www.maisonschwind.lu\/shop\/wp-content\/uploads\/2025\/05\/Kantenlineal-mit-Skala_1-160x160.jpg 160w, https:\/\/www.maisonschwind.lu\/shop\/wp-content\/uploads\/2025\/05\/Kantenlineal-mit-Skala_1.jpg 400w\" data-sizes=\"(max-width: 300px) 100vw, 300px\" \/>        <\/a>\n        <div class='sale-perc'>-15%<\/div>            <\/figure>\n            <div class=\"groups-button flex-middle justify-content-center\">\n                \n                                    <div class=\"view\">\n                        <a href=\"javascript:void(0);\" class=\"quickview\" data-product_id=\"53313\">\n                            <i class=\"ti-eye\"><\/i>\n                        <\/a>\n                    <\/div>\n                \n                \n            <\/div> \n        <\/div>\n        <div class=\"metas clearfix\">\n            <div class=\"flex\">\n                <div class=\"clearfix\">\n                            <div class=\"product-cat\">\n        <a href=\"https:\/\/www.maisonschwind.lu\/fr\/categorie-produit\/marques\/bernina-fr\/\">Bernina<\/a>        <\/div>\n    \n                    <h3 class=\"name\"><a href=\"https:\/\/www.maisonschwind.lu\/fr\/produit\/guide-avec-graduation-bernina-003027-71-00\/\">Guide avec graduation BERNINA 003027.71.00<\/a><\/h3>\n                                    <\/div>\n                <div class=\"ali-right\">\n                        \n                <\/div>\n            <\/div>\n        <\/div>\n    <\/div>\n<\/div>\t\t\t<\/div>\n\t\t\t\t\t<div class=\"col-md-3 col-sm-4 col-xs-6 sm-clearfix  product type-product post-53325 status-publish last onbackorder product_cat-bernina-fr product_cat-pieds-de-biche has-post-thumbnail sale taxable shipping-taxable purchasable product-type-simple\">\n\t\t\t \t<div class=\"product-block grid-v4\" data-product-id=\"53325\">\n    <div class=\"grid-inner\">\n        <div class=\"block-inner\">\n            <figure class=\"image\">\n                        <a title=\"Guide gauche BERNINA 033338.70.01\" href=\"https:\/\/www.maisonschwind.lu\/fr\/produit\/guide-gauche-bernina-033338-70-01\/\" class=\"product-image\">\n            <img loading=\"lazy\" width=\"300\" height=\"300\" src=\"data:image\/svg+xml;charset=utf-8,%3Csvg%20xmlns%3D&#039;http%3A%2F%2Fwww.w3.org%2F2000%2Fsvg&#039;%20viewBox%3D&#039;0%200%20300%20300&#039;%2F%3E\" class=\"attachment-woocommerce_thumbnail size-woocommerce_thumbnail image-no-effect unveil-image\" alt=\"\" data-src=\"https:\/\/www.maisonschwind.lu\/shop\/wp-content\/uploads\/2025\/05\/Kantenlineal-rechts-links_1-1-300x300.jpg\" data-srcset=\"https:\/\/www.maisonschwind.lu\/shop\/wp-content\/uploads\/2025\/05\/Kantenlineal-rechts-links_1-1-300x300.jpg 300w, https:\/\/www.maisonschwind.lu\/shop\/wp-content\/uploads\/2025\/05\/Kantenlineal-rechts-links_1-1-150x150.jpg 150w, https:\/\/www.maisonschwind.lu\/shop\/wp-content\/uploads\/2025\/05\/Kantenlineal-rechts-links_1-1-160x160.jpg 160w, https:\/\/www.maisonschwind.lu\/shop\/wp-content\/uploads\/2025\/05\/Kantenlineal-rechts-links_1-1.jpg 400w\" data-sizes=\"(max-width: 300px) 100vw, 300px\" \/>        <\/a>\n        <div class='sale-perc'>-17%<\/div>            <\/figure>\n            <div class=\"groups-button flex-middle justify-content-center\">\n                \n                                    <div class=\"view\">\n                        <a href=\"javascript:void(0);\" class=\"quickview\" data-product_id=\"53325\">\n                            <i class=\"ti-eye\"><\/i>\n                        <\/a>\n                    <\/div>\n                \n                \n            <\/div> \n        <\/div>\n        <div class=\"metas clearfix\">\n            <div class=\"flex\">\n                <div class=\"clearfix\">\n                            <div class=\"product-cat\">\n        <a href=\"https:\/\/www.maisonschwind.lu\/fr\/categorie-produit\/marques\/bernina-fr\/\">Bernina<\/a>        <\/div>\n    \n                    <h3 class=\"name\"><a href=\"https:\/\/www.maisonschwind.lu\/fr\/produit\/guide-gauche-bernina-033338-70-01\/\">Guide gauche BERNINA 033338.70.01<\/a><\/h3>\n                                    <\/div>\n                <div class=\"ali-right\">\n                        \n                <\/div>\n            <\/div>\n        <\/div>\n    <\/div>\n<\/div>\t\t\t<\/div>\n\t\t\t\t\t<div class=\"col-md-3 col-sm-4 col-xs-6 md-clearfix lg-clearfix  xs-clearfix  product type-product post-53337 status-publish first onbackorder product_cat-bernina-fr product_cat-pieds-de-biche has-post-thumbnail sale taxable shipping-taxable purchasable product-type-simple\">\n\t\t\t \t<div class=\"product-block grid-v4\" data-product-id=\"53337\">\n    <div class=\"grid-inner\">\n        <div class=\"block-inner\">\n            <figure class=\"image\">\n                        <a title=\"Guide droit BERNINA 033338.71.00\" href=\"https:\/\/www.maisonschwind.lu\/fr\/produit\/guide-droit-bernina-033338-71-00\/\" class=\"product-image\">\n            <img loading=\"lazy\" width=\"300\" height=\"300\" src=\"data:image\/svg+xml;charset=utf-8,%3Csvg%20xmlns%3D&#039;http%3A%2F%2Fwww.w3.org%2F2000%2Fsvg&#039;%20viewBox%3D&#039;0%200%20300%20300&#039;%2F%3E\" class=\"attachment-woocommerce_thumbnail size-woocommerce_thumbnail image-no-effect unveil-image\" alt=\"\" data-src=\"https:\/\/www.maisonschwind.lu\/shop\/wp-content\/uploads\/2025\/05\/Kantenlineal-rechts-links_1-300x300.jpg\" data-srcset=\"https:\/\/www.maisonschwind.lu\/shop\/wp-content\/uploads\/2025\/05\/Kantenlineal-rechts-links_1-300x300.jpg 300w, https:\/\/www.maisonschwind.lu\/shop\/wp-content\/uploads\/2025\/05\/Kantenlineal-rechts-links_1-150x150.jpg 150w, https:\/\/www.maisonschwind.lu\/shop\/wp-content\/uploads\/2025\/05\/Kantenlineal-rechts-links_1-160x160.jpg 160w, https:\/\/www.maisonschwind.lu\/shop\/wp-content\/uploads\/2025\/05\/Kantenlineal-rechts-links_1.jpg 400w\" data-sizes=\"(max-width: 300px) 100vw, 300px\" \/>        <\/a>\n        <div class='sale-perc'>-17%<\/div>            <\/figure>\n            <div class=\"groups-button flex-middle justify-content-center\">\n                \n                                    <div class=\"view\">\n                        <a href=\"javascript:void(0);\" class=\"quickview\" data-product_id=\"53337\">\n                            <i class=\"ti-eye\"><\/i>\n                        <\/a>\n                    <\/div>\n                \n                \n            <\/div> \n        <\/div>\n        <div class=\"metas clearfix\">\n            <div class=\"flex\">\n                <div class=\"clearfix\">\n                            <div class=\"product-cat\">\n        <a href=\"https:\/\/www.maisonschwind.lu\/fr\/categorie-produit\/marques\/bernina-fr\/\">Bernina<\/a>        <\/div>\n    \n                    <h3 class=\"name\"><a href=\"https:\/\/www.maisonschwind.lu\/fr\/produit\/guide-droit-bernina-033338-71-00\/\">Guide droit BERNINA 033338.71.00<\/a><\/h3>\n                                    <\/div>\n                <div class=\"ali-right\">\n                        \n                <\/div>\n            <\/div>\n        <\/div>\n    <\/div>\n<\/div>\t\t\t<\/div>\n\t\t\t\t\t<div class=\"col-md-3 col-sm-4 col-xs-6 product type-product post-53359 status-publish onbackorder product_cat-bernina-fr product_cat-pieds-de-biche has-post-thumbnail sale taxable shipping-taxable purchasable product-type-simple\">\n\t\t\t \t<div class=\"product-block grid-v4\" data-product-id=\"53359\">\n    <div class=\"grid-inner\">\n        <div class=\"block-inner\">\n            <figure class=\"image\">\n                        <a title=\"Appareil pour \u0153illets #82 avec pied #92 BERNINA 008359.75.00\" href=\"https:\/\/www.maisonschwind.lu\/fr\/produit\/appareil-pour-oeillets-82-avec-pied-92-bernina-008359-75-00\/\" class=\"product-image\">\n            <img loading=\"lazy\" width=\"300\" height=\"300\" src=\"data:image\/svg+xml;charset=utf-8,%3Csvg%20xmlns%3D&#039;http%3A%2F%2Fwww.w3.org%2F2000%2Fsvg&#039;%20viewBox%3D&#039;0%200%20300%20300&#039;%2F%3E\" class=\"attachment-woocommerce_thumbnail size-woocommerce_thumbnail image-no-effect unveil-image\" alt=\"\" data-src=\"https:\/\/www.maisonschwind.lu\/shop\/wp-content\/uploads\/2025\/05\/18014399902092939_All_Web_Lochstickeinrichtung-82-inklusive-Fuss-92-300x300.png\" data-srcset=\"https:\/\/www.maisonschwind.lu\/shop\/wp-content\/uploads\/2025\/05\/18014399902092939_All_Web_Lochstickeinrichtung-82-inklusive-Fuss-92-300x300.png 300w, https:\/\/www.maisonschwind.lu\/shop\/wp-content\/uploads\/2025\/05\/18014399902092939_All_Web_Lochstickeinrichtung-82-inklusive-Fuss-92-150x150.png 150w, https:\/\/www.maisonschwind.lu\/shop\/wp-content\/uploads\/2025\/05\/18014399902092939_All_Web_Lochstickeinrichtung-82-inklusive-Fuss-92-160x160.png 160w, https:\/\/www.maisonschwind.lu\/shop\/wp-content\/uploads\/2025\/05\/18014399902092939_All_Web_Lochstickeinrichtung-82-inklusive-Fuss-92.png 400w\" data-sizes=\"(max-width: 300px) 100vw, 300px\" \/>        <\/a>\n        <div class='sale-perc'>-15%<\/div>            <\/figure>\n            <div class=\"groups-button flex-middle justify-content-center\">\n                \n                                    <div class=\"view\">\n                        <a href=\"javascript:void(0);\" class=\"quickview\" data-product_id=\"53359\">\n                            <i class=\"ti-eye\"><\/i>\n                        <\/a>\n                    <\/div>\n                \n                \n            <\/div> \n        <\/div>\n        <div class=\"metas clearfix\">\n            <div class=\"flex\">\n                <div class=\"clearfix\">\n                            <div class=\"product-cat\">\n        <a href=\"https:\/\/www.maisonschwind.lu\/fr\/categorie-produit\/marques\/bernina-fr\/\">Bernina<\/a>        <\/div>\n    \n                    <h3 class=\"name\"><a href=\"https:\/\/www.maisonschwind.lu\/fr\/produit\/appareil-pour-oeillets-82-avec-pied-92-bernina-008359-75-00\/\">Appareil pour \u0153illets #82 avec pied #92 BERNINA 008359.75.00<\/a><\/h3>\n                                    <\/div>\n                <div class=\"ali-right\">\n                        \n                <\/div>\n            <\/div>\n        <\/div>\n    <\/div>\n<\/div>\t\t\t<\/div>\n\t\t\t\t\t<div class=\"col-md-3 col-sm-4 col-xs-6 sm-clearfix  xs-clearfix  product type-product post-53371 status-publish onbackorder product_cat-bernina-fr product_cat-pieds-de-biche has-post-thumbnail sale taxable shipping-taxable purchasable product-type-simple\">\n\t\t\t \t<div class=\"product-block grid-v4\" data-product-id=\"53371\">\n    <div class=\"grid-inner\">\n        <div class=\"block-inner\">\n            <figure class=\"image\">\n                        <a title=\"Dispositif pour broderie en cercle #83 BERNINA 008373.74.00\" href=\"https:\/\/www.maisonschwind.lu\/fr\/produit\/dispositif-pour-broderie-en-cercle-83-bernina-008373-74-00\/\" class=\"product-image\">\n            <img loading=\"lazy\" width=\"300\" height=\"300\" src=\"data:image\/svg+xml;charset=utf-8,%3Csvg%20xmlns%3D&#039;http%3A%2F%2Fwww.w3.org%2F2000%2Fsvg&#039;%20viewBox%3D&#039;0%200%20300%20300&#039;%2F%3E\" class=\"attachment-woocommerce_thumbnail size-woocommerce_thumbnail image-no-effect unveil-image\" alt=\"\" data-src=\"https:\/\/www.maisonschwind.lu\/shop\/wp-content\/uploads\/2025\/05\/3499627147_All_Web_Kreisstickapparat-83-300x300.png\" data-srcset=\"https:\/\/www.maisonschwind.lu\/shop\/wp-content\/uploads\/2025\/05\/3499627147_All_Web_Kreisstickapparat-83-300x300.png 300w, https:\/\/www.maisonschwind.lu\/shop\/wp-content\/uploads\/2025\/05\/3499627147_All_Web_Kreisstickapparat-83-150x150.png 150w, https:\/\/www.maisonschwind.lu\/shop\/wp-content\/uploads\/2025\/05\/3499627147_All_Web_Kreisstickapparat-83-160x160.png 160w, https:\/\/www.maisonschwind.lu\/shop\/wp-content\/uploads\/2025\/05\/3499627147_All_Web_Kreisstickapparat-83.png 400w\" data-sizes=\"(max-width: 300px) 100vw, 300px\" \/>        <\/a>\n        <div class='sale-perc'>-10%<\/div>            <\/figure>\n            <div class=\"groups-button flex-middle justify-content-center\">\n                \n                                    <div class=\"view\">\n                        <a href=\"javascript:void(0);\" class=\"quickview\" data-product_id=\"53371\">\n                            <i class=\"ti-eye\"><\/i>\n                        <\/a>\n                    <\/div>\n                \n                \n            <\/div> \n        <\/div>\n        <div class=\"metas clearfix\">\n            <div class=\"flex\">\n                <div class=\"clearfix\">\n                            <div class=\"product-cat\">\n        <a href=\"https:\/\/www.maisonschwind.lu\/fr\/categorie-produit\/marques\/bernina-fr\/\">Bernina<\/a>        <\/div>\n    \n                    <h3 class=\"name\"><a href=\"https:\/\/www.maisonschwind.lu\/fr\/produit\/dispositif-pour-broderie-en-cercle-83-bernina-008373-74-00\/\">Dispositif pour broderie en cercle #83 BERNINA 008373.74.00<\/a><\/h3>\n                                    <\/div>\n                <div class=\"ali-right\">\n                        \n                <\/div>\n            <\/div>\n        <\/div>\n    <\/div>\n<\/div>\t\t\t<\/div>\n\t\t\t\t\t<div class=\"col-md-3 col-sm-4 col-xs-6 product type-product post-53082 status-publish last onbackorder product_cat-bernina-fr product_cat-pieces-detachees product_cat-pieds-de-biche has-post-thumbnail sale taxable shipping-taxable purchasable product-type-simple\">\n\t\t\t \t<div class=\"product-block grid-v4\" data-product-id=\"53082\">\n    <div class=\"grid-inner\">\n        <div class=\"block-inner\">\n            <figure class=\"image\">\n                        <a title=\"Bo\u00eetier de canette tension \u00e9lev\u00e9e crochet B9 BERNINA 034320.70.09\" href=\"https:\/\/www.maisonschwind.lu\/fr\/produit\/boitier-de-canette-tension-elevee-crochet-b9-bernina-034320-70-09\/\" class=\"product-image\">\n            <img loading=\"lazy\" width=\"300\" height=\"300\" src=\"data:image\/svg+xml;charset=utf-8,%3Csvg%20xmlns%3D&#039;http%3A%2F%2Fwww.w3.org%2F2000%2Fsvg&#039;%20viewBox%3D&#039;0%200%20300%20300&#039;%2F%3E\" class=\"attachment-woocommerce_thumbnail size-woocommerce_thumbnail image-no-effect unveil-image\" alt=\"\" data-src=\"https:\/\/www.maisonschwind.lu\/shop\/wp-content\/uploads\/2025\/05\/boitier-jaune-b9-300x300.jpg\" data-srcset=\"https:\/\/www.maisonschwind.lu\/shop\/wp-content\/uploads\/2025\/05\/boitier-jaune-b9-300x300.jpg 300w, https:\/\/www.maisonschwind.lu\/shop\/wp-content\/uploads\/2025\/05\/boitier-jaune-b9-150x150.jpg 150w, https:\/\/www.maisonschwind.lu\/shop\/wp-content\/uploads\/2025\/05\/boitier-jaune-b9-160x160.jpg 160w, https:\/\/www.maisonschwind.lu\/shop\/wp-content\/uploads\/2025\/05\/boitier-jaune-b9.jpg 399w\" data-sizes=\"(max-width: 300px) 100vw, 300px\" \/>        <\/a>\n        <div class='sale-perc'>-15%<\/div>            <\/figure>\n            <div class=\"groups-button flex-middle justify-content-center\">\n                \n                                    <div class=\"view\">\n                        <a href=\"javascript:void(0);\" class=\"quickview\" data-product_id=\"53082\">\n                            <i class=\"ti-eye\"><\/i>\n                        <\/a>\n                    <\/div>\n                \n                \n            <\/div> \n        <\/div>\n        <div class=\"metas clearfix\">\n            <div class=\"flex\">\n                <div class=\"clearfix\">\n                            <div class=\"product-cat\">\n        <a href=\"https:\/\/www.maisonschwind.lu\/fr\/categorie-produit\/marques\/bernina-fr\/\">Bernina<\/a>        <\/div>\n    \n                    <h3 class=\"name\"><a href=\"https:\/\/www.maisonschwind.lu\/fr\/produit\/boitier-de-canette-tension-elevee-crochet-b9-bernina-034320-70-09\/\">Bo\u00eetier de canette tension \u00e9lev\u00e9e crochet B9 BERNINA 034320.70.09<\/a><\/h3>\n                                    <\/div>\n                <div class=\"ali-right\">\n                        \n                <\/div>\n            <\/div>\n        <\/div>\n    <\/div>\n<\/div>\t\t\t<\/div>\n\t\t\t\t\t<div class=\"col-md-3 col-sm-4 col-xs-6 md-clearfix lg-clearfix  xs-clearfix  product type-product post-53094 status-publish first onbackorder product_cat-bernina-fr product_cat-pieces-detachees product_cat-pieds-de-biche has-post-thumbnail sale taxable shipping-taxable purchasable product-type-simple\">\n\t\t\t \t<div class=\"product-block grid-v4\" data-product-id=\"53094\">\n    <div class=\"grid-inner\">\n        <div class=\"block-inner\">\n            <figure class=\"image\">\n                        <a title=\"Bo\u00eetier de canette pour Bobbinwork crochet B9 BERNINA 034320.71.02\" href=\"https:\/\/www.maisonschwind.lu\/fr\/produit\/boitier-de-canette-pour-bobbinwork-crochet-b9-bernina-034320-71-02\/\" class=\"product-image\">\n            <img loading=\"lazy\" width=\"300\" height=\"300\" src=\"data:image\/svg+xml;charset=utf-8,%3Csvg%20xmlns%3D&#039;http%3A%2F%2Fwww.w3.org%2F2000%2Fsvg&#039;%20viewBox%3D&#039;0%200%20300%20300&#039;%2F%3E\" class=\"attachment-woocommerce_thumbnail size-woocommerce_thumbnail image-no-effect unveil-image\" alt=\"\" data-src=\"https:\/\/www.maisonschwind.lu\/shop\/wp-content\/uploads\/2025\/05\/boitier-red-b9-300x300.jpg\" data-srcset=\"https:\/\/www.maisonschwind.lu\/shop\/wp-content\/uploads\/2025\/05\/boitier-red-b9-300x300.jpg 300w, https:\/\/www.maisonschwind.lu\/shop\/wp-content\/uploads\/2025\/05\/boitier-red-b9-150x150.jpg 150w, https:\/\/www.maisonschwind.lu\/shop\/wp-content\/uploads\/2025\/05\/boitier-red-b9-160x160.jpg 160w, https:\/\/www.maisonschwind.lu\/shop\/wp-content\/uploads\/2025\/05\/boitier-red-b9.jpg 400w\" data-sizes=\"(max-width: 300px) 100vw, 300px\" \/>        <\/a>\n        <div class='sale-perc'>-15%<\/div>            <\/figure>\n            <div class=\"groups-button flex-middle justify-content-center\">\n                \n                                    <div class=\"view\">\n                        <a href=\"javascript:void(0);\" class=\"quickview\" data-product_id=\"53094\">\n                            <i class=\"ti-eye\"><\/i>\n                        <\/a>\n                    <\/div>\n                \n                \n            <\/div> \n        <\/div>\n        <div class=\"metas clearfix\">\n            <div class=\"flex\">\n                <div class=\"clearfix\">\n                            <div class=\"product-cat\">\n        <a href=\"https:\/\/www.maisonschwind.lu\/fr\/categorie-produit\/marques\/bernina-fr\/\">Bernina<\/a>        <\/div>\n    \n                    <h3 class=\"name\"><a href=\"https:\/\/www.maisonschwind.lu\/fr\/produit\/boitier-de-canette-pour-bobbinwork-crochet-b9-bernina-034320-71-02\/\">Bo\u00eetier de canette pour Bobbinwork crochet B9 BERNINA 034320.71.02<\/a><\/h3>\n                                    <\/div>\n                <div class=\"ali-right\">\n                        \n                <\/div>\n            <\/div>\n        <\/div>\n    <\/div>\n<\/div>\t\t\t<\/div>\n\t\t\t\t\t<div class=\"col-md-3 col-sm-4 col-xs-6 sm-clearfix  product type-product post-53104 status-publish onbackorder product_cat-bernina-fr product_cat-pieces-detachees product_cat-pieds-de-biche has-post-thumbnail sale taxable shipping-taxable purchasable product-type-simple\">\n\t\t\t \t<div class=\"product-block grid-v4\" data-product-id=\"53104\">\n    <div class=\"grid-inner\">\n        <div class=\"block-inner\">\n            <figure class=\"image\">\n                        <a title=\"Bo\u00eetier de canette pour Bobbinwork crochet B9 BERNINA 034320.70.00\" href=\"https:\/\/www.maisonschwind.lu\/fr\/produit\/boitier-de-canette-pour-bobbinwork-crochet-b9-bernina-034320-70-00\/\" class=\"product-image\">\n            <img loading=\"lazy\" width=\"300\" height=\"300\" src=\"data:image\/svg+xml;charset=utf-8,%3Csvg%20xmlns%3D&#039;http%3A%2F%2Fwww.w3.org%2F2000%2Fsvg&#039;%20viewBox%3D&#039;0%200%20300%20300&#039;%2F%3E\" class=\"attachment-woocommerce_thumbnail size-woocommerce_thumbnail image-no-effect unveil-image\" alt=\"\" data-src=\"https:\/\/www.maisonschwind.lu\/shop\/wp-content\/uploads\/2025\/05\/boitier-red-b9-300x300.jpg\" data-srcset=\"https:\/\/www.maisonschwind.lu\/shop\/wp-content\/uploads\/2025\/05\/boitier-red-b9-300x300.jpg 300w, https:\/\/www.maisonschwind.lu\/shop\/wp-content\/uploads\/2025\/05\/boitier-red-b9-150x150.jpg 150w, https:\/\/www.maisonschwind.lu\/shop\/wp-content\/uploads\/2025\/05\/boitier-red-b9-160x160.jpg 160w, https:\/\/www.maisonschwind.lu\/shop\/wp-content\/uploads\/2025\/05\/boitier-red-b9.jpg 400w\" data-sizes=\"(max-width: 300px) 100vw, 300px\" \/>        <\/a>\n        <div class='sale-perc'>-15%<\/div>            <\/figure>\n            <div class=\"groups-button flex-middle justify-content-center\">\n                \n                                    <div class=\"view\">\n                        <a href=\"javascript:void(0);\" class=\"quickview\" data-product_id=\"53104\">\n                            <i class=\"ti-eye\"><\/i>\n                        <\/a>\n                    <\/div>\n                \n                \n            <\/div> \n        <\/div>\n        <div class=\"metas clearfix\">\n            <div class=\"flex\">\n                <div class=\"clearfix\">\n                            <div class=\"product-cat\">\n        <a href=\"https:\/\/www.maisonschwind.lu\/fr\/categorie-produit\/marques\/bernina-fr\/\">Bernina<\/a>        <\/div>\n    \n                    <h3 class=\"name\"><a href=\"https:\/\/www.maisonschwind.lu\/fr\/produit\/boitier-de-canette-pour-bobbinwork-crochet-b9-bernina-034320-70-00\/\">Bo\u00eetier de canette pour Bobbinwork crochet B9 BERNINA 034320.70.00<\/a><\/h3>\n                                    <\/div>\n                <div class=\"ali-right\">\n                        \n                <\/div>\n            <\/div>\n        <\/div>\n    <\/div>\n<\/div>\t\t\t<\/div>\n\t\t\t\t\t<div class=\"col-md-3 col-sm-4 col-xs-6 xs-clearfix  product type-product post-53114 status-publish onbackorder product_cat-bernina-fr product_cat-pieces-detachees product_cat-pieds-de-biche has-post-thumbnail sale taxable shipping-taxable purchasable product-type-simple\">\n\t\t\t \t<div class=\"product-block grid-v4\" data-product-id=\"53114\">\n    <div class=\"grid-inner\">\n        <div class=\"block-inner\">\n            <figure class=\"image\">\n                        <a title=\"Bo\u00eetier de canette pour crochet B9 BERNINA 034320.71.03\" href=\"https:\/\/www.maisonschwind.lu\/fr\/produit\/boitier-de-canette-pour-crochet-b9-bernina-034320-71-03\/\" class=\"product-image\">\n            <img loading=\"lazy\" width=\"300\" height=\"300\" src=\"data:image\/svg+xml;charset=utf-8,%3Csvg%20xmlns%3D&#039;http%3A%2F%2Fwww.w3.org%2F2000%2Fsvg&#039;%20viewBox%3D&#039;0%200%20300%20300&#039;%2F%3E\" class=\"attachment-woocommerce_thumbnail size-woocommerce_thumbnail image-no-effect unveil-image\" alt=\"\" data-src=\"https:\/\/www.maisonschwind.lu\/shop\/wp-content\/uploads\/2025\/05\/boitier-noir-b9-300x300.jpg\" data-srcset=\"https:\/\/www.maisonschwind.lu\/shop\/wp-content\/uploads\/2025\/05\/boitier-noir-b9-300x300.jpg 300w, https:\/\/www.maisonschwind.lu\/shop\/wp-content\/uploads\/2025\/05\/boitier-noir-b9-150x150.jpg 150w, https:\/\/www.maisonschwind.lu\/shop\/wp-content\/uploads\/2025\/05\/boitier-noir-b9-160x160.jpg 160w, https:\/\/www.maisonschwind.lu\/shop\/wp-content\/uploads\/2025\/05\/boitier-noir-b9.jpg 400w\" data-sizes=\"(max-width: 300px) 100vw, 300px\" \/>        <\/a>\n        <div class='sale-perc'>-15%<\/div>            <\/figure>\n            <div class=\"groups-button flex-middle justify-content-center\">\n                \n                                    <div class=\"view\">\n                        <a href=\"javascript:void(0);\" class=\"quickview\" data-product_id=\"53114\">\n                            <i class=\"ti-eye\"><\/i>\n                        <\/a>\n                    <\/div>\n                \n                \n            <\/div> \n        <\/div>\n        <div class=\"metas clearfix\">\n            <div class=\"flex\">\n                <div class=\"clearfix\">\n                            <div class=\"product-cat\">\n        <a href=\"https:\/\/www.maisonschwind.lu\/fr\/categorie-produit\/marques\/bernina-fr\/\">Bernina<\/a>        <\/div>\n    \n                    <h3 class=\"name\"><a href=\"https:\/\/www.maisonschwind.lu\/fr\/produit\/boitier-de-canette-pour-crochet-b9-bernina-034320-71-03\/\">Bo\u00eetier de canette pour crochet B9 BERNINA 034320.71.03<\/a><\/h3>\n                                    <\/div>\n                <div class=\"ali-right\">\n                        \n                <\/div>\n            <\/div>\n        <\/div>\n    <\/div>\n<\/div>\t\t\t<\/div>\n\t\t\t\t\t<div class=\"col-md-3 col-sm-4 col-xs-6 product type-product post-53124 status-publish last onbackorder product_cat-bernina-fr product_cat-pieces-detachees product_cat-pieds-de-biche has-post-thumbnail sale taxable shipping-taxable purchasable product-type-simple\">\n\t\t\t \t<div class=\"product-block grid-v4\" data-product-id=\"53124\">\n    <div class=\"grid-inner\">\n        <div class=\"block-inner\">\n            <figure class=\"image\">\n                        <a title=\"Bo\u00eetier de canette pour crochet B9 BERNINA 034320.71.01\" href=\"https:\/\/www.maisonschwind.lu\/fr\/produit\/boitier-de-canette-pour-crochet-b9-bernina-034320-71-01\/\" class=\"product-image\">\n            <img loading=\"lazy\" width=\"300\" height=\"300\" src=\"data:image\/svg+xml;charset=utf-8,%3Csvg%20xmlns%3D&#039;http%3A%2F%2Fwww.w3.org%2F2000%2Fsvg&#039;%20viewBox%3D&#039;0%200%20300%20300&#039;%2F%3E\" class=\"attachment-woocommerce_thumbnail size-woocommerce_thumbnail image-no-effect unveil-image\" alt=\"\" data-src=\"https:\/\/www.maisonschwind.lu\/shop\/wp-content\/uploads\/2025\/05\/boitier-noir-b9-300x300.jpg\" data-srcset=\"https:\/\/www.maisonschwind.lu\/shop\/wp-content\/uploads\/2025\/05\/boitier-noir-b9-300x300.jpg 300w, https:\/\/www.maisonschwind.lu\/shop\/wp-content\/uploads\/2025\/05\/boitier-noir-b9-150x150.jpg 150w, https:\/\/www.maisonschwind.lu\/shop\/wp-content\/uploads\/2025\/05\/boitier-noir-b9-160x160.jpg 160w, https:\/\/www.maisonschwind.lu\/shop\/wp-content\/uploads\/2025\/05\/boitier-noir-b9.jpg 400w\" data-sizes=\"(max-width: 300px) 100vw, 300px\" \/>        <\/a>\n        <div class='sale-perc'>-15%<\/div>            <\/figure>\n            <div class=\"groups-button flex-middle justify-content-center\">\n                \n                                    <div class=\"view\">\n                        <a href=\"javascript:void(0);\" class=\"quickview\" data-product_id=\"53124\">\n                            <i class=\"ti-eye\"><\/i>\n                        <\/a>\n                    <\/div>\n                \n                \n            <\/div> \n        <\/div>\n        <div class=\"metas clearfix\">\n            <div class=\"flex\">\n                <div class=\"clearfix\">\n                            <div class=\"product-cat\">\n        <a href=\"https:\/\/www.maisonschwind.lu\/fr\/categorie-produit\/marques\/bernina-fr\/\">Bernina<\/a>        <\/div>\n    \n                    <h3 class=\"name\"><a href=\"https:\/\/www.maisonschwind.lu\/fr\/produit\/boitier-de-canette-pour-crochet-b9-bernina-034320-71-01\/\">Bo\u00eetier de canette pour crochet B9 BERNINA 034320.71.01<\/a><\/h3>\n                                    <\/div>\n                <div class=\"ali-right\">\n                        \n                <\/div>\n            <\/div>\n        <\/div>\n    <\/div>\n<\/div>\t\t\t<\/div>\n\t\t\t\t\t<div class=\"col-md-3 col-sm-4 col-xs-6 md-clearfix lg-clearfix  sm-clearfix  xs-clearfix  product type-product post-53135 status-publish first onbackorder product_cat-bernina-fr product_cat-canette product_cat-pieds-de-biche has-post-thumbnail sale taxable shipping-taxable purchasable product-type-simple\">\n\t\t\t \t<div class=\"product-block grid-v4\" data-product-id=\"53135\">\n    <div class=\"grid-inner\">\n        <div class=\"block-inner\">\n            <figure class=\"image\">\n                        <a title=\"Canette BERNINA 032295.54.00\" href=\"https:\/\/www.maisonschwind.lu\/fr\/produit\/canette-bernina-032295-54-00\/\" class=\"product-image\">\n            <img loading=\"lazy\" width=\"300\" height=\"300\" src=\"data:image\/svg+xml;charset=utf-8,%3Csvg%20xmlns%3D&#039;http%3A%2F%2Fwww.w3.org%2F2000%2Fsvg&#039;%20viewBox%3D&#039;0%200%20300%20300&#039;%2F%3E\" class=\"attachment-woocommerce_thumbnail size-woocommerce_thumbnail image-no-effect unveil-image\" alt=\"\" data-src=\"https:\/\/www.maisonschwind.lu\/shop\/wp-content\/uploads\/2025\/05\/serie-8-300x300.jpg\" data-srcset=\"https:\/\/www.maisonschwind.lu\/shop\/wp-content\/uploads\/2025\/05\/serie-8-300x300.jpg 300w, https:\/\/www.maisonschwind.lu\/shop\/wp-content\/uploads\/2025\/05\/serie-8-150x150.jpg 150w, https:\/\/www.maisonschwind.lu\/shop\/wp-content\/uploads\/2025\/05\/serie-8-160x160.jpg 160w, https:\/\/www.maisonschwind.lu\/shop\/wp-content\/uploads\/2025\/05\/serie-8.jpg 400w\" data-sizes=\"(max-width: 300px) 100vw, 300px\" \/>        <\/a>\n        <div class='sale-perc'>-10%<\/div>            <\/figure>\n            <div class=\"groups-button flex-middle justify-content-center\">\n                \n                                    <div class=\"view\">\n                        <a href=\"javascript:void(0);\" class=\"quickview\" data-product_id=\"53135\">\n                            <i class=\"ti-eye\"><\/i>\n                        <\/a>\n                    <\/div>\n                \n                \n            <\/div> \n        <\/div>\n        <div class=\"metas clearfix\">\n            <div class=\"flex\">\n                <div class=\"clearfix\">\n                            <div class=\"product-cat\">\n        <a href=\"https:\/\/www.maisonschwind.lu\/fr\/categorie-produit\/marques\/bernina-fr\/\">Bernina<\/a>        <\/div>\n    \n                    <h3 class=\"name\"><a href=\"https:\/\/www.maisonschwind.lu\/fr\/produit\/canette-bernina-032295-54-00\/\">Canette BERNINA 032295.54.00<\/a><\/h3>\n                                    <\/div>\n                <div class=\"ali-right\">\n                        \n                <\/div>\n            <\/div>\n        <\/div>\n    <\/div>\n<\/div>\t\t\t<\/div>\n\t\t\t\t\t<div class=\"col-md-3 col-sm-4 col-xs-6 product type-product post-53147 status-publish onbackorder product_cat-bernina-fr product_cat-canette product_cat-pieds-de-biche has-post-thumbnail sale taxable shipping-taxable purchasable product-type-simple\">\n\t\t\t \t<div class=\"product-block grid-v4\" data-product-id=\"53147\">\n    <div class=\"grid-inner\">\n        <div class=\"block-inner\">\n            <figure class=\"image\">\n                        <a title=\"Canette BERNINA 1000\/1001\/1050\/1070 006026.53.00\" href=\"https:\/\/www.maisonschwind.lu\/fr\/produit\/canette-bernina-1000-1001-1050-1070-006026-53-00\/\" class=\"product-image\">\n            <img loading=\"lazy\" width=\"300\" height=\"300\" src=\"data:image\/svg+xml;charset=utf-8,%3Csvg%20xmlns%3D&#039;http%3A%2F%2Fwww.w3.org%2F2000%2Fsvg&#039;%20viewBox%3D&#039;0%200%20300%20300&#039;%2F%3E\" class=\"attachment-woocommerce_thumbnail size-woocommerce_thumbnail image-no-effect unveil-image\" alt=\"\" data-src=\"https:\/\/www.maisonschwind.lu\/shop\/wp-content\/uploads\/2025\/05\/rl-1001-300x300.jpg\" data-srcset=\"https:\/\/www.maisonschwind.lu\/shop\/wp-content\/uploads\/2025\/05\/rl-1001-300x300.jpg 300w, https:\/\/www.maisonschwind.lu\/shop\/wp-content\/uploads\/2025\/05\/rl-1001-150x150.jpg 150w, https:\/\/www.maisonschwind.lu\/shop\/wp-content\/uploads\/2025\/05\/rl-1001-160x160.jpg 160w, https:\/\/www.maisonschwind.lu\/shop\/wp-content\/uploads\/2025\/05\/rl-1001.jpg 400w\" data-sizes=\"(max-width: 300px) 100vw, 300px\" \/>        <\/a>\n        <div class='sale-perc'>-10%<\/div>            <\/figure>\n            <div class=\"groups-button flex-middle justify-content-center\">\n                \n                                    <div class=\"view\">\n                        <a href=\"javascript:void(0);\" class=\"quickview\" data-product_id=\"53147\">\n                            <i class=\"ti-eye\"><\/i>\n                        <\/a>\n                    <\/div>\n                \n                \n            <\/div> \n        <\/div>\n        <div class=\"metas clearfix\">\n            <div class=\"flex\">\n                <div class=\"clearfix\">\n                            <div class=\"product-cat\">\n        <a href=\"https:\/\/www.maisonschwind.lu\/fr\/categorie-produit\/marques\/bernina-fr\/\">Bernina<\/a>        <\/div>\n    \n                    <h3 class=\"name\"><a href=\"https:\/\/www.maisonschwind.lu\/fr\/produit\/canette-bernina-1000-1001-1050-1070-006026-53-00\/\">Canette BERNINA 1000\/1001\/1050\/1070 006026.53.00<\/a><\/h3>\n                                    <\/div>\n                <div class=\"ali-right\">\n                        \n                <\/div>\n            <\/div>\n        <\/div>\n    <\/div>\n<\/div>\t\t\t<\/div>\n\t\t\t\t\t<div class=\"col-md-3 col-sm-4 col-xs-6 xs-clearfix  product type-product post-53157 status-publish onbackorder product_cat-bernina-fr product_cat-canette product_cat-pieds-de-biche has-post-thumbnail sale taxable shipping-taxable purchasable product-type-simple\">\n\t\t\t \t<div class=\"product-block grid-v4\" data-product-id=\"53157\">\n    <div class=\"grid-inner\">\n        <div class=\"block-inner\">\n            <figure class=\"image\">\n                        <a title=\"Canette BERNINA 117\/217\/840\/950 034320.71.06\" href=\"https:\/\/www.maisonschwind.lu\/fr\/produit\/canette-bernina-117-217-840-950-034320-71-06\/\" class=\"product-image\">\n            <img loading=\"lazy\" width=\"300\" height=\"300\" src=\"data:image\/svg+xml;charset=utf-8,%3Csvg%20xmlns%3D&#039;http%3A%2F%2Fwww.w3.org%2F2000%2Fsvg&#039;%20viewBox%3D&#039;0%200%20300%20300&#039;%2F%3E\" class=\"attachment-woocommerce_thumbnail size-woocommerce_thumbnail image-no-effect unveil-image\" alt=\"\" data-src=\"https:\/\/www.maisonschwind.lu\/shop\/wp-content\/uploads\/2025\/05\/3499722379_All_Web_Spule-fur-RL-Greifer-300x300.png\" data-srcset=\"https:\/\/www.maisonschwind.lu\/shop\/wp-content\/uploads\/2025\/05\/3499722379_All_Web_Spule-fur-RL-Greifer-300x300.png 300w, https:\/\/www.maisonschwind.lu\/shop\/wp-content\/uploads\/2025\/05\/3499722379_All_Web_Spule-fur-RL-Greifer-150x150.png 150w, https:\/\/www.maisonschwind.lu\/shop\/wp-content\/uploads\/2025\/05\/3499722379_All_Web_Spule-fur-RL-Greifer-160x160.png 160w, https:\/\/www.maisonschwind.lu\/shop\/wp-content\/uploads\/2025\/05\/3499722379_All_Web_Spule-fur-RL-Greifer.png 400w\" data-sizes=\"(max-width: 300px) 100vw, 300px\" \/>        <\/a>\n        <div class='sale-perc'>-27%<\/div>            <\/figure>\n            <div class=\"groups-button flex-middle justify-content-center\">\n                \n                                    <div class=\"view\">\n                        <a href=\"javascript:void(0);\" class=\"quickview\" data-product_id=\"53157\">\n                            <i class=\"ti-eye\"><\/i>\n                        <\/a>\n                    <\/div>\n                \n                \n            <\/div> \n        <\/div>\n        <div class=\"metas clearfix\">\n            <div class=\"flex\">\n                <div class=\"clearfix\">\n                            <div class=\"product-cat\">\n        <a href=\"https:\/\/www.maisonschwind.lu\/fr\/categorie-produit\/marques\/bernina-fr\/\">Bernina<\/a>        <\/div>\n    \n                    <h3 class=\"name\"><a href=\"https:\/\/www.maisonschwind.lu\/fr\/produit\/canette-bernina-117-217-840-950-034320-71-06\/\">Canette BERNINA 117\/217\/840\/950 034320.71.06<\/a><\/h3>\n                                    <\/div>\n                <div class=\"ali-right\">\n                        \n                <\/div>\n            <\/div>\n        <\/div>\n    <\/div>\n<\/div>\t\t\t<\/div>\n\t\t\t\t\t<div class=\"col-md-3 col-sm-4 col-xs-6 sm-clearfix  product type-product post-53167 status-publish last onbackorder product_cat-bernina-fr product_cat-pieces-detachees product_cat-pieds-de-biche has-post-thumbnail sale taxable shipping-taxable purchasable product-type-simple\">\n\t\t\t \t<div class=\"product-block grid-v4\" data-product-id=\"53167\">\n    <div class=\"grid-inner\">\n        <div class=\"block-inner\">\n            <figure class=\"image\">\n                        <a title=\"Bo\u00eetier de canette pour Bobbinwork pour crochet CB BERNINA 034320.71.06\" href=\"https:\/\/www.maisonschwind.lu\/fr\/produit\/boitier-de-canette-pour-bobbinwork-pour-crochet-cb-bernina-034320-71-06\/\" class=\"product-image\">\n            <img loading=\"lazy\" width=\"300\" height=\"300\" src=\"data:image\/svg+xml;charset=utf-8,%3Csvg%20xmlns%3D&#039;http%3A%2F%2Fwww.w3.org%2F2000%2Fsvg&#039;%20viewBox%3D&#039;0%200%20300%20300&#039;%2F%3E\" class=\"attachment-woocommerce_thumbnail size-woocommerce_thumbnail image-no-effect unveil-image\" alt=\"\" data-src=\"https:\/\/www.maisonschwind.lu\/shop\/wp-content\/uploads\/2025\/05\/3499786891_All_Web_Spulenkapsel_CB_Bobbinwork-300x300.png\" data-srcset=\"https:\/\/www.maisonschwind.lu\/shop\/wp-content\/uploads\/2025\/05\/3499786891_All_Web_Spulenkapsel_CB_Bobbinwork-300x300.png 300w, https:\/\/www.maisonschwind.lu\/shop\/wp-content\/uploads\/2025\/05\/3499786891_All_Web_Spulenkapsel_CB_Bobbinwork-150x150.png 150w, https:\/\/www.maisonschwind.lu\/shop\/wp-content\/uploads\/2025\/05\/3499786891_All_Web_Spulenkapsel_CB_Bobbinwork-160x160.png 160w, https:\/\/www.maisonschwind.lu\/shop\/wp-content\/uploads\/2025\/05\/3499786891_All_Web_Spulenkapsel_CB_Bobbinwork.png 400w\" data-sizes=\"(max-width: 300px) 100vw, 300px\" \/>        <\/a>\n        <div class='sale-perc'>-15%<\/div>            <\/figure>\n            <div class=\"groups-button flex-middle justify-content-center\">\n                \n                                    <div class=\"view\">\n                        <a href=\"javascript:void(0);\" class=\"quickview\" data-product_id=\"53167\">\n                            <i class=\"ti-eye\"><\/i>\n                        <\/a>\n                    <\/div>\n                \n                \n            <\/div> \n        <\/div>\n        <div class=\"metas clearfix\">\n            <div class=\"flex\">\n                <div class=\"clearfix\">\n                            <div class=\"product-cat\">\n        <a href=\"https:\/\/www.maisonschwind.lu\/fr\/categorie-produit\/marques\/bernina-fr\/\">Bernina<\/a>        <\/div>\n    \n                    <h3 class=\"name\"><a href=\"https:\/\/www.maisonschwind.lu\/fr\/produit\/boitier-de-canette-pour-bobbinwork-pour-crochet-cb-bernina-034320-71-06\/\">Bo\u00eetier de canette pour Bobbinwork pour crochet CB BERNINA 034320.71.06<\/a><\/h3>\n                                    <\/div>\n                <div class=\"ali-right\">\n                        \n                <\/div>\n            <\/div>\n        <\/div>\n    <\/div>\n<\/div>\t\t\t<\/div>\n\t\t\t\t\t<div class=\"col-md-3 col-sm-4 col-xs-6 md-clearfix lg-clearfix  xs-clearfix  product type-product post-53179 status-publish first onbackorder product_cat-bernina-fr product_cat-pieces-detachees product_cat-pieds-de-biche has-post-thumbnail sale taxable shipping-taxable purchasable product-type-simple\">\n\t\t\t \t<div class=\"product-block grid-v4\" data-product-id=\"53179\">\n    <div class=\"grid-inner\">\n        <div class=\"block-inner\">\n            <figure class=\"image\">\n                        <a title=\"Bo\u00eetier de canette pour crochet CB BERNINA 034320.71.07\" href=\"https:\/\/www.maisonschwind.lu\/fr\/produit\/boitier-de-canette-pour-crochet-cb-bernina-034320-71-07\/\" class=\"product-image\">\n            <img loading=\"lazy\" width=\"300\" height=\"300\" src=\"data:image\/svg+xml;charset=utf-8,%3Csvg%20xmlns%3D&#039;http%3A%2F%2Fwww.w3.org%2F2000%2Fsvg&#039;%20viewBox%3D&#039;0%200%20300%20300&#039;%2F%3E\" class=\"attachment-woocommerce_thumbnail size-woocommerce_thumbnail image-no-effect unveil-image\" alt=\"\" data-src=\"https:\/\/www.maisonschwind.lu\/shop\/wp-content\/uploads\/2025\/05\/3499786891_All_Web_Spulenkapsel_CB_Bobbinwork-300x300.png\" data-srcset=\"https:\/\/www.maisonschwind.lu\/shop\/wp-content\/uploads\/2025\/05\/3499786891_All_Web_Spulenkapsel_CB_Bobbinwork-300x300.png 300w, https:\/\/www.maisonschwind.lu\/shop\/wp-content\/uploads\/2025\/05\/3499786891_All_Web_Spulenkapsel_CB_Bobbinwork-150x150.png 150w, https:\/\/www.maisonschwind.lu\/shop\/wp-content\/uploads\/2025\/05\/3499786891_All_Web_Spulenkapsel_CB_Bobbinwork-160x160.png 160w, https:\/\/www.maisonschwind.lu\/shop\/wp-content\/uploads\/2025\/05\/3499786891_All_Web_Spulenkapsel_CB_Bobbinwork.png 400w\" data-sizes=\"(max-width: 300px) 100vw, 300px\" \/>        <\/a>\n        <div class='sale-perc'>-10%<\/div>            <\/figure>\n            <div class=\"groups-button flex-middle justify-content-center\">\n                \n                                    <div class=\"view\">\n                        <a href=\"javascript:void(0);\" class=\"quickview\" data-product_id=\"53179\">\n                            <i class=\"ti-eye\"><\/i>\n                        <\/a>\n                    <\/div>\n                \n                \n            <\/div> \n        <\/div>\n        <div class=\"metas clearfix\">\n            <div class=\"flex\">\n                <div class=\"clearfix\">\n                            <div class=\"product-cat\">\n        <a href=\"https:\/\/www.maisonschwind.lu\/fr\/categorie-produit\/marques\/bernina-fr\/\">Bernina<\/a>        <\/div>\n    \n                    <h3 class=\"name\"><a href=\"https:\/\/www.maisonschwind.lu\/fr\/produit\/boitier-de-canette-pour-crochet-cb-bernina-034320-71-07\/\">Bo\u00eetier de canette pour crochet CB BERNINA 034320.71.07<\/a><\/h3>\n                                    <\/div>\n                <div class=\"ali-right\">\n                        \n                <\/div>\n            <\/div>\n        <\/div>\n    <\/div>\n<\/div>\t\t\t<\/div>\n\t\t\t\t\t<div class=\"col-md-3 col-sm-4 col-xs-6 product type-product post-52997 status-publish onbackorder product_cat-bernina-fr product_cat-pieds-de-biche has-post-thumbnail sale taxable shipping-taxable purchasable product-type-simple\">\n\t\t\t \t<div class=\"product-block grid-v4\" data-product-id=\"52997\">\n    <div class=\"grid-inner\">\n        <div class=\"block-inner\">\n            <figure class=\"image\">\n                        <a title=\"Plaque \u00e0 aiguille PunchWork BERNINA 106619.70.00\" href=\"https:\/\/www.maisonschwind.lu\/fr\/produit\/plaque-a-aiguille-punchwork-bernina-106619-70-00\/\" class=\"product-image\">\n            <img loading=\"lazy\" width=\"300\" height=\"300\" src=\"data:image\/svg+xml;charset=utf-8,%3Csvg%20xmlns%3D&#039;http%3A%2F%2Fwww.w3.org%2F2000%2Fsvg&#039;%20viewBox%3D&#039;0%200%20300%20300&#039;%2F%3E\" class=\"attachment-woocommerce_thumbnail size-woocommerce_thumbnail image-no-effect unveil-image\" alt=\"\" data-src=\"https:\/\/www.maisonschwind.lu\/shop\/wp-content\/uploads\/2025\/05\/034019.70.02_Stichplatte-gelb_1-300x300.jpg\" data-srcset=\"https:\/\/www.maisonschwind.lu\/shop\/wp-content\/uploads\/2025\/05\/034019.70.02_Stichplatte-gelb_1-300x300.jpg 300w, https:\/\/www.maisonschwind.lu\/shop\/wp-content\/uploads\/2025\/05\/034019.70.02_Stichplatte-gelb_1-150x150.jpg 150w, https:\/\/www.maisonschwind.lu\/shop\/wp-content\/uploads\/2025\/05\/034019.70.02_Stichplatte-gelb_1-160x160.jpg 160w, https:\/\/www.maisonschwind.lu\/shop\/wp-content\/uploads\/2025\/05\/034019.70.02_Stichplatte-gelb_1.jpg 400w\" data-sizes=\"(max-width: 300px) 100vw, 300px\" \/>        <\/a>\n        <div class='sale-perc'>-10%<\/div>            <\/figure>\n            <div class=\"groups-button flex-middle justify-content-center\">\n                \n                                    <div class=\"view\">\n                        <a href=\"javascript:void(0);\" class=\"quickview\" data-product_id=\"52997\">\n                            <i class=\"ti-eye\"><\/i>\n                        <\/a>\n                    <\/div>\n                \n                \n            <\/div> \n        <\/div>\n        <div class=\"metas clearfix\">\n            <div class=\"flex\">\n                <div class=\"clearfix\">\n                            <div class=\"product-cat\">\n        <a href=\"https:\/\/www.maisonschwind.lu\/fr\/categorie-produit\/marques\/bernina-fr\/\">Bernina<\/a>        <\/div>\n    \n                    <h3 class=\"name\"><a href=\"https:\/\/www.maisonschwind.lu\/fr\/produit\/plaque-a-aiguille-punchwork-bernina-106619-70-00\/\">Plaque \u00e0 aiguille PunchWork BERNINA 106619.70.00<\/a><\/h3>\n                                    <\/div>\n                <div class=\"ali-right\">\n                        \n                <\/div>\n            <\/div>\n        <\/div>\n    <\/div>\n<\/div>\t\t\t<\/div>\n\t\t\t\t\t<div class=\"col-md-3 col-sm-4 col-xs-6 sm-clearfix  xs-clearfix  product type-product post-53009 status-publish onbackorder product_cat-bernina-fr product_cat-pieds-de-biche has-post-thumbnail sale taxable shipping-taxable purchasable product-type-simple\">\n\t\t\t \t<div class=\"product-block grid-v4\" data-product-id=\"53009\">\n    <div class=\"grid-inner\">\n        <div class=\"block-inner\">\n            <figure class=\"image\">\n                        <a title=\"Plaque \u00e0 aiguille PunchWork BERNINA 033685.71.00\" href=\"https:\/\/www.maisonschwind.lu\/fr\/produit\/plaque-a-aiguille-punchwork-bernina-033685-71-00\/\" class=\"product-image\">\n            <img loading=\"lazy\" width=\"300\" height=\"300\" src=\"data:image\/svg+xml;charset=utf-8,%3Csvg%20xmlns%3D&#039;http%3A%2F%2Fwww.w3.org%2F2000%2Fsvg&#039;%20viewBox%3D&#039;0%200%20300%20300&#039;%2F%3E\" class=\"attachment-woocommerce_thumbnail size-woocommerce_thumbnail image-no-effect unveil-image\" alt=\"\" data-src=\"https:\/\/www.maisonschwind.lu\/shop\/wp-content\/uploads\/2025\/05\/034019.70.02_Stichplatte-gelb_1-300x300.jpg\" data-srcset=\"https:\/\/www.maisonschwind.lu\/shop\/wp-content\/uploads\/2025\/05\/034019.70.02_Stichplatte-gelb_1-300x300.jpg 300w, https:\/\/www.maisonschwind.lu\/shop\/wp-content\/uploads\/2025\/05\/034019.70.02_Stichplatte-gelb_1-150x150.jpg 150w, https:\/\/www.maisonschwind.lu\/shop\/wp-content\/uploads\/2025\/05\/034019.70.02_Stichplatte-gelb_1-160x160.jpg 160w, https:\/\/www.maisonschwind.lu\/shop\/wp-content\/uploads\/2025\/05\/034019.70.02_Stichplatte-gelb_1.jpg 400w\" data-sizes=\"(max-width: 300px) 100vw, 300px\" \/>        <\/a>\n        <div class='sale-perc'>-15%<\/div>            <\/figure>\n            <div class=\"groups-button flex-middle justify-content-center\">\n                \n                                    <div class=\"view\">\n                        <a href=\"javascript:void(0);\" class=\"quickview\" data-product_id=\"53009\">\n                            <i class=\"ti-eye\"><\/i>\n                        <\/a>\n                    <\/div>\n                \n                \n            <\/div> \n        <\/div>\n        <div class=\"metas clearfix\">\n            <div class=\"flex\">\n                <div class=\"clearfix\">\n                            <div class=\"product-cat\">\n        <a href=\"https:\/\/www.maisonschwind.lu\/fr\/categorie-produit\/marques\/bernina-fr\/\">Bernina<\/a>        <\/div>\n    \n                    <h3 class=\"name\"><a href=\"https:\/\/www.maisonschwind.lu\/fr\/produit\/plaque-a-aiguille-punchwork-bernina-033685-71-00\/\">Plaque \u00e0 aiguille PunchWork BERNINA 033685.71.00<\/a><\/h3>\n                                    <\/div>\n                <div class=\"ali-right\">\n                        \n                <\/div>\n            <\/div>\n        <\/div>\n    <\/div>\n<\/div>\t\t\t<\/div>\n\t\t\t\t\t<div class=\"col-md-3 col-sm-4 col-xs-6 product type-product post-53019 status-publish last onbackorder product_cat-bernina-fr product_cat-pieds-de-biche has-post-thumbnail sale taxable shipping-taxable purchasable product-type-simple\">\n\t\t\t \t<div class=\"product-block grid-v4\" data-product-id=\"53019\">\n    <div class=\"grid-inner\">\n        <div class=\"block-inner\">\n            <figure class=\"image\">\n                        <a title=\"Plaque \u00e0 aiguille PunchWork BERNINA 033339.71.06\" href=\"https:\/\/www.maisonschwind.lu\/fr\/produit\/plaque-a-aiguille-punchwork-bernina-033339-71-06\/\" class=\"product-image\">\n            <img loading=\"lazy\" width=\"300\" height=\"300\" src=\"data:image\/svg+xml;charset=utf-8,%3Csvg%20xmlns%3D&#039;http%3A%2F%2Fwww.w3.org%2F2000%2Fsvg&#039;%20viewBox%3D&#039;0%200%20300%20300&#039;%2F%3E\" class=\"attachment-woocommerce_thumbnail size-woocommerce_thumbnail image-no-effect unveil-image\" alt=\"\" data-src=\"https:\/\/www.maisonschwind.lu\/shop\/wp-content\/uploads\/2025\/05\/034019.70.02_Stichplatte-gelb_1-300x300.jpg\" data-srcset=\"https:\/\/www.maisonschwind.lu\/shop\/wp-content\/uploads\/2025\/05\/034019.70.02_Stichplatte-gelb_1-300x300.jpg 300w, https:\/\/www.maisonschwind.lu\/shop\/wp-content\/uploads\/2025\/05\/034019.70.02_Stichplatte-gelb_1-150x150.jpg 150w, https:\/\/www.maisonschwind.lu\/shop\/wp-content\/uploads\/2025\/05\/034019.70.02_Stichplatte-gelb_1-160x160.jpg 160w, https:\/\/www.maisonschwind.lu\/shop\/wp-content\/uploads\/2025\/05\/034019.70.02_Stichplatte-gelb_1.jpg 400w\" data-sizes=\"(max-width: 300px) 100vw, 300px\" \/>        <\/a>\n        <div class='sale-perc'>-11%<\/div>            <\/figure>\n            <div class=\"groups-button flex-middle justify-content-center\">\n                \n                                    <div class=\"view\">\n                        <a href=\"javascript:void(0);\" class=\"quickview\" data-product_id=\"53019\">\n                            <i class=\"ti-eye\"><\/i>\n                        <\/a>\n                    <\/div>\n                \n                \n            <\/div> \n        <\/div>\n        <div class=\"metas clearfix\">\n            <div class=\"flex\">\n                <div class=\"clearfix\">\n                            <div class=\"product-cat\">\n        <a href=\"https:\/\/www.maisonschwind.lu\/fr\/categorie-produit\/marques\/bernina-fr\/\">Bernina<\/a>        <\/div>\n    \n                    <h3 class=\"name\"><a href=\"https:\/\/www.maisonschwind.lu\/fr\/produit\/plaque-a-aiguille-punchwork-bernina-033339-71-06\/\">Plaque \u00e0 aiguille PunchWork BERNINA 033339.71.06<\/a><\/h3>\n                                    <\/div>\n                <div class=\"ali-right\">\n                        \n                <\/div>\n            <\/div>\n        <\/div>\n    <\/div>\n<\/div>\t\t\t<\/div>\n\t\t\t\t\t<div class=\"col-md-3 col-sm-4 col-xs-6 md-clearfix lg-clearfix  xs-clearfix  product type-product post-53022 status-publish first onbackorder product_cat-bernina-fr product_cat-pieds-de-biche has-post-thumbnail sale taxable shipping-taxable purchasable product-type-simple\">\n\t\t\t \t<div class=\"product-block grid-v4\" data-product-id=\"53022\">\n    <div class=\"grid-inner\">\n        <div class=\"block-inner\">\n            <figure class=\"image\">\n                        <a title=\"Plaque \u00e0 aiguille PunchWork BERNINA 033690.70.00\" href=\"https:\/\/www.maisonschwind.lu\/fr\/produit\/plaque-a-aiguille-punchwork-bernina-033690-70-00\/\" class=\"product-image\">\n            <img loading=\"lazy\" width=\"300\" height=\"300\" src=\"data:image\/svg+xml;charset=utf-8,%3Csvg%20xmlns%3D&#039;http%3A%2F%2Fwww.w3.org%2F2000%2Fsvg&#039;%20viewBox%3D&#039;0%200%20300%20300&#039;%2F%3E\" class=\"attachment-woocommerce_thumbnail size-woocommerce_thumbnail image-no-effect unveil-image\" alt=\"\" data-src=\"https:\/\/www.maisonschwind.lu\/shop\/wp-content\/uploads\/2025\/05\/034019.70.02_Stichplatte-gelb_1-300x300.jpg\" data-srcset=\"https:\/\/www.maisonschwind.lu\/shop\/wp-content\/uploads\/2025\/05\/034019.70.02_Stichplatte-gelb_1-300x300.jpg 300w, https:\/\/www.maisonschwind.lu\/shop\/wp-content\/uploads\/2025\/05\/034019.70.02_Stichplatte-gelb_1-150x150.jpg 150w, https:\/\/www.maisonschwind.lu\/shop\/wp-content\/uploads\/2025\/05\/034019.70.02_Stichplatte-gelb_1-160x160.jpg 160w, https:\/\/www.maisonschwind.lu\/shop\/wp-content\/uploads\/2025\/05\/034019.70.02_Stichplatte-gelb_1.jpg 400w\" data-sizes=\"(max-width: 300px) 100vw, 300px\" \/>        <\/a>\n        <div class='sale-perc'>-15%<\/div>            <\/figure>\n            <div class=\"groups-button flex-middle justify-content-center\">\n                \n                                    <div class=\"view\">\n                        <a href=\"javascript:void(0);\" class=\"quickview\" data-product_id=\"53022\">\n                            <i class=\"ti-eye\"><\/i>\n                        <\/a>\n                    <\/div>\n                \n                \n            <\/div> \n        <\/div>\n        <div class=\"metas clearfix\">\n            <div class=\"flex\">\n                <div class=\"clearfix\">\n                            <div class=\"product-cat\">\n        <a href=\"https:\/\/www.maisonschwind.lu\/fr\/categorie-produit\/marques\/bernina-fr\/\">Bernina<\/a>        <\/div>\n    \n                    <h3 class=\"name\"><a href=\"https:\/\/www.maisonschwind.lu\/fr\/produit\/plaque-a-aiguille-punchwork-bernina-033690-70-00\/\">Plaque \u00e0 aiguille PunchWork BERNINA 033690.70.00<\/a><\/h3>\n                                    <\/div>\n                <div class=\"ali-right\">\n                        \n                <\/div>\n            <\/div>\n        <\/div>\n    <\/div>\n<\/div>\t\t\t<\/div>\n\t\t\t\t\t<div class=\"col-md-3 col-sm-4 col-xs-6 sm-clearfix  product type-product post-52927 status-publish onbackorder product_cat-bernina-fr product_cat-pieds-de-biche has-post-thumbnail sale taxable shipping-taxable purchasable product-type-simple\">\n\t\t\t \t<div class=\"product-block grid-v4\" data-product-id=\"52927\">\n    <div class=\"grid-inner\">\n        <div class=\"block-inner\">\n            <figure class=\"image\">\n                        <a title=\"Plaque \u00e0 aiguille de 9 mm avec trou de 5,5 mm BERNINA 106618.70.00\" href=\"https:\/\/www.maisonschwind.lu\/fr\/produit\/plaque-a-aiguille-de-9-mm-avec-trou-de-55-mm-bernina-106618-70-00\/\" class=\"product-image\">\n            <img loading=\"lazy\" width=\"300\" height=\"300\" src=\"data:image\/svg+xml;charset=utf-8,%3Csvg%20xmlns%3D&#039;http%3A%2F%2Fwww.w3.org%2F2000%2Fsvg&#039;%20viewBox%3D&#039;0%200%20300%20300&#039;%2F%3E\" class=\"attachment-woocommerce_thumbnail size-woocommerce_thumbnail image-no-effect unveil-image\" alt=\"\" data-src=\"https:\/\/www.maisonschwind.lu\/shop\/wp-content\/uploads\/2025\/05\/034019.70.03_Stichplatte-violett_1-300x300.jpg\" data-srcset=\"https:\/\/www.maisonschwind.lu\/shop\/wp-content\/uploads\/2025\/05\/034019.70.03_Stichplatte-violett_1-300x300.jpg 300w, https:\/\/www.maisonschwind.lu\/shop\/wp-content\/uploads\/2025\/05\/034019.70.03_Stichplatte-violett_1-150x150.jpg 150w, https:\/\/www.maisonschwind.lu\/shop\/wp-content\/uploads\/2025\/05\/034019.70.03_Stichplatte-violett_1-160x160.jpg 160w, https:\/\/www.maisonschwind.lu\/shop\/wp-content\/uploads\/2025\/05\/034019.70.03_Stichplatte-violett_1.jpg 400w\" data-sizes=\"(max-width: 300px) 100vw, 300px\" \/>        <\/a>\n        <div class='sale-perc'>-10%<\/div>            <\/figure>\n            <div class=\"groups-button flex-middle justify-content-center\">\n                \n                                    <div class=\"view\">\n                        <a href=\"javascript:void(0);\" class=\"quickview\" data-product_id=\"52927\">\n                            <i class=\"ti-eye\"><\/i>\n                        <\/a>\n                    <\/div>\n                \n                \n            <\/div> \n        <\/div>\n        <div class=\"metas clearfix\">\n            <div class=\"flex\">\n                <div class=\"clearfix\">\n                            <div class=\"product-cat\">\n        <a href=\"https:\/\/www.maisonschwind.lu\/fr\/categorie-produit\/marques\/bernina-fr\/\">Bernina<\/a>        <\/div>\n    \n                    <h3 class=\"name\"><a href=\"https:\/\/www.maisonschwind.lu\/fr\/produit\/plaque-a-aiguille-de-9-mm-avec-trou-de-55-mm-bernina-106618-70-00\/\">Plaque \u00e0 aiguille de 9 mm avec trou de 5,5 mm BERNINA 106618.70.00<\/a><\/h3>\n                                    <\/div>\n                <div class=\"ali-right\">\n                        \n                <\/div>\n            <\/div>\n        <\/div>\n    <\/div>\n<\/div>\t\t\t<\/div>\n\t\t\t\t\t<div class=\"col-md-3 col-sm-4 col-xs-6 xs-clearfix  product type-product post-52939 status-publish onbackorder product_cat-bernina-fr product_cat-pieds-de-biche has-post-thumbnail sale taxable shipping-taxable purchasable product-type-simple\">\n\t\t\t \t<div class=\"product-block grid-v4\" data-product-id=\"52939\">\n    <div class=\"grid-inner\">\n        <div class=\"block-inner\">\n            <figure class=\"image\">\n                        <a title=\"Plaque \u00e0 aiguille de 9 mm avec trou de 5,5 mm BERNINA 034915.70.00\" href=\"https:\/\/www.maisonschwind.lu\/fr\/produit\/plaque-a-aiguille-de-9-mm-avec-trou-de-55-mm-bernina-034915-70-00\/\" class=\"product-image\">\n            <img loading=\"lazy\" width=\"300\" height=\"300\" src=\"data:image\/svg+xml;charset=utf-8,%3Csvg%20xmlns%3D&#039;http%3A%2F%2Fwww.w3.org%2F2000%2Fsvg&#039;%20viewBox%3D&#039;0%200%20300%20300&#039;%2F%3E\" class=\"attachment-woocommerce_thumbnail size-woocommerce_thumbnail image-no-effect unveil-image\" alt=\"\" data-src=\"https:\/\/www.maisonschwind.lu\/shop\/wp-content\/uploads\/2025\/05\/034019.70.03_Stichplatte-violett_1-300x300.jpg\" data-srcset=\"https:\/\/www.maisonschwind.lu\/shop\/wp-content\/uploads\/2025\/05\/034019.70.03_Stichplatte-violett_1-300x300.jpg 300w, https:\/\/www.maisonschwind.lu\/shop\/wp-content\/uploads\/2025\/05\/034019.70.03_Stichplatte-violett_1-150x150.jpg 150w, https:\/\/www.maisonschwind.lu\/shop\/wp-content\/uploads\/2025\/05\/034019.70.03_Stichplatte-violett_1-160x160.jpg 160w, https:\/\/www.maisonschwind.lu\/shop\/wp-content\/uploads\/2025\/05\/034019.70.03_Stichplatte-violett_1.jpg 400w\" data-sizes=\"(max-width: 300px) 100vw, 300px\" \/>        <\/a>\n        <div class='sale-perc'>-15%<\/div>            <\/figure>\n            <div class=\"groups-button flex-middle justify-content-center\">\n                \n                                    <div class=\"view\">\n                        <a href=\"javascript:void(0);\" class=\"quickview\" data-product_id=\"52939\">\n                            <i class=\"ti-eye\"><\/i>\n                        <\/a>\n                    <\/div>\n                \n                \n            <\/div> \n        <\/div>\n        <div class=\"metas clearfix\">\n            <div class=\"flex\">\n                <div class=\"clearfix\">\n                            <div class=\"product-cat\">\n        <a href=\"https:\/\/www.maisonschwind.lu\/fr\/categorie-produit\/marques\/bernina-fr\/\">Bernina<\/a>        <\/div>\n    \n                    <h3 class=\"name\"><a href=\"https:\/\/www.maisonschwind.lu\/fr\/produit\/plaque-a-aiguille-de-9-mm-avec-trou-de-55-mm-bernina-034915-70-00\/\">Plaque \u00e0 aiguille de 9 mm avec trou de 5,5 mm BERNINA 034915.70.00<\/a><\/h3>\n                                    <\/div>\n                <div class=\"ali-right\">\n                        \n                <\/div>\n            <\/div>\n        <\/div>\n    <\/div>\n<\/div>\t\t\t<\/div>\n\t\t\t\t\t<div class=\"col-md-3 col-sm-4 col-xs-6 product type-product post-52949 status-publish last onbackorder product_cat-bernina-fr product_cat-pieds-de-biche has-post-thumbnail sale taxable shipping-taxable purchasable product-type-simple\">\n\t\t\t \t<div class=\"product-block grid-v4\" data-product-id=\"52949\">\n    <div class=\"grid-inner\">\n        <div class=\"block-inner\">\n            <figure class=\"image\">\n                        <a title=\"Plaque \u00e0 aiguille de 9 mm avec trou de 5,5 mm BERNINA 033339.70.08\" href=\"https:\/\/www.maisonschwind.lu\/fr\/produit\/plaque-a-aiguille-de-9-mm-avec-trou-de-55-mm-bernina-033339-70-08\/\" class=\"product-image\">\n            <img loading=\"lazy\" width=\"300\" height=\"300\" src=\"data:image\/svg+xml;charset=utf-8,%3Csvg%20xmlns%3D&#039;http%3A%2F%2Fwww.w3.org%2F2000%2Fsvg&#039;%20viewBox%3D&#039;0%200%20300%20300&#039;%2F%3E\" class=\"attachment-woocommerce_thumbnail size-woocommerce_thumbnail image-no-effect unveil-image\" alt=\"\" data-src=\"https:\/\/www.maisonschwind.lu\/shop\/wp-content\/uploads\/2025\/05\/034019.70.03_Stichplatte-violett_1-300x300.jpg\" data-srcset=\"https:\/\/www.maisonschwind.lu\/shop\/wp-content\/uploads\/2025\/05\/034019.70.03_Stichplatte-violett_1-300x300.jpg 300w, https:\/\/www.maisonschwind.lu\/shop\/wp-content\/uploads\/2025\/05\/034019.70.03_Stichplatte-violett_1-150x150.jpg 150w, https:\/\/www.maisonschwind.lu\/shop\/wp-content\/uploads\/2025\/05\/034019.70.03_Stichplatte-violett_1-160x160.jpg 160w, https:\/\/www.maisonschwind.lu\/shop\/wp-content\/uploads\/2025\/05\/034019.70.03_Stichplatte-violett_1.jpg 400w\" data-sizes=\"(max-width: 300px) 100vw, 300px\" \/>        <\/a>\n        <div class='sale-perc'>-11%<\/div>            <\/figure>\n            <div class=\"groups-button flex-middle justify-content-center\">\n                \n                                    <div class=\"view\">\n                        <a href=\"javascript:void(0);\" class=\"quickview\" data-product_id=\"52949\">\n                            <i class=\"ti-eye\"><\/i>\n                        <\/a>\n                    <\/div>\n                \n                \n            <\/div> \n        <\/div>\n        <div class=\"metas clearfix\">\n            <div class=\"flex\">\n                <div class=\"clearfix\">\n                            <div class=\"product-cat\">\n        <a href=\"https:\/\/www.maisonschwind.lu\/fr\/categorie-produit\/marques\/bernina-fr\/\">Bernina<\/a>        <\/div>\n    \n                    <h3 class=\"name\"><a href=\"https:\/\/www.maisonschwind.lu\/fr\/produit\/plaque-a-aiguille-de-9-mm-avec-trou-de-55-mm-bernina-033339-70-08\/\">Plaque \u00e0 aiguille de 9 mm avec trou de 5,5 mm BERNINA 033339.70.08<\/a><\/h3>\n                                    <\/div>\n                <div class=\"ali-right\">\n                        \n                <\/div>\n            <\/div>\n        <\/div>\n    <\/div>\n<\/div>\t\t\t<\/div>\n\t\t\t\t\t<div class=\"col-md-3 col-sm-4 col-xs-6 md-clearfix lg-clearfix  sm-clearfix  xs-clearfix  product type-product post-52960 status-publish first onbackorder product_cat-bernina-fr product_cat-pieds-de-biche has-post-thumbnail sale taxable shipping-taxable purchasable product-type-simple\">\n\t\t\t \t<div class=\"product-block grid-v4\" data-product-id=\"52960\">\n    <div class=\"grid-inner\">\n        <div class=\"block-inner\">\n            <figure class=\"image\">\n                        <a title=\"Plaque \u00e0 aiguille de 9 mm avec trou de 5,5 mm BERNINA 031045.70.01\" href=\"https:\/\/www.maisonschwind.lu\/fr\/produit\/plaque-a-aiguille-de-9-mm-avec-trou-de-55-mm-bernina-031045-70-01\/\" class=\"product-image\">\n            <img loading=\"lazy\" width=\"300\" height=\"300\" src=\"data:image\/svg+xml;charset=utf-8,%3Csvg%20xmlns%3D&#039;http%3A%2F%2Fwww.w3.org%2F2000%2Fsvg&#039;%20viewBox%3D&#039;0%200%20300%20300&#039;%2F%3E\" class=\"attachment-woocommerce_thumbnail size-woocommerce_thumbnail image-no-effect unveil-image\" alt=\"\" data-src=\"https:\/\/www.maisonschwind.lu\/shop\/wp-content\/uploads\/2025\/05\/034019.70.03_Stichplatte-violett_1-300x300.jpg\" data-srcset=\"https:\/\/www.maisonschwind.lu\/shop\/wp-content\/uploads\/2025\/05\/034019.70.03_Stichplatte-violett_1-300x300.jpg 300w, https:\/\/www.maisonschwind.lu\/shop\/wp-content\/uploads\/2025\/05\/034019.70.03_Stichplatte-violett_1-150x150.jpg 150w, https:\/\/www.maisonschwind.lu\/shop\/wp-content\/uploads\/2025\/05\/034019.70.03_Stichplatte-violett_1-160x160.jpg 160w, https:\/\/www.maisonschwind.lu\/shop\/wp-content\/uploads\/2025\/05\/034019.70.03_Stichplatte-violett_1.jpg 400w\" data-sizes=\"(max-width: 300px) 100vw, 300px\" \/>        <\/a>\n        <div class='sale-perc'>-10%<\/div>            <\/figure>\n            <div class=\"groups-button flex-middle justify-content-center\">\n                \n                                    <div class=\"view\">\n                        <a href=\"javascript:void(0);\" class=\"quickview\" data-product_id=\"52960\">\n                            <i class=\"ti-eye\"><\/i>\n                        <\/a>\n                    <\/div>\n                \n                \n            <\/div> \n        <\/div>\n        <div class=\"metas clearfix\">\n            <div class=\"flex\">\n                <div class=\"clearfix\">\n                            <div class=\"product-cat\">\n        <a href=\"https:\/\/www.maisonschwind.lu\/fr\/categorie-produit\/marques\/bernina-fr\/\">Bernina<\/a>        <\/div>\n    \n                    <h3 class=\"name\"><a href=\"https:\/\/www.maisonschwind.lu\/fr\/produit\/plaque-a-aiguille-de-9-mm-avec-trou-de-55-mm-bernina-031045-70-01\/\">Plaque \u00e0 aiguille de 9 mm avec trou de 5,5 mm BERNINA 031045.70.01<\/a><\/h3>\n                                    <\/div>\n                <div class=\"ali-right\">\n                        \n                <\/div>\n            <\/div>\n        <\/div>\n    <\/div>\n<\/div>\t\t\t<\/div>\n\t\t\t\t\t<div class=\"col-md-3 col-sm-4 col-xs-6 product type-product post-52971 status-publish onbackorder product_cat-bernina-fr product_cat-pieds-de-biche has-post-thumbnail sale taxable shipping-taxable purchasable product-type-simple\">\n\t\t\t \t<div class=\"product-block grid-v4\" data-product-id=\"52971\">\n    <div class=\"grid-inner\">\n        <div class=\"block-inner\">\n            <figure class=\"image\">\n                        <a title=\"Plaque \u00e0 aiguille de 9 mm avec trou de 5,5 mm BERNINA 033339.71.10\" href=\"https:\/\/www.maisonschwind.lu\/fr\/produit\/plaque-a-aiguille-de-9-mm-avec-trou-de-55-mm-bernina-033339-71-10\/\" class=\"product-image\">\n            <img loading=\"lazy\" width=\"300\" height=\"300\" src=\"data:image\/svg+xml;charset=utf-8,%3Csvg%20xmlns%3D&#039;http%3A%2F%2Fwww.w3.org%2F2000%2Fsvg&#039;%20viewBox%3D&#039;0%200%20300%20300&#039;%2F%3E\" class=\"attachment-woocommerce_thumbnail size-woocommerce_thumbnail image-no-effect unveil-image\" alt=\"\" data-src=\"https:\/\/www.maisonschwind.lu\/shop\/wp-content\/uploads\/2025\/05\/034019.70.03_Stichplatte-violett_1-300x300.jpg\" data-srcset=\"https:\/\/www.maisonschwind.lu\/shop\/wp-content\/uploads\/2025\/05\/034019.70.03_Stichplatte-violett_1-300x300.jpg 300w, https:\/\/www.maisonschwind.lu\/shop\/wp-content\/uploads\/2025\/05\/034019.70.03_Stichplatte-violett_1-150x150.jpg 150w, https:\/\/www.maisonschwind.lu\/shop\/wp-content\/uploads\/2025\/05\/034019.70.03_Stichplatte-violett_1-160x160.jpg 160w, https:\/\/www.maisonschwind.lu\/shop\/wp-content\/uploads\/2025\/05\/034019.70.03_Stichplatte-violett_1.jpg 400w\" data-sizes=\"(max-width: 300px) 100vw, 300px\" \/>        <\/a>\n        <div class='sale-perc'>-10%<\/div>            <\/figure>\n            <div class=\"groups-button flex-middle justify-content-center\">\n                \n                                    <div class=\"view\">\n                        <a href=\"javascript:void(0);\" class=\"quickview\" data-product_id=\"52971\">\n                            <i class=\"ti-eye\"><\/i>\n                        <\/a>\n                    <\/div>\n                \n                \n            <\/div> \n        <\/div>\n        <div class=\"metas clearfix\">\n            <div class=\"flex\">\n                <div class=\"clearfix\">\n                            <div class=\"product-cat\">\n        <a href=\"https:\/\/www.maisonschwind.lu\/fr\/categorie-produit\/marques\/bernina-fr\/\">Bernina<\/a>        <\/div>\n    \n                    <h3 class=\"name\"><a href=\"https:\/\/www.maisonschwind.lu\/fr\/produit\/plaque-a-aiguille-de-9-mm-avec-trou-de-55-mm-bernina-033339-71-10\/\">Plaque \u00e0 aiguille de 9 mm avec trou de 5,5 mm BERNINA 033339.71.10<\/a><\/h3>\n                                    <\/div>\n                <div class=\"ali-right\">\n                        \n                <\/div>\n            <\/div>\n        <\/div>\n    <\/div>\n<\/div>\t\t\t<\/div>\n\t\t\t\t\t<div class=\"col-md-3 col-sm-4 col-xs-6 xs-clearfix  product type-product post-52906 status-publish onbackorder product_cat-bernina-fr product_cat-pieds-de-biche has-post-thumbnail sale taxable shipping-taxable purchasable product-type-simple\">\n\t\t\t \t<div class=\"product-block grid-v4\" data-product-id=\"52906\">\n    <div class=\"grid-inner\">\n        <div class=\"block-inner\">\n            <figure class=\"image\">\n                        <a title=\"Plaque \u00e0 aiguille Point droit\/CutWork BERNINA 106617.70.00\" href=\"https:\/\/www.maisonschwind.lu\/fr\/produit\/plaque-a-aiguille-point-droit-cutwork-bernina-106617-70-00\/\" class=\"product-image\">\n            <img loading=\"lazy\" width=\"300\" height=\"300\" src=\"data:image\/svg+xml;charset=utf-8,%3Csvg%20xmlns%3D&#039;http%3A%2F%2Fwww.w3.org%2F2000%2Fsvg&#039;%20viewBox%3D&#039;0%200%20300%20300&#039;%2F%3E\" class=\"attachment-woocommerce_thumbnail size-woocommerce_thumbnail image-no-effect unveil-image\" alt=\"\" data-src=\"https:\/\/www.maisonschwind.lu\/shop\/wp-content\/uploads\/2025\/05\/034019.70.01_Stichplatte-orange_1-300x300.jpg\" data-srcset=\"https:\/\/www.maisonschwind.lu\/shop\/wp-content\/uploads\/2025\/05\/034019.70.01_Stichplatte-orange_1-300x300.jpg 300w, https:\/\/www.maisonschwind.lu\/shop\/wp-content\/uploads\/2025\/05\/034019.70.01_Stichplatte-orange_1-150x150.jpg 150w, https:\/\/www.maisonschwind.lu\/shop\/wp-content\/uploads\/2025\/05\/034019.70.01_Stichplatte-orange_1-160x160.jpg 160w, https:\/\/www.maisonschwind.lu\/shop\/wp-content\/uploads\/2025\/05\/034019.70.01_Stichplatte-orange_1.jpg 400w\" data-sizes=\"(max-width: 300px) 100vw, 300px\" \/>        <\/a>\n        <div class='sale-perc'>-10%<\/div>            <\/figure>\n            <div class=\"groups-button flex-middle justify-content-center\">\n                \n                                    <div class=\"view\">\n                        <a href=\"javascript:void(0);\" class=\"quickview\" data-product_id=\"52906\">\n                            <i class=\"ti-eye\"><\/i>\n                        <\/a>\n                    <\/div>\n                \n                \n            <\/div> \n        <\/div>\n        <div class=\"metas clearfix\">\n            <div class=\"flex\">\n                <div class=\"clearfix\">\n                            <div class=\"product-cat\">\n        <a href=\"https:\/\/www.maisonschwind.lu\/fr\/categorie-produit\/marques\/bernina-fr\/\">Bernina<\/a>        <\/div>\n    \n                    <h3 class=\"name\"><a href=\"https:\/\/www.maisonschwind.lu\/fr\/produit\/plaque-a-aiguille-point-droit-cutwork-bernina-106617-70-00\/\">Plaque \u00e0 aiguille Point droit\/CutWork BERNINA 106617.70.00<\/a><\/h3>\n                                    <\/div>\n                <div class=\"ali-right\">\n                        \n                <\/div>\n            <\/div>\n        <\/div>\n    <\/div>\n<\/div>\t\t\t<\/div>\n\t\t\t\t\t<div class=\"col-md-3 col-sm-4 col-xs-6 sm-clearfix  product type-product post-52903 status-publish last onbackorder product_cat-bernina-fr product_cat-pieds-de-biche has-post-thumbnail sale taxable shipping-taxable purchasable product-type-simple\">\n\t\t\t \t<div class=\"product-block grid-v4\" data-product-id=\"52903\">\n    <div class=\"grid-inner\">\n        <div class=\"block-inner\">\n            <figure class=\"image\">\n                        <a title=\"Plaque \u00e0 aiguille Point droit\/CutWork BERNINA 034914.70.00\" href=\"https:\/\/www.maisonschwind.lu\/fr\/produit\/plaque-a-aiguille-point-droit-cutwork-bernina-034914-70-00\/\" class=\"product-image\">\n            <img loading=\"lazy\" width=\"300\" height=\"300\" src=\"data:image\/svg+xml;charset=utf-8,%3Csvg%20xmlns%3D&#039;http%3A%2F%2Fwww.w3.org%2F2000%2Fsvg&#039;%20viewBox%3D&#039;0%200%20300%20300&#039;%2F%3E\" class=\"attachment-woocommerce_thumbnail size-woocommerce_thumbnail image-no-effect unveil-image\" alt=\"\" data-src=\"https:\/\/www.maisonschwind.lu\/shop\/wp-content\/uploads\/2025\/05\/034019.70.01_Stichplatte-orange_1-300x300.jpg\" data-srcset=\"https:\/\/www.maisonschwind.lu\/shop\/wp-content\/uploads\/2025\/05\/034019.70.01_Stichplatte-orange_1-300x300.jpg 300w, https:\/\/www.maisonschwind.lu\/shop\/wp-content\/uploads\/2025\/05\/034019.70.01_Stichplatte-orange_1-150x150.jpg 150w, https:\/\/www.maisonschwind.lu\/shop\/wp-content\/uploads\/2025\/05\/034019.70.01_Stichplatte-orange_1-160x160.jpg 160w, https:\/\/www.maisonschwind.lu\/shop\/wp-content\/uploads\/2025\/05\/034019.70.01_Stichplatte-orange_1.jpg 400w\" data-sizes=\"(max-width: 300px) 100vw, 300px\" \/>        <\/a>\n        <div class='sale-perc'>-15%<\/div>            <\/figure>\n            <div class=\"groups-button flex-middle justify-content-center\">\n                \n                                    <div class=\"view\">\n                        <a href=\"javascript:void(0);\" class=\"quickview\" data-product_id=\"52903\">\n                            <i class=\"ti-eye\"><\/i>\n                        <\/a>\n                    <\/div>\n                \n                \n            <\/div> \n        <\/div>\n        <div class=\"metas clearfix\">\n            <div class=\"flex\">\n                <div class=\"clearfix\">\n                            <div class=\"product-cat\">\n        <a href=\"https:\/\/www.maisonschwind.lu\/fr\/categorie-produit\/marques\/bernina-fr\/\">Bernina<\/a>        <\/div>\n    \n                    <h3 class=\"name\"><a href=\"https:\/\/www.maisonschwind.lu\/fr\/produit\/plaque-a-aiguille-point-droit-cutwork-bernina-034914-70-00\/\">Plaque \u00e0 aiguille Point droit\/CutWork BERNINA 034914.70.00<\/a><\/h3>\n                                    <\/div>\n                <div class=\"ali-right\">\n                        \n                <\/div>\n            <\/div>\n        <\/div>\n    <\/div>\n<\/div>\t\t\t<\/div>\n\t\t\t\t\t<div class=\"col-md-3 col-sm-4 col-xs-6 md-clearfix lg-clearfix  xs-clearfix  product type-product post-52900 status-publish first onbackorder product_cat-bernina-fr product_cat-pieds-de-biche has-post-thumbnail sale taxable shipping-taxable purchasable product-type-simple\">\n\t\t\t \t<div class=\"product-block grid-v4\" data-product-id=\"52900\">\n    <div class=\"grid-inner\">\n        <div class=\"block-inner\">\n            <figure class=\"image\">\n                        <a title=\"Plaque \u00e0 aiguille Point droit\/CutWork BERNINA 033339.70.14\" href=\"https:\/\/www.maisonschwind.lu\/fr\/produit\/plaque-a-aiguille-point-droit-cutwork-bernina-033339-70-14\/\" class=\"product-image\">\n            <img loading=\"lazy\" width=\"300\" height=\"300\" src=\"data:image\/svg+xml;charset=utf-8,%3Csvg%20xmlns%3D&#039;http%3A%2F%2Fwww.w3.org%2F2000%2Fsvg&#039;%20viewBox%3D&#039;0%200%20300%20300&#039;%2F%3E\" class=\"attachment-woocommerce_thumbnail size-woocommerce_thumbnail image-no-effect unveil-image\" alt=\"\" data-src=\"https:\/\/www.maisonschwind.lu\/shop\/wp-content\/uploads\/2025\/05\/034019.70.01_Stichplatte-orange_1-300x300.jpg\" data-srcset=\"https:\/\/www.maisonschwind.lu\/shop\/wp-content\/uploads\/2025\/05\/034019.70.01_Stichplatte-orange_1-300x300.jpg 300w, https:\/\/www.maisonschwind.lu\/shop\/wp-content\/uploads\/2025\/05\/034019.70.01_Stichplatte-orange_1-150x150.jpg 150w, https:\/\/www.maisonschwind.lu\/shop\/wp-content\/uploads\/2025\/05\/034019.70.01_Stichplatte-orange_1-160x160.jpg 160w, https:\/\/www.maisonschwind.lu\/shop\/wp-content\/uploads\/2025\/05\/034019.70.01_Stichplatte-orange_1.jpg 400w\" data-sizes=\"(max-width: 300px) 100vw, 300px\" \/>        <\/a>\n        <div class='sale-perc'>-15%<\/div>            <\/figure>\n            <div class=\"groups-button flex-middle justify-content-center\">\n                \n                                    <div class=\"view\">\n                        <a href=\"javascript:void(0);\" class=\"quickview\" data-product_id=\"52900\">\n                            <i class=\"ti-eye\"><\/i>\n                        <\/a>\n                    <\/div>\n                \n                \n            <\/div> \n        <\/div>\n        <div class=\"metas clearfix\">\n            <div class=\"flex\">\n                <div class=\"clearfix\">\n                            <div class=\"product-cat\">\n        <a href=\"https:\/\/www.maisonschwind.lu\/fr\/categorie-produit\/marques\/bernina-fr\/\">Bernina<\/a>        <\/div>\n    \n                    <h3 class=\"name\"><a href=\"https:\/\/www.maisonschwind.lu\/fr\/produit\/plaque-a-aiguille-point-droit-cutwork-bernina-033339-70-14\/\">Plaque \u00e0 aiguille Point droit\/CutWork BERNINA 033339.70.14<\/a><\/h3>\n                                    <\/div>\n                <div class=\"ali-right\">\n                        \n                <\/div>\n            <\/div>\n        <\/div>\n    <\/div>\n<\/div>\t\t\t<\/div>\n\t\t\t\t\t<div class=\"col-md-3 col-sm-4 col-xs-6 product type-product post-52897 status-publish onbackorder product_cat-bernina-fr product_cat-pieds-de-biche has-post-thumbnail sale taxable shipping-taxable purchasable product-type-simple\">\n\t\t\t \t<div class=\"product-block grid-v4\" data-product-id=\"52897\">\n    <div class=\"grid-inner\">\n        <div class=\"block-inner\">\n            <figure class=\"image\">\n                        <a title=\"Plaque \u00e0 aiguille Point droit\/CutWork BERNINA 033339.71.07\" href=\"https:\/\/www.maisonschwind.lu\/fr\/produit\/plaque-a-aiguille-point-droit-cutwork-bernina-033339-71-07\/\" class=\"product-image\">\n            <img loading=\"lazy\" width=\"300\" height=\"300\" src=\"data:image\/svg+xml;charset=utf-8,%3Csvg%20xmlns%3D&#039;http%3A%2F%2Fwww.w3.org%2F2000%2Fsvg&#039;%20viewBox%3D&#039;0%200%20300%20300&#039;%2F%3E\" class=\"attachment-woocommerce_thumbnail size-woocommerce_thumbnail image-no-effect unveil-image\" alt=\"\" data-src=\"https:\/\/www.maisonschwind.lu\/shop\/wp-content\/uploads\/2025\/05\/034019.70.01_Stichplatte-orange_1-300x300.jpg\" data-srcset=\"https:\/\/www.maisonschwind.lu\/shop\/wp-content\/uploads\/2025\/05\/034019.70.01_Stichplatte-orange_1-300x300.jpg 300w, https:\/\/www.maisonschwind.lu\/shop\/wp-content\/uploads\/2025\/05\/034019.70.01_Stichplatte-orange_1-150x150.jpg 150w, https:\/\/www.maisonschwind.lu\/shop\/wp-content\/uploads\/2025\/05\/034019.70.01_Stichplatte-orange_1-160x160.jpg 160w, https:\/\/www.maisonschwind.lu\/shop\/wp-content\/uploads\/2025\/05\/034019.70.01_Stichplatte-orange_1.jpg 400w\" data-sizes=\"(max-width: 300px) 100vw, 300px\" \/>        <\/a>\n        <div class='sale-perc'>-15%<\/div>            <\/figure>\n            <div class=\"groups-button flex-middle justify-content-center\">\n                \n                                    <div class=\"view\">\n                        <a href=\"javascript:void(0);\" class=\"quickview\" data-product_id=\"52897\">\n                            <i class=\"ti-eye\"><\/i>\n                        <\/a>\n                    <\/div>\n                \n                \n            <\/div> \n        <\/div>\n        <div class=\"metas clearfix\">\n            <div class=\"flex\">\n                <div class=\"clearfix\">\n                            <div class=\"product-cat\">\n        <a href=\"https:\/\/www.maisonschwind.lu\/fr\/categorie-produit\/marques\/bernina-fr\/\">Bernina<\/a>        <\/div>\n    \n                    <h3 class=\"name\"><a href=\"https:\/\/www.maisonschwind.lu\/fr\/produit\/plaque-a-aiguille-point-droit-cutwork-bernina-033339-71-07\/\">Plaque \u00e0 aiguille Point droit\/CutWork BERNINA 033339.71.07<\/a><\/h3>\n                                    <\/div>\n                <div class=\"ali-right\">\n                        \n                <\/div>\n            <\/div>\n        <\/div>\n    <\/div>\n<\/div>\t\t\t<\/div>\n\t\t\t\t\t<div class=\"col-md-3 col-sm-4 col-xs-6 sm-clearfix  xs-clearfix  product type-product post-52894 status-publish onbackorder product_cat-bernina-fr product_cat-pieds-de-biche has-post-thumbnail sale taxable shipping-taxable purchasable product-type-simple\">\n\t\t\t \t<div class=\"product-block grid-v4\" data-product-id=\"52894\">\n    <div class=\"grid-inner\">\n        <div class=\"block-inner\">\n            <figure class=\"image\">\n                        <a title=\"Plaque \u00e0 aiguille Point droit\/CutWork BERNINA 033339.73.13\" href=\"https:\/\/www.maisonschwind.lu\/fr\/produit\/plaque-a-aiguille-point-droit-cutwork-bernina-033339-73-13\/\" class=\"product-image\">\n            <img loading=\"lazy\" width=\"300\" height=\"300\" src=\"data:image\/svg+xml;charset=utf-8,%3Csvg%20xmlns%3D&#039;http%3A%2F%2Fwww.w3.org%2F2000%2Fsvg&#039;%20viewBox%3D&#039;0%200%20300%20300&#039;%2F%3E\" class=\"attachment-woocommerce_thumbnail size-woocommerce_thumbnail image-no-effect unveil-image\" alt=\"\" data-src=\"https:\/\/www.maisonschwind.lu\/shop\/wp-content\/uploads\/2025\/05\/034019.70.01_Stichplatte-orange_1-300x300.jpg\" data-srcset=\"https:\/\/www.maisonschwind.lu\/shop\/wp-content\/uploads\/2025\/05\/034019.70.01_Stichplatte-orange_1-300x300.jpg 300w, https:\/\/www.maisonschwind.lu\/shop\/wp-content\/uploads\/2025\/05\/034019.70.01_Stichplatte-orange_1-150x150.jpg 150w, https:\/\/www.maisonschwind.lu\/shop\/wp-content\/uploads\/2025\/05\/034019.70.01_Stichplatte-orange_1-160x160.jpg 160w, https:\/\/www.maisonschwind.lu\/shop\/wp-content\/uploads\/2025\/05\/034019.70.01_Stichplatte-orange_1.jpg 400w\" data-sizes=\"(max-width: 300px) 100vw, 300px\" \/>        <\/a>\n        <div class='sale-perc'>-15%<\/div>            <\/figure>\n            <div class=\"groups-button flex-middle justify-content-center\">\n                \n                                    <div class=\"view\">\n                        <a href=\"javascript:void(0);\" class=\"quickview\" data-product_id=\"52894\">\n                            <i class=\"ti-eye\"><\/i>\n                        <\/a>\n                    <\/div>\n                \n                \n            <\/div> \n        <\/div>\n        <div class=\"metas clearfix\">\n            <div class=\"flex\">\n                <div class=\"clearfix\">\n                            <div class=\"product-cat\">\n        <a href=\"https:\/\/www.maisonschwind.lu\/fr\/categorie-produit\/marques\/bernina-fr\/\">Bernina<\/a>        <\/div>\n    \n                    <h3 class=\"name\"><a href=\"https:\/\/www.maisonschwind.lu\/fr\/produit\/plaque-a-aiguille-point-droit-cutwork-bernina-033339-73-13\/\">Plaque \u00e0 aiguille Point droit\/CutWork BERNINA 033339.73.13<\/a><\/h3>\n                                    <\/div>\n                <div class=\"ali-right\">\n                        \n                <\/div>\n            <\/div>\n        <\/div>\n    <\/div>\n<\/div>\t\t\t<\/div>\n\t\t\t\t\t<div class=\"col-md-3 col-sm-4 col-xs-6 product type-product post-52890 status-publish last onbackorder product_cat-bernina-fr product_cat-pieds-de-biche has-post-thumbnail sale taxable shipping-taxable purchasable product-type-simple\">\n\t\t\t \t<div class=\"product-block grid-v4\" data-product-id=\"52890\">\n    <div class=\"grid-inner\">\n        <div class=\"block-inner\">\n            <figure class=\"image\">\n                        <a title=\"Plaque \u00e0 aiguille Point droit\/CutWork BERNINA 033339.71.02\" href=\"https:\/\/www.maisonschwind.lu\/fr\/produit\/plaque-a-aiguille-point-droit-cutwork-bernina-033339-71-02\/\" class=\"product-image\">\n            <img loading=\"lazy\" width=\"300\" height=\"300\" src=\"data:image\/svg+xml;charset=utf-8,%3Csvg%20xmlns%3D&#039;http%3A%2F%2Fwww.w3.org%2F2000%2Fsvg&#039;%20viewBox%3D&#039;0%200%20300%20300&#039;%2F%3E\" class=\"attachment-woocommerce_thumbnail size-woocommerce_thumbnail image-no-effect unveil-image\" alt=\"\" data-src=\"https:\/\/www.maisonschwind.lu\/shop\/wp-content\/uploads\/2025\/05\/034019.70.01_Stichplatte-orange_1-300x300.jpg\" data-srcset=\"https:\/\/www.maisonschwind.lu\/shop\/wp-content\/uploads\/2025\/05\/034019.70.01_Stichplatte-orange_1-300x300.jpg 300w, https:\/\/www.maisonschwind.lu\/shop\/wp-content\/uploads\/2025\/05\/034019.70.01_Stichplatte-orange_1-150x150.jpg 150w, https:\/\/www.maisonschwind.lu\/shop\/wp-content\/uploads\/2025\/05\/034019.70.01_Stichplatte-orange_1-160x160.jpg 160w, https:\/\/www.maisonschwind.lu\/shop\/wp-content\/uploads\/2025\/05\/034019.70.01_Stichplatte-orange_1.jpg 400w\" data-sizes=\"(max-width: 300px) 100vw, 300px\" \/>        <\/a>\n        <div class='sale-perc'>-15%<\/div>            <\/figure>\n            <div class=\"groups-button flex-middle justify-content-center\">\n                \n                                    <div class=\"view\">\n                        <a href=\"javascript:void(0);\" class=\"quickview\" data-product_id=\"52890\">\n                            <i class=\"ti-eye\"><\/i>\n                        <\/a>\n                    <\/div>\n                \n                \n            <\/div> \n        <\/div>\n        <div class=\"metas clearfix\">\n            <div class=\"flex\">\n                <div class=\"clearfix\">\n                            <div class=\"product-cat\">\n        <a href=\"https:\/\/www.maisonschwind.lu\/fr\/categorie-produit\/marques\/bernina-fr\/\">Bernina<\/a>        <\/div>\n    \n                    <h3 class=\"name\"><a href=\"https:\/\/www.maisonschwind.lu\/fr\/produit\/plaque-a-aiguille-point-droit-cutwork-bernina-033339-71-02\/\">Plaque \u00e0 aiguille Point droit\/CutWork BERNINA 033339.71.02<\/a><\/h3>\n                                    <\/div>\n                <div class=\"ali-right\">\n                        \n                <\/div>\n            <\/div>\n        <\/div>\n    <\/div>\n<\/div>\t\t\t<\/div>\n\t\t\n\t<\/div>\n<\/div>\n\n            <\/div>\n        <\/div>\n        \t\t<\/div>\n\t\t\t\t<\/div>\n\t\t\t\t\t<\/div>\n\t\t<\/div>\n\t\t\t\t\t\t\t<\/div>\n\t\t<\/section>\n\t\t\t\t\t\t\t<\/div>\n\t\t","protected":false},"excerpt":{"rendered":"<p>-30% In den Warenkorb Kit broderie &amp; loisirs cr\u00e9atifs Kit tricot &#8220;mon duo d&#8217;hiver&#8221; DMC 19,90&nbsp;&euro; 13,93&nbsp;&euro; -30% In den Warenkorb Kit broderie &amp; loisirs cr\u00e9atifs Kit tricot &#8220;mon duo tout chaud&#8221; DMC 19,90&nbsp;&euro; 13,93&nbsp;&euro; -30% In den Warenkorb Kit broderie &amp; loisirs cr\u00e9atifs Kit macram\u00e9 DMC &#8220;mes suspensions&#8221; 22,90&nbsp;&euro; 16,03&nbsp;&euro; -20% In den Warenkorb &hellip; <br \/><a href=\"https:\/\/www.maisonschwind.lu\/fr\/produit\/plaque-a-aiguille-point-droit-cutwork-bernina-033339-71-02\/\" class=\"more-link\">Continue reading <span class=\"screen-reader-text\">Plaque \u00e0 aiguille Point droit\/CutWork BERNINA 033339.71.02<\/span><\/a><\/p>\n","protected":false},"author":1,"featured_media":0,"parent":0,"menu_order":0,"comment_status":"closed","ping_status":"closed","template":"","meta":[],"aioseo_notices":[],"_links":{"self":[{"href":"https:\/\/www.maisonschwind.lu\/fr\/wp-json\/wp\/v2\/pages\/20457"}],"collection":[{"href":"https:\/\/www.maisonschwind.lu\/fr\/wp-json\/wp\/v2\/pages"}],"about":[{"href":"https:\/\/www.maisonschwind.lu\/fr\/wp-json\/wp\/v2\/types\/page"}],"author":[{"embeddable":true,"href":"https:\/\/www.maisonschwind.lu\/fr\/wp-json\/wp\/v2\/users\/1"}],"replies":[{"embeddable":true,"href":"https:\/\/www.maisonschwind.lu\/fr\/wp-json\/wp\/v2\/comments?post=20457"}],"version-history":[{"count":4,"href":"https:\/\/www.maisonschwind.lu\/fr\/wp-json\/wp\/v2\/pages\/20457\/revisions"}],"predecessor-version":[{"id":25442,"href":"https:\/\/www.maisonschwind.lu\/fr\/wp-json\/wp\/v2\/pages\/20457\/revisions\/25442"}],"wp:attachment":[{"href":"https:\/\/www.maisonschwind.lu\/fr\/wp-json\/wp\/v2\/media?parent=20457"}],"curies":[{"name":"wp","href":"https:\/\/api.w.org\/{rel}","templated":true}]}}