{"id":62337,"date":"2025-11-26T12:43:38","date_gmt":"2025-11-26T11:43:38","guid":{"rendered":"https:\/\/www.maisonschwind.lu\/product\/patron-parka-femme-quimper-pochette-02-quim-ikper096p\/"},"modified":"2025-12-05T20:08:01","modified_gmt":"2025-12-05T19:08:01","slug":"patron-parka-femme-quimper-pochette-02-quim-ikper096p","status":"publish","type":"product","link":"https:\/\/www.maisonschwind.lu\/fr\/produit\/patron-parka-femme-quimper-pochette-02-quim-ikper096p\/","title":{"rendered":"Patron parka femme QUIMPER pochette 02.QUIM-IKPER096P"},"content":{"rendered":"\t\t<div data-elementor-type=\"wp-post\" data-elementor-id=\"62337\" class=\"elementor elementor-62337 elementor-61752\">\n\t\t\t\t\t\t\t\t\t<section class=\"elementor-section elementor-top-section elementor-element elementor-element-10749cc8 elementor-section-boxed elementor-section-height-default elementor-section-height-default\" data-id=\"10749cc8\" data-element_type=\"section\">\n\t\t\t\t\t\t<div class=\"elementor-container elementor-column-gap-default\">\n\t\t\t\t\t<div class=\"elementor-column elementor-col-100 elementor-top-column elementor-element elementor-element-3391f45a\" data-id=\"3391f45a\" data-element_type=\"column\">\n\t\t\t<div class=\"elementor-widget-wrap elementor-element-populated\">\n\t\t\t\t\t\t\t\t<div class=\"elementor-element elementor-element-241e0352 elementor-widget elementor-widget-text-editor\" data-id=\"241e0352\" data-element_type=\"widget\" data-widget_type=\"text-editor.default\">\n\t\t\t\t<div class=\"elementor-widget-container\">\n\t\t\t<style>\/*! elementor - v3.6.7 - 03-07-2022 *\/\n.elementor-widget-text-editor.elementor-drop-cap-view-stacked .elementor-drop-cap{background-color:#818a91;color:#fff}.elementor-widget-text-editor.elementor-drop-cap-view-framed .elementor-drop-cap{color:#818a91;border:3px solid;background-color:transparent}.elementor-widget-text-editor:not(.elementor-drop-cap-view-default) .elementor-drop-cap{margin-top:8px}.elementor-widget-text-editor:not(.elementor-drop-cap-view-default) .elementor-drop-cap-letter{width:1em;height:1em}.elementor-widget-text-editor .elementor-drop-cap{float:left;text-align:center;line-height:1;font-size:50px}.elementor-widget-text-editor .elementor-drop-cap-letter{display:inline-block}<\/style>\t\t\t\t<p style=\"margin-bottom: 1em;padding: 0px;border: 0px;line-height: inherit;, sans-serif;vertical-align: baseline\">Quimper est un patron de coupe-vent, imperm\u00e9able ou parka pour femme. Ce mod\u00e8le est disponible en 3 longueurs : courte, mi-longue et longue. Quimper dispose de 2 options de col : capuche doubl\u00e9e ou col en bord-c\u00f4te. Le devant est zipp\u00e9 ainsi que les c\u00f4t\u00e9s en option. Le mod\u00e8le est propos\u00e9 avec ou sans doublure.<br \/><span style=\"margin: 0px;padding: 0px;border: 0px;font-style: inherit;font-variant: inherit;font-weight: bold;font-size: inherit;line-height: inherit;font-family: inherit;vertical-align: baseline\">Un v\u00eatement pratique et confortable pour lutter contre les intemp\u00e9ries ou pour des looks citadins.<\/span><\/p><p style=\"margin-bottom: 1em;padding: 0px;border: 0px;line-height: inherit;, sans-serif;vertical-align: baseline\">Disponible du 32 au 52.\u00a0<\/p>\t\t\t\t\t\t<\/div>\n\t\t\t\t<\/div>\n\t\t\t\t\t<\/div>\n\t\t<\/div>\n\t\t\t\t\t\t\t<\/div>\n\t\t<\/section>\n\t\t\t\t\t\t\t<\/div>\n\t\t","protected":false},"excerpt":{"rendered":"<p>Chez Ikatee, nous sommes passionn\u00e9s par la couture et nous adorons partager nos cr\u00e9ations, nos astuces et nos coups de c\u0153ur pour vous inspirer \u00e0 cr\u00e9er toujours plus. Nous proposons des patrons de couture intuitifs, complets, d\u00e9taill\u00e9s, et surtout : accessibles \u00e0 tous !<\/p>\n","protected":false},"featured_media":61760,"comment_status":"closed","ping_status":"closed","template":"","meta":[],"product_cat":[1556],"product_tag":[],"aioseo_notices":[],"_links":{"self":[{"href":"https:\/\/www.maisonschwind.lu\/fr\/wp-json\/wp\/v2\/product\/62337"}],"collection":[{"href":"https:\/\/www.maisonschwind.lu\/fr\/wp-json\/wp\/v2\/product"}],"about":[{"href":"https:\/\/www.maisonschwind.lu\/fr\/wp-json\/wp\/v2\/types\/product"}],"replies":[{"embeddable":true,"href":"https:\/\/www.maisonschwind.lu\/fr\/wp-json\/wp\/v2\/comments?post=62337"}],"version-history":[{"count":2,"href":"https:\/\/www.maisonschwind.lu\/fr\/wp-json\/wp\/v2\/product\/62337\/revisions"}],"predecessor-version":[{"id":62344,"href":"https:\/\/www.maisonschwind.lu\/fr\/wp-json\/wp\/v2\/product\/62337\/revisions\/62344"}],"wp:featuredmedia":[{"embeddable":true,"href":"https:\/\/www.maisonschwind.lu\/fr\/wp-json\/wp\/v2\/media\/61760"}],"wp:attachment":[{"href":"https:\/\/www.maisonschwind.lu\/fr\/wp-json\/wp\/v2\/media?parent=62337"}],"wp:term":[{"taxonomy":"product_cat","embeddable":true,"href":"https:\/\/www.maisonschwind.lu\/fr\/wp-json\/wp\/v2\/product_cat?post=62337"},{"taxonomy":"product_tag","embeddable":true,"href":"https:\/\/www.maisonschwind.lu\/fr\/wp-json\/wp\/v2\/product_tag?post=62337"}],"curies":[{"name":"wp","href":"https:\/\/api.w.org\/{rel}","templated":true}]}}